{"id":1743,"date":"2024-12-03T22:22:54","date_gmt":"2024-12-03T21:22:54","guid":{"rendered":"https:\/\/www.zen-malerei.de\/?page_id=1743"},"modified":"2025-01-21T20:52:37","modified_gmt":"2025-01-21T19:52:37","slug":"verkaufsausstellung-neu","status":"publish","type":"page","link":"https:\/\/www.zen-malerei.de\/de\/verkaufsausstellung-neu\/","title":{"rendered":"Verkaufsausstellung neu"},"content":{"rendered":"<p><\/p>\n<figure id=\"attachment_107\" aria-describedby=\"caption-attachment-107\" style=\"width: 150px\" class=\"wp-caption alignright\"><a href=\"\/ueber-den-kuenstler\/\" rel=\"attachment wp-att-107\"><img loading=\"lazy\" decoding=\"async\" class=\"wp-image-107 size-thumbnail\" src=\"\/wp-content\/uploads\/2016\/01\/150701-DSCF0225-150x150.jpg\" alt=\"Zen-Meister Zensho W. Kopp\" width=\"150\" height=\"150\" \/><\/a><figcaption id=\"caption-attachment-107\" class=\"wp-caption-text\"><a href=\"\/ueber-den-kuenstler\/\">\u00dcber den K\u00fcnstler<\/a><\/figcaption><\/figure>\n<p>Diese Originalgem\u00e4lde von Zensho W. Kopp sprechen uns in unserem innersten Wesen an.<br \/>\n<div class=\"bg-margin-for-link\"><input type='hidden' bg_collapse_expand='69f44c79516996021413042' value='69f44c79516996021413042'><input type='hidden' id='bg-show-more-text-69f44c79516996021413042' value='... mehr'><input type='hidden' id='bg-show-less-text-69f44c79516996021413042' value=''><a id='bg-showmore-action-69f44c79516996021413042' class='bg-showmore-plg-link  '  style=\" color:inherit;;\" href='#'>... mehr<\/a><div id='bg-showmore-hidden-69f44c79516996021413042' >Sie sind Fenster zum G\u00f6ttlichen und verm\u00f6gen uns einen Zugang zum mystischen Erleben unseres wahren Selbst zu er\u00f6ffnen.<br \/>\nIn den Bildern von Zensho verbinden sich tiefstes spirituelles Empfinden mit h\u00f6chster k\u00fcnstlerischer Meisterschaft.<\/div><\/div><\/p>\n<p>Alle Bilder sind Unikate, von Zensho W. Kopp handgemalt und signiert, inklusive Echtheitszertifikat.<\/p>\n<p><img loading=\"lazy\" decoding=\"async\" class=\"alignnone wp-image-962 size-thumbnail\" src=\"https:\/\/www.zen-malerei.de\/wp-content\/uploads\/2021\/01\/zertifikat-150x150.png\" alt=\"Echtheitszertifikat\" width=\"150\" height=\"150\" srcset=\"https:\/\/www.zen-malerei.de\/wp-content\/uploads\/2021\/01\/zertifikat-150x150.png 150w, https:\/\/www.zen-malerei.de\/wp-content\/uploads\/2021\/01\/zertifikat-300x300.png 300w, https:\/\/www.zen-malerei.de\/wp-content\/uploads\/2021\/01\/zertifikat.png 512w, https:\/\/www.zen-malerei.de\/wp-content\/uploads\/2021\/01\/zertifikat-500x500.png 500w\" sizes=\"auto, (max-width: 150px) 100vw, 150px\" \/><\/p>\n<p>Versicherter und kostenfreier Versand deutschlandweit und international.<\/p>\n<p>Bei Interesse an einem Bild k\u00f6nnen Sie weitere Details erfragen unter:<\/p>\n<h4>Tel: +49 (0)160-7980 413<br \/>\nEmail: <a href=\"mailto:info@zen-malerei.de\">info@zen-malerei.de<\/a><\/h4>\n<ul class=\"buttons\">\n<li id=\"aquarelle\"><a href=\"https:\/\/www.zen-malerei.de\/verkaufsausstellung-abstrakte-malerei\/\">Abstrakte Werke<\/a><\/li>\n<li><a href=\"https:\/\/www.zen-malerei.de\/buddhistische-werke\/\">Buddhistische Werke<\/a><\/li>\n<li><a href=\"https:\/\/www.zen-malerei.de\/verkaufsausstellung-christliche-werke\/\">Christliche Werke<\/a><\/li>\n<\/ul>\n<p><b>SATORI - Die grosse Erleuchtung<\/b>\r\n<br\/>Gr\u00f6\u00dfe: 100x120cm<span class='BildPreis'>2.900 \u20ac<\/span>\r\n<br\/>\r\n<p>&nbsp;<\/p>\" data-rel='prettyPhoto[album]' class='fg_magnificPopup'><span class='fg-zoom-icon icon-plus'><\/span><span style='display:none'><img loading=\"lazy\" decoding=\"async\" width=\"660\" height=\"550\" src=\"https:\/\/www.zen-malerei.de\/wp-content\/uploads\/2024\/07\/2024-L125-1024x853.jpg\" class=\"attachment-large size-large\" alt=\"\" srcset=\"https:\/\/www.zen-malerei.de\/wp-content\/uploads\/2024\/07\/2024-L125-1024x853.jpg 1024w, https:\/\/www.zen-malerei.de\/wp-content\/uploads\/2024\/07\/2024-L125-300x250.jpg 300w, https:\/\/www.zen-malerei.de\/wp-content\/uploads\/2024\/07\/2024-L125-768x640.jpg 768w, https:\/\/www.zen-malerei.de\/wp-content\/uploads\/2024\/07\/2024-L125-1536x1280.jpg 1536w, https:\/\/www.zen-malerei.de\/wp-content\/uploads\/2024\/07\/2024-L125-500x417.jpg 500w, https:\/\/www.zen-malerei.de\/wp-content\/uploads\/2024\/07\/2024-L125-1000x833.jpg 1000w, https:\/\/www.zen-malerei.de\/wp-content\/uploads\/2024\/07\/2024-L125.jpg 1600w\" sizes=\"auto, (max-width: 660px) 100vw, 660px\" \/><\/span><\/a><\/div>\r\n\t\r\n\t\t\r\n\t\t<div class='fg-wp-caption-text fg-gallery-caption'><div class='caption-container'>\r\n\t\t<b>SATORI &#8211; Die grosse Erleuchtung<\/b>\r\n<br\/>Gr\u00f6\u00dfe: 100x120cm<span class='BildPreis'>2.900 \u20ac<\/span>\r\n<br\/>\r\n<p>&nbsp;<\/p>\r\n\t\t<\/div><\/div><\/div><\/div><div class='fg-gallery-item'>\r\n\t\t<div class='gallery-icon portrait '>\r\n\t\t<div class='fg_zoom'><img loading=\"lazy\" decoding=\"async\" width=\"660\" height=\"875\" src=\"https:\/\/www.zen-malerei.de\/wp-content\/uploads\/2023\/08\/2023-L122-80x60cm-772x1024.jpg\" class=\"attachment-large size-large\" alt=\"\" srcset=\"https:\/\/www.zen-malerei.de\/wp-content\/uploads\/2023\/08\/2023-L122-80x60cm-772x1024.jpg 772w, https:\/\/www.zen-malerei.de\/wp-content\/uploads\/2023\/08\/2023-L122-80x60cm-226x300.jpg 226w, https:\/\/www.zen-malerei.de\/wp-content\/uploads\/2023\/08\/2023-L122-80x60cm-768x1018.jpg 768w, https:\/\/www.zen-malerei.de\/wp-content\/uploads\/2023\/08\/2023-L122-80x60cm-1159x1536.jpg 1159w, https:\/\/www.zen-malerei.de\/wp-content\/uploads\/2023\/08\/2023-L122-80x60cm-500x663.jpg 500w, https:\/\/www.zen-malerei.de\/wp-content\/uploads\/2023\/08\/2023-L122-80x60cm-1000x1326.jpg 1000w, https:\/\/www.zen-malerei.de\/wp-content\/uploads\/2023\/08\/2023-L122-80x60cm.jpg 1207w\" sizes=\"auto, (max-width: 660px) 100vw, 660px\" \/><a href='https:\/\/www.zen-malerei.de\/wp-content\/uploads\/2023\/08\/2023-L122-80x60cm-772x1024.jpg' title=\"<b>Transformation zum g\u00f6ttlichen Licht<\/b>\r\n<br\/>Gr\u00f6\u00dfe: 80x60cm<span class='BildPreis'>2.400 \u20ac<\/span>\r\n<br\/>\r\n<p>&nbsp;<\/p>\" data-rel='prettyPhoto[album]' class='fg_magnificPopup'><span class='fg-zoom-icon icon-plus'><\/span><span style='display:none'><img loading=\"lazy\" decoding=\"async\" width=\"660\" height=\"875\" src=\"https:\/\/www.zen-malerei.de\/wp-content\/uploads\/2023\/08\/2023-L122-80x60cm-772x1024.jpg\" class=\"attachment-large size-large\" alt=\"\" srcset=\"https:\/\/www.zen-malerei.de\/wp-content\/uploads\/2023\/08\/2023-L122-80x60cm-772x1024.jpg 772w, https:\/\/www.zen-malerei.de\/wp-content\/uploads\/2023\/08\/2023-L122-80x60cm-226x300.jpg 226w, https:\/\/www.zen-malerei.de\/wp-content\/uploads\/2023\/08\/2023-L122-80x60cm-768x1018.jpg 768w, https:\/\/www.zen-malerei.de\/wp-content\/uploads\/2023\/08\/2023-L122-80x60cm-1159x1536.jpg 1159w, https:\/\/www.zen-malerei.de\/wp-content\/uploads\/2023\/08\/2023-L122-80x60cm-500x663.jpg 500w, https:\/\/www.zen-malerei.de\/wp-content\/uploads\/2023\/08\/2023-L122-80x60cm-1000x1326.jpg 1000w, https:\/\/www.zen-malerei.de\/wp-content\/uploads\/2023\/08\/2023-L122-80x60cm.jpg 1207w\" sizes=\"auto, (max-width: 660px) 100vw, 660px\" \/><\/span><\/a><\/div>\r\n\t\r\n\t\t\r\n\t\t<div class='fg-wp-caption-text fg-gallery-caption'><div class='caption-container'>\r\n\t\t<b>Transformation zum g\u00f6ttlichen Licht<\/b>\r\n<br\/>Gr\u00f6\u00dfe: 80x60cm<span class='BildPreis'>2.400 \u20ac<\/span>\r\n<br\/>\r\n<p>&nbsp;<\/p>\r\n\t\t<\/div><\/div><\/div><\/div><div class='fg-gallery-item'>\r\n\t\t<div class='gallery-icon portrait '>\r\n\t\t<div class='fg_zoom'><img loading=\"lazy\" decoding=\"async\" width=\"660\" height=\"877\" src=\"https:\/\/www.zen-malerei.de\/wp-content\/uploads\/2023\/07\/02-Die-strahlende-Klarheit-des-Geistes-80x60cm-1.600E-771x1024.jpg\" class=\"attachment-large size-large\" alt=\"\" srcset=\"https:\/\/www.zen-malerei.de\/wp-content\/uploads\/2023\/07\/02-Die-strahlende-Klarheit-des-Geistes-80x60cm-1.600E-771x1024.jpg 771w, https:\/\/www.zen-malerei.de\/wp-content\/uploads\/2023\/07\/02-Die-strahlende-Klarheit-des-Geistes-80x60cm-1.600E-226x300.jpg 226w, https:\/\/www.zen-malerei.de\/wp-content\/uploads\/2023\/07\/02-Die-strahlende-Klarheit-des-Geistes-80x60cm-1.600E-768x1021.jpg 768w, https:\/\/www.zen-malerei.de\/wp-content\/uploads\/2023\/07\/02-Die-strahlende-Klarheit-des-Geistes-80x60cm-1.600E-1156x1536.jpg 1156w, https:\/\/www.zen-malerei.de\/wp-content\/uploads\/2023\/07\/02-Die-strahlende-Klarheit-des-Geistes-80x60cm-1.600E-500x664.jpg 500w, https:\/\/www.zen-malerei.de\/wp-content\/uploads\/2023\/07\/02-Die-strahlende-Klarheit-des-Geistes-80x60cm-1.600E-1000x1329.jpg 1000w, https:\/\/www.zen-malerei.de\/wp-content\/uploads\/2023\/07\/02-Die-strahlende-Klarheit-des-Geistes-80x60cm-1.600E.jpg 1204w\" sizes=\"auto, (max-width: 660px) 100vw, 660px\" \/><a href='https:\/\/www.zen-malerei.de\/wp-content\/uploads\/2023\/07\/02-Die-strahlende-Klarheit-des-Geistes-80x60cm-1.600E-771x1024.jpg' title=\"<b>Die strahlende Klarheit des Geistes<\/b>\r\n<br\/>Gr\u00f6\u00dfe: 80x60cm<span class='BildPreis'>2.400 \u20ac<\/span>\r\n<br\/>\r\n<p>&nbsp;<\/p>\" data-rel='prettyPhoto[album]' class='fg_magnificPopup'><span class='fg-zoom-icon icon-plus'><\/span><span style='display:none'><img loading=\"lazy\" decoding=\"async\" width=\"660\" height=\"877\" src=\"https:\/\/www.zen-malerei.de\/wp-content\/uploads\/2023\/07\/02-Die-strahlende-Klarheit-des-Geistes-80x60cm-1.600E-771x1024.jpg\" class=\"attachment-large size-large\" alt=\"\" srcset=\"https:\/\/www.zen-malerei.de\/wp-content\/uploads\/2023\/07\/02-Die-strahlende-Klarheit-des-Geistes-80x60cm-1.600E-771x1024.jpg 771w, https:\/\/www.zen-malerei.de\/wp-content\/uploads\/2023\/07\/02-Die-strahlende-Klarheit-des-Geistes-80x60cm-1.600E-226x300.jpg 226w, https:\/\/www.zen-malerei.de\/wp-content\/uploads\/2023\/07\/02-Die-strahlende-Klarheit-des-Geistes-80x60cm-1.600E-768x1021.jpg 768w, https:\/\/www.zen-malerei.de\/wp-content\/uploads\/2023\/07\/02-Die-strahlende-Klarheit-des-Geistes-80x60cm-1.600E-1156x1536.jpg 1156w, https:\/\/www.zen-malerei.de\/wp-content\/uploads\/2023\/07\/02-Die-strahlende-Klarheit-des-Geistes-80x60cm-1.600E-500x664.jpg 500w, https:\/\/www.zen-malerei.de\/wp-content\/uploads\/2023\/07\/02-Die-strahlende-Klarheit-des-Geistes-80x60cm-1.600E-1000x1329.jpg 1000w, https:\/\/www.zen-malerei.de\/wp-content\/uploads\/2023\/07\/02-Die-strahlende-Klarheit-des-Geistes-80x60cm-1.600E.jpg 1204w\" sizes=\"auto, (max-width: 660px) 100vw, 660px\" \/><\/span><\/a><\/div>\r\n\t\r\n\t\t\r\n\t\t<div class='fg-wp-caption-text fg-gallery-caption'><div class='caption-container'>\r\n\t\t<b>Die strahlende Klarheit des Geistes<\/b>\r\n<br\/>Gr\u00f6\u00dfe: 80x60cm<span class='BildPreis'>2.400 \u20ac<\/span>\r\n<br\/>\r\n<p>&nbsp;<\/p>\r\n\t\t<\/div><\/div><\/div><\/div><div class='fg-gallery-item'>\r\n\t\t<div class='gallery-icon portrait '>\r\n\t\t<div class='fg_zoom'><img loading=\"lazy\" decoding=\"async\" width=\"660\" height=\"791\" src=\"https:\/\/www.zen-malerei.de\/wp-content\/uploads\/2023\/05\/2023-L117-60x50cm-Die-Fuelle-des-goettlichen-Seins-854x1024.jpg\" class=\"attachment-large size-large\" alt=\"\" srcset=\"https:\/\/www.zen-malerei.de\/wp-content\/uploads\/2023\/05\/2023-L117-60x50cm-Die-Fuelle-des-goettlichen-Seins-854x1024.jpg 854w, https:\/\/www.zen-malerei.de\/wp-content\/uploads\/2023\/05\/2023-L117-60x50cm-Die-Fuelle-des-goettlichen-Seins-250x300.jpg 250w, https:\/\/www.zen-malerei.de\/wp-content\/uploads\/2023\/05\/2023-L117-60x50cm-Die-Fuelle-des-goettlichen-Seins-768x920.jpg 768w, https:\/\/www.zen-malerei.de\/wp-content\/uploads\/2023\/05\/2023-L117-60x50cm-Die-Fuelle-des-goettlichen-Seins-1282x1536.jpg 1282w, https:\/\/www.zen-malerei.de\/wp-content\/uploads\/2023\/05\/2023-L117-60x50cm-Die-Fuelle-des-goettlichen-Seins-500x599.jpg 500w, https:\/\/www.zen-malerei.de\/wp-content\/uploads\/2023\/05\/2023-L117-60x50cm-Die-Fuelle-des-goettlichen-Seins-1000x1199.jpg 1000w, https:\/\/www.zen-malerei.de\/wp-content\/uploads\/2023\/05\/2023-L117-60x50cm-Die-Fuelle-des-goettlichen-Seins.jpg 1335w\" sizes=\"auto, (max-width: 660px) 100vw, 660px\" \/><a href='https:\/\/www.zen-malerei.de\/wp-content\/uploads\/2023\/05\/2023-L117-60x50cm-Die-Fuelle-des-goettlichen-Seins-854x1024.jpg' title=\"<b>Der Weg ins Licht<\/b>\r\n<br\/>Gr\u00f6\u00dfe: 60x50cm<span class='BildPreis'>1.900 \u20ac<\/span>\r\n<br\/>\r\n<p>&nbsp;<\/p>\" data-rel='prettyPhoto[album]' class='fg_magnificPopup'><span class='fg-zoom-icon icon-plus'><\/span><span style='display:none'><img loading=\"lazy\" decoding=\"async\" width=\"660\" height=\"791\" src=\"https:\/\/www.zen-malerei.de\/wp-content\/uploads\/2023\/05\/2023-L117-60x50cm-Die-Fuelle-des-goettlichen-Seins-854x1024.jpg\" class=\"attachment-large size-large\" alt=\"\" srcset=\"https:\/\/www.zen-malerei.de\/wp-content\/uploads\/2023\/05\/2023-L117-60x50cm-Die-Fuelle-des-goettlichen-Seins-854x1024.jpg 854w, https:\/\/www.zen-malerei.de\/wp-content\/uploads\/2023\/05\/2023-L117-60x50cm-Die-Fuelle-des-goettlichen-Seins-250x300.jpg 250w, https:\/\/www.zen-malerei.de\/wp-content\/uploads\/2023\/05\/2023-L117-60x50cm-Die-Fuelle-des-goettlichen-Seins-768x920.jpg 768w, https:\/\/www.zen-malerei.de\/wp-content\/uploads\/2023\/05\/2023-L117-60x50cm-Die-Fuelle-des-goettlichen-Seins-1282x1536.jpg 1282w, https:\/\/www.zen-malerei.de\/wp-content\/uploads\/2023\/05\/2023-L117-60x50cm-Die-Fuelle-des-goettlichen-Seins-500x599.jpg 500w, https:\/\/www.zen-malerei.de\/wp-content\/uploads\/2023\/05\/2023-L117-60x50cm-Die-Fuelle-des-goettlichen-Seins-1000x1199.jpg 1000w, https:\/\/www.zen-malerei.de\/wp-content\/uploads\/2023\/05\/2023-L117-60x50cm-Die-Fuelle-des-goettlichen-Seins.jpg 1335w\" sizes=\"auto, (max-width: 660px) 100vw, 660px\" \/><\/span><\/a><\/div>\r\n\t\r\n\t\t\r\n\t\t<div class='fg-wp-caption-text fg-gallery-caption'><div class='caption-container'>\r\n\t\t<b>Der Weg ins Licht<\/b>\r\n<br\/>Gr\u00f6\u00dfe: 60x50cm<span class='BildPreis'>1.900 \u20ac<\/span>\r\n<br\/>\r\n<p>&nbsp;<\/p>\r\n\t\t<\/div><\/div><\/div><\/div><div class='fg-gallery-item'>\r\n\t\t<div class='gallery-icon landscape '>\r\n\t\t<div class='fg_zoom'><img loading=\"lazy\" decoding=\"async\" width=\"660\" height=\"490\" src=\"https:\/\/www.zen-malerei.de\/wp-content\/uploads\/2020\/10\/2020-10_016-80x60cm-Kosmischer-Buddha-1024x760.jpg\" class=\"attachment-large size-large\" alt=\"\" srcset=\"https:\/\/www.zen-malerei.de\/wp-content\/uploads\/2020\/10\/2020-10_016-80x60cm-Kosmischer-Buddha-1024x760.jpg 1024w, https:\/\/www.zen-malerei.de\/wp-content\/uploads\/2020\/10\/2020-10_016-80x60cm-Kosmischer-Buddha-300x223.jpg 300w, https:\/\/www.zen-malerei.de\/wp-content\/uploads\/2020\/10\/2020-10_016-80x60cm-Kosmischer-Buddha-768x570.jpg 768w, https:\/\/www.zen-malerei.de\/wp-content\/uploads\/2020\/10\/2020-10_016-80x60cm-Kosmischer-Buddha-1536x1140.jpg 1536w, https:\/\/www.zen-malerei.de\/wp-content\/uploads\/2020\/10\/2020-10_016-80x60cm-Kosmischer-Buddha-500x371.jpg 500w, https:\/\/www.zen-malerei.de\/wp-content\/uploads\/2020\/10\/2020-10_016-80x60cm-Kosmischer-Buddha-1000x743.jpg 1000w, https:\/\/www.zen-malerei.de\/wp-content\/uploads\/2020\/10\/2020-10_016-80x60cm-Kosmischer-Buddha.jpg 1600w\" sizes=\"auto, (max-width: 660px) 100vw, 660px\" \/><a href='https:\/\/www.zen-malerei.de\/wp-content\/uploads\/2020\/10\/2020-10_016-80x60cm-Kosmischer-Buddha-1024x760.jpg' title=\"<b>Medizin-Buddha Paradies<\/b>\r\n<br\/>Gr\u00f6\u00dfe: 80x60cm<span class='BildPreis'>2.400 \u20ac<\/span>\r\n<br\/>\r\n<p>&nbsp;<\/p>\" data-rel='prettyPhoto[album]' class='fg_magnificPopup'><span class='fg-zoom-icon icon-plus'><\/span><span style='display:none'><img loading=\"lazy\" decoding=\"async\" width=\"660\" height=\"490\" src=\"https:\/\/www.zen-malerei.de\/wp-content\/uploads\/2020\/10\/2020-10_016-80x60cm-Kosmischer-Buddha-1024x760.jpg\" class=\"attachment-large size-large\" alt=\"\" srcset=\"https:\/\/www.zen-malerei.de\/wp-content\/uploads\/2020\/10\/2020-10_016-80x60cm-Kosmischer-Buddha-1024x760.jpg 1024w, https:\/\/www.zen-malerei.de\/wp-content\/uploads\/2020\/10\/2020-10_016-80x60cm-Kosmischer-Buddha-300x223.jpg 300w, https:\/\/www.zen-malerei.de\/wp-content\/uploads\/2020\/10\/2020-10_016-80x60cm-Kosmischer-Buddha-768x570.jpg 768w, https:\/\/www.zen-malerei.de\/wp-content\/uploads\/2020\/10\/2020-10_016-80x60cm-Kosmischer-Buddha-1536x1140.jpg 1536w, https:\/\/www.zen-malerei.de\/wp-content\/uploads\/2020\/10\/2020-10_016-80x60cm-Kosmischer-Buddha-500x371.jpg 500w, https:\/\/www.zen-malerei.de\/wp-content\/uploads\/2020\/10\/2020-10_016-80x60cm-Kosmischer-Buddha-1000x743.jpg 1000w, https:\/\/www.zen-malerei.de\/wp-content\/uploads\/2020\/10\/2020-10_016-80x60cm-Kosmischer-Buddha.jpg 1600w\" sizes=\"auto, (max-width: 660px) 100vw, 660px\" \/><\/span><\/a><\/div>\r\n\t\r\n\t\t\r\n\t\t<div class='fg-wp-caption-text fg-gallery-caption'><div class='caption-container'>\r\n\t\t<b>Medizin-Buddha Paradies<\/b>\r\n<br\/>Gr\u00f6\u00dfe: 80x60cm<span class='BildPreis'>2.400 \u20ac<\/span>\r\n<br\/>\r\n<p>&nbsp;<\/p>\r\n\t\t<\/div><\/div><\/div><\/div><div class='fg-gallery-item'>\r\n\t\t<div class='gallery-icon portrait '>\r\n\t\t<div class='fg_zoom'><img loading=\"lazy\" decoding=\"async\" width=\"660\" height=\"921\" src=\"https:\/\/www.zen-malerei.de\/wp-content\/uploads\/2021\/11\/2021-L090-70x50cm-Das-Geheimnis-aller-Geheimnisse-734x1024.jpg\" class=\"attachment-large size-large\" alt=\"\" srcset=\"https:\/\/www.zen-malerei.de\/wp-content\/uploads\/2021\/11\/2021-L090-70x50cm-Das-Geheimnis-aller-Geheimnisse-734x1024.jpg 734w, https:\/\/www.zen-malerei.de\/wp-content\/uploads\/2021\/11\/2021-L090-70x50cm-Das-Geheimnis-aller-Geheimnisse-215x300.jpg 215w, https:\/\/www.zen-malerei.de\/wp-content\/uploads\/2021\/11\/2021-L090-70x50cm-Das-Geheimnis-aller-Geheimnisse-768x1071.jpg 768w, https:\/\/www.zen-malerei.de\/wp-content\/uploads\/2021\/11\/2021-L090-70x50cm-Das-Geheimnis-aller-Geheimnisse-1101x1536.jpg 1101w, https:\/\/www.zen-malerei.de\/wp-content\/uploads\/2021\/11\/2021-L090-70x50cm-Das-Geheimnis-aller-Geheimnisse-500x697.jpg 500w, https:\/\/www.zen-malerei.de\/wp-content\/uploads\/2021\/11\/2021-L090-70x50cm-Das-Geheimnis-aller-Geheimnisse-1000x1395.jpg 1000w, https:\/\/www.zen-malerei.de\/wp-content\/uploads\/2021\/11\/2021-L090-70x50cm-Das-Geheimnis-aller-Geheimnisse.jpg 1147w\" sizes=\"auto, (max-width: 660px) 100vw, 660px\" \/><a href='https:\/\/www.zen-malerei.de\/wp-content\/uploads\/2021\/11\/2021-L090-70x50cm-Das-Geheimnis-aller-Geheimnisse-734x1024.jpg' title=\"<b>Stille Klarheit<\/b>\r\n<br\/>Gr\u00f6\u00dfe: 70x50cm<span class='BildPreis'>3.000 \u20ac<\/span>  \r\n<br\/>\r\n<p>&nbsp;<\/p>\" data-rel='prettyPhoto[album]' class='fg_magnificPopup'><span class='fg-zoom-icon icon-plus'><\/span><span style='display:none'><img loading=\"lazy\" decoding=\"async\" width=\"660\" height=\"921\" src=\"https:\/\/www.zen-malerei.de\/wp-content\/uploads\/2021\/11\/2021-L090-70x50cm-Das-Geheimnis-aller-Geheimnisse-734x1024.jpg\" class=\"attachment-large size-large\" alt=\"\" srcset=\"https:\/\/www.zen-malerei.de\/wp-content\/uploads\/2021\/11\/2021-L090-70x50cm-Das-Geheimnis-aller-Geheimnisse-734x1024.jpg 734w, https:\/\/www.zen-malerei.de\/wp-content\/uploads\/2021\/11\/2021-L090-70x50cm-Das-Geheimnis-aller-Geheimnisse-215x300.jpg 215w, https:\/\/www.zen-malerei.de\/wp-content\/uploads\/2021\/11\/2021-L090-70x50cm-Das-Geheimnis-aller-Geheimnisse-768x1071.jpg 768w, https:\/\/www.zen-malerei.de\/wp-content\/uploads\/2021\/11\/2021-L090-70x50cm-Das-Geheimnis-aller-Geheimnisse-1101x1536.jpg 1101w, https:\/\/www.zen-malerei.de\/wp-content\/uploads\/2021\/11\/2021-L090-70x50cm-Das-Geheimnis-aller-Geheimnisse-500x697.jpg 500w, https:\/\/www.zen-malerei.de\/wp-content\/uploads\/2021\/11\/2021-L090-70x50cm-Das-Geheimnis-aller-Geheimnisse-1000x1395.jpg 1000w, https:\/\/www.zen-malerei.de\/wp-content\/uploads\/2021\/11\/2021-L090-70x50cm-Das-Geheimnis-aller-Geheimnisse.jpg 1147w\" sizes=\"auto, (max-width: 660px) 100vw, 660px\" \/><\/span><\/a><\/div>\r\n\t\r\n\t\t\r\n\t\t<div class='fg-wp-caption-text fg-gallery-caption'><div class='caption-container'>\r\n\t\t<b>Stille Klarheit<\/b>\r\n<br\/>Gr\u00f6\u00dfe: 70x50cm<span class='BildPreis'>3.000 \u20ac<\/span>  \r\n<br\/>\r\n<p>&nbsp;<\/p>\r\n\t\t<\/div><\/div><\/div><\/div><div class='fg-gallery-item'>\r\n\t\t<div class='gallery-icon portrait '>\r\n\t\t<div class='fg_zoom'><img loading=\"lazy\" decoding=\"async\" width=\"660\" height=\"917\" src=\"https:\/\/www.zen-malerei.de\/wp-content\/uploads\/2023\/02\/2022-L111-70x50cm-Multidimensionales-Bewusstsein-737x1024.jpg\" class=\"attachment-large size-large\" alt=\"\" srcset=\"https:\/\/www.zen-malerei.de\/wp-content\/uploads\/2023\/02\/2022-L111-70x50cm-Multidimensionales-Bewusstsein-737x1024.jpg 737w, https:\/\/www.zen-malerei.de\/wp-content\/uploads\/2023\/02\/2022-L111-70x50cm-Multidimensionales-Bewusstsein-216x300.jpg 216w, https:\/\/www.zen-malerei.de\/wp-content\/uploads\/2023\/02\/2022-L111-70x50cm-Multidimensionales-Bewusstsein-768x1067.jpg 768w, https:\/\/www.zen-malerei.de\/wp-content\/uploads\/2023\/02\/2022-L111-70x50cm-Multidimensionales-Bewusstsein-1106x1536.jpg 1106w, https:\/\/www.zen-malerei.de\/wp-content\/uploads\/2023\/02\/2022-L111-70x50cm-Multidimensionales-Bewusstsein-500x694.jpg 500w, https:\/\/www.zen-malerei.de\/wp-content\/uploads\/2023\/02\/2022-L111-70x50cm-Multidimensionales-Bewusstsein-1000x1389.jpg 1000w, https:\/\/www.zen-malerei.de\/wp-content\/uploads\/2023\/02\/2022-L111-70x50cm-Multidimensionales-Bewusstsein.jpg 1152w\" sizes=\"auto, (max-width: 660px) 100vw, 660px\" \/><a href='https:\/\/www.zen-malerei.de\/wp-content\/uploads\/2023\/02\/2022-L111-70x50cm-Multidimensionales-Bewusstsein-737x1024.jpg' title=\"<b>Multidimensionales Bewusstsein<\/b>\r\n<br\/>Gr\u00f6\u00dfe: 70x50cm<span class='BildPreis'>2.600 \u20ac<\/span> \r\n<br\/>\r\n<p>&nbsp;<\/p>\" data-rel='prettyPhoto[album]' class='fg_magnificPopup'><span class='fg-zoom-icon icon-plus'><\/span><span style='display:none'><img loading=\"lazy\" decoding=\"async\" width=\"660\" height=\"917\" src=\"https:\/\/www.zen-malerei.de\/wp-content\/uploads\/2023\/02\/2022-L111-70x50cm-Multidimensionales-Bewusstsein-737x1024.jpg\" class=\"attachment-large size-large\" alt=\"\" srcset=\"https:\/\/www.zen-malerei.de\/wp-content\/uploads\/2023\/02\/2022-L111-70x50cm-Multidimensionales-Bewusstsein-737x1024.jpg 737w, https:\/\/www.zen-malerei.de\/wp-content\/uploads\/2023\/02\/2022-L111-70x50cm-Multidimensionales-Bewusstsein-216x300.jpg 216w, https:\/\/www.zen-malerei.de\/wp-content\/uploads\/2023\/02\/2022-L111-70x50cm-Multidimensionales-Bewusstsein-768x1067.jpg 768w, https:\/\/www.zen-malerei.de\/wp-content\/uploads\/2023\/02\/2022-L111-70x50cm-Multidimensionales-Bewusstsein-1106x1536.jpg 1106w, https:\/\/www.zen-malerei.de\/wp-content\/uploads\/2023\/02\/2022-L111-70x50cm-Multidimensionales-Bewusstsein-500x694.jpg 500w, https:\/\/www.zen-malerei.de\/wp-content\/uploads\/2023\/02\/2022-L111-70x50cm-Multidimensionales-Bewusstsein-1000x1389.jpg 1000w, https:\/\/www.zen-malerei.de\/wp-content\/uploads\/2023\/02\/2022-L111-70x50cm-Multidimensionales-Bewusstsein.jpg 1152w\" sizes=\"auto, (max-width: 660px) 100vw, 660px\" \/><\/span><\/a><\/div>\r\n\t\r\n\t\t\r\n\t\t<div class='fg-wp-caption-text fg-gallery-caption'><div class='caption-container'>\r\n\t\t<b>Multidimensionales Bewusstsein<\/b>\r\n<br\/>Gr\u00f6\u00dfe: 70x50cm<span class='BildPreis'>2.600 \u20ac<\/span> \r\n<br\/>\r\n<p>&nbsp;<\/p>\r\n\t\t<\/div><\/div><\/div><\/div><div class='fg-gallery-item'>\r\n\t\t<div class='gallery-icon portrait '>\r\n\t\t<div class='fg_zoom'><img loading=\"lazy\" decoding=\"async\" width=\"660\" height=\"923\" src=\"https:\/\/www.zen-malerei.de\/wp-content\/uploads\/2022\/12\/2022-L110-140x100cm-Klarer-Geist-732x1024.jpg\" class=\"attachment-large size-large\" alt=\"\" srcset=\"https:\/\/www.zen-malerei.de\/wp-content\/uploads\/2022\/12\/2022-L110-140x100cm-Klarer-Geist-732x1024.jpg 732w, https:\/\/www.zen-malerei.de\/wp-content\/uploads\/2022\/12\/2022-L110-140x100cm-Klarer-Geist-214x300.jpg 214w, https:\/\/www.zen-malerei.de\/wp-content\/uploads\/2022\/12\/2022-L110-140x100cm-Klarer-Geist-768x1075.jpg 768w, https:\/\/www.zen-malerei.de\/wp-content\/uploads\/2022\/12\/2022-L110-140x100cm-Klarer-Geist-1097x1536.jpg 1097w, https:\/\/www.zen-malerei.de\/wp-content\/uploads\/2022\/12\/2022-L110-140x100cm-Klarer-Geist-500x700.jpg 500w, https:\/\/www.zen-malerei.de\/wp-content\/uploads\/2022\/12\/2022-L110-140x100cm-Klarer-Geist-1000x1400.jpg 1000w, https:\/\/www.zen-malerei.de\/wp-content\/uploads\/2022\/12\/2022-L110-140x100cm-Klarer-Geist.jpg 1143w\" sizes=\"auto, (max-width: 660px) 100vw, 660px\" \/><a href='https:\/\/www.zen-malerei.de\/wp-content\/uploads\/2022\/12\/2022-L110-140x100cm-Klarer-Geist-732x1024.jpg' title=\"<b>Klarer Geist<\/b>\r\n<br\/>Gr\u00f6\u00dfe: 140x100cm<span class='BildPreis'>3.800 \u20ac<\/span>\r\n<br\/>\r\n<p>&nbsp;<\/p>\" data-rel='prettyPhoto[album]' class='fg_magnificPopup'><span class='fg-zoom-icon icon-plus'><\/span><span style='display:none'><img loading=\"lazy\" decoding=\"async\" width=\"660\" height=\"923\" src=\"https:\/\/www.zen-malerei.de\/wp-content\/uploads\/2022\/12\/2022-L110-140x100cm-Klarer-Geist-732x1024.jpg\" class=\"attachment-large size-large\" alt=\"\" srcset=\"https:\/\/www.zen-malerei.de\/wp-content\/uploads\/2022\/12\/2022-L110-140x100cm-Klarer-Geist-732x1024.jpg 732w, https:\/\/www.zen-malerei.de\/wp-content\/uploads\/2022\/12\/2022-L110-140x100cm-Klarer-Geist-214x300.jpg 214w, https:\/\/www.zen-malerei.de\/wp-content\/uploads\/2022\/12\/2022-L110-140x100cm-Klarer-Geist-768x1075.jpg 768w, https:\/\/www.zen-malerei.de\/wp-content\/uploads\/2022\/12\/2022-L110-140x100cm-Klarer-Geist-1097x1536.jpg 1097w, https:\/\/www.zen-malerei.de\/wp-content\/uploads\/2022\/12\/2022-L110-140x100cm-Klarer-Geist-500x700.jpg 500w, https:\/\/www.zen-malerei.de\/wp-content\/uploads\/2022\/12\/2022-L110-140x100cm-Klarer-Geist-1000x1400.jpg 1000w, https:\/\/www.zen-malerei.de\/wp-content\/uploads\/2022\/12\/2022-L110-140x100cm-Klarer-Geist.jpg 1143w\" sizes=\"auto, (max-width: 660px) 100vw, 660px\" \/><\/span><\/a><\/div>\r\n\t\r\n\t\t\r\n\t\t<div class='fg-wp-caption-text fg-gallery-caption'><div class='caption-container'>\r\n\t\t<b>Klarer Geist<\/b>\r\n<br\/>Gr\u00f6\u00dfe: 140x100cm<span class='BildPreis'>3.800 \u20ac<\/span>\r\n<br\/>\r\n<p>&nbsp;<\/p>\r\n\t\t<\/div><\/div><\/div><\/div><div class='fg-gallery-item'>\r\n\t\t<div class='gallery-icon portrait '>\r\n\t\t<div class='fg_zoom'><img loading=\"lazy\" decoding=\"async\" width=\"660\" height=\"880\" src=\"https:\/\/www.zen-malerei.de\/wp-content\/uploads\/2022\/09\/2022-L108-50x70cm-Die-Fuelle-des-Seins-768x1024.jpg\" class=\"attachment-large size-large\" alt=\"\" srcset=\"https:\/\/www.zen-malerei.de\/wp-content\/uploads\/2022\/09\/2022-L108-50x70cm-Die-Fuelle-des-Seins-768x1024.jpg 768w, https:\/\/www.zen-malerei.de\/wp-content\/uploads\/2022\/09\/2022-L108-50x70cm-Die-Fuelle-des-Seins-225x300.jpg 225w, https:\/\/www.zen-malerei.de\/wp-content\/uploads\/2022\/09\/2022-L108-50x70cm-Die-Fuelle-des-Seins-1152x1536.jpg 1152w, https:\/\/www.zen-malerei.de\/wp-content\/uploads\/2022\/09\/2022-L108-50x70cm-Die-Fuelle-des-Seins-500x667.jpg 500w, https:\/\/www.zen-malerei.de\/wp-content\/uploads\/2022\/09\/2022-L108-50x70cm-Die-Fuelle-des-Seins-1000x1333.jpg 1000w, https:\/\/www.zen-malerei.de\/wp-content\/uploads\/2022\/09\/2022-L108-50x70cm-Die-Fuelle-des-Seins.jpg 1200w\" sizes=\"auto, (max-width: 660px) 100vw, 660px\" \/><a href='https:\/\/www.zen-malerei.de\/wp-content\/uploads\/2022\/09\/2022-L108-50x70cm-Die-Fuelle-des-Seins-768x1024.jpg' title=\"<b>Die F\u00fclle des Seins<\/b>\r\n<br\/>Gr\u00f6\u00dfe: 70x50cm<span class='BildPreis'>2.800 \u20ac<\/span>\r\n<br\/>\r\n<p>&nbsp;<\/p>\" data-rel='prettyPhoto[album]' class='fg_magnificPopup'><span class='fg-zoom-icon icon-plus'><\/span><span style='display:none'><img loading=\"lazy\" decoding=\"async\" width=\"660\" height=\"880\" src=\"https:\/\/www.zen-malerei.de\/wp-content\/uploads\/2022\/09\/2022-L108-50x70cm-Die-Fuelle-des-Seins-768x1024.jpg\" class=\"attachment-large size-large\" alt=\"\" srcset=\"https:\/\/www.zen-malerei.de\/wp-content\/uploads\/2022\/09\/2022-L108-50x70cm-Die-Fuelle-des-Seins-768x1024.jpg 768w, https:\/\/www.zen-malerei.de\/wp-content\/uploads\/2022\/09\/2022-L108-50x70cm-Die-Fuelle-des-Seins-225x300.jpg 225w, https:\/\/www.zen-malerei.de\/wp-content\/uploads\/2022\/09\/2022-L108-50x70cm-Die-Fuelle-des-Seins-1152x1536.jpg 1152w, https:\/\/www.zen-malerei.de\/wp-content\/uploads\/2022\/09\/2022-L108-50x70cm-Die-Fuelle-des-Seins-500x667.jpg 500w, https:\/\/www.zen-malerei.de\/wp-content\/uploads\/2022\/09\/2022-L108-50x70cm-Die-Fuelle-des-Seins-1000x1333.jpg 1000w, https:\/\/www.zen-malerei.de\/wp-content\/uploads\/2022\/09\/2022-L108-50x70cm-Die-Fuelle-des-Seins.jpg 1200w\" sizes=\"auto, (max-width: 660px) 100vw, 660px\" \/><\/span><\/a><\/div>\r\n\t\r\n\t\t\r\n\t\t<div class='fg-wp-caption-text fg-gallery-caption'><div class='caption-container'>\r\n\t\t<b>Die F\u00fclle des Seins<\/b>\r\n<br\/>Gr\u00f6\u00dfe: 70x50cm<span class='BildPreis'>2.800 \u20ac<\/span>\r\n<br\/>\r\n<p>&nbsp;<\/p>\r\n\t\t<\/div><\/div><\/div><\/div><div class='fg-gallery-item'>\r\n\t\t<div class='gallery-icon portrait '>\r\n\t\t<div class='fg_zoom'><img loading=\"lazy\" decoding=\"async\" width=\"660\" height=\"887\" src=\"https:\/\/www.zen-malerei.de\/wp-content\/uploads\/2022\/09\/2022-L105-80x60cm-762x1024.jpg\" class=\"attachment-large size-large\" alt=\"\" srcset=\"https:\/\/www.zen-malerei.de\/wp-content\/uploads\/2022\/09\/2022-L105-80x60cm-762x1024.jpg 762w, https:\/\/www.zen-malerei.de\/wp-content\/uploads\/2022\/09\/2022-L105-80x60cm-223x300.jpg 223w, https:\/\/www.zen-malerei.de\/wp-content\/uploads\/2022\/09\/2022-L105-80x60cm-768x1032.jpg 768w, https:\/\/www.zen-malerei.de\/wp-content\/uploads\/2022\/09\/2022-L105-80x60cm-1143x1536.jpg 1143w, https:\/\/www.zen-malerei.de\/wp-content\/uploads\/2022\/09\/2022-L105-80x60cm-1523x2048.jpg 1523w, https:\/\/www.zen-malerei.de\/wp-content\/uploads\/2022\/09\/2022-L105-80x60cm-500x672.jpg 500w, https:\/\/www.zen-malerei.de\/wp-content\/uploads\/2022\/09\/2022-L105-80x60cm-1000x1344.jpg 1000w, https:\/\/www.zen-malerei.de\/wp-content\/uploads\/2022\/09\/2022-L105-80x60cm.jpg 1600w\" sizes=\"auto, (max-width: 660px) 100vw, 660px\" \/><a href='https:\/\/www.zen-malerei.de\/wp-content\/uploads\/2022\/09\/2022-L105-80x60cm-762x1024.jpg' title=\"<b>Lichte Transparenz<\/b>\r\n<br\/>Gr\u00f6\u00dfe: 80x60cm<span class='BildPreis'><b>VERKAUFT<\/b><\/span>\r\n<br\/>\r\n<p>&nbsp;<\/p>\" data-rel='prettyPhoto[album]' class='fg_magnificPopup'><span class='fg-zoom-icon icon-plus'><\/span><span style='display:none'><img loading=\"lazy\" decoding=\"async\" width=\"660\" height=\"887\" src=\"https:\/\/www.zen-malerei.de\/wp-content\/uploads\/2022\/09\/2022-L105-80x60cm-762x1024.jpg\" class=\"attachment-large size-large\" alt=\"\" srcset=\"https:\/\/www.zen-malerei.de\/wp-content\/uploads\/2022\/09\/2022-L105-80x60cm-762x1024.jpg 762w, https:\/\/www.zen-malerei.de\/wp-content\/uploads\/2022\/09\/2022-L105-80x60cm-223x300.jpg 223w, https:\/\/www.zen-malerei.de\/wp-content\/uploads\/2022\/09\/2022-L105-80x60cm-768x1032.jpg 768w, https:\/\/www.zen-malerei.de\/wp-content\/uploads\/2022\/09\/2022-L105-80x60cm-1143x1536.jpg 1143w, https:\/\/www.zen-malerei.de\/wp-content\/uploads\/2022\/09\/2022-L105-80x60cm-1523x2048.jpg 1523w, https:\/\/www.zen-malerei.de\/wp-content\/uploads\/2022\/09\/2022-L105-80x60cm-500x672.jpg 500w, https:\/\/www.zen-malerei.de\/wp-content\/uploads\/2022\/09\/2022-L105-80x60cm-1000x1344.jpg 1000w, https:\/\/www.zen-malerei.de\/wp-content\/uploads\/2022\/09\/2022-L105-80x60cm.jpg 1600w\" sizes=\"auto, (max-width: 660px) 100vw, 660px\" \/><\/span><\/a><\/div>\r\n\t\r\n\t\t\r\n\t\t<div class='fg-wp-caption-text fg-gallery-caption'><div class='caption-container'>\r\n\t\t<b>Lichte Transparenz<\/b>\r\n<br\/>Gr\u00f6\u00dfe: 80x60cm<span class='BildPreis'><b>VERKAUFT<\/b><\/span>\r\n<br\/>\r\n<p>&nbsp;<\/p>\r\n\t\t<\/div><\/div><\/div><\/div><div class='fg-gallery-item'>\r\n\t\t<div class='gallery-icon landscape '>\r\n\t\t<div class='fg_zoom'><img loading=\"lazy\" decoding=\"async\" width=\"660\" height=\"523\" src=\"https:\/\/www.zen-malerei.de\/wp-content\/uploads\/2020\/10\/2020-10_010-40x50cm-Die-grosse-Freude-1024x811.jpg\" class=\"attachment-large size-large\" alt=\"\" srcset=\"https:\/\/www.zen-malerei.de\/wp-content\/uploads\/2020\/10\/2020-10_010-40x50cm-Die-grosse-Freude-1024x811.jpg 1024w, https:\/\/www.zen-malerei.de\/wp-content\/uploads\/2020\/10\/2020-10_010-40x50cm-Die-grosse-Freude-300x238.jpg 300w, https:\/\/www.zen-malerei.de\/wp-content\/uploads\/2020\/10\/2020-10_010-40x50cm-Die-grosse-Freude-768x608.jpg 768w, https:\/\/www.zen-malerei.de\/wp-content\/uploads\/2020\/10\/2020-10_010-40x50cm-Die-grosse-Freude-1536x1216.jpg 1536w, https:\/\/www.zen-malerei.de\/wp-content\/uploads\/2020\/10\/2020-10_010-40x50cm-Die-grosse-Freude-500x396.jpg 500w, https:\/\/www.zen-malerei.de\/wp-content\/uploads\/2020\/10\/2020-10_010-40x50cm-Die-grosse-Freude-1000x792.jpg 1000w, https:\/\/www.zen-malerei.de\/wp-content\/uploads\/2020\/10\/2020-10_010-40x50cm-Die-grosse-Freude.jpg 1600w\" sizes=\"auto, (max-width: 660px) 100vw, 660px\" \/><a href='https:\/\/www.zen-malerei.de\/wp-content\/uploads\/2020\/10\/2020-10_010-40x50cm-Die-grosse-Freude-1024x811.jpg' title=\"<b>Die Reinheit des Herzens<\/b>\r\n<br\/>Gr\u00f6\u00dfe: 40x50cm<span class='BildPreis'>1.700 \u20ac<\/span>\r\n<br\/>\r\n<p>&nbsp;<\/p>\" data-rel='prettyPhoto[album]' class='fg_magnificPopup'><span class='fg-zoom-icon icon-plus'><\/span><span style='display:none'><img loading=\"lazy\" decoding=\"async\" width=\"660\" height=\"523\" src=\"https:\/\/www.zen-malerei.de\/wp-content\/uploads\/2020\/10\/2020-10_010-40x50cm-Die-grosse-Freude-1024x811.jpg\" class=\"attachment-large size-large\" alt=\"\" srcset=\"https:\/\/www.zen-malerei.de\/wp-content\/uploads\/2020\/10\/2020-10_010-40x50cm-Die-grosse-Freude-1024x811.jpg 1024w, https:\/\/www.zen-malerei.de\/wp-content\/uploads\/2020\/10\/2020-10_010-40x50cm-Die-grosse-Freude-300x238.jpg 300w, https:\/\/www.zen-malerei.de\/wp-content\/uploads\/2020\/10\/2020-10_010-40x50cm-Die-grosse-Freude-768x608.jpg 768w, https:\/\/www.zen-malerei.de\/wp-content\/uploads\/2020\/10\/2020-10_010-40x50cm-Die-grosse-Freude-1536x1216.jpg 1536w, https:\/\/www.zen-malerei.de\/wp-content\/uploads\/2020\/10\/2020-10_010-40x50cm-Die-grosse-Freude-500x396.jpg 500w, https:\/\/www.zen-malerei.de\/wp-content\/uploads\/2020\/10\/2020-10_010-40x50cm-Die-grosse-Freude-1000x792.jpg 1000w, https:\/\/www.zen-malerei.de\/wp-content\/uploads\/2020\/10\/2020-10_010-40x50cm-Die-grosse-Freude.jpg 1600w\" sizes=\"auto, (max-width: 660px) 100vw, 660px\" \/><\/span><\/a><\/div>\r\n\t\r\n\t\t\r\n\t\t<div class='fg-wp-caption-text fg-gallery-caption'><div class='caption-container'>\r\n\t\t<b>Die Reinheit des Herzens<\/b>\r\n<br\/>Gr\u00f6\u00dfe: 40x50cm<span class='BildPreis'>1.700 \u20ac<\/span>\r\n<br\/>\r\n<p>&nbsp;<\/p>\r\n\t\t<\/div><\/div><\/div><\/div><div class='fg-gallery-item'>\r\n\t\t<div class='gallery-icon landscape '>\r\n\t\t<div class='fg_zoom'><img loading=\"lazy\" decoding=\"async\" width=\"660\" height=\"439\" src=\"https:\/\/www.zen-malerei.de\/wp-content\/uploads\/2022\/01\/2022-L091-40x60cm-Die-Aufloesung-aller-Gegensaetze-1024x681.jpg\" class=\"attachment-large size-large\" alt=\"\" srcset=\"https:\/\/www.zen-malerei.de\/wp-content\/uploads\/2022\/01\/2022-L091-40x60cm-Die-Aufloesung-aller-Gegensaetze-1024x681.jpg 1024w, https:\/\/www.zen-malerei.de\/wp-content\/uploads\/2022\/01\/2022-L091-40x60cm-Die-Aufloesung-aller-Gegensaetze-300x200.jpg 300w, https:\/\/www.zen-malerei.de\/wp-content\/uploads\/2022\/01\/2022-L091-40x60cm-Die-Aufloesung-aller-Gegensaetze-768x511.jpg 768w, https:\/\/www.zen-malerei.de\/wp-content\/uploads\/2022\/01\/2022-L091-40x60cm-Die-Aufloesung-aller-Gegensaetze-1536x1021.jpg 1536w, https:\/\/www.zen-malerei.de\/wp-content\/uploads\/2022\/01\/2022-L091-40x60cm-Die-Aufloesung-aller-Gegensaetze-500x333.jpg 500w, https:\/\/www.zen-malerei.de\/wp-content\/uploads\/2022\/01\/2022-L091-40x60cm-Die-Aufloesung-aller-Gegensaetze-1000x665.jpg 1000w, https:\/\/www.zen-malerei.de\/wp-content\/uploads\/2022\/01\/2022-L091-40x60cm-Die-Aufloesung-aller-Gegensaetze.jpg 1600w\" sizes=\"auto, (max-width: 660px) 100vw, 660px\" \/><a href='https:\/\/www.zen-malerei.de\/wp-content\/uploads\/2022\/01\/2022-L091-40x60cm-Die-Aufloesung-aller-Gegensaetze-1024x681.jpg' title=\"<b>G\u00f6ttliche Freude<\/b>\r\n<br\/>Gr\u00f6\u00dfe: 40x60cm<span class='BildPreis'>1.600 \u20ac<\/span> \r\n<br\/>\r\n<p>&nbsp;<\/p>\" data-rel='prettyPhoto[album]' class='fg_magnificPopup'><span class='fg-zoom-icon icon-plus'><\/span><span style='display:none'><img loading=\"lazy\" decoding=\"async\" width=\"660\" height=\"439\" src=\"https:\/\/www.zen-malerei.de\/wp-content\/uploads\/2022\/01\/2022-L091-40x60cm-Die-Aufloesung-aller-Gegensaetze-1024x681.jpg\" class=\"attachment-large size-large\" alt=\"\" srcset=\"https:\/\/www.zen-malerei.de\/wp-content\/uploads\/2022\/01\/2022-L091-40x60cm-Die-Aufloesung-aller-Gegensaetze-1024x681.jpg 1024w, https:\/\/www.zen-malerei.de\/wp-content\/uploads\/2022\/01\/2022-L091-40x60cm-Die-Aufloesung-aller-Gegensaetze-300x200.jpg 300w, https:\/\/www.zen-malerei.de\/wp-content\/uploads\/2022\/01\/2022-L091-40x60cm-Die-Aufloesung-aller-Gegensaetze-768x511.jpg 768w, https:\/\/www.zen-malerei.de\/wp-content\/uploads\/2022\/01\/2022-L091-40x60cm-Die-Aufloesung-aller-Gegensaetze-1536x1021.jpg 1536w, https:\/\/www.zen-malerei.de\/wp-content\/uploads\/2022\/01\/2022-L091-40x60cm-Die-Aufloesung-aller-Gegensaetze-500x333.jpg 500w, https:\/\/www.zen-malerei.de\/wp-content\/uploads\/2022\/01\/2022-L091-40x60cm-Die-Aufloesung-aller-Gegensaetze-1000x665.jpg 1000w, https:\/\/www.zen-malerei.de\/wp-content\/uploads\/2022\/01\/2022-L091-40x60cm-Die-Aufloesung-aller-Gegensaetze.jpg 1600w\" sizes=\"auto, (max-width: 660px) 100vw, 660px\" \/><\/span><\/a><\/div>\r\n\t\r\n\t\t\r\n\t\t<div class='fg-wp-caption-text fg-gallery-caption'><div class='caption-container'>\r\n\t\t<b>G\u00f6ttliche Freude<\/b>\r\n<br\/>Gr\u00f6\u00dfe: 40x60cm<span class='BildPreis'>1.600 \u20ac<\/span> \r\n<br\/>\r\n<p>&nbsp;<\/p>\r\n\t\t<\/div><\/div><\/div><\/div><div class='fg-gallery-item'>\r\n\t\t<div class='gallery-icon portrait '>\r\n\t\t<div class='fg_zoom'><img loading=\"lazy\" decoding=\"async\" width=\"660\" height=\"836\" src=\"https:\/\/www.zen-malerei.de\/wp-content\/uploads\/2022\/04\/2022-L102-60x50cm-Weisheit-und-Wunscherfuellung--808x1024.jpg\" class=\"attachment-large size-large\" alt=\"\" srcset=\"https:\/\/www.zen-malerei.de\/wp-content\/uploads\/2022\/04\/2022-L102-60x50cm-Weisheit-und-Wunscherfuellung--808x1024.jpg 808w, https:\/\/www.zen-malerei.de\/wp-content\/uploads\/2022\/04\/2022-L102-60x50cm-Weisheit-und-Wunscherfuellung--237x300.jpg 237w, https:\/\/www.zen-malerei.de\/wp-content\/uploads\/2022\/04\/2022-L102-60x50cm-Weisheit-und-Wunscherfuellung--768x973.jpg 768w, https:\/\/www.zen-malerei.de\/wp-content\/uploads\/2022\/04\/2022-L102-60x50cm-Weisheit-und-Wunscherfuellung--1212x1536.jpg 1212w, https:\/\/www.zen-malerei.de\/wp-content\/uploads\/2022\/04\/2022-L102-60x50cm-Weisheit-und-Wunscherfuellung--500x633.jpg 500w, https:\/\/www.zen-malerei.de\/wp-content\/uploads\/2022\/04\/2022-L102-60x50cm-Weisheit-und-Wunscherfuellung--1000x1267.jpg 1000w, https:\/\/www.zen-malerei.de\/wp-content\/uploads\/2022\/04\/2022-L102-60x50cm-Weisheit-und-Wunscherfuellung-.jpg 1263w\" sizes=\"auto, (max-width: 660px) 100vw, 660px\" \/><a href='https:\/\/www.zen-malerei.de\/wp-content\/uploads\/2022\/04\/2022-L102-60x50cm-Weisheit-und-Wunscherfuellung--808x1024.jpg' title=\"<b>Weisheit und Wunscherf\u00fcllung <\/b>\r\n<br\/>Gr\u00f6\u00dfe: 60x50cm<span class='BildPreis'>3.400 \u20ac<\/span> \r\n<br\/>\r\n<p>&nbsp;<\/p>\" data-rel='prettyPhoto[album]' class='fg_magnificPopup'><span class='fg-zoom-icon icon-plus'><\/span><span style='display:none'><img loading=\"lazy\" decoding=\"async\" width=\"660\" height=\"836\" src=\"https:\/\/www.zen-malerei.de\/wp-content\/uploads\/2022\/04\/2022-L102-60x50cm-Weisheit-und-Wunscherfuellung--808x1024.jpg\" class=\"attachment-large size-large\" alt=\"\" srcset=\"https:\/\/www.zen-malerei.de\/wp-content\/uploads\/2022\/04\/2022-L102-60x50cm-Weisheit-und-Wunscherfuellung--808x1024.jpg 808w, https:\/\/www.zen-malerei.de\/wp-content\/uploads\/2022\/04\/2022-L102-60x50cm-Weisheit-und-Wunscherfuellung--237x300.jpg 237w, https:\/\/www.zen-malerei.de\/wp-content\/uploads\/2022\/04\/2022-L102-60x50cm-Weisheit-und-Wunscherfuellung--768x973.jpg 768w, https:\/\/www.zen-malerei.de\/wp-content\/uploads\/2022\/04\/2022-L102-60x50cm-Weisheit-und-Wunscherfuellung--1212x1536.jpg 1212w, https:\/\/www.zen-malerei.de\/wp-content\/uploads\/2022\/04\/2022-L102-60x50cm-Weisheit-und-Wunscherfuellung--500x633.jpg 500w, https:\/\/www.zen-malerei.de\/wp-content\/uploads\/2022\/04\/2022-L102-60x50cm-Weisheit-und-Wunscherfuellung--1000x1267.jpg 1000w, https:\/\/www.zen-malerei.de\/wp-content\/uploads\/2022\/04\/2022-L102-60x50cm-Weisheit-und-Wunscherfuellung-.jpg 1263w\" sizes=\"auto, (max-width: 660px) 100vw, 660px\" \/><\/span><\/a><\/div>\r\n\t\r\n\t\t\r\n\t\t<div class='fg-wp-caption-text fg-gallery-caption'><div class='caption-container'>\r\n\t\t<b>Weisheit und Wunscherf\u00fcllung <\/b>\r\n<br\/>Gr\u00f6\u00dfe: 60x50cm<span class='BildPreis'>3.400 \u20ac<\/span> \r\n<br\/>\r\n<p>&nbsp;<\/p>\r\n\t\t<\/div><\/div><\/div><\/div><div class='fg-gallery-item'>\r\n\t\t<div class='gallery-icon landscape '>\r\n\t\t<div class='fg_zoom'><img loading=\"lazy\" decoding=\"async\" width=\"660\" height=\"538\" src=\"https:\/\/www.zen-malerei.de\/wp-content\/uploads\/2022\/04\/2022-L101-50x60cm-Die-Unerschuetterlichkeit-des-Geistes-1024x834.jpg\" class=\"attachment-large size-large\" alt=\"\" srcset=\"https:\/\/www.zen-malerei.de\/wp-content\/uploads\/2022\/04\/2022-L101-50x60cm-Die-Unerschuetterlichkeit-des-Geistes-1024x834.jpg 1024w, https:\/\/www.zen-malerei.de\/wp-content\/uploads\/2022\/04\/2022-L101-50x60cm-Die-Unerschuetterlichkeit-des-Geistes-300x244.jpg 300w, https:\/\/www.zen-malerei.de\/wp-content\/uploads\/2022\/04\/2022-L101-50x60cm-Die-Unerschuetterlichkeit-des-Geistes-768x625.jpg 768w, https:\/\/www.zen-malerei.de\/wp-content\/uploads\/2022\/04\/2022-L101-50x60cm-Die-Unerschuetterlichkeit-des-Geistes-1536x1251.jpg 1536w, https:\/\/www.zen-malerei.de\/wp-content\/uploads\/2022\/04\/2022-L101-50x60cm-Die-Unerschuetterlichkeit-des-Geistes-500x407.jpg 500w, https:\/\/www.zen-malerei.de\/wp-content\/uploads\/2022\/04\/2022-L101-50x60cm-Die-Unerschuetterlichkeit-des-Geistes-1000x814.jpg 1000w, https:\/\/www.zen-malerei.de\/wp-content\/uploads\/2022\/04\/2022-L101-50x60cm-Die-Unerschuetterlichkeit-des-Geistes.jpg 1600w\" sizes=\"auto, (max-width: 660px) 100vw, 660px\" \/><a href='https:\/\/www.zen-malerei.de\/wp-content\/uploads\/2022\/04\/2022-L101-50x60cm-Die-Unerschuetterlichkeit-des-Geistes-1024x834.jpg' title=\"<b>Die Unersch\u00fctterlichkeit des Geistes<\/b>\r\n<br\/>Gr\u00f6\u00dfe: 50x60cm<span class='BildPreis'>3.920 \u20ac<\/span> \r\n<br\/>\r\n<p>&nbsp;<\/p>\" data-rel='prettyPhoto[album]' class='fg_magnificPopup'><span class='fg-zoom-icon icon-plus'><\/span><span style='display:none'><img loading=\"lazy\" decoding=\"async\" width=\"660\" height=\"538\" src=\"https:\/\/www.zen-malerei.de\/wp-content\/uploads\/2022\/04\/2022-L101-50x60cm-Die-Unerschuetterlichkeit-des-Geistes-1024x834.jpg\" class=\"attachment-large size-large\" alt=\"\" srcset=\"https:\/\/www.zen-malerei.de\/wp-content\/uploads\/2022\/04\/2022-L101-50x60cm-Die-Unerschuetterlichkeit-des-Geistes-1024x834.jpg 1024w, https:\/\/www.zen-malerei.de\/wp-content\/uploads\/2022\/04\/2022-L101-50x60cm-Die-Unerschuetterlichkeit-des-Geistes-300x244.jpg 300w, https:\/\/www.zen-malerei.de\/wp-content\/uploads\/2022\/04\/2022-L101-50x60cm-Die-Unerschuetterlichkeit-des-Geistes-768x625.jpg 768w, https:\/\/www.zen-malerei.de\/wp-content\/uploads\/2022\/04\/2022-L101-50x60cm-Die-Unerschuetterlichkeit-des-Geistes-1536x1251.jpg 1536w, https:\/\/www.zen-malerei.de\/wp-content\/uploads\/2022\/04\/2022-L101-50x60cm-Die-Unerschuetterlichkeit-des-Geistes-500x407.jpg 500w, https:\/\/www.zen-malerei.de\/wp-content\/uploads\/2022\/04\/2022-L101-50x60cm-Die-Unerschuetterlichkeit-des-Geistes-1000x814.jpg 1000w, https:\/\/www.zen-malerei.de\/wp-content\/uploads\/2022\/04\/2022-L101-50x60cm-Die-Unerschuetterlichkeit-des-Geistes.jpg 1600w\" sizes=\"auto, (max-width: 660px) 100vw, 660px\" \/><\/span><\/a><\/div>\r\n\t\r\n\t\t\r\n\t\t<div class='fg-wp-caption-text fg-gallery-caption'><div class='caption-container'>\r\n\t\t<b>Die Unersch\u00fctterlichkeit des Geistes<\/b>\r\n<br\/>Gr\u00f6\u00dfe: 50x60cm<span class='BildPreis'>3.920 \u20ac<\/span> \r\n<br\/>\r\n<p>&nbsp;<\/p>\r\n\t\t<\/div><\/div><\/div><\/div><div class='fg-gallery-item'>\r\n\t\t<div class='gallery-icon portrait '>\r\n\t\t<div class='fg_zoom'><img loading=\"lazy\" decoding=\"async\" width=\"660\" height=\"944\" src=\"https:\/\/www.zen-malerei.de\/wp-content\/uploads\/2021\/09\/2021-L057-100x70cm-Allumfassende-Liebe-716x1024.jpg\" class=\"attachment-large size-large\" alt=\"\" srcset=\"https:\/\/www.zen-malerei.de\/wp-content\/uploads\/2021\/09\/2021-L057-100x70cm-Allumfassende-Liebe-716x1024.jpg 716w, https:\/\/www.zen-malerei.de\/wp-content\/uploads\/2021\/09\/2021-L057-100x70cm-Allumfassende-Liebe-210x300.jpg 210w, https:\/\/www.zen-malerei.de\/wp-content\/uploads\/2021\/09\/2021-L057-100x70cm-Allumfassende-Liebe-768x1099.jpg 768w, https:\/\/www.zen-malerei.de\/wp-content\/uploads\/2021\/09\/2021-L057-100x70cm-Allumfassende-Liebe-1073x1536.jpg 1073w, https:\/\/www.zen-malerei.de\/wp-content\/uploads\/2021\/09\/2021-L057-100x70cm-Allumfassende-Liebe-500x716.jpg 500w, https:\/\/www.zen-malerei.de\/wp-content\/uploads\/2021\/09\/2021-L057-100x70cm-Allumfassende-Liebe-1000x1431.jpg 1000w, https:\/\/www.zen-malerei.de\/wp-content\/uploads\/2021\/09\/2021-L057-100x70cm-Allumfassende-Liebe.jpg 1118w\" sizes=\"auto, (max-width: 660px) 100vw, 660px\" \/><a href='https:\/\/www.zen-malerei.de\/wp-content\/uploads\/2021\/09\/2021-L057-100x70cm-Allumfassende-Liebe-716x1024.jpg' title=\"<b>Schutz und Segnung<\/b>\r\n<br\/>Gr\u00f6\u00dfe: 100x70cm<span class='BildPreis'>4.400 \u20ac<\/span> \r\n<br\/>\r\n<p>&nbsp;<\/p>\" data-rel='prettyPhoto[album]' class='fg_magnificPopup'><span class='fg-zoom-icon icon-plus'><\/span><span style='display:none'><img loading=\"lazy\" decoding=\"async\" width=\"660\" height=\"944\" src=\"https:\/\/www.zen-malerei.de\/wp-content\/uploads\/2021\/09\/2021-L057-100x70cm-Allumfassende-Liebe-716x1024.jpg\" class=\"attachment-large size-large\" alt=\"\" srcset=\"https:\/\/www.zen-malerei.de\/wp-content\/uploads\/2021\/09\/2021-L057-100x70cm-Allumfassende-Liebe-716x1024.jpg 716w, https:\/\/www.zen-malerei.de\/wp-content\/uploads\/2021\/09\/2021-L057-100x70cm-Allumfassende-Liebe-210x300.jpg 210w, https:\/\/www.zen-malerei.de\/wp-content\/uploads\/2021\/09\/2021-L057-100x70cm-Allumfassende-Liebe-768x1099.jpg 768w, https:\/\/www.zen-malerei.de\/wp-content\/uploads\/2021\/09\/2021-L057-100x70cm-Allumfassende-Liebe-1073x1536.jpg 1073w, https:\/\/www.zen-malerei.de\/wp-content\/uploads\/2021\/09\/2021-L057-100x70cm-Allumfassende-Liebe-500x716.jpg 500w, https:\/\/www.zen-malerei.de\/wp-content\/uploads\/2021\/09\/2021-L057-100x70cm-Allumfassende-Liebe-1000x1431.jpg 1000w, https:\/\/www.zen-malerei.de\/wp-content\/uploads\/2021\/09\/2021-L057-100x70cm-Allumfassende-Liebe.jpg 1118w\" sizes=\"auto, (max-width: 660px) 100vw, 660px\" \/><\/span><\/a><\/div>\r\n\t\r\n\t\t\r\n\t\t<div class='fg-wp-caption-text fg-gallery-caption'><div class='caption-container'>\r\n\t\t<b>Schutz und Segnung<\/b>\r\n<br\/>Gr\u00f6\u00dfe: 100x70cm<span class='BildPreis'>4.400 \u20ac<\/span> \r\n<br\/>\r\n<p>&nbsp;<\/p>\r\n\t\t<\/div><\/div><\/div><\/div><div class='fg-gallery-item'>\r\n\t\t<div class='gallery-icon portrait '>\r\n\t\t<div class='fg_zoom'><img loading=\"lazy\" decoding=\"async\" width=\"660\" height=\"894\" src=\"https:\/\/www.zen-malerei.de\/wp-content\/uploads\/2022\/04\/2022-L099-70x50cm-Jesus-stillt-den-Sturm-756x1024.jpg\" class=\"attachment-large size-large\" alt=\"\" srcset=\"https:\/\/www.zen-malerei.de\/wp-content\/uploads\/2022\/04\/2022-L099-70x50cm-Jesus-stillt-den-Sturm-756x1024.jpg 756w, https:\/\/www.zen-malerei.de\/wp-content\/uploads\/2022\/04\/2022-L099-70x50cm-Jesus-stillt-den-Sturm-221x300.jpg 221w, https:\/\/www.zen-malerei.de\/wp-content\/uploads\/2022\/04\/2022-L099-70x50cm-Jesus-stillt-den-Sturm-768x1040.jpg 768w, https:\/\/www.zen-malerei.de\/wp-content\/uploads\/2022\/04\/2022-L099-70x50cm-Jesus-stillt-den-Sturm-1134x1536.jpg 1134w, https:\/\/www.zen-malerei.de\/wp-content\/uploads\/2022\/04\/2022-L099-70x50cm-Jesus-stillt-den-Sturm-500x677.jpg 500w, https:\/\/www.zen-malerei.de\/wp-content\/uploads\/2022\/04\/2022-L099-70x50cm-Jesus-stillt-den-Sturm-1000x1355.jpg 1000w, https:\/\/www.zen-malerei.de\/wp-content\/uploads\/2022\/04\/2022-L099-70x50cm-Jesus-stillt-den-Sturm.jpg 1181w\" sizes=\"auto, (max-width: 660px) 100vw, 660px\" \/><a href='https:\/\/www.zen-malerei.de\/wp-content\/uploads\/2022\/04\/2022-L099-70x50cm-Jesus-stillt-den-Sturm-756x1024.jpg' title=\"<b>Jesus stillt den Sturm<\/b>\r\n<br\/>Gr\u00f6\u00dfe: 70x50cm<span class='BildPreis'><b>VERKAUFT<\/b><\/span> \r\n<br\/>\r\n<p>&nbsp;<\/p>\" data-rel='prettyPhoto[album]' class='fg_magnificPopup'><span class='fg-zoom-icon icon-plus'><\/span><span style='display:none'><img loading=\"lazy\" decoding=\"async\" width=\"660\" height=\"894\" src=\"https:\/\/www.zen-malerei.de\/wp-content\/uploads\/2022\/04\/2022-L099-70x50cm-Jesus-stillt-den-Sturm-756x1024.jpg\" class=\"attachment-large size-large\" alt=\"\" srcset=\"https:\/\/www.zen-malerei.de\/wp-content\/uploads\/2022\/04\/2022-L099-70x50cm-Jesus-stillt-den-Sturm-756x1024.jpg 756w, https:\/\/www.zen-malerei.de\/wp-content\/uploads\/2022\/04\/2022-L099-70x50cm-Jesus-stillt-den-Sturm-221x300.jpg 221w, https:\/\/www.zen-malerei.de\/wp-content\/uploads\/2022\/04\/2022-L099-70x50cm-Jesus-stillt-den-Sturm-768x1040.jpg 768w, https:\/\/www.zen-malerei.de\/wp-content\/uploads\/2022\/04\/2022-L099-70x50cm-Jesus-stillt-den-Sturm-1134x1536.jpg 1134w, https:\/\/www.zen-malerei.de\/wp-content\/uploads\/2022\/04\/2022-L099-70x50cm-Jesus-stillt-den-Sturm-500x677.jpg 500w, https:\/\/www.zen-malerei.de\/wp-content\/uploads\/2022\/04\/2022-L099-70x50cm-Jesus-stillt-den-Sturm-1000x1355.jpg 1000w, https:\/\/www.zen-malerei.de\/wp-content\/uploads\/2022\/04\/2022-L099-70x50cm-Jesus-stillt-den-Sturm.jpg 1181w\" sizes=\"auto, (max-width: 660px) 100vw, 660px\" \/><\/span><\/a><\/div>\r\n\t\r\n\t\t\r\n\t\t<div class='fg-wp-caption-text fg-gallery-caption'><div class='caption-container'>\r\n\t\t<b>Jesus stillt den Sturm<\/b>\r\n<br\/>Gr\u00f6\u00dfe: 70x50cm<span class='BildPreis'><b>VERKAUFT<\/b><\/span> \r\n<br\/>\r\n<p>&nbsp;<\/p>\r\n\t\t<\/div><\/div><\/div><\/div><div class='fg-gallery-item'>\r\n\t\t<div class='gallery-icon portrait '>\r\n\t\t<div class='fg_zoom'><img loading=\"lazy\" decoding=\"async\" width=\"660\" height=\"843\" src=\"https:\/\/www.zen-malerei.de\/wp-content\/uploads\/2022\/04\/2022-L098-40x30cm-Die-Heiterkeit-des-Sein-802x1024.jpg\" class=\"attachment-large size-large\" alt=\"\" srcset=\"https:\/\/www.zen-malerei.de\/wp-content\/uploads\/2022\/04\/2022-L098-40x30cm-Die-Heiterkeit-des-Sein-802x1024.jpg 802w, https:\/\/www.zen-malerei.de\/wp-content\/uploads\/2022\/04\/2022-L098-40x30cm-Die-Heiterkeit-des-Sein-235x300.jpg 235w, https:\/\/www.zen-malerei.de\/wp-content\/uploads\/2022\/04\/2022-L098-40x30cm-Die-Heiterkeit-des-Sein-768x981.jpg 768w, https:\/\/www.zen-malerei.de\/wp-content\/uploads\/2022\/04\/2022-L098-40x30cm-Die-Heiterkeit-des-Sein-1203x1536.jpg 1203w, https:\/\/www.zen-malerei.de\/wp-content\/uploads\/2022\/04\/2022-L098-40x30cm-Die-Heiterkeit-des-Sein-500x638.jpg 500w, https:\/\/www.zen-malerei.de\/wp-content\/uploads\/2022\/04\/2022-L098-40x30cm-Die-Heiterkeit-des-Sein-1000x1277.jpg 1000w, https:\/\/www.zen-malerei.de\/wp-content\/uploads\/2022\/04\/2022-L098-40x30cm-Die-Heiterkeit-des-Sein.jpg 1253w\" sizes=\"auto, (max-width: 660px) 100vw, 660px\" \/><a href='https:\/\/www.zen-malerei.de\/wp-content\/uploads\/2022\/04\/2022-L098-40x30cm-Die-Heiterkeit-des-Sein-802x1024.jpg' title=\"<b>Die Heiterkeit des Sein<\/b>\r\n<br\/>Gr\u00f6\u00dfe: 40x30cm<span class='BildPreis'>1.250 \u20ac<\/span> \r\n<br\/>\r\n<p>&nbsp;<\/p>\" data-rel='prettyPhoto[album]' class='fg_magnificPopup'><span class='fg-zoom-icon icon-plus'><\/span><span style='display:none'><img loading=\"lazy\" decoding=\"async\" width=\"660\" height=\"843\" src=\"https:\/\/www.zen-malerei.de\/wp-content\/uploads\/2022\/04\/2022-L098-40x30cm-Die-Heiterkeit-des-Sein-802x1024.jpg\" class=\"attachment-large size-large\" alt=\"\" srcset=\"https:\/\/www.zen-malerei.de\/wp-content\/uploads\/2022\/04\/2022-L098-40x30cm-Die-Heiterkeit-des-Sein-802x1024.jpg 802w, https:\/\/www.zen-malerei.de\/wp-content\/uploads\/2022\/04\/2022-L098-40x30cm-Die-Heiterkeit-des-Sein-235x300.jpg 235w, https:\/\/www.zen-malerei.de\/wp-content\/uploads\/2022\/04\/2022-L098-40x30cm-Die-Heiterkeit-des-Sein-768x981.jpg 768w, https:\/\/www.zen-malerei.de\/wp-content\/uploads\/2022\/04\/2022-L098-40x30cm-Die-Heiterkeit-des-Sein-1203x1536.jpg 1203w, https:\/\/www.zen-malerei.de\/wp-content\/uploads\/2022\/04\/2022-L098-40x30cm-Die-Heiterkeit-des-Sein-500x638.jpg 500w, https:\/\/www.zen-malerei.de\/wp-content\/uploads\/2022\/04\/2022-L098-40x30cm-Die-Heiterkeit-des-Sein-1000x1277.jpg 1000w, https:\/\/www.zen-malerei.de\/wp-content\/uploads\/2022\/04\/2022-L098-40x30cm-Die-Heiterkeit-des-Sein.jpg 1253w\" sizes=\"auto, (max-width: 660px) 100vw, 660px\" \/><\/span><\/a><\/div>\r\n\t\r\n\t\t\r\n\t\t<div class='fg-wp-caption-text fg-gallery-caption'><div class='caption-container'>\r\n\t\t<b>Die Heiterkeit des Sein<\/b>\r\n<br\/>Gr\u00f6\u00dfe: 40x30cm<span class='BildPreis'>1.250 \u20ac<\/span> \r\n<br\/>\r\n<p>&nbsp;<\/p>\r\n\t\t<\/div><\/div><\/div><\/div><div class='fg-gallery-item'>\r\n\t\t<div class='gallery-icon portrait '>\r\n\t\t<div class='fg_zoom'><img loading=\"lazy\" decoding=\"async\" width=\"660\" height=\"844\" src=\"https:\/\/www.zen-malerei.de\/wp-content\/uploads\/2022\/04\/2022-L097-40x30cm-Mystische-Verklaerung-801x1024.jpg\" class=\"attachment-large size-large\" alt=\"\" srcset=\"https:\/\/www.zen-malerei.de\/wp-content\/uploads\/2022\/04\/2022-L097-40x30cm-Mystische-Verklaerung-801x1024.jpg 801w, https:\/\/www.zen-malerei.de\/wp-content\/uploads\/2022\/04\/2022-L097-40x30cm-Mystische-Verklaerung-235x300.jpg 235w, https:\/\/www.zen-malerei.de\/wp-content\/uploads\/2022\/04\/2022-L097-40x30cm-Mystische-Verklaerung-768x982.jpg 768w, https:\/\/www.zen-malerei.de\/wp-content\/uploads\/2022\/04\/2022-L097-40x30cm-Mystische-Verklaerung-1201x1536.jpg 1201w, https:\/\/www.zen-malerei.de\/wp-content\/uploads\/2022\/04\/2022-L097-40x30cm-Mystische-Verklaerung-500x639.jpg 500w, https:\/\/www.zen-malerei.de\/wp-content\/uploads\/2022\/04\/2022-L097-40x30cm-Mystische-Verklaerung-1000x1279.jpg 1000w, https:\/\/www.zen-malerei.de\/wp-content\/uploads\/2022\/04\/2022-L097-40x30cm-Mystische-Verklaerung.jpg 1251w\" sizes=\"auto, (max-width: 660px) 100vw, 660px\" \/><a href='https:\/\/www.zen-malerei.de\/wp-content\/uploads\/2022\/04\/2022-L097-40x30cm-Mystische-Verklaerung-801x1024.jpg' title=\"<b>Mystische Transformation<\/b>\r\n<br\/>Gr\u00f6\u00dfe: 40x30cm<span class='BildPreis'>1.250 \u20ac<\/span> \r\n<br\/>\r\n<p>&nbsp;<\/p>\" data-rel='prettyPhoto[album]' class='fg_magnificPopup'><span class='fg-zoom-icon icon-plus'><\/span><span style='display:none'><img loading=\"lazy\" decoding=\"async\" width=\"660\" height=\"844\" src=\"https:\/\/www.zen-malerei.de\/wp-content\/uploads\/2022\/04\/2022-L097-40x30cm-Mystische-Verklaerung-801x1024.jpg\" class=\"attachment-large size-large\" alt=\"\" srcset=\"https:\/\/www.zen-malerei.de\/wp-content\/uploads\/2022\/04\/2022-L097-40x30cm-Mystische-Verklaerung-801x1024.jpg 801w, https:\/\/www.zen-malerei.de\/wp-content\/uploads\/2022\/04\/2022-L097-40x30cm-Mystische-Verklaerung-235x300.jpg 235w, https:\/\/www.zen-malerei.de\/wp-content\/uploads\/2022\/04\/2022-L097-40x30cm-Mystische-Verklaerung-768x982.jpg 768w, https:\/\/www.zen-malerei.de\/wp-content\/uploads\/2022\/04\/2022-L097-40x30cm-Mystische-Verklaerung-1201x1536.jpg 1201w, https:\/\/www.zen-malerei.de\/wp-content\/uploads\/2022\/04\/2022-L097-40x30cm-Mystische-Verklaerung-500x639.jpg 500w, https:\/\/www.zen-malerei.de\/wp-content\/uploads\/2022\/04\/2022-L097-40x30cm-Mystische-Verklaerung-1000x1279.jpg 1000w, https:\/\/www.zen-malerei.de\/wp-content\/uploads\/2022\/04\/2022-L097-40x30cm-Mystische-Verklaerung.jpg 1251w\" sizes=\"auto, (max-width: 660px) 100vw, 660px\" \/><\/span><\/a><\/div>\r\n\t\r\n\t\t\r\n\t\t<div class='fg-wp-caption-text fg-gallery-caption'><div class='caption-container'>\r\n\t\t<b>Mystische Transformation<\/b>\r\n<br\/>Gr\u00f6\u00dfe: 40x30cm<span class='BildPreis'>1.250 \u20ac<\/span> \r\n<br\/>\r\n<p>&nbsp;<\/p>\r\n\t\t<\/div><\/div><\/div><\/div><div class='fg-gallery-item'>\r\n\t\t<div class='gallery-icon portrait '>\r\n\t\t<div class='fg_zoom'><img loading=\"lazy\" decoding=\"async\" width=\"660\" height=\"877\" src=\"https:\/\/www.zen-malerei.de\/wp-content\/uploads\/2022\/03\/2022-L096-100x80cm-Passion-Auferstehung-771x1024.jpg\" class=\"attachment-large size-large\" alt=\"\" srcset=\"https:\/\/www.zen-malerei.de\/wp-content\/uploads\/2022\/03\/2022-L096-100x80cm-Passion-Auferstehung-771x1024.jpg 771w, https:\/\/www.zen-malerei.de\/wp-content\/uploads\/2022\/03\/2022-L096-100x80cm-Passion-Auferstehung-226x300.jpg 226w, https:\/\/www.zen-malerei.de\/wp-content\/uploads\/2022\/03\/2022-L096-100x80cm-Passion-Auferstehung-768x1021.jpg 768w, https:\/\/www.zen-malerei.de\/wp-content\/uploads\/2022\/03\/2022-L096-100x80cm-Passion-Auferstehung-1156x1536.jpg 1156w, https:\/\/www.zen-malerei.de\/wp-content\/uploads\/2022\/03\/2022-L096-100x80cm-Passion-Auferstehung-500x664.jpg 500w, https:\/\/www.zen-malerei.de\/wp-content\/uploads\/2022\/03\/2022-L096-100x80cm-Passion-Auferstehung-1000x1329.jpg 1000w, https:\/\/www.zen-malerei.de\/wp-content\/uploads\/2022\/03\/2022-L096-100x80cm-Passion-Auferstehung.jpg 1204w\" sizes=\"auto, (max-width: 660px) 100vw, 660px\" \/><a href='https:\/\/www.zen-malerei.de\/wp-content\/uploads\/2022\/03\/2022-L096-100x80cm-Passion-Auferstehung-771x1024.jpg' title=\"<b>Passion und Auferstehung<\/b>\r\n<br\/>Gr\u00f6\u00dfe: 100x80cm<span class='BildPreis'>4.200 \u20ac<\/span>\r\n<!-- <br \/>Mischtechnik auf Leinwand -->\r\n<br\/>\r\n<p>&nbsp;<\/p>\" data-rel='prettyPhoto[album]' class='fg_magnificPopup'><span class='fg-zoom-icon icon-plus'><\/span><span style='display:none'><img loading=\"lazy\" decoding=\"async\" width=\"660\" height=\"877\" src=\"https:\/\/www.zen-malerei.de\/wp-content\/uploads\/2022\/03\/2022-L096-100x80cm-Passion-Auferstehung-771x1024.jpg\" class=\"attachment-large size-large\" alt=\"\" srcset=\"https:\/\/www.zen-malerei.de\/wp-content\/uploads\/2022\/03\/2022-L096-100x80cm-Passion-Auferstehung-771x1024.jpg 771w, https:\/\/www.zen-malerei.de\/wp-content\/uploads\/2022\/03\/2022-L096-100x80cm-Passion-Auferstehung-226x300.jpg 226w, https:\/\/www.zen-malerei.de\/wp-content\/uploads\/2022\/03\/2022-L096-100x80cm-Passion-Auferstehung-768x1021.jpg 768w, https:\/\/www.zen-malerei.de\/wp-content\/uploads\/2022\/03\/2022-L096-100x80cm-Passion-Auferstehung-1156x1536.jpg 1156w, https:\/\/www.zen-malerei.de\/wp-content\/uploads\/2022\/03\/2022-L096-100x80cm-Passion-Auferstehung-500x664.jpg 500w, https:\/\/www.zen-malerei.de\/wp-content\/uploads\/2022\/03\/2022-L096-100x80cm-Passion-Auferstehung-1000x1329.jpg 1000w, https:\/\/www.zen-malerei.de\/wp-content\/uploads\/2022\/03\/2022-L096-100x80cm-Passion-Auferstehung.jpg 1204w\" sizes=\"auto, (max-width: 660px) 100vw, 660px\" \/><\/span><\/a><\/div>\r\n\t\r\n\t\t\r\n\t\t<div class='fg-wp-caption-text fg-gallery-caption'><div class='caption-container'>\r\n\t\t<b>Passion und Auferstehung<\/b>\r\n<br\/>Gr\u00f6\u00dfe: 100x80cm<span class='BildPreis'>4.200 \u20ac<\/span>\r\n<!-- <br \/>Mischtechnik auf Leinwand -->\r\n<br\/>\r\n<p>&nbsp;<\/p>\r\n\t\t<\/div><\/div><\/div><\/div><div class='fg-gallery-item'>\r\n\t\t<div class='gallery-icon portrait '>\r\n\t\t<div class='fg_zoom'><img loading=\"lazy\" decoding=\"async\" width=\"660\" height=\"987\" src=\"https:\/\/www.zen-malerei.de\/wp-content\/uploads\/2022\/02\/2022-L095-90x60cm-Sukhavatiparadies-685x1024.jpg\" class=\"attachment-large size-large\" alt=\"\" srcset=\"https:\/\/www.zen-malerei.de\/wp-content\/uploads\/2022\/02\/2022-L095-90x60cm-Sukhavatiparadies-685x1024.jpg 685w, https:\/\/www.zen-malerei.de\/wp-content\/uploads\/2022\/02\/2022-L095-90x60cm-Sukhavatiparadies-201x300.jpg 201w, https:\/\/www.zen-malerei.de\/wp-content\/uploads\/2022\/02\/2022-L095-90x60cm-Sukhavatiparadies-768x1147.jpg 768w, https:\/\/www.zen-malerei.de\/wp-content\/uploads\/2022\/02\/2022-L095-90x60cm-Sukhavatiparadies-1028x1536.jpg 1028w, https:\/\/www.zen-malerei.de\/wp-content\/uploads\/2022\/02\/2022-L095-90x60cm-Sukhavatiparadies-500x747.jpg 500w, https:\/\/www.zen-malerei.de\/wp-content\/uploads\/2022\/02\/2022-L095-90x60cm-Sukhavatiparadies-1000x1494.jpg 1000w, https:\/\/www.zen-malerei.de\/wp-content\/uploads\/2022\/02\/2022-L095-90x60cm-Sukhavatiparadies.jpg 1071w\" sizes=\"auto, (max-width: 660px) 100vw, 660px\" \/><a href='https:\/\/www.zen-malerei.de\/wp-content\/uploads\/2022\/02\/2022-L095-90x60cm-Sukhavatiparadies-685x1024.jpg' title=\"<b>Sukhavati Paradies<\/b>\r\n<br\/>Gr\u00f6\u00dfe: 90x60cm<span class='BildPreis'>3.600 \u20ac<\/span> \r\n<br\/>\r\n<p>&nbsp;<\/p>\" data-rel='prettyPhoto[album]' class='fg_magnificPopup'><span class='fg-zoom-icon icon-plus'><\/span><span style='display:none'><img loading=\"lazy\" decoding=\"async\" width=\"660\" height=\"987\" src=\"https:\/\/www.zen-malerei.de\/wp-content\/uploads\/2022\/02\/2022-L095-90x60cm-Sukhavatiparadies-685x1024.jpg\" class=\"attachment-large size-large\" alt=\"\" srcset=\"https:\/\/www.zen-malerei.de\/wp-content\/uploads\/2022\/02\/2022-L095-90x60cm-Sukhavatiparadies-685x1024.jpg 685w, https:\/\/www.zen-malerei.de\/wp-content\/uploads\/2022\/02\/2022-L095-90x60cm-Sukhavatiparadies-201x300.jpg 201w, https:\/\/www.zen-malerei.de\/wp-content\/uploads\/2022\/02\/2022-L095-90x60cm-Sukhavatiparadies-768x1147.jpg 768w, https:\/\/www.zen-malerei.de\/wp-content\/uploads\/2022\/02\/2022-L095-90x60cm-Sukhavatiparadies-1028x1536.jpg 1028w, https:\/\/www.zen-malerei.de\/wp-content\/uploads\/2022\/02\/2022-L095-90x60cm-Sukhavatiparadies-500x747.jpg 500w, https:\/\/www.zen-malerei.de\/wp-content\/uploads\/2022\/02\/2022-L095-90x60cm-Sukhavatiparadies-1000x1494.jpg 1000w, https:\/\/www.zen-malerei.de\/wp-content\/uploads\/2022\/02\/2022-L095-90x60cm-Sukhavatiparadies.jpg 1071w\" sizes=\"auto, (max-width: 660px) 100vw, 660px\" \/><\/span><\/a><\/div>\r\n\t\r\n\t\t\r\n\t\t<div class='fg-wp-caption-text fg-gallery-caption'><div class='caption-container'>\r\n\t\t<b>Sukhavati Paradies<\/b>\r\n<br\/>Gr\u00f6\u00dfe: 90x60cm<span class='BildPreis'>3.600 \u20ac<\/span> \r\n<br\/>\r\n<p>&nbsp;<\/p>\r\n\t\t<\/div><\/div><\/div><\/div><div class='fg-gallery-item'>\r\n\t\t<div class='gallery-icon portrait '>\r\n\t\t<div class='fg_zoom'><img loading=\"lazy\" decoding=\"async\" width=\"660\" height=\"923\" src=\"https:\/\/www.zen-malerei.de\/wp-content\/uploads\/2022\/01\/2022-L093-70x50cm-Allumfassende-Liebe-732x1024.jpg\" class=\"attachment-large size-large\" alt=\"\" srcset=\"https:\/\/www.zen-malerei.de\/wp-content\/uploads\/2022\/01\/2022-L093-70x50cm-Allumfassende-Liebe-732x1024.jpg 732w, https:\/\/www.zen-malerei.de\/wp-content\/uploads\/2022\/01\/2022-L093-70x50cm-Allumfassende-Liebe-214x300.jpg 214w, https:\/\/www.zen-malerei.de\/wp-content\/uploads\/2022\/01\/2022-L093-70x50cm-Allumfassende-Liebe-768x1075.jpg 768w, https:\/\/www.zen-malerei.de\/wp-content\/uploads\/2022\/01\/2022-L093-70x50cm-Allumfassende-Liebe-1097x1536.jpg 1097w, https:\/\/www.zen-malerei.de\/wp-content\/uploads\/2022\/01\/2022-L093-70x50cm-Allumfassende-Liebe-500x700.jpg 500w, https:\/\/www.zen-malerei.de\/wp-content\/uploads\/2022\/01\/2022-L093-70x50cm-Allumfassende-Liebe-1000x1400.jpg 1000w, https:\/\/www.zen-malerei.de\/wp-content\/uploads\/2022\/01\/2022-L093-70x50cm-Allumfassende-Liebe.jpg 1143w\" sizes=\"auto, (max-width: 660px) 100vw, 660px\" \/><a href='https:\/\/www.zen-malerei.de\/wp-content\/uploads\/2022\/01\/2022-L093-70x50cm-Allumfassende-Liebe-732x1024.jpg' title=\"<b>Allumfassende Liebe<\/b>\r\n<br\/>Gr\u00f6\u00dfe: 70x50cm<span class='BildPreis'>3.600 \u20ac<\/span> \r\n<br\/>\r\n<p>&nbsp;<\/p>\" data-rel='prettyPhoto[album]' class='fg_magnificPopup'><span class='fg-zoom-icon icon-plus'><\/span><span style='display:none'><img loading=\"lazy\" decoding=\"async\" width=\"660\" height=\"923\" src=\"https:\/\/www.zen-malerei.de\/wp-content\/uploads\/2022\/01\/2022-L093-70x50cm-Allumfassende-Liebe-732x1024.jpg\" class=\"attachment-large size-large\" alt=\"\" srcset=\"https:\/\/www.zen-malerei.de\/wp-content\/uploads\/2022\/01\/2022-L093-70x50cm-Allumfassende-Liebe-732x1024.jpg 732w, https:\/\/www.zen-malerei.de\/wp-content\/uploads\/2022\/01\/2022-L093-70x50cm-Allumfassende-Liebe-214x300.jpg 214w, https:\/\/www.zen-malerei.de\/wp-content\/uploads\/2022\/01\/2022-L093-70x50cm-Allumfassende-Liebe-768x1075.jpg 768w, https:\/\/www.zen-malerei.de\/wp-content\/uploads\/2022\/01\/2022-L093-70x50cm-Allumfassende-Liebe-1097x1536.jpg 1097w, https:\/\/www.zen-malerei.de\/wp-content\/uploads\/2022\/01\/2022-L093-70x50cm-Allumfassende-Liebe-500x700.jpg 500w, https:\/\/www.zen-malerei.de\/wp-content\/uploads\/2022\/01\/2022-L093-70x50cm-Allumfassende-Liebe-1000x1400.jpg 1000w, https:\/\/www.zen-malerei.de\/wp-content\/uploads\/2022\/01\/2022-L093-70x50cm-Allumfassende-Liebe.jpg 1143w\" sizes=\"auto, (max-width: 660px) 100vw, 660px\" \/><\/span><\/a><\/div>\r\n\t\r\n\t\t\r\n\t\t<div class='fg-wp-caption-text fg-gallery-caption'><div class='caption-container'>\r\n\t\t<b>Allumfassende Liebe<\/b>\r\n<br\/>Gr\u00f6\u00dfe: 70x50cm<span class='BildPreis'>3.600 \u20ac<\/span> \r\n<br\/>\r\n<p>&nbsp;<\/p>\r\n\t\t<\/div><\/div><\/div><\/div><div class='fg-gallery-item'>\r\n\t\t<div class='gallery-icon portrait '>\r\n\t\t<div class='fg_zoom'><img loading=\"lazy\" decoding=\"async\" width=\"660\" height=\"781\" src=\"https:\/\/www.zen-malerei.de\/wp-content\/uploads\/2021\/11\/2021-L089-60x50cm-Im-Einklang-mit-dem-Tao-865x1024.jpg\" class=\"attachment-large size-large\" alt=\"\" srcset=\"https:\/\/www.zen-malerei.de\/wp-content\/uploads\/2021\/11\/2021-L089-60x50cm-Im-Einklang-mit-dem-Tao-865x1024.jpg 865w, https:\/\/www.zen-malerei.de\/wp-content\/uploads\/2021\/11\/2021-L089-60x50cm-Im-Einklang-mit-dem-Tao-254x300.jpg 254w, https:\/\/www.zen-malerei.de\/wp-content\/uploads\/2021\/11\/2021-L089-60x50cm-Im-Einklang-mit-dem-Tao-768x909.jpg 768w, https:\/\/www.zen-malerei.de\/wp-content\/uploads\/2021\/11\/2021-L089-60x50cm-Im-Einklang-mit-dem-Tao-1298x1536.jpg 1298w, https:\/\/www.zen-malerei.de\/wp-content\/uploads\/2021\/11\/2021-L089-60x50cm-Im-Einklang-mit-dem-Tao-500x592.jpg 500w, https:\/\/www.zen-malerei.de\/wp-content\/uploads\/2021\/11\/2021-L089-60x50cm-Im-Einklang-mit-dem-Tao-1000x1183.jpg 1000w, https:\/\/www.zen-malerei.de\/wp-content\/uploads\/2021\/11\/2021-L089-60x50cm-Im-Einklang-mit-dem-Tao.jpg 1352w\" sizes=\"auto, (max-width: 660px) 100vw, 660px\" \/><a href='https:\/\/www.zen-malerei.de\/wp-content\/uploads\/2021\/11\/2021-L089-60x50cm-Im-Einklang-mit-dem-Tao-865x1024.jpg' title=\"<b>Im Einklang mit dem Tao<\/b>\n<br\/>Gr\u00f6\u00dfe: 60x50cm<span class='BildPreis'>3.600 \u20ac<\/span> \n<br\/>\n<p>&nbsp;<\/p>\" data-rel='prettyPhoto[album]' class='fg_magnificPopup'><span class='fg-zoom-icon icon-plus'><\/span><span style='display:none'><img loading=\"lazy\" decoding=\"async\" width=\"660\" height=\"781\" src=\"https:\/\/www.zen-malerei.de\/wp-content\/uploads\/2021\/11\/2021-L089-60x50cm-Im-Einklang-mit-dem-Tao-865x1024.jpg\" class=\"attachment-large size-large\" alt=\"\" srcset=\"https:\/\/www.zen-malerei.de\/wp-content\/uploads\/2021\/11\/2021-L089-60x50cm-Im-Einklang-mit-dem-Tao-865x1024.jpg 865w, https:\/\/www.zen-malerei.de\/wp-content\/uploads\/2021\/11\/2021-L089-60x50cm-Im-Einklang-mit-dem-Tao-254x300.jpg 254w, https:\/\/www.zen-malerei.de\/wp-content\/uploads\/2021\/11\/2021-L089-60x50cm-Im-Einklang-mit-dem-Tao-768x909.jpg 768w, https:\/\/www.zen-malerei.de\/wp-content\/uploads\/2021\/11\/2021-L089-60x50cm-Im-Einklang-mit-dem-Tao-1298x1536.jpg 1298w, https:\/\/www.zen-malerei.de\/wp-content\/uploads\/2021\/11\/2021-L089-60x50cm-Im-Einklang-mit-dem-Tao-500x592.jpg 500w, https:\/\/www.zen-malerei.de\/wp-content\/uploads\/2021\/11\/2021-L089-60x50cm-Im-Einklang-mit-dem-Tao-1000x1183.jpg 1000w, https:\/\/www.zen-malerei.de\/wp-content\/uploads\/2021\/11\/2021-L089-60x50cm-Im-Einklang-mit-dem-Tao.jpg 1352w\" sizes=\"auto, (max-width: 660px) 100vw, 660px\" \/><\/span><\/a><\/div>\r\n\t\r\n\t\t\r\n\t\t<div class='fg-wp-caption-text fg-gallery-caption'><div class='caption-container'>\r\n\t\t<b>Im Einklang mit dem Tao<\/b>\n<br\/>Gr\u00f6\u00dfe: 60x50cm<span class='BildPreis'>3.600 \u20ac<\/span> \n<br\/>\n<p>&nbsp;<\/p>\r\n\t\t<\/div><\/div><\/div><\/div><div class='fg-gallery-item'>\r\n\t\t<div class='gallery-icon portrait '>\r\n\t\t<div class='fg_zoom'><img loading=\"lazy\" decoding=\"async\" width=\"660\" height=\"794\" src=\"https:\/\/www.zen-malerei.de\/wp-content\/uploads\/2021\/10\/2021-L088-60x50cm-Mystische-Verklaerung-851x1024.jpg\" class=\"attachment-large size-large\" alt=\"\" srcset=\"https:\/\/www.zen-malerei.de\/wp-content\/uploads\/2021\/10\/2021-L088-60x50cm-Mystische-Verklaerung-851x1024.jpg 851w, https:\/\/www.zen-malerei.de\/wp-content\/uploads\/2021\/10\/2021-L088-60x50cm-Mystische-Verklaerung-249x300.jpg 249w, https:\/\/www.zen-malerei.de\/wp-content\/uploads\/2021\/10\/2021-L088-60x50cm-Mystische-Verklaerung-768x925.jpg 768w, https:\/\/www.zen-malerei.de\/wp-content\/uploads\/2021\/10\/2021-L088-60x50cm-Mystische-Verklaerung-1276x1536.jpg 1276w, https:\/\/www.zen-malerei.de\/wp-content\/uploads\/2021\/10\/2021-L088-60x50cm-Mystische-Verklaerung-500x602.jpg 500w, https:\/\/www.zen-malerei.de\/wp-content\/uploads\/2021\/10\/2021-L088-60x50cm-Mystische-Verklaerung-1000x1204.jpg 1000w, https:\/\/www.zen-malerei.de\/wp-content\/uploads\/2021\/10\/2021-L088-60x50cm-Mystische-Verklaerung.jpg 1329w\" sizes=\"auto, (max-width: 660px) 100vw, 660px\" \/><a href='https:\/\/www.zen-malerei.de\/wp-content\/uploads\/2021\/10\/2021-L088-60x50cm-Mystische-Verklaerung-851x1024.jpg' title=\"<b>Mystische Verkl\u00e4rung<\/b>\r\n<br\/>Gr\u00f6\u00dfe: 60x50cm<span class='BildPreis'>VERKAUFT<\/span>\r\n<br\/>\r\n<p>&nbsp;<\/p>\" data-rel='prettyPhoto[album]' class='fg_magnificPopup'><span class='fg-zoom-icon icon-plus'><\/span><span style='display:none'><img loading=\"lazy\" decoding=\"async\" width=\"660\" height=\"794\" src=\"https:\/\/www.zen-malerei.de\/wp-content\/uploads\/2021\/10\/2021-L088-60x50cm-Mystische-Verklaerung-851x1024.jpg\" class=\"attachment-large size-large\" alt=\"\" srcset=\"https:\/\/www.zen-malerei.de\/wp-content\/uploads\/2021\/10\/2021-L088-60x50cm-Mystische-Verklaerung-851x1024.jpg 851w, https:\/\/www.zen-malerei.de\/wp-content\/uploads\/2021\/10\/2021-L088-60x50cm-Mystische-Verklaerung-249x300.jpg 249w, https:\/\/www.zen-malerei.de\/wp-content\/uploads\/2021\/10\/2021-L088-60x50cm-Mystische-Verklaerung-768x925.jpg 768w, https:\/\/www.zen-malerei.de\/wp-content\/uploads\/2021\/10\/2021-L088-60x50cm-Mystische-Verklaerung-1276x1536.jpg 1276w, https:\/\/www.zen-malerei.de\/wp-content\/uploads\/2021\/10\/2021-L088-60x50cm-Mystische-Verklaerung-500x602.jpg 500w, https:\/\/www.zen-malerei.de\/wp-content\/uploads\/2021\/10\/2021-L088-60x50cm-Mystische-Verklaerung-1000x1204.jpg 1000w, https:\/\/www.zen-malerei.de\/wp-content\/uploads\/2021\/10\/2021-L088-60x50cm-Mystische-Verklaerung.jpg 1329w\" sizes=\"auto, (max-width: 660px) 100vw, 660px\" \/><\/span><\/a><\/div>\r\n\t\r\n\t\t\r\n\t\t<div class='fg-wp-caption-text fg-gallery-caption'><div class='caption-container'>\r\n\t\t<b>Mystische Verkl\u00e4rung<\/b>\r\n<br\/>Gr\u00f6\u00dfe: 60x50cm<span class='BildPreis'>VERKAUFT<\/span>\r\n<br\/>\r\n<p>&nbsp;<\/p>\r\n\t\t<\/div><\/div><\/div><\/div><div class='fg-gallery-item'>\r\n\t\t<div class='gallery-icon landscape '>\r\n\t\t<div class='fg_zoom'><img loading=\"lazy\" decoding=\"async\" width=\"660\" height=\"513\" src=\"https:\/\/www.zen-malerei.de\/wp-content\/uploads\/2021\/09\/2021-L064-40x50cm-Die-ewige-Wahrheit-1024x796.jpg\" class=\"attachment-large size-large\" alt=\"\" srcset=\"https:\/\/www.zen-malerei.de\/wp-content\/uploads\/2021\/09\/2021-L064-40x50cm-Die-ewige-Wahrheit-1024x796.jpg 1024w, https:\/\/www.zen-malerei.de\/wp-content\/uploads\/2021\/09\/2021-L064-40x50cm-Die-ewige-Wahrheit-300x233.jpg 300w, https:\/\/www.zen-malerei.de\/wp-content\/uploads\/2021\/09\/2021-L064-40x50cm-Die-ewige-Wahrheit-768x597.jpg 768w, https:\/\/www.zen-malerei.de\/wp-content\/uploads\/2021\/09\/2021-L064-40x50cm-Die-ewige-Wahrheit-1536x1193.jpg 1536w, https:\/\/www.zen-malerei.de\/wp-content\/uploads\/2021\/09\/2021-L064-40x50cm-Die-ewige-Wahrheit-500x388.jpg 500w, https:\/\/www.zen-malerei.de\/wp-content\/uploads\/2021\/09\/2021-L064-40x50cm-Die-ewige-Wahrheit-1000x777.jpg 1000w, https:\/\/www.zen-malerei.de\/wp-content\/uploads\/2021\/09\/2021-L064-40x50cm-Die-ewige-Wahrheit.jpg 1600w\" sizes=\"auto, (max-width: 660px) 100vw, 660px\" \/><a href='https:\/\/www.zen-malerei.de\/wp-content\/uploads\/2021\/09\/2021-L064-40x50cm-Die-ewige-Wahrheit-1024x796.jpg' title=\"<b>Die ewige Wahrheit<\/b>\r\n<br\/>Gr\u00f6\u00dfe: 40x50cm<span class='BildPreis'>2.800 \u20ac<\/span> \r\n<br\/>\r\n<p>&nbsp;<\/p>\" data-rel='prettyPhoto[album]' class='fg_magnificPopup'><span class='fg-zoom-icon icon-plus'><\/span><span style='display:none'><img loading=\"lazy\" decoding=\"async\" width=\"660\" height=\"513\" src=\"https:\/\/www.zen-malerei.de\/wp-content\/uploads\/2021\/09\/2021-L064-40x50cm-Die-ewige-Wahrheit-1024x796.jpg\" class=\"attachment-large size-large\" alt=\"\" srcset=\"https:\/\/www.zen-malerei.de\/wp-content\/uploads\/2021\/09\/2021-L064-40x50cm-Die-ewige-Wahrheit-1024x796.jpg 1024w, https:\/\/www.zen-malerei.de\/wp-content\/uploads\/2021\/09\/2021-L064-40x50cm-Die-ewige-Wahrheit-300x233.jpg 300w, https:\/\/www.zen-malerei.de\/wp-content\/uploads\/2021\/09\/2021-L064-40x50cm-Die-ewige-Wahrheit-768x597.jpg 768w, https:\/\/www.zen-malerei.de\/wp-content\/uploads\/2021\/09\/2021-L064-40x50cm-Die-ewige-Wahrheit-1536x1193.jpg 1536w, https:\/\/www.zen-malerei.de\/wp-content\/uploads\/2021\/09\/2021-L064-40x50cm-Die-ewige-Wahrheit-500x388.jpg 500w, https:\/\/www.zen-malerei.de\/wp-content\/uploads\/2021\/09\/2021-L064-40x50cm-Die-ewige-Wahrheit-1000x777.jpg 1000w, https:\/\/www.zen-malerei.de\/wp-content\/uploads\/2021\/09\/2021-L064-40x50cm-Die-ewige-Wahrheit.jpg 1600w\" sizes=\"auto, (max-width: 660px) 100vw, 660px\" \/><\/span><\/a><\/div>\r\n\t\r\n\t\t\r\n\t\t<div class='fg-wp-caption-text fg-gallery-caption'><div class='caption-container'>\r\n\t\t<b>Die ewige Wahrheit<\/b>\r\n<br\/>Gr\u00f6\u00dfe: 40x50cm<span class='BildPreis'>2.800 \u20ac<\/span> \r\n<br\/>\r\n<p>&nbsp;<\/p>\r\n\t\t<\/div><\/div><\/div><\/div><div class='fg-gallery-item'>\r\n\t\t<div class='gallery-icon portrait '>\r\n\t\t<div class='fg_zoom'><img loading=\"lazy\" decoding=\"async\" width=\"660\" height=\"799\" src=\"https:\/\/www.zen-malerei.de\/wp-content\/uploads\/2021\/09\/2021-L063-60x50cm-Die-Liebe-der-goettlichen-Gnade-846x1024.jpg\" class=\"attachment-large size-large\" alt=\"\" srcset=\"https:\/\/www.zen-malerei.de\/wp-content\/uploads\/2021\/09\/2021-L063-60x50cm-Die-Liebe-der-goettlichen-Gnade-846x1024.jpg 846w, https:\/\/www.zen-malerei.de\/wp-content\/uploads\/2021\/09\/2021-L063-60x50cm-Die-Liebe-der-goettlichen-Gnade-248x300.jpg 248w, https:\/\/www.zen-malerei.de\/wp-content\/uploads\/2021\/09\/2021-L063-60x50cm-Die-Liebe-der-goettlichen-Gnade-768x930.jpg 768w, https:\/\/www.zen-malerei.de\/wp-content\/uploads\/2021\/09\/2021-L063-60x50cm-Die-Liebe-der-goettlichen-Gnade-1269x1536.jpg 1269w, https:\/\/www.zen-malerei.de\/wp-content\/uploads\/2021\/09\/2021-L063-60x50cm-Die-Liebe-der-goettlichen-Gnade-500x605.jpg 500w, https:\/\/www.zen-malerei.de\/wp-content\/uploads\/2021\/09\/2021-L063-60x50cm-Die-Liebe-der-goettlichen-Gnade-1000x1210.jpg 1000w, https:\/\/www.zen-malerei.de\/wp-content\/uploads\/2021\/09\/2021-L063-60x50cm-Die-Liebe-der-goettlichen-Gnade.jpg 1322w\" sizes=\"auto, (max-width: 660px) 100vw, 660px\" \/><a href='https:\/\/www.zen-malerei.de\/wp-content\/uploads\/2021\/09\/2021-L063-60x50cm-Die-Liebe-der-goettlichen-Gnade-846x1024.jpg' title=\"<b>Die Liebe der g\u00f6ttlichen Gnade<\/b>\r\n<br\/>Gr\u00f6\u00dfe: 60x50cm<span class='BildPreis'>2.600 \u20ac<\/span>  \r\n<br\/>\r\n<p>&nbsp;<\/p>\" data-rel='prettyPhoto[album]' class='fg_magnificPopup'><span class='fg-zoom-icon icon-plus'><\/span><span style='display:none'><img loading=\"lazy\" decoding=\"async\" width=\"660\" height=\"799\" src=\"https:\/\/www.zen-malerei.de\/wp-content\/uploads\/2021\/09\/2021-L063-60x50cm-Die-Liebe-der-goettlichen-Gnade-846x1024.jpg\" class=\"attachment-large size-large\" alt=\"\" srcset=\"https:\/\/www.zen-malerei.de\/wp-content\/uploads\/2021\/09\/2021-L063-60x50cm-Die-Liebe-der-goettlichen-Gnade-846x1024.jpg 846w, https:\/\/www.zen-malerei.de\/wp-content\/uploads\/2021\/09\/2021-L063-60x50cm-Die-Liebe-der-goettlichen-Gnade-248x300.jpg 248w, https:\/\/www.zen-malerei.de\/wp-content\/uploads\/2021\/09\/2021-L063-60x50cm-Die-Liebe-der-goettlichen-Gnade-768x930.jpg 768w, https:\/\/www.zen-malerei.de\/wp-content\/uploads\/2021\/09\/2021-L063-60x50cm-Die-Liebe-der-goettlichen-Gnade-1269x1536.jpg 1269w, https:\/\/www.zen-malerei.de\/wp-content\/uploads\/2021\/09\/2021-L063-60x50cm-Die-Liebe-der-goettlichen-Gnade-500x605.jpg 500w, https:\/\/www.zen-malerei.de\/wp-content\/uploads\/2021\/09\/2021-L063-60x50cm-Die-Liebe-der-goettlichen-Gnade-1000x1210.jpg 1000w, https:\/\/www.zen-malerei.de\/wp-content\/uploads\/2021\/09\/2021-L063-60x50cm-Die-Liebe-der-goettlichen-Gnade.jpg 1322w\" sizes=\"auto, (max-width: 660px) 100vw, 660px\" \/><\/span><\/a><\/div>\r\n\t\r\n\t\t\r\n\t\t<div class='fg-wp-caption-text fg-gallery-caption'><div class='caption-container'>\r\n\t\t<b>Die Liebe der g\u00f6ttlichen Gnade<\/b>\r\n<br\/>Gr\u00f6\u00dfe: 60x50cm<span class='BildPreis'>2.600 \u20ac<\/span>  \r\n<br\/>\r\n<p>&nbsp;<\/p>\r\n\t\t<\/div><\/div><\/div><\/div><div class='fg-gallery-item'>\r\n\t\t<div class='gallery-icon landscape '>\r\n\t\t<div class='fg_zoom'><img loading=\"lazy\" decoding=\"async\" width=\"660\" height=\"529\" src=\"https:\/\/www.zen-malerei.de\/wp-content\/uploads\/2021\/09\/2021-L062-40x50cm-Goettlicher-Trost-1024x820.jpg\" class=\"attachment-large size-large\" alt=\"\" srcset=\"https:\/\/www.zen-malerei.de\/wp-content\/uploads\/2021\/09\/2021-L062-40x50cm-Goettlicher-Trost-1024x820.jpg 1024w, https:\/\/www.zen-malerei.de\/wp-content\/uploads\/2021\/09\/2021-L062-40x50cm-Goettlicher-Trost-300x240.jpg 300w, https:\/\/www.zen-malerei.de\/wp-content\/uploads\/2021\/09\/2021-L062-40x50cm-Goettlicher-Trost-768x615.jpg 768w, https:\/\/www.zen-malerei.de\/wp-content\/uploads\/2021\/09\/2021-L062-40x50cm-Goettlicher-Trost-1536x1230.jpg 1536w, https:\/\/www.zen-malerei.de\/wp-content\/uploads\/2021\/09\/2021-L062-40x50cm-Goettlicher-Trost-500x400.jpg 500w, https:\/\/www.zen-malerei.de\/wp-content\/uploads\/2021\/09\/2021-L062-40x50cm-Goettlicher-Trost-1000x801.jpg 1000w, https:\/\/www.zen-malerei.de\/wp-content\/uploads\/2021\/09\/2021-L062-40x50cm-Goettlicher-Trost.jpg 1600w\" sizes=\"auto, (max-width: 660px) 100vw, 660px\" \/><a href='https:\/\/www.zen-malerei.de\/wp-content\/uploads\/2021\/09\/2021-L062-40x50cm-Goettlicher-Trost-1024x820.jpg' title=\"<b>G\u00f6ttlicher Trost<\/b>\r\n<br\/>Gr\u00f6\u00dfe: 40x50cm<span class='BildPreis'>2.400 \u20ac<\/span>  \r\n<br\/>\r\n<p>&nbsp;<\/p>\" data-rel='prettyPhoto[album]' class='fg_magnificPopup'><span class='fg-zoom-icon icon-plus'><\/span><span style='display:none'><img loading=\"lazy\" decoding=\"async\" width=\"660\" height=\"529\" src=\"https:\/\/www.zen-malerei.de\/wp-content\/uploads\/2021\/09\/2021-L062-40x50cm-Goettlicher-Trost-1024x820.jpg\" class=\"attachment-large size-large\" alt=\"\" srcset=\"https:\/\/www.zen-malerei.de\/wp-content\/uploads\/2021\/09\/2021-L062-40x50cm-Goettlicher-Trost-1024x820.jpg 1024w, https:\/\/www.zen-malerei.de\/wp-content\/uploads\/2021\/09\/2021-L062-40x50cm-Goettlicher-Trost-300x240.jpg 300w, https:\/\/www.zen-malerei.de\/wp-content\/uploads\/2021\/09\/2021-L062-40x50cm-Goettlicher-Trost-768x615.jpg 768w, https:\/\/www.zen-malerei.de\/wp-content\/uploads\/2021\/09\/2021-L062-40x50cm-Goettlicher-Trost-1536x1230.jpg 1536w, https:\/\/www.zen-malerei.de\/wp-content\/uploads\/2021\/09\/2021-L062-40x50cm-Goettlicher-Trost-500x400.jpg 500w, https:\/\/www.zen-malerei.de\/wp-content\/uploads\/2021\/09\/2021-L062-40x50cm-Goettlicher-Trost-1000x801.jpg 1000w, https:\/\/www.zen-malerei.de\/wp-content\/uploads\/2021\/09\/2021-L062-40x50cm-Goettlicher-Trost.jpg 1600w\" sizes=\"auto, (max-width: 660px) 100vw, 660px\" \/><\/span><\/a><\/div>\r\n\t\r\n\t\t\r\n\t\t<div class='fg-wp-caption-text fg-gallery-caption'><div class='caption-container'>\r\n\t\t<b>G\u00f6ttlicher Trost<\/b>\r\n<br\/>Gr\u00f6\u00dfe: 40x50cm<span class='BildPreis'>2.400 \u20ac<\/span>  \r\n<br\/>\r\n<p>&nbsp;<\/p>\r\n\t\t<\/div><\/div><\/div><\/div><div class='fg-gallery-item'>\r\n\t\t<div class='gallery-icon portrait '>\r\n\t\t<div class='fg_zoom'><img loading=\"lazy\" decoding=\"async\" width=\"660\" height=\"670\" src=\"https:\/\/www.zen-malerei.de\/wp-content\/uploads\/2021\/09\/2021-L061-50x50cm-Hoechste-Vollkommenheit-1009x1024.jpg\" class=\"attachment-large size-large\" alt=\"\" srcset=\"https:\/\/www.zen-malerei.de\/wp-content\/uploads\/2021\/09\/2021-L061-50x50cm-Hoechste-Vollkommenheit-1009x1024.jpg 1009w, https:\/\/www.zen-malerei.de\/wp-content\/uploads\/2021\/09\/2021-L061-50x50cm-Hoechste-Vollkommenheit-296x300.jpg 296w, https:\/\/www.zen-malerei.de\/wp-content\/uploads\/2021\/09\/2021-L061-50x50cm-Hoechste-Vollkommenheit-768x779.jpg 768w, https:\/\/www.zen-malerei.de\/wp-content\/uploads\/2021\/09\/2021-L061-50x50cm-Hoechste-Vollkommenheit-1514x1536.jpg 1514w, https:\/\/www.zen-malerei.de\/wp-content\/uploads\/2021\/09\/2021-L061-50x50cm-Hoechste-Vollkommenheit-500x507.jpg 500w, https:\/\/www.zen-malerei.de\/wp-content\/uploads\/2021\/09\/2021-L061-50x50cm-Hoechste-Vollkommenheit-1000x1015.jpg 1000w, https:\/\/www.zen-malerei.de\/wp-content\/uploads\/2021\/09\/2021-L061-50x50cm-Hoechste-Vollkommenheit.jpg 1577w\" sizes=\"auto, (max-width: 660px) 100vw, 660px\" \/><a href='https:\/\/www.zen-malerei.de\/wp-content\/uploads\/2021\/09\/2021-L061-50x50cm-Hoechste-Vollkommenheit-1009x1024.jpg' title=\"<b>H\u00f6chste Vollkommenheit<\/b>\r\n<br\/>Gr\u00f6\u00dfe: 50x50cm<span class='BildPreis'>4.600 \u20ac<\/span> \r\n<br\/>\r\n<p>&nbsp;<\/p>\" data-rel='prettyPhoto[album]' class='fg_magnificPopup'><span class='fg-zoom-icon icon-plus'><\/span><span style='display:none'><img loading=\"lazy\" decoding=\"async\" width=\"660\" height=\"670\" src=\"https:\/\/www.zen-malerei.de\/wp-content\/uploads\/2021\/09\/2021-L061-50x50cm-Hoechste-Vollkommenheit-1009x1024.jpg\" class=\"attachment-large size-large\" alt=\"\" srcset=\"https:\/\/www.zen-malerei.de\/wp-content\/uploads\/2021\/09\/2021-L061-50x50cm-Hoechste-Vollkommenheit-1009x1024.jpg 1009w, https:\/\/www.zen-malerei.de\/wp-content\/uploads\/2021\/09\/2021-L061-50x50cm-Hoechste-Vollkommenheit-296x300.jpg 296w, https:\/\/www.zen-malerei.de\/wp-content\/uploads\/2021\/09\/2021-L061-50x50cm-Hoechste-Vollkommenheit-768x779.jpg 768w, https:\/\/www.zen-malerei.de\/wp-content\/uploads\/2021\/09\/2021-L061-50x50cm-Hoechste-Vollkommenheit-1514x1536.jpg 1514w, https:\/\/www.zen-malerei.de\/wp-content\/uploads\/2021\/09\/2021-L061-50x50cm-Hoechste-Vollkommenheit-500x507.jpg 500w, https:\/\/www.zen-malerei.de\/wp-content\/uploads\/2021\/09\/2021-L061-50x50cm-Hoechste-Vollkommenheit-1000x1015.jpg 1000w, https:\/\/www.zen-malerei.de\/wp-content\/uploads\/2021\/09\/2021-L061-50x50cm-Hoechste-Vollkommenheit.jpg 1577w\" sizes=\"auto, (max-width: 660px) 100vw, 660px\" \/><\/span><\/a><\/div>\r\n\t\r\n\t\t\r\n\t\t<div class='fg-wp-caption-text fg-gallery-caption'><div class='caption-container'>\r\n\t\t<b>H\u00f6chste Vollkommenheit<\/b>\r\n<br\/>Gr\u00f6\u00dfe: 50x50cm<span class='BildPreis'>4.600 \u20ac<\/span> \r\n<br\/>\r\n<p>&nbsp;<\/p>\r\n\t\t<\/div><\/div><\/div><\/div><div class='fg-gallery-item'>\r\n\t\t<div class='gallery-icon portrait '>\r\n\t\t<div class='fg_zoom'><img loading=\"lazy\" decoding=\"async\" width=\"660\" height=\"827\" src=\"https:\/\/www.zen-malerei.de\/wp-content\/uploads\/2021\/09\/2021-L060-50x40cm-Bhaisajya-der-Buddha-der-Heilkraft-817x1024.jpg\" class=\"attachment-large size-large\" alt=\"\" srcset=\"https:\/\/www.zen-malerei.de\/wp-content\/uploads\/2021\/09\/2021-L060-50x40cm-Bhaisajya-der-Buddha-der-Heilkraft-817x1024.jpg 817w, https:\/\/www.zen-malerei.de\/wp-content\/uploads\/2021\/09\/2021-L060-50x40cm-Bhaisajya-der-Buddha-der-Heilkraft-239x300.jpg 239w, https:\/\/www.zen-malerei.de\/wp-content\/uploads\/2021\/09\/2021-L060-50x40cm-Bhaisajya-der-Buddha-der-Heilkraft-768x962.jpg 768w, https:\/\/www.zen-malerei.de\/wp-content\/uploads\/2021\/09\/2021-L060-50x40cm-Bhaisajya-der-Buddha-der-Heilkraft-1226x1536.jpg 1226w, https:\/\/www.zen-malerei.de\/wp-content\/uploads\/2021\/09\/2021-L060-50x40cm-Bhaisajya-der-Buddha-der-Heilkraft-500x626.jpg 500w, https:\/\/www.zen-malerei.de\/wp-content\/uploads\/2021\/09\/2021-L060-50x40cm-Bhaisajya-der-Buddha-der-Heilkraft-1000x1253.jpg 1000w, https:\/\/www.zen-malerei.de\/wp-content\/uploads\/2021\/09\/2021-L060-50x40cm-Bhaisajya-der-Buddha-der-Heilkraft.jpg 1277w\" sizes=\"auto, (max-width: 660px) 100vw, 660px\" \/><a href='https:\/\/www.zen-malerei.de\/wp-content\/uploads\/2021\/09\/2021-L060-50x40cm-Bhaisajya-der-Buddha-der-Heilkraft-817x1024.jpg' title=\"<b>Bhaisajya - der Buddha der Heilkraft<\/b>\r\n<br\/>Gr\u00f6\u00dfe: 50x40cm<span class='BildPreis'>3.200 \u20ac<\/span>  \r\n<br\/>\r\n<p>&nbsp;<\/p>\" data-rel='prettyPhoto[album]' class='fg_magnificPopup'><span class='fg-zoom-icon icon-plus'><\/span><span style='display:none'><img loading=\"lazy\" decoding=\"async\" width=\"660\" height=\"827\" src=\"https:\/\/www.zen-malerei.de\/wp-content\/uploads\/2021\/09\/2021-L060-50x40cm-Bhaisajya-der-Buddha-der-Heilkraft-817x1024.jpg\" class=\"attachment-large size-large\" alt=\"\" srcset=\"https:\/\/www.zen-malerei.de\/wp-content\/uploads\/2021\/09\/2021-L060-50x40cm-Bhaisajya-der-Buddha-der-Heilkraft-817x1024.jpg 817w, https:\/\/www.zen-malerei.de\/wp-content\/uploads\/2021\/09\/2021-L060-50x40cm-Bhaisajya-der-Buddha-der-Heilkraft-239x300.jpg 239w, https:\/\/www.zen-malerei.de\/wp-content\/uploads\/2021\/09\/2021-L060-50x40cm-Bhaisajya-der-Buddha-der-Heilkraft-768x962.jpg 768w, https:\/\/www.zen-malerei.de\/wp-content\/uploads\/2021\/09\/2021-L060-50x40cm-Bhaisajya-der-Buddha-der-Heilkraft-1226x1536.jpg 1226w, https:\/\/www.zen-malerei.de\/wp-content\/uploads\/2021\/09\/2021-L060-50x40cm-Bhaisajya-der-Buddha-der-Heilkraft-500x626.jpg 500w, https:\/\/www.zen-malerei.de\/wp-content\/uploads\/2021\/09\/2021-L060-50x40cm-Bhaisajya-der-Buddha-der-Heilkraft-1000x1253.jpg 1000w, https:\/\/www.zen-malerei.de\/wp-content\/uploads\/2021\/09\/2021-L060-50x40cm-Bhaisajya-der-Buddha-der-Heilkraft.jpg 1277w\" sizes=\"auto, (max-width: 660px) 100vw, 660px\" \/><\/span><\/a><\/div>\r\n\t\r\n\t\t\r\n\t\t<div class='fg-wp-caption-text fg-gallery-caption'><div class='caption-container'>\r\n\t\t<b>Bhaisajya &#8211; der Buddha der Heilkraft<\/b>\r\n<br\/>Gr\u00f6\u00dfe: 50x40cm<span class='BildPreis'>3.200 \u20ac<\/span>  \r\n<br\/>\r\n<p>&nbsp;<\/p>\r\n\t\t<\/div><\/div><\/div><\/div><div class='fg-gallery-item'>\r\n\t\t<div class='gallery-icon portrait '>\r\n\t\t<div class='fg_zoom'><img loading=\"lazy\" decoding=\"async\" width=\"660\" height=\"915\" src=\"https:\/\/www.zen-malerei.de\/wp-content\/uploads\/2021\/08\/2021-L056-90x70cm-Multidimensionales-Bewusstsein-739x1024.jpg\" class=\"attachment-large size-large\" alt=\"\" srcset=\"https:\/\/www.zen-malerei.de\/wp-content\/uploads\/2021\/08\/2021-L056-90x70cm-Multidimensionales-Bewusstsein-739x1024.jpg 739w, https:\/\/www.zen-malerei.de\/wp-content\/uploads\/2021\/08\/2021-L056-90x70cm-Multidimensionales-Bewusstsein-217x300.jpg 217w, https:\/\/www.zen-malerei.de\/wp-content\/uploads\/2021\/08\/2021-L056-90x70cm-Multidimensionales-Bewusstsein-768x1064.jpg 768w, https:\/\/www.zen-malerei.de\/wp-content\/uploads\/2021\/08\/2021-L056-90x70cm-Multidimensionales-Bewusstsein-1109x1536.jpg 1109w, https:\/\/www.zen-malerei.de\/wp-content\/uploads\/2021\/08\/2021-L056-90x70cm-Multidimensionales-Bewusstsein-500x693.jpg 500w, https:\/\/www.zen-malerei.de\/wp-content\/uploads\/2021\/08\/2021-L056-90x70cm-Multidimensionales-Bewusstsein-1000x1385.jpg 1000w, https:\/\/www.zen-malerei.de\/wp-content\/uploads\/2021\/08\/2021-L056-90x70cm-Multidimensionales-Bewusstsein.jpg 1155w\" sizes=\"auto, (max-width: 660px) 100vw, 660px\" \/><a href='https:\/\/www.zen-malerei.de\/wp-content\/uploads\/2021\/08\/2021-L056-90x70cm-Multidimensionales-Bewusstsein-739x1024.jpg' title=\"<b>Multidimensionales Bewusstsein<\/b>\r\n<br\/>Gr\u00f6\u00dfe: 90x70cm<span class='BildPreis'>5.600 \u20ac<\/span> \r\n<br\/>\r\n<p>&nbsp;<\/p>\" data-rel='prettyPhoto[album]' class='fg_magnificPopup'><span class='fg-zoom-icon icon-plus'><\/span><span style='display:none'><img loading=\"lazy\" decoding=\"async\" width=\"660\" height=\"915\" src=\"https:\/\/www.zen-malerei.de\/wp-content\/uploads\/2021\/08\/2021-L056-90x70cm-Multidimensionales-Bewusstsein-739x1024.jpg\" class=\"attachment-large size-large\" alt=\"\" srcset=\"https:\/\/www.zen-malerei.de\/wp-content\/uploads\/2021\/08\/2021-L056-90x70cm-Multidimensionales-Bewusstsein-739x1024.jpg 739w, https:\/\/www.zen-malerei.de\/wp-content\/uploads\/2021\/08\/2021-L056-90x70cm-Multidimensionales-Bewusstsein-217x300.jpg 217w, https:\/\/www.zen-malerei.de\/wp-content\/uploads\/2021\/08\/2021-L056-90x70cm-Multidimensionales-Bewusstsein-768x1064.jpg 768w, https:\/\/www.zen-malerei.de\/wp-content\/uploads\/2021\/08\/2021-L056-90x70cm-Multidimensionales-Bewusstsein-1109x1536.jpg 1109w, https:\/\/www.zen-malerei.de\/wp-content\/uploads\/2021\/08\/2021-L056-90x70cm-Multidimensionales-Bewusstsein-500x693.jpg 500w, https:\/\/www.zen-malerei.de\/wp-content\/uploads\/2021\/08\/2021-L056-90x70cm-Multidimensionales-Bewusstsein-1000x1385.jpg 1000w, https:\/\/www.zen-malerei.de\/wp-content\/uploads\/2021\/08\/2021-L056-90x70cm-Multidimensionales-Bewusstsein.jpg 1155w\" sizes=\"auto, (max-width: 660px) 100vw, 660px\" \/><\/span><\/a><\/div>\r\n\t\r\n\t\t\r\n\t\t<div class='fg-wp-caption-text fg-gallery-caption'><div class='caption-container'>\r\n\t\t<b>Multidimensionales Bewusstsein<\/b>\r\n<br\/>Gr\u00f6\u00dfe: 90x70cm<span class='BildPreis'>5.600 \u20ac<\/span> \r\n<br\/>\r\n<p>&nbsp;<\/p>\r\n\t\t<\/div><\/div><\/div><\/div><div class='fg-gallery-item'>\r\n\t\t<div class='gallery-icon portrait '>\r\n\t\t<div class='fg_zoom'><img loading=\"lazy\" decoding=\"async\" width=\"660\" height=\"825\" src=\"https:\/\/www.zen-malerei.de\/wp-content\/uploads\/2021\/07\/2021-L053-50x40cm-Bewusstseinstransformation-819x1024.jpg\" class=\"attachment-large size-large\" alt=\"\" srcset=\"https:\/\/www.zen-malerei.de\/wp-content\/uploads\/2021\/07\/2021-L053-50x40cm-Bewusstseinstransformation-819x1024.jpg 819w, https:\/\/www.zen-malerei.de\/wp-content\/uploads\/2021\/07\/2021-L053-50x40cm-Bewusstseinstransformation-240x300.jpg 240w, https:\/\/www.zen-malerei.de\/wp-content\/uploads\/2021\/07\/2021-L053-50x40cm-Bewusstseinstransformation-768x960.jpg 768w, https:\/\/www.zen-malerei.de\/wp-content\/uploads\/2021\/07\/2021-L053-50x40cm-Bewusstseinstransformation-1229x1536.jpg 1229w, https:\/\/www.zen-malerei.de\/wp-content\/uploads\/2021\/07\/2021-L053-50x40cm-Bewusstseinstransformation-500x625.jpg 500w, https:\/\/www.zen-malerei.de\/wp-content\/uploads\/2021\/07\/2021-L053-50x40cm-Bewusstseinstransformation-1000x1250.jpg 1000w, https:\/\/www.zen-malerei.de\/wp-content\/uploads\/2021\/07\/2021-L053-50x40cm-Bewusstseinstransformation.jpg 1280w\" sizes=\"auto, (max-width: 660px) 100vw, 660px\" \/><a href='https:\/\/www.zen-malerei.de\/wp-content\/uploads\/2021\/07\/2021-L053-50x40cm-Bewusstseinstransformation-819x1024.jpg' title=\"<b>G\u00f6ttliche Offenbarung<\/b>\r\n<br\/>Gr\u00f6\u00dfe: 40x50cm<span class='BildPreis'>2.800 \u20ac<\/span> \r\n<br\/>\r\n<p>&nbsp;<\/p>\" data-rel='prettyPhoto[album]' class='fg_magnificPopup'><span class='fg-zoom-icon icon-plus'><\/span><span style='display:none'><img loading=\"lazy\" decoding=\"async\" width=\"660\" height=\"825\" src=\"https:\/\/www.zen-malerei.de\/wp-content\/uploads\/2021\/07\/2021-L053-50x40cm-Bewusstseinstransformation-819x1024.jpg\" class=\"attachment-large size-large\" alt=\"\" srcset=\"https:\/\/www.zen-malerei.de\/wp-content\/uploads\/2021\/07\/2021-L053-50x40cm-Bewusstseinstransformation-819x1024.jpg 819w, https:\/\/www.zen-malerei.de\/wp-content\/uploads\/2021\/07\/2021-L053-50x40cm-Bewusstseinstransformation-240x300.jpg 240w, https:\/\/www.zen-malerei.de\/wp-content\/uploads\/2021\/07\/2021-L053-50x40cm-Bewusstseinstransformation-768x960.jpg 768w, https:\/\/www.zen-malerei.de\/wp-content\/uploads\/2021\/07\/2021-L053-50x40cm-Bewusstseinstransformation-1229x1536.jpg 1229w, https:\/\/www.zen-malerei.de\/wp-content\/uploads\/2021\/07\/2021-L053-50x40cm-Bewusstseinstransformation-500x625.jpg 500w, https:\/\/www.zen-malerei.de\/wp-content\/uploads\/2021\/07\/2021-L053-50x40cm-Bewusstseinstransformation-1000x1250.jpg 1000w, https:\/\/www.zen-malerei.de\/wp-content\/uploads\/2021\/07\/2021-L053-50x40cm-Bewusstseinstransformation.jpg 1280w\" sizes=\"auto, (max-width: 660px) 100vw, 660px\" \/><\/span><\/a><\/div>\r\n\t\r\n\t\t\r\n\t\t<div class='fg-wp-caption-text fg-gallery-caption'><div class='caption-container'>\r\n\t\t<b>G\u00f6ttliche Offenbarung<\/b>\r\n<br\/>Gr\u00f6\u00dfe: 40x50cm<span class='BildPreis'>2.800 \u20ac<\/span> \r\n<br\/>\r\n<p>&nbsp;<\/p>\r\n\t\t<\/div><\/div><\/div><\/div><div class='fg-gallery-item'>\r\n\t\t<div class='gallery-icon landscape '>\r\n\t\t<div class='fg_zoom'><img loading=\"lazy\" decoding=\"async\" width=\"660\" height=\"542\" src=\"https:\/\/www.zen-malerei.de\/wp-content\/uploads\/2021\/06\/2021-L049-60x50cm-Das-Geheimnis-des-Unaussprechlichen-1024x841.jpg\" class=\"attachment-large size-large\" alt=\"\" srcset=\"https:\/\/www.zen-malerei.de\/wp-content\/uploads\/2021\/06\/2021-L049-60x50cm-Das-Geheimnis-des-Unaussprechlichen-1024x841.jpg 1024w, https:\/\/www.zen-malerei.de\/wp-content\/uploads\/2021\/06\/2021-L049-60x50cm-Das-Geheimnis-des-Unaussprechlichen-300x246.jpg 300w, https:\/\/www.zen-malerei.de\/wp-content\/uploads\/2021\/06\/2021-L049-60x50cm-Das-Geheimnis-des-Unaussprechlichen-768x631.jpg 768w, https:\/\/www.zen-malerei.de\/wp-content\/uploads\/2021\/06\/2021-L049-60x50cm-Das-Geheimnis-des-Unaussprechlichen-1536x1261.jpg 1536w, https:\/\/www.zen-malerei.de\/wp-content\/uploads\/2021\/06\/2021-L049-60x50cm-Das-Geheimnis-des-Unaussprechlichen-500x411.jpg 500w, https:\/\/www.zen-malerei.de\/wp-content\/uploads\/2021\/06\/2021-L049-60x50cm-Das-Geheimnis-des-Unaussprechlichen-1000x821.jpg 1000w, https:\/\/www.zen-malerei.de\/wp-content\/uploads\/2021\/06\/2021-L049-60x50cm-Das-Geheimnis-des-Unaussprechlichen.jpg 1600w\" sizes=\"auto, (max-width: 660px) 100vw, 660px\" \/><a href='https:\/\/www.zen-malerei.de\/wp-content\/uploads\/2021\/06\/2021-L049-60x50cm-Das-Geheimnis-des-Unaussprechlichen-1024x841.jpg' title=\"<b>Meditation<\/b>\r\n<br\/>Gr\u00f6\u00dfe: 60x50cm<span class='BildPreis'>3.200 \u20ac<\/span> \r\n<br\/>\r\n<p>&nbsp;<\/p>\" data-rel='prettyPhoto[album]' class='fg_magnificPopup'><span class='fg-zoom-icon icon-plus'><\/span><span style='display:none'><img loading=\"lazy\" decoding=\"async\" width=\"660\" height=\"542\" src=\"https:\/\/www.zen-malerei.de\/wp-content\/uploads\/2021\/06\/2021-L049-60x50cm-Das-Geheimnis-des-Unaussprechlichen-1024x841.jpg\" class=\"attachment-large size-large\" alt=\"\" srcset=\"https:\/\/www.zen-malerei.de\/wp-content\/uploads\/2021\/06\/2021-L049-60x50cm-Das-Geheimnis-des-Unaussprechlichen-1024x841.jpg 1024w, https:\/\/www.zen-malerei.de\/wp-content\/uploads\/2021\/06\/2021-L049-60x50cm-Das-Geheimnis-des-Unaussprechlichen-300x246.jpg 300w, https:\/\/www.zen-malerei.de\/wp-content\/uploads\/2021\/06\/2021-L049-60x50cm-Das-Geheimnis-des-Unaussprechlichen-768x631.jpg 768w, https:\/\/www.zen-malerei.de\/wp-content\/uploads\/2021\/06\/2021-L049-60x50cm-Das-Geheimnis-des-Unaussprechlichen-1536x1261.jpg 1536w, https:\/\/www.zen-malerei.de\/wp-content\/uploads\/2021\/06\/2021-L049-60x50cm-Das-Geheimnis-des-Unaussprechlichen-500x411.jpg 500w, https:\/\/www.zen-malerei.de\/wp-content\/uploads\/2021\/06\/2021-L049-60x50cm-Das-Geheimnis-des-Unaussprechlichen-1000x821.jpg 1000w, https:\/\/www.zen-malerei.de\/wp-content\/uploads\/2021\/06\/2021-L049-60x50cm-Das-Geheimnis-des-Unaussprechlichen.jpg 1600w\" sizes=\"auto, (max-width: 660px) 100vw, 660px\" \/><\/span><\/a><\/div>\r\n\t\r\n\t\t\r\n\t\t<div class='fg-wp-caption-text fg-gallery-caption'><div class='caption-container'>\r\n\t\t<b>Meditation<\/b>\r\n<br\/>Gr\u00f6\u00dfe: 60x50cm<span class='BildPreis'>3.200 \u20ac<\/span> \r\n<br\/>\r\n<p>&nbsp;<\/p>\r\n\t\t<\/div><\/div><\/div><\/div><div class='fg-gallery-item'>\r\n\t\t<div class='gallery-icon landscape '>\r\n\t\t<div class='fg_zoom'><img loading=\"lazy\" decoding=\"async\" width=\"660\" height=\"472\" src=\"https:\/\/www.zen-malerei.de\/wp-content\/uploads\/2021\/05\/2021-L047-70x50-Im-Feuer-der-goettlichen-Liebe-1024x733.jpg\" class=\"attachment-large size-large\" alt=\"\" srcset=\"https:\/\/www.zen-malerei.de\/wp-content\/uploads\/2021\/05\/2021-L047-70x50-Im-Feuer-der-goettlichen-Liebe-1024x733.jpg 1024w, https:\/\/www.zen-malerei.de\/wp-content\/uploads\/2021\/05\/2021-L047-70x50-Im-Feuer-der-goettlichen-Liebe-300x215.jpg 300w, https:\/\/www.zen-malerei.de\/wp-content\/uploads\/2021\/05\/2021-L047-70x50-Im-Feuer-der-goettlichen-Liebe-768x550.jpg 768w, https:\/\/www.zen-malerei.de\/wp-content\/uploads\/2021\/05\/2021-L047-70x50-Im-Feuer-der-goettlichen-Liebe-1536x1099.jpg 1536w, https:\/\/www.zen-malerei.de\/wp-content\/uploads\/2021\/05\/2021-L047-70x50-Im-Feuer-der-goettlichen-Liebe-500x358.jpg 500w, https:\/\/www.zen-malerei.de\/wp-content\/uploads\/2021\/05\/2021-L047-70x50-Im-Feuer-der-goettlichen-Liebe-1000x716.jpg 1000w, https:\/\/www.zen-malerei.de\/wp-content\/uploads\/2021\/05\/2021-L047-70x50-Im-Feuer-der-goettlichen-Liebe.jpg 1600w\" sizes=\"auto, (max-width: 660px) 100vw, 660px\" \/><a href='https:\/\/www.zen-malerei.de\/wp-content\/uploads\/2021\/05\/2021-L047-70x50-Im-Feuer-der-goettlichen-Liebe-1024x733.jpg' title=\"<b>Vollkommene Hingabe<\/b>\r\n<br\/>Gr\u00f6\u00dfe: 70x50cm<span class='BildPreis'>3.400 \u20ac<\/span> \r\n<br\/>\r\n<p>&nbsp;<\/p>\" data-rel='prettyPhoto[album]' class='fg_magnificPopup'><span class='fg-zoom-icon icon-plus'><\/span><span style='display:none'><img loading=\"lazy\" decoding=\"async\" width=\"660\" height=\"472\" src=\"https:\/\/www.zen-malerei.de\/wp-content\/uploads\/2021\/05\/2021-L047-70x50-Im-Feuer-der-goettlichen-Liebe-1024x733.jpg\" class=\"attachment-large size-large\" alt=\"\" srcset=\"https:\/\/www.zen-malerei.de\/wp-content\/uploads\/2021\/05\/2021-L047-70x50-Im-Feuer-der-goettlichen-Liebe-1024x733.jpg 1024w, https:\/\/www.zen-malerei.de\/wp-content\/uploads\/2021\/05\/2021-L047-70x50-Im-Feuer-der-goettlichen-Liebe-300x215.jpg 300w, https:\/\/www.zen-malerei.de\/wp-content\/uploads\/2021\/05\/2021-L047-70x50-Im-Feuer-der-goettlichen-Liebe-768x550.jpg 768w, https:\/\/www.zen-malerei.de\/wp-content\/uploads\/2021\/05\/2021-L047-70x50-Im-Feuer-der-goettlichen-Liebe-1536x1099.jpg 1536w, https:\/\/www.zen-malerei.de\/wp-content\/uploads\/2021\/05\/2021-L047-70x50-Im-Feuer-der-goettlichen-Liebe-500x358.jpg 500w, https:\/\/www.zen-malerei.de\/wp-content\/uploads\/2021\/05\/2021-L047-70x50-Im-Feuer-der-goettlichen-Liebe-1000x716.jpg 1000w, https:\/\/www.zen-malerei.de\/wp-content\/uploads\/2021\/05\/2021-L047-70x50-Im-Feuer-der-goettlichen-Liebe.jpg 1600w\" sizes=\"auto, (max-width: 660px) 100vw, 660px\" \/><\/span><\/a><\/div>\r\n\t\r\n\t\t\r\n\t\t<div class='fg-wp-caption-text fg-gallery-caption'><div class='caption-container'>\r\n\t\t<b>Vollkommene Hingabe<\/b>\r\n<br\/>Gr\u00f6\u00dfe: 70x50cm<span class='BildPreis'>3.400 \u20ac<\/span> \r\n<br\/>\r\n<p>&nbsp;<\/p>\r\n\t\t<\/div><\/div><\/div><\/div><div class='fg-gallery-item'>\r\n\t\t<div class='gallery-icon portrait '>\r\n\t\t<div class='fg_zoom'><img loading=\"lazy\" decoding=\"async\" width=\"660\" height=\"926\" src=\"https:\/\/www.zen-malerei.de\/wp-content\/uploads\/2020\/12\/2020-L033-50x70cm-Kosmische-Sinfonie-730x1024.jpg\" class=\"attachment-large size-large\" alt=\"\" srcset=\"https:\/\/www.zen-malerei.de\/wp-content\/uploads\/2020\/12\/2020-L033-50x70cm-Kosmische-Sinfonie-730x1024.jpg 730w, https:\/\/www.zen-malerei.de\/wp-content\/uploads\/2020\/12\/2020-L033-50x70cm-Kosmische-Sinfonie-214x300.jpg 214w, https:\/\/www.zen-malerei.de\/wp-content\/uploads\/2020\/12\/2020-L033-50x70cm-Kosmische-Sinfonie-768x1078.jpg 768w, https:\/\/www.zen-malerei.de\/wp-content\/uploads\/2020\/12\/2020-L033-50x70cm-Kosmische-Sinfonie-1094x1536.jpg 1094w, https:\/\/www.zen-malerei.de\/wp-content\/uploads\/2020\/12\/2020-L033-50x70cm-Kosmische-Sinfonie-500x702.jpg 500w, https:\/\/www.zen-malerei.de\/wp-content\/uploads\/2020\/12\/2020-L033-50x70cm-Kosmische-Sinfonie-1000x1404.jpg 1000w, https:\/\/www.zen-malerei.de\/wp-content\/uploads\/2020\/12\/2020-L033-50x70cm-Kosmische-Sinfonie.jpg 1140w\" sizes=\"auto, (max-width: 660px) 100vw, 660px\" \/><a href='https:\/\/www.zen-malerei.de\/wp-content\/uploads\/2020\/12\/2020-L033-50x70cm-Kosmische-Sinfonie-730x1024.jpg' title=\"<b>G\u00f6ttliche Liebe<\/b>\r\n<br\/>Gr\u00f6\u00dfe: 50x70cm<span class='BildPreis'>3.600 \u20ac<\/span>\r\n<br \/>\r\n<p>&nbsp;<\/p>\" data-rel='prettyPhoto[album]' class='fg_magnificPopup'><span class='fg-zoom-icon icon-plus'><\/span><span style='display:none'><img loading=\"lazy\" decoding=\"async\" width=\"660\" height=\"926\" src=\"https:\/\/www.zen-malerei.de\/wp-content\/uploads\/2020\/12\/2020-L033-50x70cm-Kosmische-Sinfonie-730x1024.jpg\" class=\"attachment-large size-large\" alt=\"\" srcset=\"https:\/\/www.zen-malerei.de\/wp-content\/uploads\/2020\/12\/2020-L033-50x70cm-Kosmische-Sinfonie-730x1024.jpg 730w, https:\/\/www.zen-malerei.de\/wp-content\/uploads\/2020\/12\/2020-L033-50x70cm-Kosmische-Sinfonie-214x300.jpg 214w, https:\/\/www.zen-malerei.de\/wp-content\/uploads\/2020\/12\/2020-L033-50x70cm-Kosmische-Sinfonie-768x1078.jpg 768w, https:\/\/www.zen-malerei.de\/wp-content\/uploads\/2020\/12\/2020-L033-50x70cm-Kosmische-Sinfonie-1094x1536.jpg 1094w, https:\/\/www.zen-malerei.de\/wp-content\/uploads\/2020\/12\/2020-L033-50x70cm-Kosmische-Sinfonie-500x702.jpg 500w, https:\/\/www.zen-malerei.de\/wp-content\/uploads\/2020\/12\/2020-L033-50x70cm-Kosmische-Sinfonie-1000x1404.jpg 1000w, https:\/\/www.zen-malerei.de\/wp-content\/uploads\/2020\/12\/2020-L033-50x70cm-Kosmische-Sinfonie.jpg 1140w\" sizes=\"auto, (max-width: 660px) 100vw, 660px\" \/><\/span><\/a><\/div>\r\n\t\r\n\t\t\r\n\t\t<div class='fg-wp-caption-text fg-gallery-caption'><div class='caption-container'>\r\n\t\t<b>G\u00f6ttliche Liebe<\/b>\r\n<br\/>Gr\u00f6\u00dfe: 50x70cm<span class='BildPreis'>3.600 \u20ac<\/span>\r\n<br \/>\r\n<p>&nbsp;<\/p>\r\n\t\t<\/div><\/div><\/div><\/div><div class='fg-gallery-item'>\r\n\t\t<div class='gallery-icon landscape '>\r\n\t\t<div class='fg_zoom'><img loading=\"lazy\" decoding=\"async\" width=\"660\" height=\"436\" src=\"https:\/\/www.zen-malerei.de\/wp-content\/uploads\/2020\/10\/2020-10_004-60x40cm-Juweleninsel-1024x676.jpg\" class=\"attachment-large size-large\" alt=\"\" srcset=\"https:\/\/www.zen-malerei.de\/wp-content\/uploads\/2020\/10\/2020-10_004-60x40cm-Juweleninsel-1024x676.jpg 1024w, https:\/\/www.zen-malerei.de\/wp-content\/uploads\/2020\/10\/2020-10_004-60x40cm-Juweleninsel-300x198.jpg 300w, https:\/\/www.zen-malerei.de\/wp-content\/uploads\/2020\/10\/2020-10_004-60x40cm-Juweleninsel-768x507.jpg 768w, https:\/\/www.zen-malerei.de\/wp-content\/uploads\/2020\/10\/2020-10_004-60x40cm-Juweleninsel-1536x1014.jpg 1536w, https:\/\/www.zen-malerei.de\/wp-content\/uploads\/2020\/10\/2020-10_004-60x40cm-Juweleninsel-500x330.jpg 500w, https:\/\/www.zen-malerei.de\/wp-content\/uploads\/2020\/10\/2020-10_004-60x40cm-Juweleninsel-1000x660.jpg 1000w, https:\/\/www.zen-malerei.de\/wp-content\/uploads\/2020\/10\/2020-10_004-60x40cm-Juweleninsel.jpg 1600w\" sizes=\"auto, (max-width: 660px) 100vw, 660px\" \/><a href='https:\/\/www.zen-malerei.de\/wp-content\/uploads\/2020\/10\/2020-10_004-60x40cm-Juweleninsel-1024x676.jpg' title=\"<b>Juweleninsel<\/b>\r\n<br\/>Gr\u00f6\u00dfe: 60x40cm<span class='BildPreis'>2.800 \u20ac<\/span>\r\n<br\/>\r\n<p>&nbsp;<\/p>\" data-rel='prettyPhoto[album]' class='fg_magnificPopup'><span class='fg-zoom-icon icon-plus'><\/span><span style='display:none'><img loading=\"lazy\" decoding=\"async\" width=\"660\" height=\"436\" src=\"https:\/\/www.zen-malerei.de\/wp-content\/uploads\/2020\/10\/2020-10_004-60x40cm-Juweleninsel-1024x676.jpg\" class=\"attachment-large size-large\" alt=\"\" srcset=\"https:\/\/www.zen-malerei.de\/wp-content\/uploads\/2020\/10\/2020-10_004-60x40cm-Juweleninsel-1024x676.jpg 1024w, https:\/\/www.zen-malerei.de\/wp-content\/uploads\/2020\/10\/2020-10_004-60x40cm-Juweleninsel-300x198.jpg 300w, https:\/\/www.zen-malerei.de\/wp-content\/uploads\/2020\/10\/2020-10_004-60x40cm-Juweleninsel-768x507.jpg 768w, https:\/\/www.zen-malerei.de\/wp-content\/uploads\/2020\/10\/2020-10_004-60x40cm-Juweleninsel-1536x1014.jpg 1536w, https:\/\/www.zen-malerei.de\/wp-content\/uploads\/2020\/10\/2020-10_004-60x40cm-Juweleninsel-500x330.jpg 500w, https:\/\/www.zen-malerei.de\/wp-content\/uploads\/2020\/10\/2020-10_004-60x40cm-Juweleninsel-1000x660.jpg 1000w, https:\/\/www.zen-malerei.de\/wp-content\/uploads\/2020\/10\/2020-10_004-60x40cm-Juweleninsel.jpg 1600w\" sizes=\"auto, (max-width: 660px) 100vw, 660px\" \/><\/span><\/a><\/div>\r\n\t\r\n\t\t\r\n\t\t<div class='fg-wp-caption-text fg-gallery-caption'><div class='caption-container'>\r\n\t\t<b>Juweleninsel<\/b>\r\n<br\/>Gr\u00f6\u00dfe: 60x40cm<span class='BildPreis'>2.800 \u20ac<\/span>\r\n<br\/>\r\n<p>&nbsp;<\/p>\r\n\t\t<\/div><\/div><\/div><\/div><div class='fg-gallery-item'>\r\n\t\t<div class='gallery-icon portrait '>\r\n\t\t<div class='fg_zoom'><img loading=\"lazy\" decoding=\"async\" width=\"660\" height=\"994\" src=\"https:\/\/www.zen-malerei.de\/wp-content\/uploads\/2020\/10\/2020-10_006-40x60cm-Kundalini-Erweckung-680x1024.jpg\" class=\"attachment-large size-large\" alt=\"\" srcset=\"https:\/\/www.zen-malerei.de\/wp-content\/uploads\/2020\/10\/2020-10_006-40x60cm-Kundalini-Erweckung-680x1024.jpg 680w, https:\/\/www.zen-malerei.de\/wp-content\/uploads\/2020\/10\/2020-10_006-40x60cm-Kundalini-Erweckung-199x300.jpg 199w, https:\/\/www.zen-malerei.de\/wp-content\/uploads\/2020\/10\/2020-10_006-40x60cm-Kundalini-Erweckung-768x1157.jpg 768w, https:\/\/www.zen-malerei.de\/wp-content\/uploads\/2020\/10\/2020-10_006-40x60cm-Kundalini-Erweckung-1020x1536.jpg 1020w, https:\/\/www.zen-malerei.de\/wp-content\/uploads\/2020\/10\/2020-10_006-40x60cm-Kundalini-Erweckung-500x753.jpg 500w, https:\/\/www.zen-malerei.de\/wp-content\/uploads\/2020\/10\/2020-10_006-40x60cm-Kundalini-Erweckung-1000x1507.jpg 1000w, https:\/\/www.zen-malerei.de\/wp-content\/uploads\/2020\/10\/2020-10_006-40x60cm-Kundalini-Erweckung.jpg 1062w\" sizes=\"auto, (max-width: 660px) 100vw, 660px\" \/><a href='https:\/\/www.zen-malerei.de\/wp-content\/uploads\/2020\/10\/2020-10_006-40x60cm-Kundalini-Erweckung-680x1024.jpg' title=\"<b>Kundalini-Erweckung<\/b>\r\n<br\/>Gr\u00f6\u00dfe: 40x60cm<span class='BildPreis'><b>VERKAUFT<\/b><\/span>\r\n<br \/>\r\n<p>&nbsp;<\/p>\" data-rel='prettyPhoto[album]' class='fg_magnificPopup'><span class='fg-zoom-icon icon-plus'><\/span><span style='display:none'><img loading=\"lazy\" decoding=\"async\" width=\"660\" height=\"994\" src=\"https:\/\/www.zen-malerei.de\/wp-content\/uploads\/2020\/10\/2020-10_006-40x60cm-Kundalini-Erweckung-680x1024.jpg\" class=\"attachment-large size-large\" alt=\"\" srcset=\"https:\/\/www.zen-malerei.de\/wp-content\/uploads\/2020\/10\/2020-10_006-40x60cm-Kundalini-Erweckung-680x1024.jpg 680w, https:\/\/www.zen-malerei.de\/wp-content\/uploads\/2020\/10\/2020-10_006-40x60cm-Kundalini-Erweckung-199x300.jpg 199w, https:\/\/www.zen-malerei.de\/wp-content\/uploads\/2020\/10\/2020-10_006-40x60cm-Kundalini-Erweckung-768x1157.jpg 768w, https:\/\/www.zen-malerei.de\/wp-content\/uploads\/2020\/10\/2020-10_006-40x60cm-Kundalini-Erweckung-1020x1536.jpg 1020w, https:\/\/www.zen-malerei.de\/wp-content\/uploads\/2020\/10\/2020-10_006-40x60cm-Kundalini-Erweckung-500x753.jpg 500w, https:\/\/www.zen-malerei.de\/wp-content\/uploads\/2020\/10\/2020-10_006-40x60cm-Kundalini-Erweckung-1000x1507.jpg 1000w, https:\/\/www.zen-malerei.de\/wp-content\/uploads\/2020\/10\/2020-10_006-40x60cm-Kundalini-Erweckung.jpg 1062w\" sizes=\"auto, (max-width: 660px) 100vw, 660px\" \/><\/span><\/a><\/div>\r\n\t\r\n\t\t\r\n\t\t<div class='fg-wp-caption-text fg-gallery-caption'><div class='caption-container'>\r\n\t\t<b>Kundalini-Erweckung<\/b>\r\n<br\/>Gr\u00f6\u00dfe: 40x60cm<span class='BildPreis'><b>VERKAUFT<\/b><\/span>\r\n<br \/>\r\n<p>&nbsp;<\/p>\r\n\t\t<\/div><\/div><\/div><\/div><div class='fg-gallery-item'>\r\n\t\t<div class='gallery-icon portrait '>\r\n\t\t<div class='fg_zoom'><img loading=\"lazy\" decoding=\"async\" width=\"660\" height=\"878\" src=\"https:\/\/www.zen-malerei.de\/wp-content\/uploads\/2020\/10\/2020-10_013-45x60cm-Enso-Zen-Kreis-770x1024.jpg\" class=\"attachment-large size-large\" alt=\"\" srcset=\"https:\/\/www.zen-malerei.de\/wp-content\/uploads\/2020\/10\/2020-10_013-45x60cm-Enso-Zen-Kreis-770x1024.jpg 770w, https:\/\/www.zen-malerei.de\/wp-content\/uploads\/2020\/10\/2020-10_013-45x60cm-Enso-Zen-Kreis-226x300.jpg 226w, https:\/\/www.zen-malerei.de\/wp-content\/uploads\/2020\/10\/2020-10_013-45x60cm-Enso-Zen-Kreis-768x1021.jpg 768w, https:\/\/www.zen-malerei.de\/wp-content\/uploads\/2020\/10\/2020-10_013-45x60cm-Enso-Zen-Kreis-1155x1536.jpg 1155w, https:\/\/www.zen-malerei.de\/wp-content\/uploads\/2020\/10\/2020-10_013-45x60cm-Enso-Zen-Kreis-500x665.jpg 500w, https:\/\/www.zen-malerei.de\/wp-content\/uploads\/2020\/10\/2020-10_013-45x60cm-Enso-Zen-Kreis-1000x1330.jpg 1000w, https:\/\/www.zen-malerei.de\/wp-content\/uploads\/2020\/10\/2020-10_013-45x60cm-Enso-Zen-Kreis.jpg 1203w\" sizes=\"auto, (max-width: 660px) 100vw, 660px\" \/><a href='https:\/\/www.zen-malerei.de\/wp-content\/uploads\/2020\/10\/2020-10_013-45x60cm-Enso-Zen-Kreis-770x1024.jpg' title=\"<b>Ens\u014d - Zen-Kreis<\/b>\r\n<br\/>Gr\u00f6\u00dfe: 45x60cm<span class='BildPreis'><b>VERKAUFT<\/b><\/span>\r\n<br\/>\r\n<p>&nbsp;<\/p>\" data-rel='prettyPhoto[album]' class='fg_magnificPopup'><span class='fg-zoom-icon icon-plus'><\/span><span style='display:none'><img loading=\"lazy\" decoding=\"async\" width=\"660\" height=\"878\" src=\"https:\/\/www.zen-malerei.de\/wp-content\/uploads\/2020\/10\/2020-10_013-45x60cm-Enso-Zen-Kreis-770x1024.jpg\" class=\"attachment-large size-large\" alt=\"\" srcset=\"https:\/\/www.zen-malerei.de\/wp-content\/uploads\/2020\/10\/2020-10_013-45x60cm-Enso-Zen-Kreis-770x1024.jpg 770w, https:\/\/www.zen-malerei.de\/wp-content\/uploads\/2020\/10\/2020-10_013-45x60cm-Enso-Zen-Kreis-226x300.jpg 226w, https:\/\/www.zen-malerei.de\/wp-content\/uploads\/2020\/10\/2020-10_013-45x60cm-Enso-Zen-Kreis-768x1021.jpg 768w, https:\/\/www.zen-malerei.de\/wp-content\/uploads\/2020\/10\/2020-10_013-45x60cm-Enso-Zen-Kreis-1155x1536.jpg 1155w, https:\/\/www.zen-malerei.de\/wp-content\/uploads\/2020\/10\/2020-10_013-45x60cm-Enso-Zen-Kreis-500x665.jpg 500w, https:\/\/www.zen-malerei.de\/wp-content\/uploads\/2020\/10\/2020-10_013-45x60cm-Enso-Zen-Kreis-1000x1330.jpg 1000w, https:\/\/www.zen-malerei.de\/wp-content\/uploads\/2020\/10\/2020-10_013-45x60cm-Enso-Zen-Kreis.jpg 1203w\" sizes=\"auto, (max-width: 660px) 100vw, 660px\" \/><\/span><\/a><\/div>\r\n\t\r\n\t\t\r\n\t\t<div class='fg-wp-caption-text fg-gallery-caption'><div class='caption-container'>\r\n\t\t<b>Ens\u014d &#8211; Zen-Kreis<\/b>\r\n<br\/>Gr\u00f6\u00dfe: 45x60cm<span class='BildPreis'><b>VERKAUFT<\/b><\/span>\r\n<br\/>\r\n<p>&nbsp;<\/p>\r\n\t\t<\/div><\/div><\/div><\/div><div class='fg-gallery-item'>\r\n\t\t<div class='gallery-icon portrait '>\r\n\t\t<div class='fg_zoom'><img loading=\"lazy\" decoding=\"async\" width=\"660\" height=\"885\" src=\"https:\/\/www.zen-malerei.de\/wp-content\/uploads\/2020\/10\/2020-10_018-60x80cm-Apokalypse-764x1024.jpg\" class=\"attachment-large size-large\" alt=\"\" srcset=\"https:\/\/www.zen-malerei.de\/wp-content\/uploads\/2020\/10\/2020-10_018-60x80cm-Apokalypse-764x1024.jpg 764w, https:\/\/www.zen-malerei.de\/wp-content\/uploads\/2020\/10\/2020-10_018-60x80cm-Apokalypse-224x300.jpg 224w, https:\/\/www.zen-malerei.de\/wp-content\/uploads\/2020\/10\/2020-10_018-60x80cm-Apokalypse-768x1029.jpg 768w, https:\/\/www.zen-malerei.de\/wp-content\/uploads\/2020\/10\/2020-10_018-60x80cm-Apokalypse-1146x1536.jpg 1146w, https:\/\/www.zen-malerei.de\/wp-content\/uploads\/2020\/10\/2020-10_018-60x80cm-Apokalypse-500x670.jpg 500w, https:\/\/www.zen-malerei.de\/wp-content\/uploads\/2020\/10\/2020-10_018-60x80cm-Apokalypse-1000x1340.jpg 1000w, https:\/\/www.zen-malerei.de\/wp-content\/uploads\/2020\/10\/2020-10_018-60x80cm-Apokalypse.jpg 1194w\" sizes=\"auto, (max-width: 660px) 100vw, 660px\" \/><a href='https:\/\/www.zen-malerei.de\/wp-content\/uploads\/2020\/10\/2020-10_018-60x80cm-Apokalypse-764x1024.jpg' title=\"<b>Die Erschaffung der Welt<\/b>\r\n<br\/>Gr\u00f6\u00dfe: 60x80cm<span class='BildPreis'>4.200 \u20ac<\/span>\r\n<br\/>\r\n<p>&nbsp;<\/p>\" data-rel='prettyPhoto[album]' class='fg_magnificPopup'><span class='fg-zoom-icon icon-plus'><\/span><span style='display:none'><img loading=\"lazy\" decoding=\"async\" width=\"660\" height=\"885\" src=\"https:\/\/www.zen-malerei.de\/wp-content\/uploads\/2020\/10\/2020-10_018-60x80cm-Apokalypse-764x1024.jpg\" class=\"attachment-large size-large\" alt=\"\" srcset=\"https:\/\/www.zen-malerei.de\/wp-content\/uploads\/2020\/10\/2020-10_018-60x80cm-Apokalypse-764x1024.jpg 764w, https:\/\/www.zen-malerei.de\/wp-content\/uploads\/2020\/10\/2020-10_018-60x80cm-Apokalypse-224x300.jpg 224w, https:\/\/www.zen-malerei.de\/wp-content\/uploads\/2020\/10\/2020-10_018-60x80cm-Apokalypse-768x1029.jpg 768w, https:\/\/www.zen-malerei.de\/wp-content\/uploads\/2020\/10\/2020-10_018-60x80cm-Apokalypse-1146x1536.jpg 1146w, https:\/\/www.zen-malerei.de\/wp-content\/uploads\/2020\/10\/2020-10_018-60x80cm-Apokalypse-500x670.jpg 500w, https:\/\/www.zen-malerei.de\/wp-content\/uploads\/2020\/10\/2020-10_018-60x80cm-Apokalypse-1000x1340.jpg 1000w, https:\/\/www.zen-malerei.de\/wp-content\/uploads\/2020\/10\/2020-10_018-60x80cm-Apokalypse.jpg 1194w\" sizes=\"auto, (max-width: 660px) 100vw, 660px\" \/><\/span><\/a><\/div>\r\n\t\r\n\t\t\r\n\t\t<div class='fg-wp-caption-text fg-gallery-caption'><div class='caption-container'>\r\n\t\t<b>Die Erschaffung der Welt<\/b>\r\n<br\/>Gr\u00f6\u00dfe: 60x80cm<span class='BildPreis'>4.200 \u20ac<\/span>\r\n<br\/>\r\n<p>&nbsp;<\/p>\r\n\t\t<\/div><\/div><\/div><\/div><div class='fg-gallery-item'>\r\n\t\t<div class='gallery-icon portrait '>\r\n\t\t<div class='fg_zoom'><img loading=\"lazy\" decoding=\"async\" width=\"660\" height=\"882\" src=\"https:\/\/www.zen-malerei.de\/wp-content\/uploads\/2020\/10\/2020-10_019-60x80cm-Das-grosse-Geheimnis-766x1024.jpg\" class=\"attachment-large size-large\" alt=\"\" srcset=\"https:\/\/www.zen-malerei.de\/wp-content\/uploads\/2020\/10\/2020-10_019-60x80cm-Das-grosse-Geheimnis-766x1024.jpg 766w, https:\/\/www.zen-malerei.de\/wp-content\/uploads\/2020\/10\/2020-10_019-60x80cm-Das-grosse-Geheimnis-224x300.jpg 224w, https:\/\/www.zen-malerei.de\/wp-content\/uploads\/2020\/10\/2020-10_019-60x80cm-Das-grosse-Geheimnis-768x1027.jpg 768w, https:\/\/www.zen-malerei.de\/wp-content\/uploads\/2020\/10\/2020-10_019-60x80cm-Das-grosse-Geheimnis-1149x1536.jpg 1149w, https:\/\/www.zen-malerei.de\/wp-content\/uploads\/2020\/10\/2020-10_019-60x80cm-Das-grosse-Geheimnis-500x668.jpg 500w, https:\/\/www.zen-malerei.de\/wp-content\/uploads\/2020\/10\/2020-10_019-60x80cm-Das-grosse-Geheimnis-1000x1337.jpg 1000w, https:\/\/www.zen-malerei.de\/wp-content\/uploads\/2020\/10\/2020-10_019-60x80cm-Das-grosse-Geheimnis.jpg 1197w\" sizes=\"auto, (max-width: 660px) 100vw, 660px\" \/><a href='https:\/\/www.zen-malerei.de\/wp-content\/uploads\/2020\/10\/2020-10_019-60x80cm-Das-grosse-Geheimnis-766x1024.jpg' title=\"<b>Das gro\u00dfe Geheimnis<\/b>\r\n<br\/>Gr\u00f6\u00dfe: 60x80cm<span class='BildPreis'>4.200 \u20ac<\/span>\r\n<br\/>\r\n<p>&nbsp;<\/p>\" data-rel='prettyPhoto[album]' class='fg_magnificPopup'><span class='fg-zoom-icon icon-plus'><\/span><span style='display:none'><img loading=\"lazy\" decoding=\"async\" width=\"660\" height=\"882\" src=\"https:\/\/www.zen-malerei.de\/wp-content\/uploads\/2020\/10\/2020-10_019-60x80cm-Das-grosse-Geheimnis-766x1024.jpg\" class=\"attachment-large size-large\" alt=\"\" srcset=\"https:\/\/www.zen-malerei.de\/wp-content\/uploads\/2020\/10\/2020-10_019-60x80cm-Das-grosse-Geheimnis-766x1024.jpg 766w, https:\/\/www.zen-malerei.de\/wp-content\/uploads\/2020\/10\/2020-10_019-60x80cm-Das-grosse-Geheimnis-224x300.jpg 224w, https:\/\/www.zen-malerei.de\/wp-content\/uploads\/2020\/10\/2020-10_019-60x80cm-Das-grosse-Geheimnis-768x1027.jpg 768w, https:\/\/www.zen-malerei.de\/wp-content\/uploads\/2020\/10\/2020-10_019-60x80cm-Das-grosse-Geheimnis-1149x1536.jpg 1149w, https:\/\/www.zen-malerei.de\/wp-content\/uploads\/2020\/10\/2020-10_019-60x80cm-Das-grosse-Geheimnis-500x668.jpg 500w, https:\/\/www.zen-malerei.de\/wp-content\/uploads\/2020\/10\/2020-10_019-60x80cm-Das-grosse-Geheimnis-1000x1337.jpg 1000w, https:\/\/www.zen-malerei.de\/wp-content\/uploads\/2020\/10\/2020-10_019-60x80cm-Das-grosse-Geheimnis.jpg 1197w\" sizes=\"auto, (max-width: 660px) 100vw, 660px\" \/><\/span><\/a><\/div>\r\n\t\r\n\t\t\r\n\t\t<div class='fg-wp-caption-text fg-gallery-caption'><div class='caption-container'>\r\n\t\t<b>Das gro\u00dfe Geheimnis<\/b>\r\n<br\/>Gr\u00f6\u00dfe: 60x80cm<span class='BildPreis'>4.200 \u20ac<\/span>\r\n<br\/>\r\n<p>&nbsp;<\/p>\r\n\t\t<\/div><\/div><\/div><\/div><div class='fg-gallery-item'>\r\n\t\t<div class='gallery-icon portrait '>\r\n\t\t<div class='fg_zoom'><img loading=\"lazy\" decoding=\"async\" width=\"660\" height=\"997\" src=\"https:\/\/www.zen-malerei.de\/wp-content\/uploads\/2020\/10\/2020-10_023-40x60cm-Innere-Welten-678x1024.jpg\" class=\"attachment-large size-large\" alt=\"\" srcset=\"https:\/\/www.zen-malerei.de\/wp-content\/uploads\/2020\/10\/2020-10_023-40x60cm-Innere-Welten-678x1024.jpg 678w, https:\/\/www.zen-malerei.de\/wp-content\/uploads\/2020\/10\/2020-10_023-40x60cm-Innere-Welten-199x300.jpg 199w, https:\/\/www.zen-malerei.de\/wp-content\/uploads\/2020\/10\/2020-10_023-40x60cm-Innere-Welten-768x1159.jpg 768w, https:\/\/www.zen-malerei.de\/wp-content\/uploads\/2020\/10\/2020-10_023-40x60cm-Innere-Welten-1018x1536.jpg 1018w, https:\/\/www.zen-malerei.de\/wp-content\/uploads\/2020\/10\/2020-10_023-40x60cm-Innere-Welten-500x755.jpg 500w, https:\/\/www.zen-malerei.de\/wp-content\/uploads\/2020\/10\/2020-10_023-40x60cm-Innere-Welten-1000x1509.jpg 1000w, https:\/\/www.zen-malerei.de\/wp-content\/uploads\/2020\/10\/2020-10_023-40x60cm-Innere-Welten.jpg 1060w\" sizes=\"auto, (max-width: 660px) 100vw, 660px\" \/><a href='https:\/\/www.zen-malerei.de\/wp-content\/uploads\/2020\/10\/2020-10_023-40x60cm-Innere-Welten-678x1024.jpg' title=\"<b>Innere Welten<\/b>\r\n<br\/>Gr\u00f6\u00dfe: 40x60cm<span class='BildPreis'>2.800 \u20ac<\/span>\r\n<br\/>\r\n<p>&nbsp;<\/p>\" data-rel='prettyPhoto[album]' class='fg_magnificPopup'><span class='fg-zoom-icon icon-plus'><\/span><span style='display:none'><img loading=\"lazy\" decoding=\"async\" width=\"660\" height=\"997\" src=\"https:\/\/www.zen-malerei.de\/wp-content\/uploads\/2020\/10\/2020-10_023-40x60cm-Innere-Welten-678x1024.jpg\" class=\"attachment-large size-large\" alt=\"\" srcset=\"https:\/\/www.zen-malerei.de\/wp-content\/uploads\/2020\/10\/2020-10_023-40x60cm-Innere-Welten-678x1024.jpg 678w, https:\/\/www.zen-malerei.de\/wp-content\/uploads\/2020\/10\/2020-10_023-40x60cm-Innere-Welten-199x300.jpg 199w, https:\/\/www.zen-malerei.de\/wp-content\/uploads\/2020\/10\/2020-10_023-40x60cm-Innere-Welten-768x1159.jpg 768w, https:\/\/www.zen-malerei.de\/wp-content\/uploads\/2020\/10\/2020-10_023-40x60cm-Innere-Welten-1018x1536.jpg 1018w, https:\/\/www.zen-malerei.de\/wp-content\/uploads\/2020\/10\/2020-10_023-40x60cm-Innere-Welten-500x755.jpg 500w, https:\/\/www.zen-malerei.de\/wp-content\/uploads\/2020\/10\/2020-10_023-40x60cm-Innere-Welten-1000x1509.jpg 1000w, https:\/\/www.zen-malerei.de\/wp-content\/uploads\/2020\/10\/2020-10_023-40x60cm-Innere-Welten.jpg 1060w\" sizes=\"auto, (max-width: 660px) 100vw, 660px\" \/><\/span><\/a><\/div>\r\n\t\r\n\t\t\r\n\t\t<div class='fg-wp-caption-text fg-gallery-caption'><div class='caption-container'>\r\n\t\t<b>Innere Welten<\/b>\r\n<br\/>Gr\u00f6\u00dfe: 40x60cm<span class='BildPreis'>2.800 \u20ac<\/span>\r\n<br\/>\r\n<p>&nbsp;<\/p>\r\n\t\t<\/div><\/div><\/div><\/div><div class='fg-gallery-item'>\r\n\t\t<div class='gallery-icon landscape '>\r\n\t\t<div class='fg_zoom'><img loading=\"lazy\" decoding=\"async\" width=\"660\" height=\"550\" src=\"https:\/\/www.zen-malerei.de\/wp-content\/uploads\/2021\/05\/2021-L046-120x100-Kosmisches-Bewusstsein-1024x854.jpg\" class=\"attachment-large size-large\" alt=\"\" srcset=\"https:\/\/www.zen-malerei.de\/wp-content\/uploads\/2021\/05\/2021-L046-120x100-Kosmisches-Bewusstsein-1024x854.jpg 1024w, https:\/\/www.zen-malerei.de\/wp-content\/uploads\/2021\/05\/2021-L046-120x100-Kosmisches-Bewusstsein-300x250.jpg 300w, https:\/\/www.zen-malerei.de\/wp-content\/uploads\/2021\/05\/2021-L046-120x100-Kosmisches-Bewusstsein-768x641.jpg 768w, https:\/\/www.zen-malerei.de\/wp-content\/uploads\/2021\/05\/2021-L046-120x100-Kosmisches-Bewusstsein-1536x1282.jpg 1536w, https:\/\/www.zen-malerei.de\/wp-content\/uploads\/2021\/05\/2021-L046-120x100-Kosmisches-Bewusstsein-500x417.jpg 500w, https:\/\/www.zen-malerei.de\/wp-content\/uploads\/2021\/05\/2021-L046-120x100-Kosmisches-Bewusstsein-1000x834.jpg 1000w, https:\/\/www.zen-malerei.de\/wp-content\/uploads\/2021\/05\/2021-L046-120x100-Kosmisches-Bewusstsein.jpg 1600w\" sizes=\"auto, (max-width: 660px) 100vw, 660px\" \/><a href='https:\/\/www.zen-malerei.de\/wp-content\/uploads\/2021\/05\/2021-L046-120x100-Kosmisches-Bewusstsein-1024x854.jpg' title=\"<b>Kosmisches Bewusstsein<\/b>\r\n<br\/>Gr\u00f6\u00dfe: 120x100cm<span class='BildPreis'>6.800 \u20ac<\/span> \r\n<br\/>\r\n<p>&nbsp;<\/p>\" data-rel='prettyPhoto[album]' class='fg_magnificPopup'><span class='fg-zoom-icon icon-plus'><\/span><span style='display:none'><img loading=\"lazy\" decoding=\"async\" width=\"660\" height=\"550\" src=\"https:\/\/www.zen-malerei.de\/wp-content\/uploads\/2021\/05\/2021-L046-120x100-Kosmisches-Bewusstsein-1024x854.jpg\" class=\"attachment-large size-large\" alt=\"\" srcset=\"https:\/\/www.zen-malerei.de\/wp-content\/uploads\/2021\/05\/2021-L046-120x100-Kosmisches-Bewusstsein-1024x854.jpg 1024w, https:\/\/www.zen-malerei.de\/wp-content\/uploads\/2021\/05\/2021-L046-120x100-Kosmisches-Bewusstsein-300x250.jpg 300w, https:\/\/www.zen-malerei.de\/wp-content\/uploads\/2021\/05\/2021-L046-120x100-Kosmisches-Bewusstsein-768x641.jpg 768w, https:\/\/www.zen-malerei.de\/wp-content\/uploads\/2021\/05\/2021-L046-120x100-Kosmisches-Bewusstsein-1536x1282.jpg 1536w, https:\/\/www.zen-malerei.de\/wp-content\/uploads\/2021\/05\/2021-L046-120x100-Kosmisches-Bewusstsein-500x417.jpg 500w, https:\/\/www.zen-malerei.de\/wp-content\/uploads\/2021\/05\/2021-L046-120x100-Kosmisches-Bewusstsein-1000x834.jpg 1000w, https:\/\/www.zen-malerei.de\/wp-content\/uploads\/2021\/05\/2021-L046-120x100-Kosmisches-Bewusstsein.jpg 1600w\" sizes=\"auto, (max-width: 660px) 100vw, 660px\" \/><\/span><\/a><\/div>\r\n\t\r\n\t\t\r\n\t\t<div class='fg-wp-caption-text fg-gallery-caption'><div class='caption-container'>\r\n\t\t<b>Kosmisches Bewusstsein<\/b>\r\n<br\/>Gr\u00f6\u00dfe: 120x100cm<span class='BildPreis'>6.800 \u20ac<\/span> \r\n<br\/>\r\n<p>&nbsp;<\/p>\r\n\t\t<\/div><\/div><\/div><\/div>\r\n\t\t<\/div>\n\n<h2 id=\"aquarelle\">Original painting in mixed media on watercolour paper<\/h2>\n\r\n\t\t<style type='text\/css'>\r\n\t\t\t#gallery-2 {\r\n\t\t\tmargin: auto;\r\n\t\t\t}\r\n\t\t\t#gallery-2 .fg-gallery-item {\r\n\t\t\tfloat: left;\r\n\t\t\tmargin-top: 10px;\r\n\t\t\ttext-align: center;\r\n\t\t\twidth: 100%;\r\n\t\t\t}\r\n\t\t\t#gallery-2 .fg-gallery-caption {\r\n\t\t\tmargin-left: 0;\r\n\t\t\t}\r\n\t\t\t#gallery-2.fastgallery .fg-gallery-caption, \r\n\t\t\t#gallery-2.fastgallery .fg-gallery-caption:hover {\r\n\t\t\t\tbackground-color:rgba( 32 , 32 , 32 , 0.7);\r\n\t\t\t}\r\n\t\t\t#gallery-2.fastgallery.gallery .gallery-icon .fg_zoom a, \r\n\t\t\t#gallery-2.fastgallery.gallery .gallery-icon .fg_zoom a:hover {\r\n\t\t\t\tcolor:#202020;\r\n\t\t\t}\r\n\t\t\t#gallery-2.fastgallery.fg_style1 .fg-gallery-caption {\r\n\t\t\t\tcolor:#FFFFFF;\t\r\n\t\t\t}\r\n\t\t\t#gallery-2.fastgallery.gallery.fg_style2 .gallery-icon .fg_zoom a {\r\n\t\t\t\tbackground:rgba( 255 , 255 , 255 , 0.3);\r\n\t\t\t}\r\n\t\t\t#gallery-2.fastgallery.fg_style2 .fg-gallery-caption {\r\n\t\t\t\tcolor:#FFFFFF;\t\r\n\t\t\t}\t\t\t\r\n\t\t\t#gallery-2.fastgallery.gallery.fg_style3 .fg_zoom, #gallery-2.fastgallery.gallery.fg_style3 .fg_zoom:hover {\r\n\t\t\t\tbackground:rgba( 32 , 32 , 32 , 0.7);\r\n\t\t\t}\r\n\t\t\t#gallery-2.fastgallery.fg_style3 .fg-gallery-caption {\r\n\t\t\t\tcolor:#FFFFFF;\t\r\n\t\t\t}\t\t\t\t\r\n\t\t\t#gallery-2.fastgallery.fg_style4 .fg-gallery-caption,\t\t\t\r\n\t\t\t#gallery-2.fastgallery.gallery.fg_style4 .gallery-icon .fg_zoom a, \r\n\t\t\t#gallery-2.fastgallery.gallery.fg_style4 .gallery-icon .fg_zoom a:hover {\r\n\t\t\t\tcolor:#FFFFFF;\r\n\t\t\t}\r\n\t\t\t#gallery-2.fastgallery.gallery.fg_style4 .gallery-icon .fg_zoom a, \r\n\t\t\t#gallery-2.fastgallery.gallery.fg_style4 .gallery-icon .fg_zoom a:hover\t{\r\n\t\t\t\tbackground:rgba( 32 , 32 , 32 , 0.7);\r\n\t\t\t}\t\t\t\r\n\t\t\t#gallery-2.fastgallery.gallery.fg_style5 .gallery-icon .fg_zoom a, \r\n\t\t\t#gallery-2.fastgallery.gallery.fg_style5 .gallery-icon .fg_zoom a:hover\t{\r\n\t\t\t\tcolor:#FFFFFF;\r\n\t\t\t\tbackground-color:rgba( 32 , 32 , 32 , 0.7);\r\n\t\t\t}\t\t\t\t\t\r\n\t\t\t#gallery-2.fastgallery.gallery.fg_style6 .gallery-icon .fg_zoom a,\r\n\t\t\t#gallery-2.fastgallery.gallery.fg_style6 .gallery-icon .fg_zoom a:hover {\r\n\t\t\t\tcolor:#FFFFFF;\r\n\t\t\t\tbackground:rgba( 32 , 32 , 32 , 0.7);\t\t\t\t\r\n\t\t\t}\r\n\t\t\r\n\t\t\t#gallery-2.fastgallery.fg_style6 .fg-gallery-caption {\r\n\t\t\t\tcolor:#FFFFFF;\t\r\n\t\t\t}\r\n\t\t\t#gallery-2.fastgallery.gallery.fg_style7 .gallery-icon .fg_zoom a,\r\n\t\t\t#gallery-2.fastgallery.gallery.fg_style7 .gallery-icon .fg_zoom a:hover {\r\n\t\t\t\tcolor:#FFFFFF;\r\n\t\t\t\tbackground:rgba( 32 , 32 , 32 , 0.7);\t\t\t\t\r\n\t\t\t}\t\t\r\n\t\t\t#gallery-2.fastgallery.fg_style7 .fg-gallery-caption {\r\n\t\t\t\tcolor:#FFFFFF;\t\r\n\t\t\t}\r\n\t\t\t\r\n\t\t\t#gallery-2.fastgallery.gallery.fg_style8 .gallery-icon .fg_zoom a,\r\n\t\t\t#gallery-2.fastgallery.gallery.fg_style8 .gallery-icon .fg_zoom a:hover {\r\n\t\t\t\tcolor:#FFFFFF;\r\n\t\t\t\tbackground:rgba( 32 , 32 , 32 , 0.7);\t\t\t\t\r\n\t\t\t}\r\n\t\t\r\n\t\t\t#gallery-2.fastgallery.fg_style8 .fg-gallery-caption {\r\n\t\t\t\tcolor:#FFFFFF;\t\r\n\t\t\t}\r\n\t\t\t\r\n\t\t\t#gallery-2.fastgallery.gallery.fg_style9 .gallery-icon .fg_zoom a,\r\n\t\t\t#gallery-2.fastgallery.gallery.fg_style9 .gallery-icon .fg_zoom a:hover {\r\n\t\t\t\tcolor:#FFFFFF;\r\n\t\t\t\tbackground:rgba( 32 , 32 , 32 , 0.7);\t\t\t\t\r\n\t\t\t}\t\t\r\n\t\t\t#gallery-2.fastgallery.fg_style9 .fg-gallery-caption {\r\n\t\t\t\tcolor:#FFFFFF;\t\r\n\t\t\t}\r\n\t\t\t\r\n\t\t\t#gallery-2.fastgallery.gallery.fg_style10 .gallery-icon .fg_zoom a,\r\n\t\t\t#gallery-2.fastgallery.gallery.fg_style10 .gallery-icon .fg_zoom a:hover {\r\n\t\t\t\tcolor:#FFFFFF;\r\n\t\t\t\tbackground:rgba( 32 , 32 , 32 , 0.7);\t\t\t\t\r\n\t\t\t}\t\t\r\n\t\t\t#gallery-2.fastgallery.fg_style10 .fg-gallery-caption {\r\n\t\t\t\tcolor:#FFFFFF;\t\r\n\t\t\t}\r\n\t\t\t\/* FOTORAMA *\/\r\n\t\t\t#gallery-2.fastgallery.fotorama.fg_style1 .fotorama__thumb-border {\r\n\t\t\t\tborder-color:rgba( 32 , 32 , 32 , 0.7);\r\n\t\t\t}\r\n\t\t\t#gallery-2.fastgallery.fotorama.fg_style1 .fotorama__html > div {\r\n\t\t\t\tbackground:rgba( 32 , 32 , 32 , 0.7);\r\n\t\t\t\tcolor:#FFFFFF;\r\n\t\t\t}\r\n\t\t\t#gallery-2.fastgallery.fotorama.fg_style2 .fotorama__thumb-border {\r\n\t\t\t\tborder-color:rgba( 32 , 32 , 32 , 0.7);\r\n\t\t\t}\r\n\t\t\t#gallery-2.fastgallery.fotorama.fg_style2 .fotorama__html > div {\r\n\t\t\t\tbackground:rgba( 32 , 32 , 32 , 0.7);\r\n\t\t\t\tcolor:#FFFFFF;\r\n\t\t\t}\r\n\t\t\t#gallery-2.fastgallery.fotorama.fg_style3 .fotorama__thumb-border {\r\n\t\t\t\tborder-color:rgba( 32 , 32 , 32 , 0.7);\r\n\t\t\t}\t\t\t\t\t\t\r\n\t\t\t#gallery-2.fastgallery.fotorama.fg_style3 .fotorama__html > div {\r\n\t\t\t\tcolor:#FFFFFF;\r\n\t\t\t}\r\n\t\t\t#gallery-2.fastgallery.fotorama.fg_style4 .fotorama__thumb-border {\r\n\t\t\t\tborder-color:rgba( 32 , 32 , 32 , 0.7);\r\n\t\t\t}\t\t\t\t\t\t\r\n\t\t\t#gallery-2.fastgallery.fotorama.fg_style4 .fotorama__html > div {\r\n\t\t\t\tcolor:#FFFFFF;\r\n\t\t\t}\r\n\t\t\t#gallery-2.fastgallery.fotorama.fg_style5 .fotorama__thumb-border {\r\n\t\t\t\tborder-color:rgba( 32 , 32 , 32 , 0.7);\r\n\t\t\t\tbackground:rgba( 32 , 32 , 32 , 0.7);\r\n\t\t\t}\t\t\t\t\t\t\r\n\t\t\t#gallery-2.fastgallery.fotorama.fg_style5 .fotorama__html > div {\r\n\t\t\t\tcolor:#FFFFFF;\r\n\t\t\t}\r\n\t\t\t#gallery-2.fastgallery.fotorama.fg_style6 .fotorama__thumb-border {\r\n\t\t\t\tborder-color:rgba( 32 , 32 , 32 , 0.7);\r\n\t\t\t\tbackground:rgba( 32 , 32 , 32 , 0.7);\r\n\t\t\t}\t\t\t\t\t\t\r\n\t\t\t#gallery-2.fastgallery.fotorama.fg_style6 .fotorama__html > div {\r\n\t\t\t\tcolor:#FFFFFF;\r\n\t\t\t}\r\n\t\t\t#gallery-2.fastgallery.fotorama.fg_style7 .fotorama__thumb-border {\r\n\t\t\t\tborder-color:rgba( 32 , 32 , 32 , 0.7);\r\n\t\t\t\tbackground:rgba( 32 , 32 , 32 , 0.7);\r\n\t\t\t}\t\t\t\t\t\t\r\n\t\t\t#gallery-2.fastgallery.fotorama.fg_style7 .fotorama__html > div {\r\n\t\t\t\tcolor:#FFFFFF;\r\n\t\t\t\tbackground:rgba( 32 , 32 , 32 , 0.7);\r\n\t\t\t}\r\n\t\t\t#gallery-2.fastgallery.fotorama.fg_style8 .fotorama__thumb-border {\r\n\t\t\t\tborder-color:rgba( 32 , 32 , 32 , 0.7);\r\n\t\t\t\tbackground:rgba( 32 , 32 , 32 , 0.7);\r\n\t\t\t}\t\t\t\t\t\t\r\n\t\t\t#gallery-2.fastgallery.fotorama.fg_style8 .fotorama__html > div {\r\n\t\t\t\tcolor:#FFFFFF;\r\n\t\t\t\tbackground:rgba( 32 , 32 , 32 , 0.7);\r\n\t\t\t}\r\n\t\t\t#gallery-2.fastgallery.fotorama.fg_style9 .fotorama__thumb-border {\r\n\t\t\t\tborder-color:rgba( 32 , 32 , 32 , 0.7);\r\n\t\t\t\tbackground:rgba( 32 , 32 , 32 , 0.7);\r\n\t\t\t}\t\t\t\t\t\t\r\n\t\t\t#gallery-2.fastgallery.fotorama.fg_style9 .fotorama__html > div {\r\n\t\t\t\tcolor:#FFFFFF;\r\n\t\t\t\tbackground:rgba( 32 , 32 , 32 , 0.7);\r\n\t\t\t}\r\n\t\t\t#gallery-2.fastgallery.fotorama.fg_style10 .fotorama__thumb-border {\r\n\t\t\t\tborder-color:rgba( 32 , 32 , 32 , 0.7);\r\n\t\t\t\tbackground:rgba( 32 , 32 , 32 , 0.7);\r\n\t\t\t}\t\t\t\t\t\t\r\n\t\t\t#gallery-2.fastgallery.fotorama.fg_style10 .fotorama__html > div {\r\n\t\t\t\tcolor:#FFFFFF;\r\n\t\t\t\tbackground:rgba( 32 , 32 , 32 , 0.7);\r\n\t\t\t}\r\n\t\t\t\/* THUMBS ONE ON *\/\r\n\t\t\t#gallery-2.fastgallery.fg_thumbs_one .fg-gallery-item {\r\n\t\t\t\tdisplay:none;\r\n\t\t\t}\r\n\t\t\t#gallery-2.fastgallery.fg_thumbs_one .fg-gallery-item:first-child {\r\n\t\t\t\tdisplay:block;\r\n\t\t\t}\r\n\t\t\t#gallery-2.fastgallery.fg_thumbs_one {\r\n\t\t\t\twidth:auto!important;\r\n\t\t\t}\r\n\t\t\/* see gallery_shortcode() in wp-includes\/media.php *\/\r\n\t\t<\/style>\n\t\t<script type=\"text\/javascript\">\r\n\t\t\tjQuery(function($){\r\n  \t\t\t\t$('#gallery-2 .fg_magnificPopup').magnificPopup({\r\n\t\t  \t\t\ttype: 'image',\t\t\t\t\t\r\n\t\t  \t\t\tgallery:{\r\n\t\t\t\t\t\tenabled:true\r\n  \t\t\t\t\t}\r\n\t\t\t\t\t});\r\n\t\t\t});\t\t\r\n\t\t<\/script>\n\t\t<div id='gallery-2' class='gallery galleryid-1743 gallery-columns-1 gallery-size-large fastgallery brick-masonry fg_responsive fg_style2 fg_thumbs_one_off fg_over_image_off'><div class='fg-gallery-item'>\r\n\t\t<div class='gallery-icon landscape '>\r\n\t\t<div class='fg_zoom'><img loading=\"lazy\" decoding=\"async\" width=\"660\" height=\"492\" src=\"https:\/\/www.zen-malerei.de\/wp-content\/uploads\/2024\/11\/05_Malaktion2024-1024x763.jpg\" class=\"attachment-large size-large\" alt=\"\" srcset=\"https:\/\/www.zen-malerei.de\/wp-content\/uploads\/2024\/11\/05_Malaktion2024-1024x763.jpg 1024w, https:\/\/www.zen-malerei.de\/wp-content\/uploads\/2024\/11\/05_Malaktion2024-300x224.jpg 300w, https:\/\/www.zen-malerei.de\/wp-content\/uploads\/2024\/11\/05_Malaktion2024-768x573.jpg 768w, https:\/\/www.zen-malerei.de\/wp-content\/uploads\/2024\/11\/05_Malaktion2024-1536x1145.jpg 1536w, https:\/\/www.zen-malerei.de\/wp-content\/uploads\/2024\/11\/05_Malaktion2024-2048x1527.jpg 2048w, https:\/\/www.zen-malerei.de\/wp-content\/uploads\/2024\/11\/05_Malaktion2024-500x373.jpg 500w, https:\/\/www.zen-malerei.de\/wp-content\/uploads\/2024\/11\/05_Malaktion2024-1000x746.jpg 1000w\" sizes=\"auto, (max-width: 660px) 100vw, 660px\" \/><a href='https:\/\/www.zen-malerei.de\/wp-content\/uploads\/2024\/11\/05_Malaktion2024-1024x763.jpg' title=\"<b>Das strahlende Licht der Gottheit<\/b>\r\n<br\/>Gr\u00f6\u00dfe: 30x40cm<span class='BildPreis'><b>VERKAUFT<\/b><\/span>\r\n<br\/>\r\n<p>&nbsp;<\/p>\" data-rel='prettyPhoto[album]' class='fg_magnificPopup'><span class='fg-zoom-icon icon-plus'><\/span><span style='display:none'><img loading=\"lazy\" decoding=\"async\" width=\"660\" height=\"492\" src=\"https:\/\/www.zen-malerei.de\/wp-content\/uploads\/2024\/11\/05_Malaktion2024-1024x763.jpg\" class=\"attachment-large size-large\" alt=\"\" srcset=\"https:\/\/www.zen-malerei.de\/wp-content\/uploads\/2024\/11\/05_Malaktion2024-1024x763.jpg 1024w, https:\/\/www.zen-malerei.de\/wp-content\/uploads\/2024\/11\/05_Malaktion2024-300x224.jpg 300w, https:\/\/www.zen-malerei.de\/wp-content\/uploads\/2024\/11\/05_Malaktion2024-768x573.jpg 768w, https:\/\/www.zen-malerei.de\/wp-content\/uploads\/2024\/11\/05_Malaktion2024-1536x1145.jpg 1536w, https:\/\/www.zen-malerei.de\/wp-content\/uploads\/2024\/11\/05_Malaktion2024-2048x1527.jpg 2048w, https:\/\/www.zen-malerei.de\/wp-content\/uploads\/2024\/11\/05_Malaktion2024-500x373.jpg 500w, https:\/\/www.zen-malerei.de\/wp-content\/uploads\/2024\/11\/05_Malaktion2024-1000x746.jpg 1000w\" sizes=\"auto, (max-width: 660px) 100vw, 660px\" \/><\/span><\/a><\/div>\r\n\t\r\n\t\t\r\n\t\t<div class='fg-wp-caption-text fg-gallery-caption'><div class='caption-container'>\r\n\t\t<b>Das strahlende Licht der Gottheit<\/b>\r\n<br\/>Gr\u00f6\u00dfe: 30x40cm<span class='BildPreis'><b>VERKAUFT<\/b><\/span>\r\n<br\/>\r\n<p>&nbsp;<\/p>\r\n\t\t<\/div><\/div><\/div><\/div><div class='fg-gallery-item'>\r\n\t\t<div class='gallery-icon landscape '>\r\n\t\t<div class='fg_zoom'><img loading=\"lazy\" decoding=\"async\" width=\"660\" height=\"490\" src=\"https:\/\/www.zen-malerei.de\/wp-content\/uploads\/2024\/11\/06_Malaktion2024-1024x760.jpg\" class=\"attachment-large size-large\" alt=\"\" srcset=\"https:\/\/www.zen-malerei.de\/wp-content\/uploads\/2024\/11\/06_Malaktion2024-1024x760.jpg 1024w, https:\/\/www.zen-malerei.de\/wp-content\/uploads\/2024\/11\/06_Malaktion2024-300x223.jpg 300w, https:\/\/www.zen-malerei.de\/wp-content\/uploads\/2024\/11\/06_Malaktion2024-768x570.jpg 768w, https:\/\/www.zen-malerei.de\/wp-content\/uploads\/2024\/11\/06_Malaktion2024-1536x1140.jpg 1536w, https:\/\/www.zen-malerei.de\/wp-content\/uploads\/2024\/11\/06_Malaktion2024-500x371.jpg 500w, https:\/\/www.zen-malerei.de\/wp-content\/uploads\/2024\/11\/06_Malaktion2024-1000x742.jpg 1000w, https:\/\/www.zen-malerei.de\/wp-content\/uploads\/2024\/11\/06_Malaktion2024.jpg 1600w\" sizes=\"auto, (max-width: 660px) 100vw, 660px\" \/><a href='https:\/\/www.zen-malerei.de\/wp-content\/uploads\/2024\/11\/06_Malaktion2024-1024x760.jpg' title=\"<b>Der Aufgang des inneren Lichtes<\/b>\r\n<br\/>Gr\u00f6\u00dfe: 36x48cm<span class='BildPreis'>1.200 \u20ac<\/span>\r\n<br\/>\r\n<p>&nbsp;<\/p>\" data-rel='prettyPhoto[album]' class='fg_magnificPopup'><span class='fg-zoom-icon icon-plus'><\/span><span style='display:none'><img loading=\"lazy\" decoding=\"async\" width=\"660\" height=\"490\" src=\"https:\/\/www.zen-malerei.de\/wp-content\/uploads\/2024\/11\/06_Malaktion2024-1024x760.jpg\" class=\"attachment-large size-large\" alt=\"\" srcset=\"https:\/\/www.zen-malerei.de\/wp-content\/uploads\/2024\/11\/06_Malaktion2024-1024x760.jpg 1024w, https:\/\/www.zen-malerei.de\/wp-content\/uploads\/2024\/11\/06_Malaktion2024-300x223.jpg 300w, https:\/\/www.zen-malerei.de\/wp-content\/uploads\/2024\/11\/06_Malaktion2024-768x570.jpg 768w, https:\/\/www.zen-malerei.de\/wp-content\/uploads\/2024\/11\/06_Malaktion2024-1536x1140.jpg 1536w, https:\/\/www.zen-malerei.de\/wp-content\/uploads\/2024\/11\/06_Malaktion2024-500x371.jpg 500w, https:\/\/www.zen-malerei.de\/wp-content\/uploads\/2024\/11\/06_Malaktion2024-1000x742.jpg 1000w, https:\/\/www.zen-malerei.de\/wp-content\/uploads\/2024\/11\/06_Malaktion2024.jpg 1600w\" sizes=\"auto, (max-width: 660px) 100vw, 660px\" \/><\/span><\/a><\/div>\r\n\t\r\n\t\t\r\n\t\t<div class='fg-wp-caption-text fg-gallery-caption'><div class='caption-container'>\r\n\t\t<b>Der Aufgang des inneren Lichtes<\/b>\r\n<br\/>Gr\u00f6\u00dfe: 36x48cm<span class='BildPreis'>1.200 \u20ac<\/span>\r\n<br\/>\r\n<p>&nbsp;<\/p>\r\n\t\t<\/div><\/div><\/div><\/div><div class='fg-gallery-item'>\r\n\t\t<div class='gallery-icon landscape '>\r\n\t\t<div class='fg_zoom'><img loading=\"lazy\" decoding=\"async\" width=\"660\" height=\"490\" src=\"https:\/\/www.zen-malerei.de\/wp-content\/uploads\/2024\/11\/08_Malaktion2024-1024x760.jpg\" class=\"attachment-large size-large\" alt=\"\" srcset=\"https:\/\/www.zen-malerei.de\/wp-content\/uploads\/2024\/11\/08_Malaktion2024-1024x760.jpg 1024w, https:\/\/www.zen-malerei.de\/wp-content\/uploads\/2024\/11\/08_Malaktion2024-300x223.jpg 300w, https:\/\/www.zen-malerei.de\/wp-content\/uploads\/2024\/11\/08_Malaktion2024-768x570.jpg 768w, https:\/\/www.zen-malerei.de\/wp-content\/uploads\/2024\/11\/08_Malaktion2024-1536x1140.jpg 1536w, https:\/\/www.zen-malerei.de\/wp-content\/uploads\/2024\/11\/08_Malaktion2024-500x371.jpg 500w, https:\/\/www.zen-malerei.de\/wp-content\/uploads\/2024\/11\/08_Malaktion2024-1000x743.jpg 1000w, https:\/\/www.zen-malerei.de\/wp-content\/uploads\/2024\/11\/08_Malaktion2024.jpg 1600w\" sizes=\"auto, (max-width: 660px) 100vw, 660px\" \/><a href='https:\/\/www.zen-malerei.de\/wp-content\/uploads\/2024\/11\/08_Malaktion2024-1024x760.jpg' title=\"<b>Mystische Verz\u00fcckung<\/b>\r\n<br\/>Gr\u00f6\u00dfe: 30x40cm<span class='BildPreis'>800 \u20ac<\/span>\r\n<br\/>\r\n<p>&nbsp;<\/p>\" data-rel='prettyPhoto[album]' class='fg_magnificPopup'><span class='fg-zoom-icon icon-plus'><\/span><span style='display:none'><img loading=\"lazy\" decoding=\"async\" width=\"660\" height=\"490\" src=\"https:\/\/www.zen-malerei.de\/wp-content\/uploads\/2024\/11\/08_Malaktion2024-1024x760.jpg\" class=\"attachment-large size-large\" alt=\"\" srcset=\"https:\/\/www.zen-malerei.de\/wp-content\/uploads\/2024\/11\/08_Malaktion2024-1024x760.jpg 1024w, https:\/\/www.zen-malerei.de\/wp-content\/uploads\/2024\/11\/08_Malaktion2024-300x223.jpg 300w, https:\/\/www.zen-malerei.de\/wp-content\/uploads\/2024\/11\/08_Malaktion2024-768x570.jpg 768w, https:\/\/www.zen-malerei.de\/wp-content\/uploads\/2024\/11\/08_Malaktion2024-1536x1140.jpg 1536w, https:\/\/www.zen-malerei.de\/wp-content\/uploads\/2024\/11\/08_Malaktion2024-500x371.jpg 500w, https:\/\/www.zen-malerei.de\/wp-content\/uploads\/2024\/11\/08_Malaktion2024-1000x743.jpg 1000w, https:\/\/www.zen-malerei.de\/wp-content\/uploads\/2024\/11\/08_Malaktion2024.jpg 1600w\" sizes=\"auto, (max-width: 660px) 100vw, 660px\" \/><\/span><\/a><\/div>\r\n\t\r\n\t\t\r\n\t\t<div class='fg-wp-caption-text fg-gallery-caption'><div class='caption-container'>\r\n\t\t<b>Mystische Verz\u00fcckung<\/b>\r\n<br\/>Gr\u00f6\u00dfe: 30x40cm<span class='BildPreis'>800 \u20ac<\/span>\r\n<br\/>\r\n<p>&nbsp;<\/p>\r\n\t\t<\/div><\/div><\/div><\/div><div class='fg-gallery-item'>\r\n\t\t<div class='gallery-icon landscape '>\r\n\t\t<div class='fg_zoom'><img loading=\"lazy\" decoding=\"async\" width=\"660\" height=\"494\" src=\"https:\/\/www.zen-malerei.de\/wp-content\/uploads\/2024\/11\/11_Malaktion2024-1024x767.jpg\" class=\"attachment-large size-large\" alt=\"\" srcset=\"https:\/\/www.zen-malerei.de\/wp-content\/uploads\/2024\/11\/11_Malaktion2024-1024x767.jpg 1024w, https:\/\/www.zen-malerei.de\/wp-content\/uploads\/2024\/11\/11_Malaktion2024-300x225.jpg 300w, https:\/\/www.zen-malerei.de\/wp-content\/uploads\/2024\/11\/11_Malaktion2024-768x575.jpg 768w, https:\/\/www.zen-malerei.de\/wp-content\/uploads\/2024\/11\/11_Malaktion2024-1536x1150.jpg 1536w, https:\/\/www.zen-malerei.de\/wp-content\/uploads\/2024\/11\/11_Malaktion2024-500x374.jpg 500w, https:\/\/www.zen-malerei.de\/wp-content\/uploads\/2024\/11\/11_Malaktion2024-1000x749.jpg 1000w, https:\/\/www.zen-malerei.de\/wp-content\/uploads\/2024\/11\/11_Malaktion2024.jpg 1600w\" sizes=\"auto, (max-width: 660px) 100vw, 660px\" \/><a href='https:\/\/www.zen-malerei.de\/wp-content\/uploads\/2024\/11\/11_Malaktion2024-1024x767.jpg' title=\"<b>Vollkommene Hingabe<\/b>\r\n<br\/>Gr\u00f6\u00dfe: 36x48cm<span class='BildPreis'>1.400 \u20ac<\/span>\r\n<br\/>\r\n<p>&nbsp;<\/p>\" data-rel='prettyPhoto[album]' class='fg_magnificPopup'><span class='fg-zoom-icon icon-plus'><\/span><span style='display:none'><img loading=\"lazy\" decoding=\"async\" width=\"660\" height=\"494\" src=\"https:\/\/www.zen-malerei.de\/wp-content\/uploads\/2024\/11\/11_Malaktion2024-1024x767.jpg\" class=\"attachment-large size-large\" alt=\"\" srcset=\"https:\/\/www.zen-malerei.de\/wp-content\/uploads\/2024\/11\/11_Malaktion2024-1024x767.jpg 1024w, https:\/\/www.zen-malerei.de\/wp-content\/uploads\/2024\/11\/11_Malaktion2024-300x225.jpg 300w, https:\/\/www.zen-malerei.de\/wp-content\/uploads\/2024\/11\/11_Malaktion2024-768x575.jpg 768w, https:\/\/www.zen-malerei.de\/wp-content\/uploads\/2024\/11\/11_Malaktion2024-1536x1150.jpg 1536w, https:\/\/www.zen-malerei.de\/wp-content\/uploads\/2024\/11\/11_Malaktion2024-500x374.jpg 500w, https:\/\/www.zen-malerei.de\/wp-content\/uploads\/2024\/11\/11_Malaktion2024-1000x749.jpg 1000w, https:\/\/www.zen-malerei.de\/wp-content\/uploads\/2024\/11\/11_Malaktion2024.jpg 1600w\" sizes=\"auto, (max-width: 660px) 100vw, 660px\" \/><\/span><\/a><\/div>\r\n\t\r\n\t\t\r\n\t\t<div class='fg-wp-caption-text fg-gallery-caption'><div class='caption-container'>\r\n\t\t<b>Vollkommene Hingabe<\/b>\r\n<br\/>Gr\u00f6\u00dfe: 36x48cm<span class='BildPreis'>1.400 \u20ac<\/span>\r\n<br\/>\r\n<p>&nbsp;<\/p>\r\n\t\t<\/div><\/div><\/div><\/div><div class='fg-gallery-item'>\r\n\t\t<div class='gallery-icon landscape '>\r\n\t\t<div class='fg_zoom'><img loading=\"lazy\" decoding=\"async\" width=\"660\" height=\"489\" src=\"https:\/\/www.zen-malerei.de\/wp-content\/uploads\/2024\/11\/12_Malaktion2024-1024x759.jpg\" class=\"attachment-large size-large\" alt=\"\" srcset=\"https:\/\/www.zen-malerei.de\/wp-content\/uploads\/2024\/11\/12_Malaktion2024-1024x759.jpg 1024w, https:\/\/www.zen-malerei.de\/wp-content\/uploads\/2024\/11\/12_Malaktion2024-300x222.jpg 300w, https:\/\/www.zen-malerei.de\/wp-content\/uploads\/2024\/11\/12_Malaktion2024-768x569.jpg 768w, https:\/\/www.zen-malerei.de\/wp-content\/uploads\/2024\/11\/12_Malaktion2024-1536x1139.jpg 1536w, https:\/\/www.zen-malerei.de\/wp-content\/uploads\/2024\/11\/12_Malaktion2024-500x371.jpg 500w, https:\/\/www.zen-malerei.de\/wp-content\/uploads\/2024\/11\/12_Malaktion2024-1000x741.jpg 1000w, https:\/\/www.zen-malerei.de\/wp-content\/uploads\/2024\/11\/12_Malaktion2024.jpg 1600w\" sizes=\"auto, (max-width: 660px) 100vw, 660px\" \/><a href='https:\/\/www.zen-malerei.de\/wp-content\/uploads\/2024\/11\/12_Malaktion2024-1024x759.jpg' title=\"<b>Das Wirken der g\u00f6ttlichen Gnade<\/b>\r\n<br\/>Gr\u00f6\u00dfe: 30x40cm<span class='BildPreis'>1.200 \u20ac<\/span>\r\n<br\/>\r\n<p>&nbsp;<\/p>\" data-rel='prettyPhoto[album]' class='fg_magnificPopup'><span class='fg-zoom-icon icon-plus'><\/span><span style='display:none'><img loading=\"lazy\" decoding=\"async\" width=\"660\" height=\"489\" src=\"https:\/\/www.zen-malerei.de\/wp-content\/uploads\/2024\/11\/12_Malaktion2024-1024x759.jpg\" class=\"attachment-large size-large\" alt=\"\" srcset=\"https:\/\/www.zen-malerei.de\/wp-content\/uploads\/2024\/11\/12_Malaktion2024-1024x759.jpg 1024w, https:\/\/www.zen-malerei.de\/wp-content\/uploads\/2024\/11\/12_Malaktion2024-300x222.jpg 300w, https:\/\/www.zen-malerei.de\/wp-content\/uploads\/2024\/11\/12_Malaktion2024-768x569.jpg 768w, https:\/\/www.zen-malerei.de\/wp-content\/uploads\/2024\/11\/12_Malaktion2024-1536x1139.jpg 1536w, https:\/\/www.zen-malerei.de\/wp-content\/uploads\/2024\/11\/12_Malaktion2024-500x371.jpg 500w, https:\/\/www.zen-malerei.de\/wp-content\/uploads\/2024\/11\/12_Malaktion2024-1000x741.jpg 1000w, https:\/\/www.zen-malerei.de\/wp-content\/uploads\/2024\/11\/12_Malaktion2024.jpg 1600w\" sizes=\"auto, (max-width: 660px) 100vw, 660px\" \/><\/span><\/a><\/div>\r\n\t\r\n\t\t\r\n\t\t<div class='fg-wp-caption-text fg-gallery-caption'><div class='caption-container'>\r\n\t\t<b>Das Wirken der g\u00f6ttlichen Gnade<\/b>\r\n<br\/>Gr\u00f6\u00dfe: 30x40cm<span class='BildPreis'>1.200 \u20ac<\/span>\r\n<br\/>\r\n<p>&nbsp;<\/p>\r\n\t\t<\/div><\/div><\/div><\/div><div class='fg-gallery-item'>\r\n\t\t<div class='gallery-icon landscape '>\r\n\t\t<div class='fg_zoom'><img loading=\"lazy\" decoding=\"async\" width=\"660\" height=\"487\" src=\"https:\/\/www.zen-malerei.de\/wp-content\/uploads\/2024\/11\/14_Malaktion2024-1024x755.jpg\" class=\"attachment-large size-large\" alt=\"\" srcset=\"https:\/\/www.zen-malerei.de\/wp-content\/uploads\/2024\/11\/14_Malaktion2024-1024x755.jpg 1024w, https:\/\/www.zen-malerei.de\/wp-content\/uploads\/2024\/11\/14_Malaktion2024-300x221.jpg 300w, https:\/\/www.zen-malerei.de\/wp-content\/uploads\/2024\/11\/14_Malaktion2024-768x566.jpg 768w, https:\/\/www.zen-malerei.de\/wp-content\/uploads\/2024\/11\/14_Malaktion2024-1536x1132.jpg 1536w, https:\/\/www.zen-malerei.de\/wp-content\/uploads\/2024\/11\/14_Malaktion2024-500x368.jpg 500w, https:\/\/www.zen-malerei.de\/wp-content\/uploads\/2024\/11\/14_Malaktion2024-1000x737.jpg 1000w, https:\/\/www.zen-malerei.de\/wp-content\/uploads\/2024\/11\/14_Malaktion2024.jpg 1600w\" sizes=\"auto, (max-width: 660px) 100vw, 660px\" \/><a href='https:\/\/www.zen-malerei.de\/wp-content\/uploads\/2024\/11\/14_Malaktion2024-1024x755.jpg' title=\"<b>Auferstehung zum ewigen Leben<\/b>\r\n<br\/>Gr\u00f6\u00dfe: 30x40cm<span class='BildPreis'>850 \u20ac<\/span>\r\n<br\/>\r\n<p>&nbsp;<\/p>\" data-rel='prettyPhoto[album]' class='fg_magnificPopup'><span class='fg-zoom-icon icon-plus'><\/span><span style='display:none'><img loading=\"lazy\" decoding=\"async\" width=\"660\" height=\"487\" src=\"https:\/\/www.zen-malerei.de\/wp-content\/uploads\/2024\/11\/14_Malaktion2024-1024x755.jpg\" class=\"attachment-large size-large\" alt=\"\" srcset=\"https:\/\/www.zen-malerei.de\/wp-content\/uploads\/2024\/11\/14_Malaktion2024-1024x755.jpg 1024w, https:\/\/www.zen-malerei.de\/wp-content\/uploads\/2024\/11\/14_Malaktion2024-300x221.jpg 300w, https:\/\/www.zen-malerei.de\/wp-content\/uploads\/2024\/11\/14_Malaktion2024-768x566.jpg 768w, https:\/\/www.zen-malerei.de\/wp-content\/uploads\/2024\/11\/14_Malaktion2024-1536x1132.jpg 1536w, https:\/\/www.zen-malerei.de\/wp-content\/uploads\/2024\/11\/14_Malaktion2024-500x368.jpg 500w, https:\/\/www.zen-malerei.de\/wp-content\/uploads\/2024\/11\/14_Malaktion2024-1000x737.jpg 1000w, https:\/\/www.zen-malerei.de\/wp-content\/uploads\/2024\/11\/14_Malaktion2024.jpg 1600w\" sizes=\"auto, (max-width: 660px) 100vw, 660px\" \/><\/span><\/a><\/div>\r\n\t\r\n\t\t\r\n\t\t<div class='fg-wp-caption-text fg-gallery-caption'><div class='caption-container'>\r\n\t\t<b>Auferstehung zum ewigen Leben<\/b>\r\n<br\/>Gr\u00f6\u00dfe: 30x40cm<span class='BildPreis'>850 \u20ac<\/span>\r\n<br\/>\r\n<p>&nbsp;<\/p>\r\n\t\t<\/div><\/div><\/div><\/div><div class='fg-gallery-item'>\r\n\t\t<div class='gallery-icon landscape '>\r\n\t\t<div class='fg_zoom'><img loading=\"lazy\" decoding=\"async\" width=\"660\" height=\"498\" src=\"https:\/\/www.zen-malerei.de\/wp-content\/uploads\/2024\/11\/16_Malaktion2024-1024x773.jpg\" class=\"attachment-large size-large\" alt=\"\" srcset=\"https:\/\/www.zen-malerei.de\/wp-content\/uploads\/2024\/11\/16_Malaktion2024-1024x773.jpg 1024w, https:\/\/www.zen-malerei.de\/wp-content\/uploads\/2024\/11\/16_Malaktion2024-300x227.jpg 300w, https:\/\/www.zen-malerei.de\/wp-content\/uploads\/2024\/11\/16_Malaktion2024-768x580.jpg 768w, https:\/\/www.zen-malerei.de\/wp-content\/uploads\/2024\/11\/16_Malaktion2024-1536x1160.jpg 1536w, https:\/\/www.zen-malerei.de\/wp-content\/uploads\/2024\/11\/16_Malaktion2024-500x378.jpg 500w, https:\/\/www.zen-malerei.de\/wp-content\/uploads\/2024\/11\/16_Malaktion2024-1000x755.jpg 1000w, https:\/\/www.zen-malerei.de\/wp-content\/uploads\/2024\/11\/16_Malaktion2024.jpg 1600w\" sizes=\"auto, (max-width: 660px) 100vw, 660px\" \/><a href='https:\/\/www.zen-malerei.de\/wp-content\/uploads\/2024\/11\/16_Malaktion2024-1024x773.jpg' title=\"<b>Der Weg zur Befreiung<\/b>\r\n<br\/>Gr\u00f6\u00dfe: 30x40cm<span class='BildPreis'>850 \u20ac<\/span>\r\n<br\/>\r\n<p>&nbsp;<\/p>\" data-rel='prettyPhoto[album]' class='fg_magnificPopup'><span class='fg-zoom-icon icon-plus'><\/span><span style='display:none'><img loading=\"lazy\" decoding=\"async\" width=\"660\" height=\"498\" src=\"https:\/\/www.zen-malerei.de\/wp-content\/uploads\/2024\/11\/16_Malaktion2024-1024x773.jpg\" class=\"attachment-large size-large\" alt=\"\" srcset=\"https:\/\/www.zen-malerei.de\/wp-content\/uploads\/2024\/11\/16_Malaktion2024-1024x773.jpg 1024w, https:\/\/www.zen-malerei.de\/wp-content\/uploads\/2024\/11\/16_Malaktion2024-300x227.jpg 300w, https:\/\/www.zen-malerei.de\/wp-content\/uploads\/2024\/11\/16_Malaktion2024-768x580.jpg 768w, https:\/\/www.zen-malerei.de\/wp-content\/uploads\/2024\/11\/16_Malaktion2024-1536x1160.jpg 1536w, https:\/\/www.zen-malerei.de\/wp-content\/uploads\/2024\/11\/16_Malaktion2024-500x378.jpg 500w, https:\/\/www.zen-malerei.de\/wp-content\/uploads\/2024\/11\/16_Malaktion2024-1000x755.jpg 1000w, https:\/\/www.zen-malerei.de\/wp-content\/uploads\/2024\/11\/16_Malaktion2024.jpg 1600w\" sizes=\"auto, (max-width: 660px) 100vw, 660px\" \/><\/span><\/a><\/div>\r\n\t\r\n\t\t\r\n\t\t<div class='fg-wp-caption-text fg-gallery-caption'><div class='caption-container'>\r\n\t\t<b>Der Weg zur Befreiung<\/b>\r\n<br\/>Gr\u00f6\u00dfe: 30x40cm<span class='BildPreis'>850 \u20ac<\/span>\r\n<br\/>\r\n<p>&nbsp;<\/p>\r\n\t\t<\/div><\/div><\/div><\/div><div class='fg-gallery-item'>\r\n\t\t<div class='gallery-icon landscape '>\r\n\t\t<div class='fg_zoom'><img loading=\"lazy\" decoding=\"async\" width=\"660\" height=\"490\" src=\"https:\/\/www.zen-malerei.de\/wp-content\/uploads\/2024\/11\/17_Malaktion2024-1024x761.jpg\" class=\"attachment-large size-large\" alt=\"\" srcset=\"https:\/\/www.zen-malerei.de\/wp-content\/uploads\/2024\/11\/17_Malaktion2024-1024x761.jpg 1024w, https:\/\/www.zen-malerei.de\/wp-content\/uploads\/2024\/11\/17_Malaktion2024-300x223.jpg 300w, https:\/\/www.zen-malerei.de\/wp-content\/uploads\/2024\/11\/17_Malaktion2024-768x571.jpg 768w, https:\/\/www.zen-malerei.de\/wp-content\/uploads\/2024\/11\/17_Malaktion2024-1536x1141.jpg 1536w, https:\/\/www.zen-malerei.de\/wp-content\/uploads\/2024\/11\/17_Malaktion2024-500x372.jpg 500w, https:\/\/www.zen-malerei.de\/wp-content\/uploads\/2024\/11\/17_Malaktion2024-1000x743.jpg 1000w, https:\/\/www.zen-malerei.de\/wp-content\/uploads\/2024\/11\/17_Malaktion2024.jpg 1600w\" sizes=\"auto, (max-width: 660px) 100vw, 660px\" \/><a href='https:\/\/www.zen-malerei.de\/wp-content\/uploads\/2024\/11\/17_Malaktion2024-1024x761.jpg' title=\"<b>G\u00f6ttliche Segnung<\/b>\r\n<br\/>Gr\u00f6\u00dfe: 36x48cm<span class='BildPreis'>1.400 \u20ac<\/span>\r\n<br\/>\r\n<p>&nbsp;<\/p>\" data-rel='prettyPhoto[album]' class='fg_magnificPopup'><span class='fg-zoom-icon icon-plus'><\/span><span style='display:none'><img loading=\"lazy\" decoding=\"async\" width=\"660\" height=\"490\" src=\"https:\/\/www.zen-malerei.de\/wp-content\/uploads\/2024\/11\/17_Malaktion2024-1024x761.jpg\" class=\"attachment-large size-large\" alt=\"\" srcset=\"https:\/\/www.zen-malerei.de\/wp-content\/uploads\/2024\/11\/17_Malaktion2024-1024x761.jpg 1024w, https:\/\/www.zen-malerei.de\/wp-content\/uploads\/2024\/11\/17_Malaktion2024-300x223.jpg 300w, https:\/\/www.zen-malerei.de\/wp-content\/uploads\/2024\/11\/17_Malaktion2024-768x571.jpg 768w, https:\/\/www.zen-malerei.de\/wp-content\/uploads\/2024\/11\/17_Malaktion2024-1536x1141.jpg 1536w, https:\/\/www.zen-malerei.de\/wp-content\/uploads\/2024\/11\/17_Malaktion2024-500x372.jpg 500w, https:\/\/www.zen-malerei.de\/wp-content\/uploads\/2024\/11\/17_Malaktion2024-1000x743.jpg 1000w, https:\/\/www.zen-malerei.de\/wp-content\/uploads\/2024\/11\/17_Malaktion2024.jpg 1600w\" sizes=\"auto, (max-width: 660px) 100vw, 660px\" \/><\/span><\/a><\/div>\r\n\t\r\n\t\t\r\n\t\t<div class='fg-wp-caption-text fg-gallery-caption'><div class='caption-container'>\r\n\t\t<b>G\u00f6ttliche Segnung<\/b>\r\n<br\/>Gr\u00f6\u00dfe: 36x48cm<span class='BildPreis'>1.400 \u20ac<\/span>\r\n<br\/>\r\n<p>&nbsp;<\/p>\r\n\t\t<\/div><\/div><\/div><\/div><div class='fg-gallery-item'>\r\n\t\t<div class='gallery-icon landscape '>\r\n\t\t<div class='fg_zoom'><img loading=\"lazy\" decoding=\"async\" width=\"660\" height=\"496\" src=\"https:\/\/www.zen-malerei.de\/wp-content\/uploads\/2024\/11\/22_Malaktion2024-1024x769.jpg\" class=\"attachment-large size-large\" alt=\"\" srcset=\"https:\/\/www.zen-malerei.de\/wp-content\/uploads\/2024\/11\/22_Malaktion2024-1024x769.jpg 1024w, https:\/\/www.zen-malerei.de\/wp-content\/uploads\/2024\/11\/22_Malaktion2024-300x225.jpg 300w, https:\/\/www.zen-malerei.de\/wp-content\/uploads\/2024\/11\/22_Malaktion2024-768x577.jpg 768w, https:\/\/www.zen-malerei.de\/wp-content\/uploads\/2024\/11\/22_Malaktion2024-1536x1153.jpg 1536w, https:\/\/www.zen-malerei.de\/wp-content\/uploads\/2024\/11\/22_Malaktion2024-2048x1538.jpg 2048w, https:\/\/www.zen-malerei.de\/wp-content\/uploads\/2024\/11\/22_Malaktion2024-500x375.jpg 500w, https:\/\/www.zen-malerei.de\/wp-content\/uploads\/2024\/11\/22_Malaktion2024-1000x751.jpg 1000w\" sizes=\"auto, (max-width: 660px) 100vw, 660px\" \/><a href='https:\/\/www.zen-malerei.de\/wp-content\/uploads\/2024\/11\/22_Malaktion2024-1024x769.jpg' title=\"<b>Herz-Jesus Gebet<\/b>\r\n<br\/>Gr\u00f6\u00dfe: 30x40cm<span class='BildPreis'><b>VERKAUFT<\/b><\/span>\r\n<br\/>\r\n<p>&nbsp;<\/p>\" data-rel='prettyPhoto[album]' class='fg_magnificPopup'><span class='fg-zoom-icon icon-plus'><\/span><span style='display:none'><img loading=\"lazy\" decoding=\"async\" width=\"660\" height=\"496\" src=\"https:\/\/www.zen-malerei.de\/wp-content\/uploads\/2024\/11\/22_Malaktion2024-1024x769.jpg\" class=\"attachment-large size-large\" alt=\"\" srcset=\"https:\/\/www.zen-malerei.de\/wp-content\/uploads\/2024\/11\/22_Malaktion2024-1024x769.jpg 1024w, https:\/\/www.zen-malerei.de\/wp-content\/uploads\/2024\/11\/22_Malaktion2024-300x225.jpg 300w, https:\/\/www.zen-malerei.de\/wp-content\/uploads\/2024\/11\/22_Malaktion2024-768x577.jpg 768w, https:\/\/www.zen-malerei.de\/wp-content\/uploads\/2024\/11\/22_Malaktion2024-1536x1153.jpg 1536w, https:\/\/www.zen-malerei.de\/wp-content\/uploads\/2024\/11\/22_Malaktion2024-2048x1538.jpg 2048w, https:\/\/www.zen-malerei.de\/wp-content\/uploads\/2024\/11\/22_Malaktion2024-500x375.jpg 500w, https:\/\/www.zen-malerei.de\/wp-content\/uploads\/2024\/11\/22_Malaktion2024-1000x751.jpg 1000w\" sizes=\"auto, (max-width: 660px) 100vw, 660px\" \/><\/span><\/a><\/div>\r\n\t\r\n\t\t\r\n\t\t<div class='fg-wp-caption-text fg-gallery-caption'><div class='caption-container'>\r\n\t\t<b>Herz-Jesus Gebet<\/b>\r\n<br\/>Gr\u00f6\u00dfe: 30x40cm<span class='BildPreis'><b>VERKAUFT<\/b><\/span>\r\n<br\/>\r\n<p>&nbsp;<\/p>\r\n\t\t<\/div><\/div><\/div><\/div><div class='fg-gallery-item'>\r\n\t\t<div class='gallery-icon landscape '>\r\n\t\t<div class='fg_zoom'><img loading=\"lazy\" decoding=\"async\" width=\"660\" height=\"491\" src=\"https:\/\/www.zen-malerei.de\/wp-content\/uploads\/2024\/11\/23_Malaktion2024-1024x762.jpg\" class=\"attachment-large size-large\" alt=\"\" srcset=\"https:\/\/www.zen-malerei.de\/wp-content\/uploads\/2024\/11\/23_Malaktion2024-1024x762.jpg 1024w, https:\/\/www.zen-malerei.de\/wp-content\/uploads\/2024\/11\/23_Malaktion2024-300x223.jpg 300w, https:\/\/www.zen-malerei.de\/wp-content\/uploads\/2024\/11\/23_Malaktion2024-768x572.jpg 768w, https:\/\/www.zen-malerei.de\/wp-content\/uploads\/2024\/11\/23_Malaktion2024-1536x1144.jpg 1536w, https:\/\/www.zen-malerei.de\/wp-content\/uploads\/2024\/11\/23_Malaktion2024-2048x1525.jpg 2048w, https:\/\/www.zen-malerei.de\/wp-content\/uploads\/2024\/11\/23_Malaktion2024-500x372.jpg 500w, https:\/\/www.zen-malerei.de\/wp-content\/uploads\/2024\/11\/23_Malaktion2024-1000x745.jpg 1000w\" sizes=\"auto, (max-width: 660px) 100vw, 660px\" \/><a href='https:\/\/www.zen-malerei.de\/wp-content\/uploads\/2024\/11\/23_Malaktion2024-1024x762.jpg' title=\"<b>Kosmischer Christus<\/b>\r\n<br\/>Gr\u00f6\u00dfe: 30x40cm<span class='BildPreis'><b>VERKAUFT<\/b><\/span>\r\n<br\/>\r\n<p>&nbsp;<\/p>\" data-rel='prettyPhoto[album]' class='fg_magnificPopup'><span class='fg-zoom-icon icon-plus'><\/span><span style='display:none'><img loading=\"lazy\" decoding=\"async\" width=\"660\" height=\"491\" src=\"https:\/\/www.zen-malerei.de\/wp-content\/uploads\/2024\/11\/23_Malaktion2024-1024x762.jpg\" class=\"attachment-large size-large\" alt=\"\" srcset=\"https:\/\/www.zen-malerei.de\/wp-content\/uploads\/2024\/11\/23_Malaktion2024-1024x762.jpg 1024w, https:\/\/www.zen-malerei.de\/wp-content\/uploads\/2024\/11\/23_Malaktion2024-300x223.jpg 300w, https:\/\/www.zen-malerei.de\/wp-content\/uploads\/2024\/11\/23_Malaktion2024-768x572.jpg 768w, https:\/\/www.zen-malerei.de\/wp-content\/uploads\/2024\/11\/23_Malaktion2024-1536x1144.jpg 1536w, https:\/\/www.zen-malerei.de\/wp-content\/uploads\/2024\/11\/23_Malaktion2024-2048x1525.jpg 2048w, https:\/\/www.zen-malerei.de\/wp-content\/uploads\/2024\/11\/23_Malaktion2024-500x372.jpg 500w, https:\/\/www.zen-malerei.de\/wp-content\/uploads\/2024\/11\/23_Malaktion2024-1000x745.jpg 1000w\" sizes=\"auto, (max-width: 660px) 100vw, 660px\" \/><\/span><\/a><\/div>\r\n\t\r\n\t\t\r\n\t\t<div class='fg-wp-caption-text fg-gallery-caption'><div class='caption-container'>\r\n\t\t<b>Kosmischer Christus<\/b>\r\n<br\/>Gr\u00f6\u00dfe: 30x40cm<span class='BildPreis'><b>VERKAUFT<\/b><\/span>\r\n<br\/>\r\n<p>&nbsp;<\/p>\r\n\t\t<\/div><\/div><\/div><\/div><div class='fg-gallery-item'>\r\n\t\t<div class='gallery-icon landscape '>\r\n\t\t<div class='fg_zoom'><img loading=\"lazy\" decoding=\"async\" width=\"660\" height=\"519\" src=\"https:\/\/www.zen-malerei.de\/wp-content\/uploads\/2024\/11\/27_Malaktion2024-1024x806.jpg\" class=\"attachment-large size-large\" alt=\"\" srcset=\"https:\/\/www.zen-malerei.de\/wp-content\/uploads\/2024\/11\/27_Malaktion2024-1024x806.jpg 1024w, https:\/\/www.zen-malerei.de\/wp-content\/uploads\/2024\/11\/27_Malaktion2024-300x236.jpg 300w, https:\/\/www.zen-malerei.de\/wp-content\/uploads\/2024\/11\/27_Malaktion2024-768x604.jpg 768w, https:\/\/www.zen-malerei.de\/wp-content\/uploads\/2024\/11\/27_Malaktion2024-1536x1209.jpg 1536w, https:\/\/www.zen-malerei.de\/wp-content\/uploads\/2024\/11\/27_Malaktion2024-500x393.jpg 500w, https:\/\/www.zen-malerei.de\/wp-content\/uploads\/2024\/11\/27_Malaktion2024-1000x787.jpg 1000w, https:\/\/www.zen-malerei.de\/wp-content\/uploads\/2024\/11\/27_Malaktion2024.jpg 1600w\" sizes=\"auto, (max-width: 660px) 100vw, 660px\" \/><a href='https:\/\/www.zen-malerei.de\/wp-content\/uploads\/2024\/11\/27_Malaktion2024-1024x806.jpg' title=\"<b>Mystische Versenkung<\/b>\r\n<br\/>Gr\u00f6\u00dfe: 30x40cm<span class='BildPreis'>500 \u20ac<\/span>\r\n<br\/>\r\n<p>&nbsp;<\/p>\" data-rel='prettyPhoto[album]' class='fg_magnificPopup'><span class='fg-zoom-icon icon-plus'><\/span><span style='display:none'><img loading=\"lazy\" decoding=\"async\" width=\"660\" height=\"519\" src=\"https:\/\/www.zen-malerei.de\/wp-content\/uploads\/2024\/11\/27_Malaktion2024-1024x806.jpg\" class=\"attachment-large size-large\" alt=\"\" srcset=\"https:\/\/www.zen-malerei.de\/wp-content\/uploads\/2024\/11\/27_Malaktion2024-1024x806.jpg 1024w, https:\/\/www.zen-malerei.de\/wp-content\/uploads\/2024\/11\/27_Malaktion2024-300x236.jpg 300w, https:\/\/www.zen-malerei.de\/wp-content\/uploads\/2024\/11\/27_Malaktion2024-768x604.jpg 768w, https:\/\/www.zen-malerei.de\/wp-content\/uploads\/2024\/11\/27_Malaktion2024-1536x1209.jpg 1536w, https:\/\/www.zen-malerei.de\/wp-content\/uploads\/2024\/11\/27_Malaktion2024-500x393.jpg 500w, https:\/\/www.zen-malerei.de\/wp-content\/uploads\/2024\/11\/27_Malaktion2024-1000x787.jpg 1000w, https:\/\/www.zen-malerei.de\/wp-content\/uploads\/2024\/11\/27_Malaktion2024.jpg 1600w\" sizes=\"auto, (max-width: 660px) 100vw, 660px\" \/><\/span><\/a><\/div>\r\n\t\r\n\t\t\r\n\t\t<div class='fg-wp-caption-text fg-gallery-caption'><div class='caption-container'>\r\n\t\t<b>Mystische Versenkung<\/b>\r\n<br\/>Gr\u00f6\u00dfe: 30x40cm<span class='BildPreis'>500 \u20ac<\/span>\r\n<br\/>\r\n<p>&nbsp;<\/p>\r\n\t\t<\/div><\/div><\/div><\/div><div class='fg-gallery-item'>\r\n\t\t<div class='gallery-icon landscape '>\r\n\t\t<div class='fg_zoom'><img loading=\"lazy\" decoding=\"async\" width=\"660\" height=\"487\" src=\"https:\/\/www.zen-malerei.de\/wp-content\/uploads\/2024\/11\/28_Malaktion2024-1024x756.jpg\" class=\"attachment-large size-large\" alt=\"\" srcset=\"https:\/\/www.zen-malerei.de\/wp-content\/uploads\/2024\/11\/28_Malaktion2024-1024x756.jpg 1024w, https:\/\/www.zen-malerei.de\/wp-content\/uploads\/2024\/11\/28_Malaktion2024-300x221.jpg 300w, https:\/\/www.zen-malerei.de\/wp-content\/uploads\/2024\/11\/28_Malaktion2024-768x567.jpg 768w, https:\/\/www.zen-malerei.de\/wp-content\/uploads\/2024\/11\/28_Malaktion2024-1536x1134.jpg 1536w, https:\/\/www.zen-malerei.de\/wp-content\/uploads\/2024\/11\/28_Malaktion2024-500x369.jpg 500w, https:\/\/www.zen-malerei.de\/wp-content\/uploads\/2024\/11\/28_Malaktion2024-1000x738.jpg 1000w, https:\/\/www.zen-malerei.de\/wp-content\/uploads\/2024\/11\/28_Malaktion2024.jpg 1600w\" sizes=\"auto, (max-width: 660px) 100vw, 660px\" \/><a href='https:\/\/www.zen-malerei.de\/wp-content\/uploads\/2024\/11\/28_Malaktion2024-1024x756.jpg' title=\"<b>Das flie\u00dfende Licht der Gottheit<\/b>\r\n<br\/>Gr\u00f6\u00dfe: 36x48cm<span class='BildPreis'>1.800 \u20ac<\/span>\r\n<br\/>\r\n<p>&nbsp;<\/p>\" data-rel='prettyPhoto[album]' class='fg_magnificPopup'><span class='fg-zoom-icon icon-plus'><\/span><span style='display:none'><img loading=\"lazy\" decoding=\"async\" width=\"660\" height=\"487\" src=\"https:\/\/www.zen-malerei.de\/wp-content\/uploads\/2024\/11\/28_Malaktion2024-1024x756.jpg\" class=\"attachment-large size-large\" alt=\"\" srcset=\"https:\/\/www.zen-malerei.de\/wp-content\/uploads\/2024\/11\/28_Malaktion2024-1024x756.jpg 1024w, https:\/\/www.zen-malerei.de\/wp-content\/uploads\/2024\/11\/28_Malaktion2024-300x221.jpg 300w, https:\/\/www.zen-malerei.de\/wp-content\/uploads\/2024\/11\/28_Malaktion2024-768x567.jpg 768w, https:\/\/www.zen-malerei.de\/wp-content\/uploads\/2024\/11\/28_Malaktion2024-1536x1134.jpg 1536w, https:\/\/www.zen-malerei.de\/wp-content\/uploads\/2024\/11\/28_Malaktion2024-500x369.jpg 500w, https:\/\/www.zen-malerei.de\/wp-content\/uploads\/2024\/11\/28_Malaktion2024-1000x738.jpg 1000w, https:\/\/www.zen-malerei.de\/wp-content\/uploads\/2024\/11\/28_Malaktion2024.jpg 1600w\" sizes=\"auto, (max-width: 660px) 100vw, 660px\" \/><\/span><\/a><\/div>\r\n\t\r\n\t\t\r\n\t\t<div class='fg-wp-caption-text fg-gallery-caption'><div class='caption-container'>\r\n\t\t<b>Das flie\u00dfende Licht der Gottheit<\/b>\r\n<br\/>Gr\u00f6\u00dfe: 36x48cm<span class='BildPreis'>1.800 \u20ac<\/span>\r\n<br\/>\r\n<p>&nbsp;<\/p>\r\n\t\t<\/div><\/div><\/div><\/div><div class='fg-gallery-item'>\r\n\t\t<div class='gallery-icon portrait '>\r\n\t\t<div class='fg_zoom'><img loading=\"lazy\" decoding=\"async\" width=\"660\" height=\"886\" src=\"https:\/\/www.zen-malerei.de\/wp-content\/uploads\/2024\/11\/M01_Malaktion2024-763x1024.jpg\" class=\"attachment-large size-large\" alt=\"\" srcset=\"https:\/\/www.zen-malerei.de\/wp-content\/uploads\/2024\/11\/M01_Malaktion2024-763x1024.jpg 763w, https:\/\/www.zen-malerei.de\/wp-content\/uploads\/2024\/11\/M01_Malaktion2024-224x300.jpg 224w, https:\/\/www.zen-malerei.de\/wp-content\/uploads\/2024\/11\/M01_Malaktion2024-768x1031.jpg 768w, https:\/\/www.zen-malerei.de\/wp-content\/uploads\/2024\/11\/M01_Malaktion2024-1144x1536.jpg 1144w, https:\/\/www.zen-malerei.de\/wp-content\/uploads\/2024\/11\/M01_Malaktion2024-500x671.jpg 500w, https:\/\/www.zen-malerei.de\/wp-content\/uploads\/2024\/11\/M01_Malaktion2024-1000x1342.jpg 1000w, https:\/\/www.zen-malerei.de\/wp-content\/uploads\/2024\/11\/M01_Malaktion2024.jpg 1192w\" sizes=\"auto, (max-width: 660px) 100vw, 660px\" \/><a href='https:\/\/www.zen-malerei.de\/wp-content\/uploads\/2024\/11\/M01_Malaktion2024-763x1024.jpg' title=\"<b>Freude<\/b>\r\n<br\/>Gr\u00f6\u00dfe: 24x32cm<span class='BildPreis'>700 \u20ac<\/span>\r\n<br\/>\r\n<p>&nbsp;<\/p>\" data-rel='prettyPhoto[album]' class='fg_magnificPopup'><span class='fg-zoom-icon icon-plus'><\/span><span style='display:none'><img loading=\"lazy\" decoding=\"async\" width=\"660\" height=\"886\" src=\"https:\/\/www.zen-malerei.de\/wp-content\/uploads\/2024\/11\/M01_Malaktion2024-763x1024.jpg\" class=\"attachment-large size-large\" alt=\"\" srcset=\"https:\/\/www.zen-malerei.de\/wp-content\/uploads\/2024\/11\/M01_Malaktion2024-763x1024.jpg 763w, https:\/\/www.zen-malerei.de\/wp-content\/uploads\/2024\/11\/M01_Malaktion2024-224x300.jpg 224w, https:\/\/www.zen-malerei.de\/wp-content\/uploads\/2024\/11\/M01_Malaktion2024-768x1031.jpg 768w, https:\/\/www.zen-malerei.de\/wp-content\/uploads\/2024\/11\/M01_Malaktion2024-1144x1536.jpg 1144w, https:\/\/www.zen-malerei.de\/wp-content\/uploads\/2024\/11\/M01_Malaktion2024-500x671.jpg 500w, https:\/\/www.zen-malerei.de\/wp-content\/uploads\/2024\/11\/M01_Malaktion2024-1000x1342.jpg 1000w, https:\/\/www.zen-malerei.de\/wp-content\/uploads\/2024\/11\/M01_Malaktion2024.jpg 1192w\" sizes=\"auto, (max-width: 660px) 100vw, 660px\" \/><\/span><\/a><\/div>\r\n\t\r\n\t\t\r\n\t\t<div class='fg-wp-caption-text fg-gallery-caption'><div class='caption-container'>\r\n\t\t<b>Freude<\/b>\r\n<br\/>Gr\u00f6\u00dfe: 24x32cm<span class='BildPreis'>700 \u20ac<\/span>\r\n<br\/>\r\n<p>&nbsp;<\/p>\r\n\t\t<\/div><\/div><\/div><\/div><div class='fg-gallery-item'>\r\n\t\t<div class='gallery-icon landscape '>\r\n\t\t<div class='fg_zoom'><img loading=\"lazy\" decoding=\"async\" width=\"660\" height=\"497\" src=\"https:\/\/www.zen-malerei.de\/wp-content\/uploads\/2023\/11\/2023-A021-1024x771.jpg\" class=\"attachment-large size-large\" alt=\"\" srcset=\"https:\/\/www.zen-malerei.de\/wp-content\/uploads\/2023\/11\/2023-A021-1024x771.jpg 1024w, https:\/\/www.zen-malerei.de\/wp-content\/uploads\/2023\/11\/2023-A021-300x226.jpg 300w, https:\/\/www.zen-malerei.de\/wp-content\/uploads\/2023\/11\/2023-A021-768x578.jpg 768w, https:\/\/www.zen-malerei.de\/wp-content\/uploads\/2023\/11\/2023-A021-1536x1156.jpg 1536w, https:\/\/www.zen-malerei.de\/wp-content\/uploads\/2023\/11\/2023-A021-500x376.jpg 500w, https:\/\/www.zen-malerei.de\/wp-content\/uploads\/2023\/11\/2023-A021-1000x753.jpg 1000w, https:\/\/www.zen-malerei.de\/wp-content\/uploads\/2023\/11\/2023-A021.jpg 1600w\" sizes=\"auto, (max-width: 660px) 100vw, 660px\" \/><a href='https:\/\/www.zen-malerei.de\/wp-content\/uploads\/2023\/11\/2023-A021-1024x771.jpg' title=\"<b>Herz-Jesus Mystik<\/b>\r\n<br\/>Gr\u00f6\u00dfe: 30x40cm<span class='BildPreis'>600 \u20ac<\/span>\r\n<br\/>\r\n<p>&nbsp;<\/p>\" data-rel='prettyPhoto[album]' class='fg_magnificPopup'><span class='fg-zoom-icon icon-plus'><\/span><span style='display:none'><img loading=\"lazy\" decoding=\"async\" width=\"660\" height=\"497\" src=\"https:\/\/www.zen-malerei.de\/wp-content\/uploads\/2023\/11\/2023-A021-1024x771.jpg\" class=\"attachment-large size-large\" alt=\"\" srcset=\"https:\/\/www.zen-malerei.de\/wp-content\/uploads\/2023\/11\/2023-A021-1024x771.jpg 1024w, https:\/\/www.zen-malerei.de\/wp-content\/uploads\/2023\/11\/2023-A021-300x226.jpg 300w, https:\/\/www.zen-malerei.de\/wp-content\/uploads\/2023\/11\/2023-A021-768x578.jpg 768w, https:\/\/www.zen-malerei.de\/wp-content\/uploads\/2023\/11\/2023-A021-1536x1156.jpg 1536w, https:\/\/www.zen-malerei.de\/wp-content\/uploads\/2023\/11\/2023-A021-500x376.jpg 500w, https:\/\/www.zen-malerei.de\/wp-content\/uploads\/2023\/11\/2023-A021-1000x753.jpg 1000w, https:\/\/www.zen-malerei.de\/wp-content\/uploads\/2023\/11\/2023-A021.jpg 1600w\" sizes=\"auto, (max-width: 660px) 100vw, 660px\" \/><\/span><\/a><\/div>\r\n\t\r\n\t\t\r\n\t\t<div class='fg-wp-caption-text fg-gallery-caption'><div class='caption-container'>\r\n\t\t<b>Herz-Jesus Mystik<\/b>\r\n<br\/>Gr\u00f6\u00dfe: 30x40cm<span class='BildPreis'>600 \u20ac<\/span>\r\n<br\/>\r\n<p>&nbsp;<\/p>\r\n\t\t<\/div><\/div><\/div><\/div><div class='fg-gallery-item'>\r\n\t\t<div class='gallery-icon landscape '>\r\n\t\t<div class='fg_zoom'><img loading=\"lazy\" decoding=\"async\" width=\"660\" height=\"497\" src=\"https:\/\/www.zen-malerei.de\/wp-content\/uploads\/2023\/11\/2023-A020-1024x771.jpg\" class=\"attachment-large size-large\" alt=\"\" srcset=\"https:\/\/www.zen-malerei.de\/wp-content\/uploads\/2023\/11\/2023-A020-1024x771.jpg 1024w, https:\/\/www.zen-malerei.de\/wp-content\/uploads\/2023\/11\/2023-A020-300x226.jpg 300w, https:\/\/www.zen-malerei.de\/wp-content\/uploads\/2023\/11\/2023-A020-768x578.jpg 768w, https:\/\/www.zen-malerei.de\/wp-content\/uploads\/2023\/11\/2023-A020-1536x1156.jpg 1536w, https:\/\/www.zen-malerei.de\/wp-content\/uploads\/2023\/11\/2023-A020-500x376.jpg 500w, https:\/\/www.zen-malerei.de\/wp-content\/uploads\/2023\/11\/2023-A020-1000x753.jpg 1000w, https:\/\/www.zen-malerei.de\/wp-content\/uploads\/2023\/11\/2023-A020.jpg 1600w\" sizes=\"auto, (max-width: 660px) 100vw, 660px\" \/><a href='https:\/\/www.zen-malerei.de\/wp-content\/uploads\/2023\/11\/2023-A020-1024x771.jpg' title=\"<b>St\u00e4ndige Gegenwart Gottes<\/b>\r\n<br\/>Gr\u00f6\u00dfe: 30x40cm<span class='BildPreis'>500 \u20ac<\/span>\r\n<br\/>\r\n<p>&nbsp;<\/p>\" data-rel='prettyPhoto[album]' class='fg_magnificPopup'><span class='fg-zoom-icon icon-plus'><\/span><span style='display:none'><img loading=\"lazy\" decoding=\"async\" width=\"660\" height=\"497\" src=\"https:\/\/www.zen-malerei.de\/wp-content\/uploads\/2023\/11\/2023-A020-1024x771.jpg\" class=\"attachment-large size-large\" alt=\"\" srcset=\"https:\/\/www.zen-malerei.de\/wp-content\/uploads\/2023\/11\/2023-A020-1024x771.jpg 1024w, https:\/\/www.zen-malerei.de\/wp-content\/uploads\/2023\/11\/2023-A020-300x226.jpg 300w, https:\/\/www.zen-malerei.de\/wp-content\/uploads\/2023\/11\/2023-A020-768x578.jpg 768w, https:\/\/www.zen-malerei.de\/wp-content\/uploads\/2023\/11\/2023-A020-1536x1156.jpg 1536w, https:\/\/www.zen-malerei.de\/wp-content\/uploads\/2023\/11\/2023-A020-500x376.jpg 500w, https:\/\/www.zen-malerei.de\/wp-content\/uploads\/2023\/11\/2023-A020-1000x753.jpg 1000w, https:\/\/www.zen-malerei.de\/wp-content\/uploads\/2023\/11\/2023-A020.jpg 1600w\" sizes=\"auto, (max-width: 660px) 100vw, 660px\" \/><\/span><\/a><\/div>\r\n\t\r\n\t\t\r\n\t\t<div class='fg-wp-caption-text fg-gallery-caption'><div class='caption-container'>\r\n\t\t<b>St\u00e4ndige Gegenwart Gottes<\/b>\r\n<br\/>Gr\u00f6\u00dfe: 30x40cm<span class='BildPreis'>500 \u20ac<\/span>\r\n<br\/>\r\n<p>&nbsp;<\/p>\r\n\t\t<\/div><\/div><\/div><\/div><div class='fg-gallery-item'>\r\n\t\t<div class='gallery-icon landscape '>\r\n\t\t<div class='fg_zoom'><img loading=\"lazy\" decoding=\"async\" width=\"660\" height=\"503\" src=\"https:\/\/www.zen-malerei.de\/wp-content\/uploads\/2023\/11\/2023-A017-1024x781.jpg\" class=\"attachment-large size-large\" alt=\"\" srcset=\"https:\/\/www.zen-malerei.de\/wp-content\/uploads\/2023\/11\/2023-A017-1024x781.jpg 1024w, https:\/\/www.zen-malerei.de\/wp-content\/uploads\/2023\/11\/2023-A017-300x229.jpg 300w, https:\/\/www.zen-malerei.de\/wp-content\/uploads\/2023\/11\/2023-A017-768x586.jpg 768w, https:\/\/www.zen-malerei.de\/wp-content\/uploads\/2023\/11\/2023-A017-1536x1171.jpg 1536w, https:\/\/www.zen-malerei.de\/wp-content\/uploads\/2023\/11\/2023-A017-500x381.jpg 500w, https:\/\/www.zen-malerei.de\/wp-content\/uploads\/2023\/11\/2023-A017-1000x763.jpg 1000w, https:\/\/www.zen-malerei.de\/wp-content\/uploads\/2023\/11\/2023-A017.jpg 1600w\" sizes=\"auto, (max-width: 660px) 100vw, 660px\" \/><a href='https:\/\/www.zen-malerei.de\/wp-content\/uploads\/2023\/11\/2023-A017-1024x781.jpg' title=\"<b>Das Licht strahlt in der Finsternis<\/b>\r\n<br\/>Gr\u00f6\u00dfe: 30x40cm<span class='BildPreis'>850 \u20ac<\/span>\r\n<br\/>\r\n<p>&nbsp;<\/p>\" data-rel='prettyPhoto[album]' class='fg_magnificPopup'><span class='fg-zoom-icon icon-plus'><\/span><span style='display:none'><img loading=\"lazy\" decoding=\"async\" width=\"660\" height=\"503\" src=\"https:\/\/www.zen-malerei.de\/wp-content\/uploads\/2023\/11\/2023-A017-1024x781.jpg\" class=\"attachment-large size-large\" alt=\"\" srcset=\"https:\/\/www.zen-malerei.de\/wp-content\/uploads\/2023\/11\/2023-A017-1024x781.jpg 1024w, https:\/\/www.zen-malerei.de\/wp-content\/uploads\/2023\/11\/2023-A017-300x229.jpg 300w, https:\/\/www.zen-malerei.de\/wp-content\/uploads\/2023\/11\/2023-A017-768x586.jpg 768w, https:\/\/www.zen-malerei.de\/wp-content\/uploads\/2023\/11\/2023-A017-1536x1171.jpg 1536w, https:\/\/www.zen-malerei.de\/wp-content\/uploads\/2023\/11\/2023-A017-500x381.jpg 500w, https:\/\/www.zen-malerei.de\/wp-content\/uploads\/2023\/11\/2023-A017-1000x763.jpg 1000w, https:\/\/www.zen-malerei.de\/wp-content\/uploads\/2023\/11\/2023-A017.jpg 1600w\" sizes=\"auto, (max-width: 660px) 100vw, 660px\" \/><\/span><\/a><\/div>\r\n\t\r\n\t\t\r\n\t\t<div class='fg-wp-caption-text fg-gallery-caption'><div class='caption-container'>\r\n\t\t<b>Das Licht strahlt in der Finsternis<\/b>\r\n<br\/>Gr\u00f6\u00dfe: 30x40cm<span class='BildPreis'>850 \u20ac<\/span>\r\n<br\/>\r\n<p>&nbsp;<\/p>\r\n\t\t<\/div><\/div><\/div><\/div><div class='fg-gallery-item'>\r\n\t\t<div class='gallery-icon landscape '>\r\n\t\t<div class='fg_zoom'><img loading=\"lazy\" decoding=\"async\" width=\"660\" height=\"499\" src=\"https:\/\/www.zen-malerei.de\/wp-content\/uploads\/2023\/11\/2023-A003-1024x774.jpg\" class=\"attachment-large size-large\" alt=\"\" srcset=\"https:\/\/www.zen-malerei.de\/wp-content\/uploads\/2023\/11\/2023-A003-1024x774.jpg 1024w, https:\/\/www.zen-malerei.de\/wp-content\/uploads\/2023\/11\/2023-A003-300x227.jpg 300w, https:\/\/www.zen-malerei.de\/wp-content\/uploads\/2023\/11\/2023-A003-768x580.jpg 768w, https:\/\/www.zen-malerei.de\/wp-content\/uploads\/2023\/11\/2023-A003-1536x1161.jpg 1536w, https:\/\/www.zen-malerei.de\/wp-content\/uploads\/2023\/11\/2023-A003-500x378.jpg 500w, https:\/\/www.zen-malerei.de\/wp-content\/uploads\/2023\/11\/2023-A003-1000x756.jpg 1000w, https:\/\/www.zen-malerei.de\/wp-content\/uploads\/2023\/11\/2023-A003.jpg 1600w\" sizes=\"auto, (max-width: 660px) 100vw, 660px\" \/><a href='https:\/\/www.zen-malerei.de\/wp-content\/uploads\/2023\/11\/2023-A003-1024x774.jpg' title=\"<b>Die universelle Wahrheit<\/b>\r\n<br\/>Gr\u00f6\u00dfe: 36x48cm<span class='BildPreis'>1.100 \u20ac<\/span>\r\n<br\/>\r\n<p>&nbsp;<\/p>\" data-rel='prettyPhoto[album]' class='fg_magnificPopup'><span class='fg-zoom-icon icon-plus'><\/span><span style='display:none'><img loading=\"lazy\" decoding=\"async\" width=\"660\" height=\"499\" src=\"https:\/\/www.zen-malerei.de\/wp-content\/uploads\/2023\/11\/2023-A003-1024x774.jpg\" class=\"attachment-large size-large\" alt=\"\" srcset=\"https:\/\/www.zen-malerei.de\/wp-content\/uploads\/2023\/11\/2023-A003-1024x774.jpg 1024w, https:\/\/www.zen-malerei.de\/wp-content\/uploads\/2023\/11\/2023-A003-300x227.jpg 300w, https:\/\/www.zen-malerei.de\/wp-content\/uploads\/2023\/11\/2023-A003-768x580.jpg 768w, https:\/\/www.zen-malerei.de\/wp-content\/uploads\/2023\/11\/2023-A003-1536x1161.jpg 1536w, https:\/\/www.zen-malerei.de\/wp-content\/uploads\/2023\/11\/2023-A003-500x378.jpg 500w, https:\/\/www.zen-malerei.de\/wp-content\/uploads\/2023\/11\/2023-A003-1000x756.jpg 1000w, https:\/\/www.zen-malerei.de\/wp-content\/uploads\/2023\/11\/2023-A003.jpg 1600w\" sizes=\"auto, (max-width: 660px) 100vw, 660px\" \/><\/span><\/a><\/div>\r\n\t\r\n\t\t\r\n\t\t<div class='fg-wp-caption-text fg-gallery-caption'><div class='caption-container'>\r\n\t\t<b>Die universelle Wahrheit<\/b>\r\n<br\/>Gr\u00f6\u00dfe: 36x48cm<span class='BildPreis'>1.100 \u20ac<\/span>\r\n<br\/>\r\n<p>&nbsp;<\/p>\r\n\t\t<\/div><\/div><\/div><\/div><div class='fg-gallery-item'>\r\n\t\t<div class='gallery-icon portrait '>\r\n\t\t<div class='fg_zoom'><img loading=\"lazy\" decoding=\"async\" width=\"660\" height=\"894\" src=\"https:\/\/www.zen-malerei.de\/wp-content\/uploads\/2022\/12\/2022-A045_-756x1024.jpg\" class=\"attachment-large size-large\" alt=\"\" srcset=\"https:\/\/www.zen-malerei.de\/wp-content\/uploads\/2022\/12\/2022-A045_-756x1024.jpg 756w, https:\/\/www.zen-malerei.de\/wp-content\/uploads\/2022\/12\/2022-A045_-222x300.jpg 222w, https:\/\/www.zen-malerei.de\/wp-content\/uploads\/2022\/12\/2022-A045_-768x1040.jpg 768w, https:\/\/www.zen-malerei.de\/wp-content\/uploads\/2022\/12\/2022-A045_-1135x1536.jpg 1135w, https:\/\/www.zen-malerei.de\/wp-content\/uploads\/2022\/12\/2022-A045_-500x677.jpg 500w, https:\/\/www.zen-malerei.de\/wp-content\/uploads\/2022\/12\/2022-A045_-1000x1354.jpg 1000w, https:\/\/www.zen-malerei.de\/wp-content\/uploads\/2022\/12\/2022-A045_.jpg 1182w\" sizes=\"auto, (max-width: 660px) 100vw, 660px\" \/><a href='https:\/\/www.zen-malerei.de\/wp-content\/uploads\/2022\/12\/2022-A045_-756x1024.jpg' title=\"<b>Sambhogakaya - der Bereich der himmlischen Meister<\/b>\r\n<br\/>Gr\u00f6\u00dfe: 40x30cm \/ 850 \u20ac\r\n<br\/>\r\n<p>&nbsp;<\/p>\" data-rel='prettyPhoto[album]' class='fg_magnificPopup'><span class='fg-zoom-icon icon-plus'><\/span><span style='display:none'><img loading=\"lazy\" decoding=\"async\" width=\"660\" height=\"894\" src=\"https:\/\/www.zen-malerei.de\/wp-content\/uploads\/2022\/12\/2022-A045_-756x1024.jpg\" class=\"attachment-large size-large\" alt=\"\" srcset=\"https:\/\/www.zen-malerei.de\/wp-content\/uploads\/2022\/12\/2022-A045_-756x1024.jpg 756w, https:\/\/www.zen-malerei.de\/wp-content\/uploads\/2022\/12\/2022-A045_-222x300.jpg 222w, https:\/\/www.zen-malerei.de\/wp-content\/uploads\/2022\/12\/2022-A045_-768x1040.jpg 768w, https:\/\/www.zen-malerei.de\/wp-content\/uploads\/2022\/12\/2022-A045_-1135x1536.jpg 1135w, https:\/\/www.zen-malerei.de\/wp-content\/uploads\/2022\/12\/2022-A045_-500x677.jpg 500w, https:\/\/www.zen-malerei.de\/wp-content\/uploads\/2022\/12\/2022-A045_-1000x1354.jpg 1000w, https:\/\/www.zen-malerei.de\/wp-content\/uploads\/2022\/12\/2022-A045_.jpg 1182w\" sizes=\"auto, (max-width: 660px) 100vw, 660px\" \/><\/span><\/a><\/div>\r\n\t\r\n\t\t\r\n\t\t<div class='fg-wp-caption-text fg-gallery-caption'><div class='caption-container'>\r\n\t\t<b>Sambhogakaya &#8211; der Bereich der himmlischen Meister<\/b>\r\n<br\/>Gr\u00f6\u00dfe: 40x30cm \/ 850 \u20ac\r\n<br\/>\r\n<p>&nbsp;<\/p>\r\n\t\t<\/div><\/div><\/div><\/div><div class='fg-gallery-item'>\r\n\t\t<div class='gallery-icon landscape '>\r\n\t\t<div class='fg_zoom'><img loading=\"lazy\" decoding=\"async\" width=\"660\" height=\"495\" src=\"https:\/\/www.zen-malerei.de\/wp-content\/uploads\/2022\/12\/2022-A044_-1024x768.jpg\" class=\"attachment-large size-large\" alt=\"\" srcset=\"https:\/\/www.zen-malerei.de\/wp-content\/uploads\/2022\/12\/2022-A044_-1024x768.jpg 1024w, https:\/\/www.zen-malerei.de\/wp-content\/uploads\/2022\/12\/2022-A044_-300x225.jpg 300w, https:\/\/www.zen-malerei.de\/wp-content\/uploads\/2022\/12\/2022-A044_-768x576.jpg 768w, https:\/\/www.zen-malerei.de\/wp-content\/uploads\/2022\/12\/2022-A044_-1536x1152.jpg 1536w, https:\/\/www.zen-malerei.de\/wp-content\/uploads\/2022\/12\/2022-A044_-500x375.jpg 500w, https:\/\/www.zen-malerei.de\/wp-content\/uploads\/2022\/12\/2022-A044_-1000x750.jpg 1000w, https:\/\/www.zen-malerei.de\/wp-content\/uploads\/2022\/12\/2022-A044_.jpg 1600w\" sizes=\"auto, (max-width: 660px) 100vw, 660px\" \/><a href='https:\/\/www.zen-malerei.de\/wp-content\/uploads\/2022\/12\/2022-A044_-1024x768.jpg' title=\"<b>Zen-Meditation<\/b>\r\n<br\/>Gr\u00f6\u00dfe: 24x32cm \/ 600 \u20ac\r\n<br\/>\r\n<p>&nbsp;<\/p>\" data-rel='prettyPhoto[album]' class='fg_magnificPopup'><span class='fg-zoom-icon icon-plus'><\/span><span style='display:none'><img loading=\"lazy\" decoding=\"async\" width=\"660\" height=\"495\" src=\"https:\/\/www.zen-malerei.de\/wp-content\/uploads\/2022\/12\/2022-A044_-1024x768.jpg\" class=\"attachment-large size-large\" alt=\"\" srcset=\"https:\/\/www.zen-malerei.de\/wp-content\/uploads\/2022\/12\/2022-A044_-1024x768.jpg 1024w, https:\/\/www.zen-malerei.de\/wp-content\/uploads\/2022\/12\/2022-A044_-300x225.jpg 300w, https:\/\/www.zen-malerei.de\/wp-content\/uploads\/2022\/12\/2022-A044_-768x576.jpg 768w, https:\/\/www.zen-malerei.de\/wp-content\/uploads\/2022\/12\/2022-A044_-1536x1152.jpg 1536w, https:\/\/www.zen-malerei.de\/wp-content\/uploads\/2022\/12\/2022-A044_-500x375.jpg 500w, https:\/\/www.zen-malerei.de\/wp-content\/uploads\/2022\/12\/2022-A044_-1000x750.jpg 1000w, https:\/\/www.zen-malerei.de\/wp-content\/uploads\/2022\/12\/2022-A044_.jpg 1600w\" sizes=\"auto, (max-width: 660px) 100vw, 660px\" \/><\/span><\/a><\/div>\r\n\t\r\n\t\t\r\n\t\t<div class='fg-wp-caption-text fg-gallery-caption'><div class='caption-container'>\r\n\t\t<b>Zen-Meditation<\/b>\r\n<br\/>Gr\u00f6\u00dfe: 24x32cm \/ 600 \u20ac\r\n<br\/>\r\n<p>&nbsp;<\/p>\r\n\t\t<\/div><\/div><\/div><\/div><div class='fg-gallery-item'>\r\n\t\t<div class='gallery-icon landscape '>\r\n\t\t<div class='fg_zoom'><img loading=\"lazy\" decoding=\"async\" width=\"660\" height=\"497\" src=\"https:\/\/www.zen-malerei.de\/wp-content\/uploads\/2022\/12\/2022-A039_-1024x771.jpg\" class=\"attachment-large size-large\" alt=\"\" srcset=\"https:\/\/www.zen-malerei.de\/wp-content\/uploads\/2022\/12\/2022-A039_-1024x771.jpg 1024w, https:\/\/www.zen-malerei.de\/wp-content\/uploads\/2022\/12\/2022-A039_-300x226.jpg 300w, https:\/\/www.zen-malerei.de\/wp-content\/uploads\/2022\/12\/2022-A039_-768x578.jpg 768w, https:\/\/www.zen-malerei.de\/wp-content\/uploads\/2022\/12\/2022-A039_-1536x1156.jpg 1536w, https:\/\/www.zen-malerei.de\/wp-content\/uploads\/2022\/12\/2022-A039_-500x376.jpg 500w, https:\/\/www.zen-malerei.de\/wp-content\/uploads\/2022\/12\/2022-A039_-1000x753.jpg 1000w, https:\/\/www.zen-malerei.de\/wp-content\/uploads\/2022\/12\/2022-A039_.jpg 1600w\" sizes=\"auto, (max-width: 660px) 100vw, 660px\" \/><a href='https:\/\/www.zen-malerei.de\/wp-content\/uploads\/2022\/12\/2022-A039_-1024x771.jpg' title=\"<b>Himmlische Offenbarung<\/b>\r\n<br\/>Gr\u00f6\u00dfe: 24x32cm \/ 850 \u20ac\r\n<br\/>\r\n<p>&nbsp;<\/p>\" data-rel='prettyPhoto[album]' class='fg_magnificPopup'><span class='fg-zoom-icon icon-plus'><\/span><span style='display:none'><img loading=\"lazy\" decoding=\"async\" width=\"660\" height=\"497\" src=\"https:\/\/www.zen-malerei.de\/wp-content\/uploads\/2022\/12\/2022-A039_-1024x771.jpg\" class=\"attachment-large size-large\" alt=\"\" srcset=\"https:\/\/www.zen-malerei.de\/wp-content\/uploads\/2022\/12\/2022-A039_-1024x771.jpg 1024w, https:\/\/www.zen-malerei.de\/wp-content\/uploads\/2022\/12\/2022-A039_-300x226.jpg 300w, https:\/\/www.zen-malerei.de\/wp-content\/uploads\/2022\/12\/2022-A039_-768x578.jpg 768w, https:\/\/www.zen-malerei.de\/wp-content\/uploads\/2022\/12\/2022-A039_-1536x1156.jpg 1536w, https:\/\/www.zen-malerei.de\/wp-content\/uploads\/2022\/12\/2022-A039_-500x376.jpg 500w, https:\/\/www.zen-malerei.de\/wp-content\/uploads\/2022\/12\/2022-A039_-1000x753.jpg 1000w, https:\/\/www.zen-malerei.de\/wp-content\/uploads\/2022\/12\/2022-A039_.jpg 1600w\" sizes=\"auto, (max-width: 660px) 100vw, 660px\" \/><\/span><\/a><\/div>\r\n\t\r\n\t\t\r\n\t\t<div class='fg-wp-caption-text fg-gallery-caption'><div class='caption-container'>\r\n\t\t<b>Himmlische Offenbarung<\/b>\r\n<br\/>Gr\u00f6\u00dfe: 24x32cm \/ 850 \u20ac\r\n<br\/>\r\n<p>&nbsp;<\/p>\r\n\t\t<\/div><\/div><\/div><\/div><div class='fg-gallery-item'>\r\n\t\t<div class='gallery-icon landscape '>\r\n\t\t<div class='fg_zoom'><img loading=\"lazy\" decoding=\"async\" width=\"660\" height=\"492\" src=\"https:\/\/www.zen-malerei.de\/wp-content\/uploads\/2022\/12\/2022-A035_-1024x764.jpg\" class=\"attachment-large size-large\" alt=\"\" srcset=\"https:\/\/www.zen-malerei.de\/wp-content\/uploads\/2022\/12\/2022-A035_-1024x764.jpg 1024w, https:\/\/www.zen-malerei.de\/wp-content\/uploads\/2022\/12\/2022-A035_-300x224.jpg 300w, https:\/\/www.zen-malerei.de\/wp-content\/uploads\/2022\/12\/2022-A035_-768x573.jpg 768w, https:\/\/www.zen-malerei.de\/wp-content\/uploads\/2022\/12\/2022-A035_-1536x1146.jpg 1536w, https:\/\/www.zen-malerei.de\/wp-content\/uploads\/2022\/12\/2022-A035_-500x373.jpg 500w, https:\/\/www.zen-malerei.de\/wp-content\/uploads\/2022\/12\/2022-A035_-1000x746.jpg 1000w, https:\/\/www.zen-malerei.de\/wp-content\/uploads\/2022\/12\/2022-A035_.jpg 1600w\" sizes=\"auto, (max-width: 660px) 100vw, 660px\" \/><a href='https:\/\/www.zen-malerei.de\/wp-content\/uploads\/2022\/12\/2022-A035_-1024x764.jpg' title=\"<b>Die Heilige Trinit\u00e4t<\/b>\r\n<br\/>Gr\u00f6\u00dfe: 30x40cm \/ 1.200 \u20ac\r\n<br\/>\r\n<p>&nbsp;<\/p>\" data-rel='prettyPhoto[album]' class='fg_magnificPopup'><span class='fg-zoom-icon icon-plus'><\/span><span style='display:none'><img loading=\"lazy\" decoding=\"async\" width=\"660\" height=\"492\" src=\"https:\/\/www.zen-malerei.de\/wp-content\/uploads\/2022\/12\/2022-A035_-1024x764.jpg\" class=\"attachment-large size-large\" alt=\"\" srcset=\"https:\/\/www.zen-malerei.de\/wp-content\/uploads\/2022\/12\/2022-A035_-1024x764.jpg 1024w, https:\/\/www.zen-malerei.de\/wp-content\/uploads\/2022\/12\/2022-A035_-300x224.jpg 300w, https:\/\/www.zen-malerei.de\/wp-content\/uploads\/2022\/12\/2022-A035_-768x573.jpg 768w, https:\/\/www.zen-malerei.de\/wp-content\/uploads\/2022\/12\/2022-A035_-1536x1146.jpg 1536w, https:\/\/www.zen-malerei.de\/wp-content\/uploads\/2022\/12\/2022-A035_-500x373.jpg 500w, https:\/\/www.zen-malerei.de\/wp-content\/uploads\/2022\/12\/2022-A035_-1000x746.jpg 1000w, https:\/\/www.zen-malerei.de\/wp-content\/uploads\/2022\/12\/2022-A035_.jpg 1600w\" sizes=\"auto, (max-width: 660px) 100vw, 660px\" \/><\/span><\/a><\/div>\r\n\t\r\n\t\t\r\n\t\t<div class='fg-wp-caption-text fg-gallery-caption'><div class='caption-container'>\r\n\t\t<b>Die Heilige Trinit\u00e4t<\/b>\r\n<br\/>Gr\u00f6\u00dfe: 30x40cm \/ 1.200 \u20ac\r\n<br\/>\r\n<p>&nbsp;<\/p>\r\n\t\t<\/div><\/div><\/div><\/div><div class='fg-gallery-item'>\r\n\t\t<div class='gallery-icon landscape '>\r\n\t\t<div class='fg_zoom'><img loading=\"lazy\" decoding=\"async\" width=\"660\" height=\"491\" src=\"https:\/\/www.zen-malerei.de\/wp-content\/uploads\/2022\/12\/2022-A032_-1024x762.jpg\" class=\"attachment-large size-large\" alt=\"\" srcset=\"https:\/\/www.zen-malerei.de\/wp-content\/uploads\/2022\/12\/2022-A032_-1024x762.jpg 1024w, https:\/\/www.zen-malerei.de\/wp-content\/uploads\/2022\/12\/2022-A032_-300x223.jpg 300w, https:\/\/www.zen-malerei.de\/wp-content\/uploads\/2022\/12\/2022-A032_-768x571.jpg 768w, https:\/\/www.zen-malerei.de\/wp-content\/uploads\/2022\/12\/2022-A032_-1536x1142.jpg 1536w, https:\/\/www.zen-malerei.de\/wp-content\/uploads\/2022\/12\/2022-A032_-500x372.jpg 500w, https:\/\/www.zen-malerei.de\/wp-content\/uploads\/2022\/12\/2022-A032_-1000x744.jpg 1000w, https:\/\/www.zen-malerei.de\/wp-content\/uploads\/2022\/12\/2022-A032_.jpg 1600w\" sizes=\"auto, (max-width: 660px) 100vw, 660px\" \/><a href='https:\/\/www.zen-malerei.de\/wp-content\/uploads\/2022\/12\/2022-A032_-1024x762.jpg' title=\"<b>Der Geist des Zen<\/b>\r\n<br\/>Gr\u00f6\u00dfe: 30x40cm \/ 950 \u20ac\r\n<br\/>\r\n<p>&nbsp;<\/p>\" data-rel='prettyPhoto[album]' class='fg_magnificPopup'><span class='fg-zoom-icon icon-plus'><\/span><span style='display:none'><img loading=\"lazy\" decoding=\"async\" width=\"660\" height=\"491\" src=\"https:\/\/www.zen-malerei.de\/wp-content\/uploads\/2022\/12\/2022-A032_-1024x762.jpg\" class=\"attachment-large size-large\" alt=\"\" srcset=\"https:\/\/www.zen-malerei.de\/wp-content\/uploads\/2022\/12\/2022-A032_-1024x762.jpg 1024w, https:\/\/www.zen-malerei.de\/wp-content\/uploads\/2022\/12\/2022-A032_-300x223.jpg 300w, https:\/\/www.zen-malerei.de\/wp-content\/uploads\/2022\/12\/2022-A032_-768x571.jpg 768w, https:\/\/www.zen-malerei.de\/wp-content\/uploads\/2022\/12\/2022-A032_-1536x1142.jpg 1536w, https:\/\/www.zen-malerei.de\/wp-content\/uploads\/2022\/12\/2022-A032_-500x372.jpg 500w, https:\/\/www.zen-malerei.de\/wp-content\/uploads\/2022\/12\/2022-A032_-1000x744.jpg 1000w, https:\/\/www.zen-malerei.de\/wp-content\/uploads\/2022\/12\/2022-A032_.jpg 1600w\" sizes=\"auto, (max-width: 660px) 100vw, 660px\" \/><\/span><\/a><\/div>\r\n\t\r\n\t\t\r\n\t\t<div class='fg-wp-caption-text fg-gallery-caption'><div class='caption-container'>\r\n\t\t<b>Der Geist des Zen<\/b>\r\n<br\/>Gr\u00f6\u00dfe: 30x40cm \/ 950 \u20ac\r\n<br\/>\r\n<p>&nbsp;<\/p>\r\n\t\t<\/div><\/div><\/div><\/div><div class='fg-gallery-item'>\r\n\t\t<div class='gallery-icon portrait '>\r\n\t\t<div class='fg_zoom'><img loading=\"lazy\" decoding=\"async\" width=\"660\" height=\"883\" src=\"https:\/\/www.zen-malerei.de\/wp-content\/uploads\/2022\/12\/2022-A028a_-765x1024.jpg\" class=\"attachment-large size-large\" alt=\"\" srcset=\"https:\/\/www.zen-malerei.de\/wp-content\/uploads\/2022\/12\/2022-A028a_-765x1024.jpg 765w, https:\/\/www.zen-malerei.de\/wp-content\/uploads\/2022\/12\/2022-A028a_-224x300.jpg 224w, https:\/\/www.zen-malerei.de\/wp-content\/uploads\/2022\/12\/2022-A028a_-768x1028.jpg 768w, https:\/\/www.zen-malerei.de\/wp-content\/uploads\/2022\/12\/2022-A028a_-1147x1536.jpg 1147w, https:\/\/www.zen-malerei.de\/wp-content\/uploads\/2022\/12\/2022-A028a_-500x669.jpg 500w, https:\/\/www.zen-malerei.de\/wp-content\/uploads\/2022\/12\/2022-A028a_-1000x1339.jpg 1000w, https:\/\/www.zen-malerei.de\/wp-content\/uploads\/2022\/12\/2022-A028a_.jpg 1195w\" sizes=\"auto, (max-width: 660px) 100vw, 660px\" \/><a href='https:\/\/www.zen-malerei.de\/wp-content\/uploads\/2022\/12\/2022-A028a_-765x1024.jpg' title=\"<b>Mystische Versenkung<\/b>\r\n<br\/>Gr\u00f6\u00dfe: 40x30cm \/ 1.200 \u20ac\r\n<br\/>\r\n<p>&nbsp;<\/p>\" data-rel='prettyPhoto[album]' class='fg_magnificPopup'><span class='fg-zoom-icon icon-plus'><\/span><span style='display:none'><img loading=\"lazy\" decoding=\"async\" width=\"660\" height=\"883\" src=\"https:\/\/www.zen-malerei.de\/wp-content\/uploads\/2022\/12\/2022-A028a_-765x1024.jpg\" class=\"attachment-large size-large\" alt=\"\" srcset=\"https:\/\/www.zen-malerei.de\/wp-content\/uploads\/2022\/12\/2022-A028a_-765x1024.jpg 765w, https:\/\/www.zen-malerei.de\/wp-content\/uploads\/2022\/12\/2022-A028a_-224x300.jpg 224w, https:\/\/www.zen-malerei.de\/wp-content\/uploads\/2022\/12\/2022-A028a_-768x1028.jpg 768w, https:\/\/www.zen-malerei.de\/wp-content\/uploads\/2022\/12\/2022-A028a_-1147x1536.jpg 1147w, https:\/\/www.zen-malerei.de\/wp-content\/uploads\/2022\/12\/2022-A028a_-500x669.jpg 500w, https:\/\/www.zen-malerei.de\/wp-content\/uploads\/2022\/12\/2022-A028a_-1000x1339.jpg 1000w, https:\/\/www.zen-malerei.de\/wp-content\/uploads\/2022\/12\/2022-A028a_.jpg 1195w\" sizes=\"auto, (max-width: 660px) 100vw, 660px\" \/><\/span><\/a><\/div>\r\n\t\r\n\t\t\r\n\t\t<div class='fg-wp-caption-text fg-gallery-caption'><div class='caption-container'>\r\n\t\t<b>Mystische Versenkung<\/b>\r\n<br\/>Gr\u00f6\u00dfe: 40x30cm \/ 1.200 \u20ac\r\n<br\/>\r\n<p>&nbsp;<\/p>\r\n\t\t<\/div><\/div><\/div><\/div><div class='fg-gallery-item'>\r\n\t\t<div class='gallery-icon portrait '>\r\n\t\t<div class='fg_zoom'><img loading=\"lazy\" decoding=\"async\" width=\"660\" height=\"851\" src=\"https:\/\/www.zen-malerei.de\/wp-content\/uploads\/2022\/12\/2022-A023_-794x1024.jpg\" class=\"attachment-large size-large\" alt=\"\" srcset=\"https:\/\/www.zen-malerei.de\/wp-content\/uploads\/2022\/12\/2022-A023_-794x1024.jpg 794w, https:\/\/www.zen-malerei.de\/wp-content\/uploads\/2022\/12\/2022-A023_-233x300.jpg 233w, https:\/\/www.zen-malerei.de\/wp-content\/uploads\/2022\/12\/2022-A023_-768x990.jpg 768w, https:\/\/www.zen-malerei.de\/wp-content\/uploads\/2022\/12\/2022-A023_-1191x1536.jpg 1191w, https:\/\/www.zen-malerei.de\/wp-content\/uploads\/2022\/12\/2022-A023_-500x645.jpg 500w, https:\/\/www.zen-malerei.de\/wp-content\/uploads\/2022\/12\/2022-A023_-1000x1289.jpg 1000w, https:\/\/www.zen-malerei.de\/wp-content\/uploads\/2022\/12\/2022-A023_.jpg 1241w\" sizes=\"auto, (max-width: 660px) 100vw, 660px\" \/><a href='https:\/\/www.zen-malerei.de\/wp-content\/uploads\/2022\/12\/2022-A023_-794x1024.jpg' title=\"<b>Tantrische Transformation<\/b>\r\n<br\/>Gr\u00f6\u00dfe: 40x30cm \/ 850 \u20ac\r\n<br\/>\r\n<p>&nbsp;<\/p>\" data-rel='prettyPhoto[album]' class='fg_magnificPopup'><span class='fg-zoom-icon icon-plus'><\/span><span style='display:none'><img loading=\"lazy\" decoding=\"async\" width=\"660\" height=\"851\" src=\"https:\/\/www.zen-malerei.de\/wp-content\/uploads\/2022\/12\/2022-A023_-794x1024.jpg\" class=\"attachment-large size-large\" alt=\"\" srcset=\"https:\/\/www.zen-malerei.de\/wp-content\/uploads\/2022\/12\/2022-A023_-794x1024.jpg 794w, https:\/\/www.zen-malerei.de\/wp-content\/uploads\/2022\/12\/2022-A023_-233x300.jpg 233w, https:\/\/www.zen-malerei.de\/wp-content\/uploads\/2022\/12\/2022-A023_-768x990.jpg 768w, https:\/\/www.zen-malerei.de\/wp-content\/uploads\/2022\/12\/2022-A023_-1191x1536.jpg 1191w, https:\/\/www.zen-malerei.de\/wp-content\/uploads\/2022\/12\/2022-A023_-500x645.jpg 500w, https:\/\/www.zen-malerei.de\/wp-content\/uploads\/2022\/12\/2022-A023_-1000x1289.jpg 1000w, https:\/\/www.zen-malerei.de\/wp-content\/uploads\/2022\/12\/2022-A023_.jpg 1241w\" sizes=\"auto, (max-width: 660px) 100vw, 660px\" \/><\/span><\/a><\/div>\r\n\t\r\n\t\t\r\n\t\t<div class='fg-wp-caption-text fg-gallery-caption'><div class='caption-container'>\r\n\t\t<b>Tantrische Transformation<\/b>\r\n<br\/>Gr\u00f6\u00dfe: 40x30cm \/ 850 \u20ac\r\n<br\/>\r\n<p>&nbsp;<\/p>\r\n\t\t<\/div><\/div><\/div><\/div><div class='fg-gallery-item'>\r\n\t\t<div class='gallery-icon landscape '>\r\n\t\t<div class='fg_zoom'><img loading=\"lazy\" decoding=\"async\" width=\"660\" height=\"490\" src=\"https:\/\/www.zen-malerei.de\/wp-content\/uploads\/2022\/12\/2022-A020a_-1024x760.jpg\" class=\"attachment-large size-large\" alt=\"\" srcset=\"https:\/\/www.zen-malerei.de\/wp-content\/uploads\/2022\/12\/2022-A020a_-1024x760.jpg 1024w, https:\/\/www.zen-malerei.de\/wp-content\/uploads\/2022\/12\/2022-A020a_-300x223.jpg 300w, https:\/\/www.zen-malerei.de\/wp-content\/uploads\/2022\/12\/2022-A020a_-768x570.jpg 768w, https:\/\/www.zen-malerei.de\/wp-content\/uploads\/2022\/12\/2022-A020a_-1536x1140.jpg 1536w, https:\/\/www.zen-malerei.de\/wp-content\/uploads\/2022\/12\/2022-A020a_-500x371.jpg 500w, https:\/\/www.zen-malerei.de\/wp-content\/uploads\/2022\/12\/2022-A020a_-1000x742.jpg 1000w, https:\/\/www.zen-malerei.de\/wp-content\/uploads\/2022\/12\/2022-A020a_.jpg 1600w\" sizes=\"auto, (max-width: 660px) 100vw, 660px\" \/><a href='https:\/\/www.zen-malerei.de\/wp-content\/uploads\/2022\/12\/2022-A020a_-1024x760.jpg' title=\"<b>Avalokiteshvara - der Buddha der g\u00f6ttlichen Liebe<\/b>\r\n<br\/>Gr\u00f6\u00dfe: 42x56cm \/ 1.850 \u20ac\r\n<br\/>\r\n<p>&nbsp;<\/p>\" data-rel='prettyPhoto[album]' class='fg_magnificPopup'><span class='fg-zoom-icon icon-plus'><\/span><span style='display:none'><img loading=\"lazy\" decoding=\"async\" width=\"660\" height=\"490\" src=\"https:\/\/www.zen-malerei.de\/wp-content\/uploads\/2022\/12\/2022-A020a_-1024x760.jpg\" class=\"attachment-large size-large\" alt=\"\" srcset=\"https:\/\/www.zen-malerei.de\/wp-content\/uploads\/2022\/12\/2022-A020a_-1024x760.jpg 1024w, https:\/\/www.zen-malerei.de\/wp-content\/uploads\/2022\/12\/2022-A020a_-300x223.jpg 300w, https:\/\/www.zen-malerei.de\/wp-content\/uploads\/2022\/12\/2022-A020a_-768x570.jpg 768w, https:\/\/www.zen-malerei.de\/wp-content\/uploads\/2022\/12\/2022-A020a_-1536x1140.jpg 1536w, https:\/\/www.zen-malerei.de\/wp-content\/uploads\/2022\/12\/2022-A020a_-500x371.jpg 500w, https:\/\/www.zen-malerei.de\/wp-content\/uploads\/2022\/12\/2022-A020a_-1000x742.jpg 1000w, https:\/\/www.zen-malerei.de\/wp-content\/uploads\/2022\/12\/2022-A020a_.jpg 1600w\" sizes=\"auto, (max-width: 660px) 100vw, 660px\" \/><\/span><\/a><\/div>\r\n\t\r\n\t\t\r\n\t\t<div class='fg-wp-caption-text fg-gallery-caption'><div class='caption-container'>\r\n\t\t<b>Avalokiteshvara &#8211; der Buddha der g\u00f6ttlichen Liebe<\/b>\r\n<br\/>Gr\u00f6\u00dfe: 42x56cm \/ 1.850 \u20ac\r\n<br\/>\r\n<p>&nbsp;<\/p>\r\n\t\t<\/div><\/div><\/div><\/div><div class='fg-gallery-item'>\r\n\t\t<div class='gallery-icon landscape '>\r\n\t\t<div class='fg_zoom'><img loading=\"lazy\" decoding=\"async\" width=\"660\" height=\"494\" src=\"https:\/\/www.zen-malerei.de\/wp-content\/uploads\/2022\/12\/2022-A015_-1024x766.jpg\" class=\"attachment-large size-large\" alt=\"\" srcset=\"https:\/\/www.zen-malerei.de\/wp-content\/uploads\/2022\/12\/2022-A015_-1024x766.jpg 1024w, https:\/\/www.zen-malerei.de\/wp-content\/uploads\/2022\/12\/2022-A015_-300x224.jpg 300w, https:\/\/www.zen-malerei.de\/wp-content\/uploads\/2022\/12\/2022-A015_-768x575.jpg 768w, https:\/\/www.zen-malerei.de\/wp-content\/uploads\/2022\/12\/2022-A015_-1536x1149.jpg 1536w, https:\/\/www.zen-malerei.de\/wp-content\/uploads\/2022\/12\/2022-A015_-500x374.jpg 500w, https:\/\/www.zen-malerei.de\/wp-content\/uploads\/2022\/12\/2022-A015_-1000x748.jpg 1000w, https:\/\/www.zen-malerei.de\/wp-content\/uploads\/2022\/12\/2022-A015_.jpg 1600w\" sizes=\"auto, (max-width: 660px) 100vw, 660px\" \/><a href='https:\/\/www.zen-malerei.de\/wp-content\/uploads\/2022\/12\/2022-A015_-1024x766.jpg' title=\"<b>Kosmischer Christus<\/b>\r\n<br\/>Gr\u00f6\u00dfe: 36x48cm \/ 1.400 \u20ac\r\n<br\/>\r\n<p>&nbsp;<\/p>\" data-rel='prettyPhoto[album]' class='fg_magnificPopup'><span class='fg-zoom-icon icon-plus'><\/span><span style='display:none'><img loading=\"lazy\" decoding=\"async\" width=\"660\" height=\"494\" src=\"https:\/\/www.zen-malerei.de\/wp-content\/uploads\/2022\/12\/2022-A015_-1024x766.jpg\" class=\"attachment-large size-large\" alt=\"\" srcset=\"https:\/\/www.zen-malerei.de\/wp-content\/uploads\/2022\/12\/2022-A015_-1024x766.jpg 1024w, https:\/\/www.zen-malerei.de\/wp-content\/uploads\/2022\/12\/2022-A015_-300x224.jpg 300w, https:\/\/www.zen-malerei.de\/wp-content\/uploads\/2022\/12\/2022-A015_-768x575.jpg 768w, https:\/\/www.zen-malerei.de\/wp-content\/uploads\/2022\/12\/2022-A015_-1536x1149.jpg 1536w, https:\/\/www.zen-malerei.de\/wp-content\/uploads\/2022\/12\/2022-A015_-500x374.jpg 500w, https:\/\/www.zen-malerei.de\/wp-content\/uploads\/2022\/12\/2022-A015_-1000x748.jpg 1000w, https:\/\/www.zen-malerei.de\/wp-content\/uploads\/2022\/12\/2022-A015_.jpg 1600w\" sizes=\"auto, (max-width: 660px) 100vw, 660px\" \/><\/span><\/a><\/div>\r\n\t\r\n\t\t\r\n\t\t<div class='fg-wp-caption-text fg-gallery-caption'><div class='caption-container'>\r\n\t\t<b>Kosmischer Christus<\/b>\r\n<br\/>Gr\u00f6\u00dfe: 36x48cm \/ 1.400 \u20ac\r\n<br\/>\r\n<p>&nbsp;<\/p>\r\n\t\t<\/div><\/div><\/div><\/div><div class='fg-gallery-item'>\r\n\t\t<div class='gallery-icon landscape '>\r\n\t\t<div class='fg_zoom'><img loading=\"lazy\" decoding=\"async\" width=\"660\" height=\"440\" src=\"https:\/\/www.zen-malerei.de\/wp-content\/uploads\/2022\/12\/2022-A013a_-1024x683.jpg\" class=\"attachment-large size-large\" alt=\"\" srcset=\"https:\/\/www.zen-malerei.de\/wp-content\/uploads\/2022\/12\/2022-A013a_-1024x683.jpg 1024w, https:\/\/www.zen-malerei.de\/wp-content\/uploads\/2022\/12\/2022-A013a_-300x200.jpg 300w, https:\/\/www.zen-malerei.de\/wp-content\/uploads\/2022\/12\/2022-A013a_-768x512.jpg 768w, https:\/\/www.zen-malerei.de\/wp-content\/uploads\/2022\/12\/2022-A013a_-1536x1024.jpg 1536w, https:\/\/www.zen-malerei.de\/wp-content\/uploads\/2022\/12\/2022-A013a_-500x333.jpg 500w, https:\/\/www.zen-malerei.de\/wp-content\/uploads\/2022\/12\/2022-A013a_-1000x667.jpg 1000w, https:\/\/www.zen-malerei.de\/wp-content\/uploads\/2022\/12\/2022-A013a_.jpg 1600w\" sizes=\"auto, (max-width: 660px) 100vw, 660px\" \/><a href='https:\/\/www.zen-malerei.de\/wp-content\/uploads\/2022\/12\/2022-A013a_-1024x683.jpg' title=\"<b>Die Allgegenwart des g\u00f6ttlichen Seins<\/b>\r\n<br\/>Gr\u00f6\u00dfe: 40x60cm \/ 1.600 \u20ac\r\n<br\/>\r\n<p>&nbsp;<\/p>\" data-rel='prettyPhoto[album]' class='fg_magnificPopup'><span class='fg-zoom-icon icon-plus'><\/span><span style='display:none'><img loading=\"lazy\" decoding=\"async\" width=\"660\" height=\"440\" src=\"https:\/\/www.zen-malerei.de\/wp-content\/uploads\/2022\/12\/2022-A013a_-1024x683.jpg\" class=\"attachment-large size-large\" alt=\"\" srcset=\"https:\/\/www.zen-malerei.de\/wp-content\/uploads\/2022\/12\/2022-A013a_-1024x683.jpg 1024w, https:\/\/www.zen-malerei.de\/wp-content\/uploads\/2022\/12\/2022-A013a_-300x200.jpg 300w, https:\/\/www.zen-malerei.de\/wp-content\/uploads\/2022\/12\/2022-A013a_-768x512.jpg 768w, https:\/\/www.zen-malerei.de\/wp-content\/uploads\/2022\/12\/2022-A013a_-1536x1024.jpg 1536w, https:\/\/www.zen-malerei.de\/wp-content\/uploads\/2022\/12\/2022-A013a_-500x333.jpg 500w, https:\/\/www.zen-malerei.de\/wp-content\/uploads\/2022\/12\/2022-A013a_-1000x667.jpg 1000w, https:\/\/www.zen-malerei.de\/wp-content\/uploads\/2022\/12\/2022-A013a_.jpg 1600w\" sizes=\"auto, (max-width: 660px) 100vw, 660px\" \/><\/span><\/a><\/div>\r\n\t\r\n\t\t\r\n\t\t<div class='fg-wp-caption-text fg-gallery-caption'><div class='caption-container'>\r\n\t\t<b>Die Allgegenwart des g\u00f6ttlichen Seins<\/b>\r\n<br\/>Gr\u00f6\u00dfe: 40x60cm \/ 1.600 \u20ac\r\n<br\/>\r\n<p>&nbsp;<\/p>\r\n\t\t<\/div><\/div><\/div><\/div><div class='fg-gallery-item'>\r\n\t\t<div class='gallery-icon landscape '>\r\n\t\t<div class='fg_zoom'><img loading=\"lazy\" decoding=\"async\" width=\"660\" height=\"522\" src=\"https:\/\/www.zen-malerei.de\/wp-content\/uploads\/2022\/12\/2022-A010_-1024x810.jpg\" class=\"attachment-large size-large\" alt=\"\" srcset=\"https:\/\/www.zen-malerei.de\/wp-content\/uploads\/2022\/12\/2022-A010_-1024x810.jpg 1024w, https:\/\/www.zen-malerei.de\/wp-content\/uploads\/2022\/12\/2022-A010_-300x237.jpg 300w, https:\/\/www.zen-malerei.de\/wp-content\/uploads\/2022\/12\/2022-A010_-768x607.jpg 768w, https:\/\/www.zen-malerei.de\/wp-content\/uploads\/2022\/12\/2022-A010_-1536x1214.jpg 1536w, https:\/\/www.zen-malerei.de\/wp-content\/uploads\/2022\/12\/2022-A010_-500x395.jpg 500w, https:\/\/www.zen-malerei.de\/wp-content\/uploads\/2022\/12\/2022-A010_-1000x791.jpg 1000w, https:\/\/www.zen-malerei.de\/wp-content\/uploads\/2022\/12\/2022-A010_.jpg 1600w\" sizes=\"auto, (max-width: 660px) 100vw, 660px\" \/><a href='https:\/\/www.zen-malerei.de\/wp-content\/uploads\/2022\/12\/2022-A010_-1024x810.jpg' title=\"<b>Die strahlende Klarheit des Geistes<\/b>\r\n<br\/>Gr\u00f6\u00dfe: 50x64cm \/ 1.800 \u20ac\r\n<br\/>\r\n<p>&nbsp;<\/p>\" data-rel='prettyPhoto[album]' class='fg_magnificPopup'><span class='fg-zoom-icon icon-plus'><\/span><span style='display:none'><img loading=\"lazy\" decoding=\"async\" width=\"660\" height=\"522\" src=\"https:\/\/www.zen-malerei.de\/wp-content\/uploads\/2022\/12\/2022-A010_-1024x810.jpg\" class=\"attachment-large size-large\" alt=\"\" srcset=\"https:\/\/www.zen-malerei.de\/wp-content\/uploads\/2022\/12\/2022-A010_-1024x810.jpg 1024w, https:\/\/www.zen-malerei.de\/wp-content\/uploads\/2022\/12\/2022-A010_-300x237.jpg 300w, https:\/\/www.zen-malerei.de\/wp-content\/uploads\/2022\/12\/2022-A010_-768x607.jpg 768w, https:\/\/www.zen-malerei.de\/wp-content\/uploads\/2022\/12\/2022-A010_-1536x1214.jpg 1536w, https:\/\/www.zen-malerei.de\/wp-content\/uploads\/2022\/12\/2022-A010_-500x395.jpg 500w, https:\/\/www.zen-malerei.de\/wp-content\/uploads\/2022\/12\/2022-A010_-1000x791.jpg 1000w, https:\/\/www.zen-malerei.de\/wp-content\/uploads\/2022\/12\/2022-A010_.jpg 1600w\" sizes=\"auto, (max-width: 660px) 100vw, 660px\" \/><\/span><\/a><\/div>\r\n\t\r\n\t\t\r\n\t\t<div class='fg-wp-caption-text fg-gallery-caption'><div class='caption-container'>\r\n\t\t<b>Die strahlende Klarheit des Geistes<\/b>\r\n<br\/>Gr\u00f6\u00dfe: 50x64cm \/ 1.800 \u20ac\r\n<br\/>\r\n<p>&nbsp;<\/p>\r\n\t\t<\/div><\/div><\/div><\/div><div class='fg-gallery-item'>\r\n\t\t<div class='gallery-icon portrait '>\r\n\t\t<div class='fg_zoom'><img loading=\"lazy\" decoding=\"async\" width=\"660\" height=\"889\" src=\"https:\/\/www.zen-malerei.de\/wp-content\/uploads\/2022\/12\/2022-A009_-760x1024.jpg\" class=\"attachment-large size-large\" alt=\"\" srcset=\"https:\/\/www.zen-malerei.de\/wp-content\/uploads\/2022\/12\/2022-A009_-760x1024.jpg 760w, https:\/\/www.zen-malerei.de\/wp-content\/uploads\/2022\/12\/2022-A009_-223x300.jpg 223w, https:\/\/www.zen-malerei.de\/wp-content\/uploads\/2022\/12\/2022-A009_-768x1035.jpg 768w, https:\/\/www.zen-malerei.de\/wp-content\/uploads\/2022\/12\/2022-A009_-1140x1536.jpg 1140w, https:\/\/www.zen-malerei.de\/wp-content\/uploads\/2022\/12\/2022-A009_-500x674.jpg 500w, https:\/\/www.zen-malerei.de\/wp-content\/uploads\/2022\/12\/2022-A009_-1000x1348.jpg 1000w, https:\/\/www.zen-malerei.de\/wp-content\/uploads\/2022\/12\/2022-A009_.jpg 1187w\" sizes=\"auto, (max-width: 660px) 100vw, 660px\" \/><a href='https:\/\/www.zen-malerei.de\/wp-content\/uploads\/2022\/12\/2022-A009_-760x1024.jpg' title=\"<b>Absolute Hingabe<\/b>\r\n<br\/>Gr\u00f6\u00dfe: 40x30cm \/ 1.200 \u20ac\r\n<br\/>\r\n<p>&nbsp;<\/p>\" data-rel='prettyPhoto[album]' class='fg_magnificPopup'><span class='fg-zoom-icon icon-plus'><\/span><span style='display:none'><img loading=\"lazy\" decoding=\"async\" width=\"660\" height=\"889\" src=\"https:\/\/www.zen-malerei.de\/wp-content\/uploads\/2022\/12\/2022-A009_-760x1024.jpg\" class=\"attachment-large size-large\" alt=\"\" srcset=\"https:\/\/www.zen-malerei.de\/wp-content\/uploads\/2022\/12\/2022-A009_-760x1024.jpg 760w, https:\/\/www.zen-malerei.de\/wp-content\/uploads\/2022\/12\/2022-A009_-223x300.jpg 223w, https:\/\/www.zen-malerei.de\/wp-content\/uploads\/2022\/12\/2022-A009_-768x1035.jpg 768w, https:\/\/www.zen-malerei.de\/wp-content\/uploads\/2022\/12\/2022-A009_-1140x1536.jpg 1140w, https:\/\/www.zen-malerei.de\/wp-content\/uploads\/2022\/12\/2022-A009_-500x674.jpg 500w, https:\/\/www.zen-malerei.de\/wp-content\/uploads\/2022\/12\/2022-A009_-1000x1348.jpg 1000w, https:\/\/www.zen-malerei.de\/wp-content\/uploads\/2022\/12\/2022-A009_.jpg 1187w\" sizes=\"auto, (max-width: 660px) 100vw, 660px\" \/><\/span><\/a><\/div>\r\n\t\r\n\t\t\r\n\t\t<div class='fg-wp-caption-text fg-gallery-caption'><div class='caption-container'>\r\n\t\t<b>Absolute Hingabe<\/b>\r\n<br\/>Gr\u00f6\u00dfe: 40x30cm \/ 1.200 \u20ac\r\n<br\/>\r\n<p>&nbsp;<\/p>\r\n\t\t<\/div><\/div><\/div><\/div><div class='fg-gallery-item'>\r\n\t\t<div class='gallery-icon portrait '>\r\n\t\t<div class='fg_zoom'><img loading=\"lazy\" decoding=\"async\" width=\"660\" height=\"880\" src=\"https:\/\/www.zen-malerei.de\/wp-content\/uploads\/2022\/12\/2022-A005_-768x1024.jpg\" class=\"attachment-large size-large\" alt=\"\" srcset=\"https:\/\/www.zen-malerei.de\/wp-content\/uploads\/2022\/12\/2022-A005_-768x1024.jpg 768w, https:\/\/www.zen-malerei.de\/wp-content\/uploads\/2022\/12\/2022-A005_-225x300.jpg 225w, https:\/\/www.zen-malerei.de\/wp-content\/uploads\/2022\/12\/2022-A005_-1152x1536.jpg 1152w, https:\/\/www.zen-malerei.de\/wp-content\/uploads\/2022\/12\/2022-A005_-500x667.jpg 500w, https:\/\/www.zen-malerei.de\/wp-content\/uploads\/2022\/12\/2022-A005_-1000x1333.jpg 1000w, https:\/\/www.zen-malerei.de\/wp-content\/uploads\/2022\/12\/2022-A005_.jpg 1200w\" sizes=\"auto, (max-width: 660px) 100vw, 660px\" \/><a href='https:\/\/www.zen-malerei.de\/wp-content\/uploads\/2022\/12\/2022-A005_-768x1024.jpg' title=\"<b>Heilige Trinit\u00e4t<\/b>\r\n<br\/>Gr\u00f6\u00dfe: 40x30cm \/ 750 \u20ac\r\n<br\/>\r\n<p>&nbsp;<\/p>\" data-rel='prettyPhoto[album]' class='fg_magnificPopup'><span class='fg-zoom-icon icon-plus'><\/span><span style='display:none'><img loading=\"lazy\" decoding=\"async\" width=\"660\" height=\"880\" src=\"https:\/\/www.zen-malerei.de\/wp-content\/uploads\/2022\/12\/2022-A005_-768x1024.jpg\" class=\"attachment-large size-large\" alt=\"\" srcset=\"https:\/\/www.zen-malerei.de\/wp-content\/uploads\/2022\/12\/2022-A005_-768x1024.jpg 768w, https:\/\/www.zen-malerei.de\/wp-content\/uploads\/2022\/12\/2022-A005_-225x300.jpg 225w, https:\/\/www.zen-malerei.de\/wp-content\/uploads\/2022\/12\/2022-A005_-1152x1536.jpg 1152w, https:\/\/www.zen-malerei.de\/wp-content\/uploads\/2022\/12\/2022-A005_-500x667.jpg 500w, https:\/\/www.zen-malerei.de\/wp-content\/uploads\/2022\/12\/2022-A005_-1000x1333.jpg 1000w, https:\/\/www.zen-malerei.de\/wp-content\/uploads\/2022\/12\/2022-A005_.jpg 1200w\" sizes=\"auto, (max-width: 660px) 100vw, 660px\" \/><\/span><\/a><\/div>\r\n\t\r\n\t\t\r\n\t\t<div class='fg-wp-caption-text fg-gallery-caption'><div class='caption-container'>\r\n\t\t<b>Heilige Trinit\u00e4t<\/b>\r\n<br\/>Gr\u00f6\u00dfe: 40x30cm \/ 750 \u20ac\r\n<br\/>\r\n<p>&nbsp;<\/p>\r\n\t\t<\/div><\/div><\/div><\/div><div class='fg-gallery-item'>\r\n\t\t<div class='gallery-icon portrait '>\r\n\t\t<div class='fg_zoom'><img loading=\"lazy\" decoding=\"async\" width=\"660\" height=\"874\" src=\"https:\/\/www.zen-malerei.de\/wp-content\/uploads\/2022\/12\/2022-A001_-773x1024.jpg\" class=\"attachment-large size-large\" alt=\"\" srcset=\"https:\/\/www.zen-malerei.de\/wp-content\/uploads\/2022\/12\/2022-A001_-773x1024.jpg 773w, https:\/\/www.zen-malerei.de\/wp-content\/uploads\/2022\/12\/2022-A001_-227x300.jpg 227w, https:\/\/www.zen-malerei.de\/wp-content\/uploads\/2022\/12\/2022-A001_-768x1017.jpg 768w, https:\/\/www.zen-malerei.de\/wp-content\/uploads\/2022\/12\/2022-A001_-1160x1536.jpg 1160w, https:\/\/www.zen-malerei.de\/wp-content\/uploads\/2022\/12\/2022-A001_-500x662.jpg 500w, https:\/\/www.zen-malerei.de\/wp-content\/uploads\/2022\/12\/2022-A001_-1000x1325.jpg 1000w, https:\/\/www.zen-malerei.de\/wp-content\/uploads\/2022\/12\/2022-A001_.jpg 1208w\" sizes=\"auto, (max-width: 660px) 100vw, 660px\" \/><a href='https:\/\/www.zen-malerei.de\/wp-content\/uploads\/2022\/12\/2022-A001_-773x1024.jpg' title=\"<b>Sukhavatiparadies<\/b>\r\n<br\/>Gr\u00f6\u00dfe: 48x36cm \/ 1.200 \u20ac\r\n<br\/>\r\n<p>&nbsp;<\/p>\" data-rel='prettyPhoto[album]' class='fg_magnificPopup'><span class='fg-zoom-icon icon-plus'><\/span><span style='display:none'><img loading=\"lazy\" decoding=\"async\" width=\"660\" height=\"874\" src=\"https:\/\/www.zen-malerei.de\/wp-content\/uploads\/2022\/12\/2022-A001_-773x1024.jpg\" class=\"attachment-large size-large\" alt=\"\" srcset=\"https:\/\/www.zen-malerei.de\/wp-content\/uploads\/2022\/12\/2022-A001_-773x1024.jpg 773w, https:\/\/www.zen-malerei.de\/wp-content\/uploads\/2022\/12\/2022-A001_-227x300.jpg 227w, https:\/\/www.zen-malerei.de\/wp-content\/uploads\/2022\/12\/2022-A001_-768x1017.jpg 768w, https:\/\/www.zen-malerei.de\/wp-content\/uploads\/2022\/12\/2022-A001_-1160x1536.jpg 1160w, https:\/\/www.zen-malerei.de\/wp-content\/uploads\/2022\/12\/2022-A001_-500x662.jpg 500w, https:\/\/www.zen-malerei.de\/wp-content\/uploads\/2022\/12\/2022-A001_-1000x1325.jpg 1000w, https:\/\/www.zen-malerei.de\/wp-content\/uploads\/2022\/12\/2022-A001_.jpg 1208w\" sizes=\"auto, (max-width: 660px) 100vw, 660px\" \/><\/span><\/a><\/div>\r\n\t\r\n\t\t\r\n\t\t<div class='fg-wp-caption-text fg-gallery-caption'><div class='caption-container'>\r\n\t\t<b>Sukhavatiparadies<\/b>\r\n<br\/>Gr\u00f6\u00dfe: 48x36cm \/ 1.200 \u20ac\r\n<br\/>\r\n<p>&nbsp;<\/p>\r\n\t\t<\/div><\/div><\/div><\/div><div class='fg-gallery-item'>\r\n\t\t<div class='gallery-icon portrait '>\r\n\t\t<div class='fg_zoom'><img loading=\"lazy\" decoding=\"async\" width=\"660\" height=\"663\" src=\"https:\/\/www.zen-malerei.de\/wp-content\/uploads\/2022\/08\/2020-A022-40x40cm-Kosmischer-Christus-1020x1024.jpg\" class=\"attachment-large size-large\" alt=\"\" srcset=\"https:\/\/www.zen-malerei.de\/wp-content\/uploads\/2022\/08\/2020-A022-40x40cm-Kosmischer-Christus-1020x1024.jpg 1020w, https:\/\/www.zen-malerei.de\/wp-content\/uploads\/2022\/08\/2020-A022-40x40cm-Kosmischer-Christus-300x300.jpg 300w, https:\/\/www.zen-malerei.de\/wp-content\/uploads\/2022\/08\/2020-A022-40x40cm-Kosmischer-Christus-150x150.jpg 150w, https:\/\/www.zen-malerei.de\/wp-content\/uploads\/2022\/08\/2020-A022-40x40cm-Kosmischer-Christus-768x771.jpg 768w, https:\/\/www.zen-malerei.de\/wp-content\/uploads\/2022\/08\/2020-A022-40x40cm-Kosmischer-Christus-1529x1536.jpg 1529w, https:\/\/www.zen-malerei.de\/wp-content\/uploads\/2022\/08\/2020-A022-40x40cm-Kosmischer-Christus-500x502.jpg 500w, https:\/\/www.zen-malerei.de\/wp-content\/uploads\/2022\/08\/2020-A022-40x40cm-Kosmischer-Christus-1000x1004.jpg 1000w, https:\/\/www.zen-malerei.de\/wp-content\/uploads\/2022\/08\/2020-A022-40x40cm-Kosmischer-Christus.jpg 1593w\" sizes=\"auto, (max-width: 660px) 100vw, 660px\" \/><a href='https:\/\/www.zen-malerei.de\/wp-content\/uploads\/2022\/08\/2020-A022-40x40cm-Kosmischer-Christus-1020x1024.jpg' title=\"<b>Kosmischer Christus<\/b>\r\n<br\/>Gr\u00f6\u00dfe: 40x40cm \/ 1.200 \u20ac\r\n<br\/>\r\n<p>&nbsp;<\/p>\" data-rel='prettyPhoto[album]' class='fg_magnificPopup'><span class='fg-zoom-icon icon-plus'><\/span><span style='display:none'><img loading=\"lazy\" decoding=\"async\" width=\"660\" height=\"663\" src=\"https:\/\/www.zen-malerei.de\/wp-content\/uploads\/2022\/08\/2020-A022-40x40cm-Kosmischer-Christus-1020x1024.jpg\" class=\"attachment-large size-large\" alt=\"\" srcset=\"https:\/\/www.zen-malerei.de\/wp-content\/uploads\/2022\/08\/2020-A022-40x40cm-Kosmischer-Christus-1020x1024.jpg 1020w, https:\/\/www.zen-malerei.de\/wp-content\/uploads\/2022\/08\/2020-A022-40x40cm-Kosmischer-Christus-300x300.jpg 300w, https:\/\/www.zen-malerei.de\/wp-content\/uploads\/2022\/08\/2020-A022-40x40cm-Kosmischer-Christus-150x150.jpg 150w, https:\/\/www.zen-malerei.de\/wp-content\/uploads\/2022\/08\/2020-A022-40x40cm-Kosmischer-Christus-768x771.jpg 768w, https:\/\/www.zen-malerei.de\/wp-content\/uploads\/2022\/08\/2020-A022-40x40cm-Kosmischer-Christus-1529x1536.jpg 1529w, https:\/\/www.zen-malerei.de\/wp-content\/uploads\/2022\/08\/2020-A022-40x40cm-Kosmischer-Christus-500x502.jpg 500w, https:\/\/www.zen-malerei.de\/wp-content\/uploads\/2022\/08\/2020-A022-40x40cm-Kosmischer-Christus-1000x1004.jpg 1000w, https:\/\/www.zen-malerei.de\/wp-content\/uploads\/2022\/08\/2020-A022-40x40cm-Kosmischer-Christus.jpg 1593w\" sizes=\"auto, (max-width: 660px) 100vw, 660px\" \/><\/span><\/a><\/div>\r\n\t\r\n\t\t\r\n\t\t<div class='fg-wp-caption-text fg-gallery-caption'><div class='caption-container'>\r\n\t\t<b>Kosmischer Christus<\/b>\r\n<br\/>Gr\u00f6\u00dfe: 40x40cm \/ 1.200 \u20ac\r\n<br\/>\r\n<p>&nbsp;<\/p>\r\n\t\t<\/div><\/div><\/div><\/div><div class='fg-gallery-item'>\r\n\t\t<div class='gallery-icon portrait '>\r\n\t\t<div class='fg_zoom'><img loading=\"lazy\" decoding=\"async\" width=\"660\" height=\"881\" src=\"https:\/\/www.zen-malerei.de\/wp-content\/uploads\/2021\/12\/2021-12-A029-48x36cm-Weisse-Tara-Goettliche-Liebe-767x1024.jpg\" class=\"attachment-large size-large\" alt=\"\" srcset=\"https:\/\/www.zen-malerei.de\/wp-content\/uploads\/2021\/12\/2021-12-A029-48x36cm-Weisse-Tara-Goettliche-Liebe-767x1024.jpg 767w, https:\/\/www.zen-malerei.de\/wp-content\/uploads\/2021\/12\/2021-12-A029-48x36cm-Weisse-Tara-Goettliche-Liebe-225x300.jpg 225w, https:\/\/www.zen-malerei.de\/wp-content\/uploads\/2021\/12\/2021-12-A029-48x36cm-Weisse-Tara-Goettliche-Liebe-768x1026.jpg 768w, https:\/\/www.zen-malerei.de\/wp-content\/uploads\/2021\/12\/2021-12-A029-48x36cm-Weisse-Tara-Goettliche-Liebe-1150x1536.jpg 1150w, https:\/\/www.zen-malerei.de\/wp-content\/uploads\/2021\/12\/2021-12-A029-48x36cm-Weisse-Tara-Goettliche-Liebe-500x668.jpg 500w, https:\/\/www.zen-malerei.de\/wp-content\/uploads\/2021\/12\/2021-12-A029-48x36cm-Weisse-Tara-Goettliche-Liebe-1000x1336.jpg 1000w, https:\/\/www.zen-malerei.de\/wp-content\/uploads\/2021\/12\/2021-12-A029-48x36cm-Weisse-Tara-Goettliche-Liebe.jpg 1198w\" sizes=\"auto, (max-width: 660px) 100vw, 660px\" \/><a href='https:\/\/www.zen-malerei.de\/wp-content\/uploads\/2021\/12\/2021-12-A029-48x36cm-Weisse-Tara-Goettliche-Liebe-767x1024.jpg' title=\"<b>Wei\u00dfe Tara - G\u00f6ttliche Liebe<\/b>\r\n<br\/>Gr\u00f6\u00dfe: 48x36cm \/ 800 \u20ac\r\n<br\/>\r\n<p>&nbsp;<\/p>\" data-rel='prettyPhoto[album]' class='fg_magnificPopup'><span class='fg-zoom-icon icon-plus'><\/span><span style='display:none'><img loading=\"lazy\" decoding=\"async\" width=\"660\" height=\"881\" src=\"https:\/\/www.zen-malerei.de\/wp-content\/uploads\/2021\/12\/2021-12-A029-48x36cm-Weisse-Tara-Goettliche-Liebe-767x1024.jpg\" class=\"attachment-large size-large\" alt=\"\" srcset=\"https:\/\/www.zen-malerei.de\/wp-content\/uploads\/2021\/12\/2021-12-A029-48x36cm-Weisse-Tara-Goettliche-Liebe-767x1024.jpg 767w, https:\/\/www.zen-malerei.de\/wp-content\/uploads\/2021\/12\/2021-12-A029-48x36cm-Weisse-Tara-Goettliche-Liebe-225x300.jpg 225w, https:\/\/www.zen-malerei.de\/wp-content\/uploads\/2021\/12\/2021-12-A029-48x36cm-Weisse-Tara-Goettliche-Liebe-768x1026.jpg 768w, https:\/\/www.zen-malerei.de\/wp-content\/uploads\/2021\/12\/2021-12-A029-48x36cm-Weisse-Tara-Goettliche-Liebe-1150x1536.jpg 1150w, https:\/\/www.zen-malerei.de\/wp-content\/uploads\/2021\/12\/2021-12-A029-48x36cm-Weisse-Tara-Goettliche-Liebe-500x668.jpg 500w, https:\/\/www.zen-malerei.de\/wp-content\/uploads\/2021\/12\/2021-12-A029-48x36cm-Weisse-Tara-Goettliche-Liebe-1000x1336.jpg 1000w, https:\/\/www.zen-malerei.de\/wp-content\/uploads\/2021\/12\/2021-12-A029-48x36cm-Weisse-Tara-Goettliche-Liebe.jpg 1198w\" sizes=\"auto, (max-width: 660px) 100vw, 660px\" \/><\/span><\/a><\/div>\r\n\t\r\n\t\t\r\n\t\t<div class='fg-wp-caption-text fg-gallery-caption'><div class='caption-container'>\r\n\t\t<b>Wei\u00dfe Tara &#8211; G\u00f6ttliche Liebe<\/b>\r\n<br\/>Gr\u00f6\u00dfe: 48x36cm \/ 800 \u20ac\r\n<br\/>\r\n<p>&nbsp;<\/p>\r\n\t\t<\/div><\/div><\/div><\/div><div class='fg-gallery-item'>\r\n\t\t<div class='gallery-icon landscape '>\r\n\t\t<div class='fg_zoom'><img loading=\"lazy\" decoding=\"async\" width=\"660\" height=\"512\" src=\"https:\/\/www.zen-malerei.de\/wp-content\/uploads\/2021\/12\/2021-12-A027-36x48cm-Mystische-Landschaft-1024x794.jpg\" class=\"attachment-large size-large\" alt=\"\" srcset=\"https:\/\/www.zen-malerei.de\/wp-content\/uploads\/2021\/12\/2021-12-A027-36x48cm-Mystische-Landschaft-1024x794.jpg 1024w, https:\/\/www.zen-malerei.de\/wp-content\/uploads\/2021\/12\/2021-12-A027-36x48cm-Mystische-Landschaft-300x233.jpg 300w, https:\/\/www.zen-malerei.de\/wp-content\/uploads\/2021\/12\/2021-12-A027-36x48cm-Mystische-Landschaft-768x596.jpg 768w, https:\/\/www.zen-malerei.de\/wp-content\/uploads\/2021\/12\/2021-12-A027-36x48cm-Mystische-Landschaft-1536x1191.jpg 1536w, https:\/\/www.zen-malerei.de\/wp-content\/uploads\/2021\/12\/2021-12-A027-36x48cm-Mystische-Landschaft-500x388.jpg 500w, https:\/\/www.zen-malerei.de\/wp-content\/uploads\/2021\/12\/2021-12-A027-36x48cm-Mystische-Landschaft-1000x776.jpg 1000w, https:\/\/www.zen-malerei.de\/wp-content\/uploads\/2021\/12\/2021-12-A027-36x48cm-Mystische-Landschaft.jpg 1600w\" sizes=\"auto, (max-width: 660px) 100vw, 660px\" \/><a href='https:\/\/www.zen-malerei.de\/wp-content\/uploads\/2021\/12\/2021-12-A027-36x48cm-Mystische-Landschaft-1024x794.jpg' title=\"<b>Mystische Landschaft<\/b>\r\n<br\/>Gr\u00f6\u00dfe: 36x48cm \/ 1.400 \u20ac\r\n<br\/>\r\n<p>&nbsp;<\/p>\" data-rel='prettyPhoto[album]' class='fg_magnificPopup'><span class='fg-zoom-icon icon-plus'><\/span><span style='display:none'><img loading=\"lazy\" decoding=\"async\" width=\"660\" height=\"512\" src=\"https:\/\/www.zen-malerei.de\/wp-content\/uploads\/2021\/12\/2021-12-A027-36x48cm-Mystische-Landschaft-1024x794.jpg\" class=\"attachment-large size-large\" alt=\"\" srcset=\"https:\/\/www.zen-malerei.de\/wp-content\/uploads\/2021\/12\/2021-12-A027-36x48cm-Mystische-Landschaft-1024x794.jpg 1024w, https:\/\/www.zen-malerei.de\/wp-content\/uploads\/2021\/12\/2021-12-A027-36x48cm-Mystische-Landschaft-300x233.jpg 300w, https:\/\/www.zen-malerei.de\/wp-content\/uploads\/2021\/12\/2021-12-A027-36x48cm-Mystische-Landschaft-768x596.jpg 768w, https:\/\/www.zen-malerei.de\/wp-content\/uploads\/2021\/12\/2021-12-A027-36x48cm-Mystische-Landschaft-1536x1191.jpg 1536w, https:\/\/www.zen-malerei.de\/wp-content\/uploads\/2021\/12\/2021-12-A027-36x48cm-Mystische-Landschaft-500x388.jpg 500w, https:\/\/www.zen-malerei.de\/wp-content\/uploads\/2021\/12\/2021-12-A027-36x48cm-Mystische-Landschaft-1000x776.jpg 1000w, https:\/\/www.zen-malerei.de\/wp-content\/uploads\/2021\/12\/2021-12-A027-36x48cm-Mystische-Landschaft.jpg 1600w\" sizes=\"auto, (max-width: 660px) 100vw, 660px\" \/><\/span><\/a><\/div>\r\n\t\r\n\t\t\r\n\t\t<div class='fg-wp-caption-text fg-gallery-caption'><div class='caption-container'>\r\n\t\t<b>Mystische Landschaft<\/b>\r\n<br\/>Gr\u00f6\u00dfe: 36x48cm \/ 1.400 \u20ac\r\n<br\/>\r\n<p>&nbsp;<\/p>\r\n\t\t<\/div><\/div><\/div><\/div><div class='fg-gallery-item'>\r\n\t\t<div class='gallery-icon landscape '>\r\n\t\t<div class='fg_zoom'><img loading=\"lazy\" decoding=\"async\" width=\"660\" height=\"494\" src=\"https:\/\/www.zen-malerei.de\/wp-content\/uploads\/2021\/12\/2021-12-A026-42x56cm-Allumfassendes-Bewusstsein-1024x767.jpg\" class=\"attachment-large size-large\" alt=\"\" srcset=\"https:\/\/www.zen-malerei.de\/wp-content\/uploads\/2021\/12\/2021-12-A026-42x56cm-Allumfassendes-Bewusstsein-1024x767.jpg 1024w, https:\/\/www.zen-malerei.de\/wp-content\/uploads\/2021\/12\/2021-12-A026-42x56cm-Allumfassendes-Bewusstsein-300x225.jpg 300w, https:\/\/www.zen-malerei.de\/wp-content\/uploads\/2021\/12\/2021-12-A026-42x56cm-Allumfassendes-Bewusstsein-768x575.jpg 768w, https:\/\/www.zen-malerei.de\/wp-content\/uploads\/2021\/12\/2021-12-A026-42x56cm-Allumfassendes-Bewusstsein-1536x1150.jpg 1536w, https:\/\/www.zen-malerei.de\/wp-content\/uploads\/2021\/12\/2021-12-A026-42x56cm-Allumfassendes-Bewusstsein-500x374.jpg 500w, https:\/\/www.zen-malerei.de\/wp-content\/uploads\/2021\/12\/2021-12-A026-42x56cm-Allumfassendes-Bewusstsein-1000x749.jpg 1000w, https:\/\/www.zen-malerei.de\/wp-content\/uploads\/2021\/12\/2021-12-A026-42x56cm-Allumfassendes-Bewusstsein.jpg 1600w\" sizes=\"auto, (max-width: 660px) 100vw, 660px\" \/><a href='https:\/\/www.zen-malerei.de\/wp-content\/uploads\/2021\/12\/2021-12-A026-42x56cm-Allumfassendes-Bewusstsein-1024x767.jpg' title=\"<b>Allumfassendes Bewusstsein<\/b>\r\n<br\/>Gr\u00f6\u00dfe: 42x56cm \/ 1.200 \u20ac\r\n<br\/>\r\n<p>&nbsp;<\/p>\" data-rel='prettyPhoto[album]' class='fg_magnificPopup'><span class='fg-zoom-icon icon-plus'><\/span><span style='display:none'><img loading=\"lazy\" decoding=\"async\" width=\"660\" height=\"494\" src=\"https:\/\/www.zen-malerei.de\/wp-content\/uploads\/2021\/12\/2021-12-A026-42x56cm-Allumfassendes-Bewusstsein-1024x767.jpg\" class=\"attachment-large size-large\" alt=\"\" srcset=\"https:\/\/www.zen-malerei.de\/wp-content\/uploads\/2021\/12\/2021-12-A026-42x56cm-Allumfassendes-Bewusstsein-1024x767.jpg 1024w, https:\/\/www.zen-malerei.de\/wp-content\/uploads\/2021\/12\/2021-12-A026-42x56cm-Allumfassendes-Bewusstsein-300x225.jpg 300w, https:\/\/www.zen-malerei.de\/wp-content\/uploads\/2021\/12\/2021-12-A026-42x56cm-Allumfassendes-Bewusstsein-768x575.jpg 768w, https:\/\/www.zen-malerei.de\/wp-content\/uploads\/2021\/12\/2021-12-A026-42x56cm-Allumfassendes-Bewusstsein-1536x1150.jpg 1536w, https:\/\/www.zen-malerei.de\/wp-content\/uploads\/2021\/12\/2021-12-A026-42x56cm-Allumfassendes-Bewusstsein-500x374.jpg 500w, https:\/\/www.zen-malerei.de\/wp-content\/uploads\/2021\/12\/2021-12-A026-42x56cm-Allumfassendes-Bewusstsein-1000x749.jpg 1000w, https:\/\/www.zen-malerei.de\/wp-content\/uploads\/2021\/12\/2021-12-A026-42x56cm-Allumfassendes-Bewusstsein.jpg 1600w\" sizes=\"auto, (max-width: 660px) 100vw, 660px\" \/><\/span><\/a><\/div>\r\n\t\r\n\t\t\r\n\t\t<div class='fg-wp-caption-text fg-gallery-caption'><div class='caption-container'>\r\n\t\t<b>Allumfassendes Bewusstsein<\/b>\r\n<br\/>Gr\u00f6\u00dfe: 42x56cm \/ 1.200 \u20ac\r\n<br\/>\r\n<p>&nbsp;<\/p>\r\n\t\t<\/div><\/div><\/div><\/div><div class='fg-gallery-item'>\r\n\t\t<div class='gallery-icon landscape '>\r\n\t\t<div class='fg_zoom'><img loading=\"lazy\" decoding=\"async\" width=\"660\" height=\"492\" src=\"https:\/\/www.zen-malerei.de\/wp-content\/uploads\/2021\/12\/2021-12-A019-42x56cm-Mystisches-Geheimnis-1024x764.jpg\" class=\"attachment-large size-large\" alt=\"\" srcset=\"https:\/\/www.zen-malerei.de\/wp-content\/uploads\/2021\/12\/2021-12-A019-42x56cm-Mystisches-Geheimnis-1024x764.jpg 1024w, https:\/\/www.zen-malerei.de\/wp-content\/uploads\/2021\/12\/2021-12-A019-42x56cm-Mystisches-Geheimnis-300x224.jpg 300w, https:\/\/www.zen-malerei.de\/wp-content\/uploads\/2021\/12\/2021-12-A019-42x56cm-Mystisches-Geheimnis-768x573.jpg 768w, https:\/\/www.zen-malerei.de\/wp-content\/uploads\/2021\/12\/2021-12-A019-42x56cm-Mystisches-Geheimnis-1536x1146.jpg 1536w, https:\/\/www.zen-malerei.de\/wp-content\/uploads\/2021\/12\/2021-12-A019-42x56cm-Mystisches-Geheimnis-500x373.jpg 500w, https:\/\/www.zen-malerei.de\/wp-content\/uploads\/2021\/12\/2021-12-A019-42x56cm-Mystisches-Geheimnis-1000x746.jpg 1000w, https:\/\/www.zen-malerei.de\/wp-content\/uploads\/2021\/12\/2021-12-A019-42x56cm-Mystisches-Geheimnis.jpg 1600w\" sizes=\"auto, (max-width: 660px) 100vw, 660px\" \/><a href='https:\/\/www.zen-malerei.de\/wp-content\/uploads\/2021\/12\/2021-12-A019-42x56cm-Mystisches-Geheimnis-1024x764.jpg' title=\"<b>Mystisches Geheimnis<\/b>\r\n<br\/>Gr\u00f6\u00dfe: 42x56cm \/ 1.400 \u20ac\r\n<br\/>\r\n<p>&nbsp;<\/p>\" data-rel='prettyPhoto[album]' class='fg_magnificPopup'><span class='fg-zoom-icon icon-plus'><\/span><span style='display:none'><img loading=\"lazy\" decoding=\"async\" width=\"660\" height=\"492\" src=\"https:\/\/www.zen-malerei.de\/wp-content\/uploads\/2021\/12\/2021-12-A019-42x56cm-Mystisches-Geheimnis-1024x764.jpg\" class=\"attachment-large size-large\" alt=\"\" srcset=\"https:\/\/www.zen-malerei.de\/wp-content\/uploads\/2021\/12\/2021-12-A019-42x56cm-Mystisches-Geheimnis-1024x764.jpg 1024w, https:\/\/www.zen-malerei.de\/wp-content\/uploads\/2021\/12\/2021-12-A019-42x56cm-Mystisches-Geheimnis-300x224.jpg 300w, https:\/\/www.zen-malerei.de\/wp-content\/uploads\/2021\/12\/2021-12-A019-42x56cm-Mystisches-Geheimnis-768x573.jpg 768w, https:\/\/www.zen-malerei.de\/wp-content\/uploads\/2021\/12\/2021-12-A019-42x56cm-Mystisches-Geheimnis-1536x1146.jpg 1536w, https:\/\/www.zen-malerei.de\/wp-content\/uploads\/2021\/12\/2021-12-A019-42x56cm-Mystisches-Geheimnis-500x373.jpg 500w, https:\/\/www.zen-malerei.de\/wp-content\/uploads\/2021\/12\/2021-12-A019-42x56cm-Mystisches-Geheimnis-1000x746.jpg 1000w, https:\/\/www.zen-malerei.de\/wp-content\/uploads\/2021\/12\/2021-12-A019-42x56cm-Mystisches-Geheimnis.jpg 1600w\" sizes=\"auto, (max-width: 660px) 100vw, 660px\" \/><\/span><\/a><\/div>\r\n\t\r\n\t\t\r\n\t\t<div class='fg-wp-caption-text fg-gallery-caption'><div class='caption-container'>\r\n\t\t<b>Mystisches Geheimnis<\/b>\r\n<br\/>Gr\u00f6\u00dfe: 42x56cm \/ 1.400 \u20ac\r\n<br\/>\r\n<p>&nbsp;<\/p>\r\n\t\t<\/div><\/div><\/div><\/div><div class='fg-gallery-item'>\r\n\t\t<div class='gallery-icon landscape '>\r\n\t\t<div class='fg_zoom'><img loading=\"lazy\" decoding=\"async\" width=\"660\" height=\"494\" src=\"https:\/\/www.zen-malerei.de\/wp-content\/uploads\/2021\/12\/2021-12-A018-36x48cm-Kosmischer-Christus-1024x767.jpg\" class=\"attachment-large size-large\" alt=\"\" srcset=\"https:\/\/www.zen-malerei.de\/wp-content\/uploads\/2021\/12\/2021-12-A018-36x48cm-Kosmischer-Christus-1024x767.jpg 1024w, https:\/\/www.zen-malerei.de\/wp-content\/uploads\/2021\/12\/2021-12-A018-36x48cm-Kosmischer-Christus-300x225.jpg 300w, https:\/\/www.zen-malerei.de\/wp-content\/uploads\/2021\/12\/2021-12-A018-36x48cm-Kosmischer-Christus-768x575.jpg 768w, https:\/\/www.zen-malerei.de\/wp-content\/uploads\/2021\/12\/2021-12-A018-36x48cm-Kosmischer-Christus-1536x1150.jpg 1536w, https:\/\/www.zen-malerei.de\/wp-content\/uploads\/2021\/12\/2021-12-A018-36x48cm-Kosmischer-Christus-500x374.jpg 500w, https:\/\/www.zen-malerei.de\/wp-content\/uploads\/2021\/12\/2021-12-A018-36x48cm-Kosmischer-Christus-1000x749.jpg 1000w, https:\/\/www.zen-malerei.de\/wp-content\/uploads\/2021\/12\/2021-12-A018-36x48cm-Kosmischer-Christus.jpg 1600w\" sizes=\"auto, (max-width: 660px) 100vw, 660px\" \/><a href='https:\/\/www.zen-malerei.de\/wp-content\/uploads\/2021\/12\/2021-12-A018-36x48cm-Kosmischer-Christus-1024x767.jpg' title=\"<b>Kosmischer Christus<\/b>\r\n<br\/>Gr\u00f6\u00dfe: 36x48cm \/ 1.400 \u20ac\r\n<br\/>\r\n<p>&nbsp;<\/p>\" data-rel='prettyPhoto[album]' class='fg_magnificPopup'><span class='fg-zoom-icon icon-plus'><\/span><span style='display:none'><img loading=\"lazy\" decoding=\"async\" width=\"660\" height=\"494\" src=\"https:\/\/www.zen-malerei.de\/wp-content\/uploads\/2021\/12\/2021-12-A018-36x48cm-Kosmischer-Christus-1024x767.jpg\" class=\"attachment-large size-large\" alt=\"\" srcset=\"https:\/\/www.zen-malerei.de\/wp-content\/uploads\/2021\/12\/2021-12-A018-36x48cm-Kosmischer-Christus-1024x767.jpg 1024w, https:\/\/www.zen-malerei.de\/wp-content\/uploads\/2021\/12\/2021-12-A018-36x48cm-Kosmischer-Christus-300x225.jpg 300w, https:\/\/www.zen-malerei.de\/wp-content\/uploads\/2021\/12\/2021-12-A018-36x48cm-Kosmischer-Christus-768x575.jpg 768w, https:\/\/www.zen-malerei.de\/wp-content\/uploads\/2021\/12\/2021-12-A018-36x48cm-Kosmischer-Christus-1536x1150.jpg 1536w, https:\/\/www.zen-malerei.de\/wp-content\/uploads\/2021\/12\/2021-12-A018-36x48cm-Kosmischer-Christus-500x374.jpg 500w, https:\/\/www.zen-malerei.de\/wp-content\/uploads\/2021\/12\/2021-12-A018-36x48cm-Kosmischer-Christus-1000x749.jpg 1000w, https:\/\/www.zen-malerei.de\/wp-content\/uploads\/2021\/12\/2021-12-A018-36x48cm-Kosmischer-Christus.jpg 1600w\" sizes=\"auto, (max-width: 660px) 100vw, 660px\" \/><\/span><\/a><\/div>\r\n\t\r\n\t\t\r\n\t\t<div class='fg-wp-caption-text fg-gallery-caption'><div class='caption-container'>\r\n\t\t<b>Kosmischer Christus<\/b>\r\n<br\/>Gr\u00f6\u00dfe: 36x48cm \/ 1.400 \u20ac\r\n<br\/>\r\n<p>&nbsp;<\/p>\r\n\t\t<\/div><\/div><\/div><\/div><div class='fg-gallery-item'>\r\n\t\t<div class='gallery-icon landscape '>\r\n\t\t<div class='fg_zoom'><img loading=\"lazy\" decoding=\"async\" width=\"660\" height=\"497\" src=\"https:\/\/www.zen-malerei.de\/wp-content\/uploads\/2021\/12\/2021-12-A009-42x56cm-Goettliche-Segnung-1024x771.jpg\" class=\"attachment-large size-large\" alt=\"\" srcset=\"https:\/\/www.zen-malerei.de\/wp-content\/uploads\/2021\/12\/2021-12-A009-42x56cm-Goettliche-Segnung-1024x771.jpg 1024w, https:\/\/www.zen-malerei.de\/wp-content\/uploads\/2021\/12\/2021-12-A009-42x56cm-Goettliche-Segnung-300x226.jpg 300w, https:\/\/www.zen-malerei.de\/wp-content\/uploads\/2021\/12\/2021-12-A009-42x56cm-Goettliche-Segnung-768x578.jpg 768w, https:\/\/www.zen-malerei.de\/wp-content\/uploads\/2021\/12\/2021-12-A009-42x56cm-Goettliche-Segnung-1536x1157.jpg 1536w, https:\/\/www.zen-malerei.de\/wp-content\/uploads\/2021\/12\/2021-12-A009-42x56cm-Goettliche-Segnung-500x377.jpg 500w, https:\/\/www.zen-malerei.de\/wp-content\/uploads\/2021\/12\/2021-12-A009-42x56cm-Goettliche-Segnung-1000x753.jpg 1000w, https:\/\/www.zen-malerei.de\/wp-content\/uploads\/2021\/12\/2021-12-A009-42x56cm-Goettliche-Segnung.jpg 1600w\" sizes=\"auto, (max-width: 660px) 100vw, 660px\" \/><a href='https:\/\/www.zen-malerei.de\/wp-content\/uploads\/2021\/12\/2021-12-A009-42x56cm-Goettliche-Segnung-1024x771.jpg' title=\"<b>G\u00f6ttliche Segnung<\/b>\r\n<br\/>Gr\u00f6\u00dfe: 42x56cm \/ 1.200 \u20ac\r\n<br\/>\r\n<p>&nbsp;<\/p>\" data-rel='prettyPhoto[album]' class='fg_magnificPopup'><span class='fg-zoom-icon icon-plus'><\/span><span style='display:none'><img loading=\"lazy\" decoding=\"async\" width=\"660\" height=\"497\" src=\"https:\/\/www.zen-malerei.de\/wp-content\/uploads\/2021\/12\/2021-12-A009-42x56cm-Goettliche-Segnung-1024x771.jpg\" class=\"attachment-large size-large\" alt=\"\" srcset=\"https:\/\/www.zen-malerei.de\/wp-content\/uploads\/2021\/12\/2021-12-A009-42x56cm-Goettliche-Segnung-1024x771.jpg 1024w, https:\/\/www.zen-malerei.de\/wp-content\/uploads\/2021\/12\/2021-12-A009-42x56cm-Goettliche-Segnung-300x226.jpg 300w, https:\/\/www.zen-malerei.de\/wp-content\/uploads\/2021\/12\/2021-12-A009-42x56cm-Goettliche-Segnung-768x578.jpg 768w, https:\/\/www.zen-malerei.de\/wp-content\/uploads\/2021\/12\/2021-12-A009-42x56cm-Goettliche-Segnung-1536x1157.jpg 1536w, https:\/\/www.zen-malerei.de\/wp-content\/uploads\/2021\/12\/2021-12-A009-42x56cm-Goettliche-Segnung-500x377.jpg 500w, https:\/\/www.zen-malerei.de\/wp-content\/uploads\/2021\/12\/2021-12-A009-42x56cm-Goettliche-Segnung-1000x753.jpg 1000w, https:\/\/www.zen-malerei.de\/wp-content\/uploads\/2021\/12\/2021-12-A009-42x56cm-Goettliche-Segnung.jpg 1600w\" sizes=\"auto, (max-width: 660px) 100vw, 660px\" \/><\/span><\/a><\/div>\r\n\t\r\n\t\t\r\n\t\t<div class='fg-wp-caption-text fg-gallery-caption'><div class='caption-container'>\r\n\t\t<b>G\u00f6ttliche Segnung<\/b>\r\n<br\/>Gr\u00f6\u00dfe: 42x56cm \/ 1.200 \u20ac\r\n<br\/>\r\n<p>&nbsp;<\/p>\r\n\t\t<\/div><\/div><\/div><\/div><div class='fg-gallery-item'>\r\n\t\t<div class='gallery-icon portrait '>\r\n\t\t<div class='fg_zoom'><img loading=\"lazy\" decoding=\"async\" width=\"660\" height=\"881\" src=\"https:\/\/www.zen-malerei.de\/wp-content\/uploads\/2021\/12\/2021-12-A005-48x36cm-Die-Passion-767x1024.jpg\" class=\"attachment-large size-large\" alt=\"\" srcset=\"https:\/\/www.zen-malerei.de\/wp-content\/uploads\/2021\/12\/2021-12-A005-48x36cm-Die-Passion-767x1024.jpg 767w, https:\/\/www.zen-malerei.de\/wp-content\/uploads\/2021\/12\/2021-12-A005-48x36cm-Die-Passion-225x300.jpg 225w, https:\/\/www.zen-malerei.de\/wp-content\/uploads\/2021\/12\/2021-12-A005-48x36cm-Die-Passion-768x1026.jpg 768w, https:\/\/www.zen-malerei.de\/wp-content\/uploads\/2021\/12\/2021-12-A005-48x36cm-Die-Passion-1150x1536.jpg 1150w, https:\/\/www.zen-malerei.de\/wp-content\/uploads\/2021\/12\/2021-12-A005-48x36cm-Die-Passion-500x668.jpg 500w, https:\/\/www.zen-malerei.de\/wp-content\/uploads\/2021\/12\/2021-12-A005-48x36cm-Die-Passion-1000x1336.jpg 1000w, https:\/\/www.zen-malerei.de\/wp-content\/uploads\/2021\/12\/2021-12-A005-48x36cm-Die-Passion.jpg 1198w\" sizes=\"auto, (max-width: 660px) 100vw, 660px\" \/><a href='https:\/\/www.zen-malerei.de\/wp-content\/uploads\/2021\/12\/2021-12-A005-48x36cm-Die-Passion-767x1024.jpg' title=\"<b>Die Passion<\/b>\r\n<br\/>Gr\u00f6\u00dfe: 48x36cm \/ 850 \u20ac \r\n<br\/>\r\n<p>&nbsp;<\/p>\" data-rel='prettyPhoto[album]' class='fg_magnificPopup'><span class='fg-zoom-icon icon-plus'><\/span><span style='display:none'><img loading=\"lazy\" decoding=\"async\" width=\"660\" height=\"881\" src=\"https:\/\/www.zen-malerei.de\/wp-content\/uploads\/2021\/12\/2021-12-A005-48x36cm-Die-Passion-767x1024.jpg\" class=\"attachment-large size-large\" alt=\"\" srcset=\"https:\/\/www.zen-malerei.de\/wp-content\/uploads\/2021\/12\/2021-12-A005-48x36cm-Die-Passion-767x1024.jpg 767w, https:\/\/www.zen-malerei.de\/wp-content\/uploads\/2021\/12\/2021-12-A005-48x36cm-Die-Passion-225x300.jpg 225w, https:\/\/www.zen-malerei.de\/wp-content\/uploads\/2021\/12\/2021-12-A005-48x36cm-Die-Passion-768x1026.jpg 768w, https:\/\/www.zen-malerei.de\/wp-content\/uploads\/2021\/12\/2021-12-A005-48x36cm-Die-Passion-1150x1536.jpg 1150w, https:\/\/www.zen-malerei.de\/wp-content\/uploads\/2021\/12\/2021-12-A005-48x36cm-Die-Passion-500x668.jpg 500w, https:\/\/www.zen-malerei.de\/wp-content\/uploads\/2021\/12\/2021-12-A005-48x36cm-Die-Passion-1000x1336.jpg 1000w, https:\/\/www.zen-malerei.de\/wp-content\/uploads\/2021\/12\/2021-12-A005-48x36cm-Die-Passion.jpg 1198w\" sizes=\"auto, (max-width: 660px) 100vw, 660px\" \/><\/span><\/a><\/div>\r\n\t\r\n\t\t\r\n\t\t<div class='fg-wp-caption-text fg-gallery-caption'><div class='caption-container'>\r\n\t\t<b>Die Passion<\/b>\r\n<br\/>Gr\u00f6\u00dfe: 48x36cm \/ 850 \u20ac \r\n<br\/>\r\n<p>&nbsp;<\/p>\r\n\t\t<\/div><\/div><\/div><\/div><div class='fg-gallery-item'>\r\n\t\t<div class='gallery-icon portrait '>\r\n\t\t<div class='fg_zoom'><img loading=\"lazy\" decoding=\"async\" width=\"660\" height=\"877\" src=\"https:\/\/www.zen-malerei.de\/wp-content\/uploads\/2019\/11\/2019-36-36x48cm-771x1024.jpg\" class=\"attachment-large size-large\" alt=\"\" srcset=\"https:\/\/www.zen-malerei.de\/wp-content\/uploads\/2019\/11\/2019-36-36x48cm-771x1024.jpg 771w, https:\/\/www.zen-malerei.de\/wp-content\/uploads\/2019\/11\/2019-36-36x48cm-226x300.jpg 226w, https:\/\/www.zen-malerei.de\/wp-content\/uploads\/2019\/11\/2019-36-36x48cm-768x1021.jpg 768w, https:\/\/www.zen-malerei.de\/wp-content\/uploads\/2019\/11\/2019-36-36x48cm-1156x1536.jpg 1156w, https:\/\/www.zen-malerei.de\/wp-content\/uploads\/2019\/11\/2019-36-36x48cm-500x664.jpg 500w, https:\/\/www.zen-malerei.de\/wp-content\/uploads\/2019\/11\/2019-36-36x48cm-1000x1329.jpg 1000w, https:\/\/www.zen-malerei.de\/wp-content\/uploads\/2019\/11\/2019-36-36x48cm.jpg 1204w\" sizes=\"auto, (max-width: 660px) 100vw, 660px\" \/><a href='https:\/\/www.zen-malerei.de\/wp-content\/uploads\/2019\/11\/2019-36-36x48cm-771x1024.jpg' title=\"<b>Das Wirken der g\u00f6ttlichen Liebe<\/b>\r\n<br\/>Gr\u00f6\u00dfe: 36x48cm \/ 1.400 \u20ac\r\n<br\/>\r\n<p>&nbsp;<\/p>\" data-rel='prettyPhoto[album]' class='fg_magnificPopup'><span class='fg-zoom-icon icon-plus'><\/span><span style='display:none'><img loading=\"lazy\" decoding=\"async\" width=\"660\" height=\"877\" src=\"https:\/\/www.zen-malerei.de\/wp-content\/uploads\/2019\/11\/2019-36-36x48cm-771x1024.jpg\" class=\"attachment-large size-large\" alt=\"\" srcset=\"https:\/\/www.zen-malerei.de\/wp-content\/uploads\/2019\/11\/2019-36-36x48cm-771x1024.jpg 771w, https:\/\/www.zen-malerei.de\/wp-content\/uploads\/2019\/11\/2019-36-36x48cm-226x300.jpg 226w, https:\/\/www.zen-malerei.de\/wp-content\/uploads\/2019\/11\/2019-36-36x48cm-768x1021.jpg 768w, https:\/\/www.zen-malerei.de\/wp-content\/uploads\/2019\/11\/2019-36-36x48cm-1156x1536.jpg 1156w, https:\/\/www.zen-malerei.de\/wp-content\/uploads\/2019\/11\/2019-36-36x48cm-500x664.jpg 500w, https:\/\/www.zen-malerei.de\/wp-content\/uploads\/2019\/11\/2019-36-36x48cm-1000x1329.jpg 1000w, https:\/\/www.zen-malerei.de\/wp-content\/uploads\/2019\/11\/2019-36-36x48cm.jpg 1204w\" sizes=\"auto, (max-width: 660px) 100vw, 660px\" \/><\/span><\/a><\/div>\r\n\t\r\n\t\t\r\n\t\t<div class='fg-wp-caption-text fg-gallery-caption'><div class='caption-container'>\r\n\t\t<b>Das Wirken der g\u00f6ttlichen Liebe<\/b>\r\n<br\/>Gr\u00f6\u00dfe: 36x48cm \/ 1.400 \u20ac\r\n<br\/>\r\n<p>&nbsp;<\/p>\r\n\t\t<\/div><\/div><\/div><\/div><div class='fg-gallery-item'>\r\n\t\t<div class='gallery-icon portrait '>\r\n\t\t<div class='fg_zoom'><img loading=\"lazy\" decoding=\"async\" width=\"660\" height=\"883\" src=\"https:\/\/www.zen-malerei.de\/wp-content\/uploads\/2019\/11\/2019-39-36x48cm-765x1024.jpg\" class=\"attachment-large size-large\" alt=\"\" srcset=\"https:\/\/www.zen-malerei.de\/wp-content\/uploads\/2019\/11\/2019-39-36x48cm-765x1024.jpg 765w, https:\/\/www.zen-malerei.de\/wp-content\/uploads\/2019\/11\/2019-39-36x48cm-224x300.jpg 224w, https:\/\/www.zen-malerei.de\/wp-content\/uploads\/2019\/11\/2019-39-36x48cm-768x1027.jpg 768w, https:\/\/www.zen-malerei.de\/wp-content\/uploads\/2019\/11\/2019-39-36x48cm-1148x1536.jpg 1148w, https:\/\/www.zen-malerei.de\/wp-content\/uploads\/2019\/11\/2019-39-36x48cm-500x669.jpg 500w, https:\/\/www.zen-malerei.de\/wp-content\/uploads\/2019\/11\/2019-39-36x48cm-1000x1338.jpg 1000w, https:\/\/www.zen-malerei.de\/wp-content\/uploads\/2019\/11\/2019-39-36x48cm.jpg 1196w\" sizes=\"auto, (max-width: 660px) 100vw, 660px\" \/><a href='https:\/\/www.zen-malerei.de\/wp-content\/uploads\/2019\/11\/2019-39-36x48cm-765x1024.jpg' title=\"<b>Mystische Transformation<\/b>\r\n<br\/>Gr\u00f6\u00dfe: 36x48cm \/ 1.400 \u20ac\r\n<br\/>\r\n<p>&nbsp;<\/p>\" data-rel='prettyPhoto[album]' class='fg_magnificPopup'><span class='fg-zoom-icon icon-plus'><\/span><span style='display:none'><img loading=\"lazy\" decoding=\"async\" width=\"660\" height=\"883\" src=\"https:\/\/www.zen-malerei.de\/wp-content\/uploads\/2019\/11\/2019-39-36x48cm-765x1024.jpg\" class=\"attachment-large size-large\" alt=\"\" srcset=\"https:\/\/www.zen-malerei.de\/wp-content\/uploads\/2019\/11\/2019-39-36x48cm-765x1024.jpg 765w, https:\/\/www.zen-malerei.de\/wp-content\/uploads\/2019\/11\/2019-39-36x48cm-224x300.jpg 224w, https:\/\/www.zen-malerei.de\/wp-content\/uploads\/2019\/11\/2019-39-36x48cm-768x1027.jpg 768w, https:\/\/www.zen-malerei.de\/wp-content\/uploads\/2019\/11\/2019-39-36x48cm-1148x1536.jpg 1148w, https:\/\/www.zen-malerei.de\/wp-content\/uploads\/2019\/11\/2019-39-36x48cm-500x669.jpg 500w, https:\/\/www.zen-malerei.de\/wp-content\/uploads\/2019\/11\/2019-39-36x48cm-1000x1338.jpg 1000w, https:\/\/www.zen-malerei.de\/wp-content\/uploads\/2019\/11\/2019-39-36x48cm.jpg 1196w\" sizes=\"auto, (max-width: 660px) 100vw, 660px\" \/><\/span><\/a><\/div>\r\n\t\r\n\t\t\r\n\t\t<div class='fg-wp-caption-text fg-gallery-caption'><div class='caption-container'>\r\n\t\t<b>Mystische Transformation<\/b>\r\n<br\/>Gr\u00f6\u00dfe: 36x48cm \/ 1.400 \u20ac\r\n<br\/>\r\n<p>&nbsp;<\/p>\r\n\t\t<\/div><\/div><\/div><\/div><div class='fg-gallery-item'>\r\n\t\t<div class='gallery-icon portrait '>\r\n\t\t<div class='fg_zoom'><img loading=\"lazy\" decoding=\"async\" width=\"660\" height=\"887\" src=\"https:\/\/www.zen-malerei.de\/wp-content\/uploads\/2019\/11\/2019-49-42x56cm-762x1024.jpg\" class=\"attachment-large size-large\" alt=\"\" srcset=\"https:\/\/www.zen-malerei.de\/wp-content\/uploads\/2019\/11\/2019-49-42x56cm-762x1024.jpg 762w, https:\/\/www.zen-malerei.de\/wp-content\/uploads\/2019\/11\/2019-49-42x56cm-223x300.jpg 223w, https:\/\/www.zen-malerei.de\/wp-content\/uploads\/2019\/11\/2019-49-42x56cm-768x1033.jpg 768w, https:\/\/www.zen-malerei.de\/wp-content\/uploads\/2019\/11\/2019-49-42x56cm-1142x1536.jpg 1142w, https:\/\/www.zen-malerei.de\/wp-content\/uploads\/2019\/11\/2019-49-42x56cm-500x672.jpg 500w, https:\/\/www.zen-malerei.de\/wp-content\/uploads\/2019\/11\/2019-49-42x56cm-1000x1345.jpg 1000w, https:\/\/www.zen-malerei.de\/wp-content\/uploads\/2019\/11\/2019-49-42x56cm.jpg 1190w\" sizes=\"auto, (max-width: 660px) 100vw, 660px\" \/><a href='https:\/\/www.zen-malerei.de\/wp-content\/uploads\/2019\/11\/2019-49-42x56cm-762x1024.jpg' title=\"<b>Die dynamische Natur des Geistes<\/b>\r\n<br\/>Gr\u00f6\u00dfe: 42x56cm \/ 1.800 \u20ac\r\n<br\/>\r\n<p>&nbsp;<\/p>\" data-rel='prettyPhoto[album]' class='fg_magnificPopup'><span class='fg-zoom-icon icon-plus'><\/span><span style='display:none'><img loading=\"lazy\" decoding=\"async\" width=\"660\" height=\"887\" src=\"https:\/\/www.zen-malerei.de\/wp-content\/uploads\/2019\/11\/2019-49-42x56cm-762x1024.jpg\" class=\"attachment-large size-large\" alt=\"\" srcset=\"https:\/\/www.zen-malerei.de\/wp-content\/uploads\/2019\/11\/2019-49-42x56cm-762x1024.jpg 762w, https:\/\/www.zen-malerei.de\/wp-content\/uploads\/2019\/11\/2019-49-42x56cm-223x300.jpg 223w, https:\/\/www.zen-malerei.de\/wp-content\/uploads\/2019\/11\/2019-49-42x56cm-768x1033.jpg 768w, https:\/\/www.zen-malerei.de\/wp-content\/uploads\/2019\/11\/2019-49-42x56cm-1142x1536.jpg 1142w, https:\/\/www.zen-malerei.de\/wp-content\/uploads\/2019\/11\/2019-49-42x56cm-500x672.jpg 500w, https:\/\/www.zen-malerei.de\/wp-content\/uploads\/2019\/11\/2019-49-42x56cm-1000x1345.jpg 1000w, https:\/\/www.zen-malerei.de\/wp-content\/uploads\/2019\/11\/2019-49-42x56cm.jpg 1190w\" sizes=\"auto, (max-width: 660px) 100vw, 660px\" \/><\/span><\/a><\/div>\r\n\t\r\n\t\t\r\n\t\t<div class='fg-wp-caption-text fg-gallery-caption'><div class='caption-container'>\r\n\t\t<b>Die dynamische Natur des Geistes<\/b>\r\n<br\/>Gr\u00f6\u00dfe: 42x56cm \/ 1.800 \u20ac\r\n<br\/>\r\n<p>&nbsp;<\/p>\r\n\t\t<\/div><\/div><\/div><\/div><div class='fg-gallery-item'>\r\n\t\t<div class='gallery-icon portrait '>\r\n\t\t<div class='fg_zoom'><img loading=\"lazy\" decoding=\"async\" width=\"660\" height=\"883\" src=\"https:\/\/www.zen-malerei.de\/wp-content\/uploads\/2017\/12\/2017-15-36x48cm-Der-kosmische-Einklang-765x1024.jpg\" class=\"attachment-large size-large\" alt=\"\" srcset=\"https:\/\/www.zen-malerei.de\/wp-content\/uploads\/2017\/12\/2017-15-36x48cm-Der-kosmische-Einklang-765x1024.jpg 765w, https:\/\/www.zen-malerei.de\/wp-content\/uploads\/2017\/12\/2017-15-36x48cm-Der-kosmische-Einklang-224x300.jpg 224w, https:\/\/www.zen-malerei.de\/wp-content\/uploads\/2017\/12\/2017-15-36x48cm-Der-kosmische-Einklang-768x1028.jpg 768w, https:\/\/www.zen-malerei.de\/wp-content\/uploads\/2017\/12\/2017-15-36x48cm-Der-kosmische-Einklang-1147x1536.jpg 1147w, https:\/\/www.zen-malerei.de\/wp-content\/uploads\/2017\/12\/2017-15-36x48cm-Der-kosmische-Einklang-500x669.jpg 500w, https:\/\/www.zen-malerei.de\/wp-content\/uploads\/2017\/12\/2017-15-36x48cm-Der-kosmische-Einklang-1000x1339.jpg 1000w, https:\/\/www.zen-malerei.de\/wp-content\/uploads\/2017\/12\/2017-15-36x48cm-Der-kosmische-Einklang.jpg 1195w\" sizes=\"auto, (max-width: 660px) 100vw, 660px\" \/><a href='https:\/\/www.zen-malerei.de\/wp-content\/uploads\/2017\/12\/2017-15-36x48cm-Der-kosmische-Einklang-765x1024.jpg' title=\"<b>Die Herrlichkeit des g\u00f6ttlichen Seins<\/b>\r\n<br\/>Gr\u00f6\u00dfe: 36x48cm \/ 1.400 \u20ac\r\n<br\/>\r\n<p>&nbsp;<\/p>\" data-rel='prettyPhoto[album]' class='fg_magnificPopup'><span class='fg-zoom-icon icon-plus'><\/span><span style='display:none'><img loading=\"lazy\" decoding=\"async\" width=\"660\" height=\"883\" src=\"https:\/\/www.zen-malerei.de\/wp-content\/uploads\/2017\/12\/2017-15-36x48cm-Der-kosmische-Einklang-765x1024.jpg\" class=\"attachment-large size-large\" alt=\"\" srcset=\"https:\/\/www.zen-malerei.de\/wp-content\/uploads\/2017\/12\/2017-15-36x48cm-Der-kosmische-Einklang-765x1024.jpg 765w, https:\/\/www.zen-malerei.de\/wp-content\/uploads\/2017\/12\/2017-15-36x48cm-Der-kosmische-Einklang-224x300.jpg 224w, https:\/\/www.zen-malerei.de\/wp-content\/uploads\/2017\/12\/2017-15-36x48cm-Der-kosmische-Einklang-768x1028.jpg 768w, https:\/\/www.zen-malerei.de\/wp-content\/uploads\/2017\/12\/2017-15-36x48cm-Der-kosmische-Einklang-1147x1536.jpg 1147w, https:\/\/www.zen-malerei.de\/wp-content\/uploads\/2017\/12\/2017-15-36x48cm-Der-kosmische-Einklang-500x669.jpg 500w, https:\/\/www.zen-malerei.de\/wp-content\/uploads\/2017\/12\/2017-15-36x48cm-Der-kosmische-Einklang-1000x1339.jpg 1000w, https:\/\/www.zen-malerei.de\/wp-content\/uploads\/2017\/12\/2017-15-36x48cm-Der-kosmische-Einklang.jpg 1195w\" sizes=\"auto, (max-width: 660px) 100vw, 660px\" \/><\/span><\/a><\/div>\r\n\t\r\n\t\t\r\n\t\t<div class='fg-wp-caption-text fg-gallery-caption'><div class='caption-container'>\r\n\t\t<b>Die Herrlichkeit des g\u00f6ttlichen Seins<\/b>\r\n<br\/>Gr\u00f6\u00dfe: 36x48cm \/ 1.400 \u20ac\r\n<br\/>\r\n<p>&nbsp;<\/p>\r\n\t\t<\/div><\/div><\/div><\/div><div class='fg-gallery-item'>\r\n\t\t<div class='gallery-icon portrait '>\r\n\t\t<div class='fg_zoom'><img loading=\"lazy\" decoding=\"async\" width=\"660\" height=\"783\" src=\"https:\/\/www.zen-malerei.de\/wp-content\/uploads\/2017\/12\/2017-49-36x48cm-Feuerlotus-863x1024.jpg\" class=\"attachment-large size-large\" alt=\"\" srcset=\"https:\/\/www.zen-malerei.de\/wp-content\/uploads\/2017\/12\/2017-49-36x48cm-Feuerlotus-863x1024.jpg 863w, https:\/\/www.zen-malerei.de\/wp-content\/uploads\/2017\/12\/2017-49-36x48cm-Feuerlotus-253x300.jpg 253w, https:\/\/www.zen-malerei.de\/wp-content\/uploads\/2017\/12\/2017-49-36x48cm-Feuerlotus-768x912.jpg 768w, https:\/\/www.zen-malerei.de\/wp-content\/uploads\/2017\/12\/2017-49-36x48cm-Feuerlotus-1294x1536.jpg 1294w, https:\/\/www.zen-malerei.de\/wp-content\/uploads\/2017\/12\/2017-49-36x48cm-Feuerlotus-500x593.jpg 500w, https:\/\/www.zen-malerei.de\/wp-content\/uploads\/2017\/12\/2017-49-36x48cm-Feuerlotus-1000x1187.jpg 1000w, https:\/\/www.zen-malerei.de\/wp-content\/uploads\/2017\/12\/2017-49-36x48cm-Feuerlotus.jpg 1348w\" sizes=\"auto, (max-width: 660px) 100vw, 660px\" \/><a href='https:\/\/www.zen-malerei.de\/wp-content\/uploads\/2017\/12\/2017-49-36x48cm-Feuerlotus-863x1024.jpg' title=\"<b>Unsterblichkeit<\/b>\r\n<br\/>Gr\u00f6\u00dfe: 36x48cm \/ 1.400 \u20ac\r\n<br\/>\r\n<p>&nbsp;<\/p>\" data-rel='prettyPhoto[album]' class='fg_magnificPopup'><span class='fg-zoom-icon icon-plus'><\/span><span style='display:none'><img loading=\"lazy\" decoding=\"async\" width=\"660\" height=\"783\" src=\"https:\/\/www.zen-malerei.de\/wp-content\/uploads\/2017\/12\/2017-49-36x48cm-Feuerlotus-863x1024.jpg\" class=\"attachment-large size-large\" alt=\"\" srcset=\"https:\/\/www.zen-malerei.de\/wp-content\/uploads\/2017\/12\/2017-49-36x48cm-Feuerlotus-863x1024.jpg 863w, https:\/\/www.zen-malerei.de\/wp-content\/uploads\/2017\/12\/2017-49-36x48cm-Feuerlotus-253x300.jpg 253w, https:\/\/www.zen-malerei.de\/wp-content\/uploads\/2017\/12\/2017-49-36x48cm-Feuerlotus-768x912.jpg 768w, https:\/\/www.zen-malerei.de\/wp-content\/uploads\/2017\/12\/2017-49-36x48cm-Feuerlotus-1294x1536.jpg 1294w, https:\/\/www.zen-malerei.de\/wp-content\/uploads\/2017\/12\/2017-49-36x48cm-Feuerlotus-500x593.jpg 500w, https:\/\/www.zen-malerei.de\/wp-content\/uploads\/2017\/12\/2017-49-36x48cm-Feuerlotus-1000x1187.jpg 1000w, https:\/\/www.zen-malerei.de\/wp-content\/uploads\/2017\/12\/2017-49-36x48cm-Feuerlotus.jpg 1348w\" sizes=\"auto, (max-width: 660px) 100vw, 660px\" \/><\/span><\/a><\/div>\r\n\t\r\n\t\t\r\n\t\t<div class='fg-wp-caption-text fg-gallery-caption'><div class='caption-container'>\r\n\t\t<b>Unsterblichkeit<\/b>\r\n<br\/>Gr\u00f6\u00dfe: 36x48cm \/ 1.400 \u20ac\r\n<br\/>\r\n<p>&nbsp;<\/p>\r\n\t\t<\/div><\/div><\/div><\/div><div class='fg-gallery-item'>\r\n\t\t<div class='gallery-icon portrait '>\r\n\t\t<div class='fg_zoom'><img loading=\"lazy\" decoding=\"async\" width=\"660\" height=\"847\" src=\"https:\/\/www.zen-malerei.de\/wp-content\/uploads\/2017\/12\/2017-50-50x64cm-Mystische-Verkl\u00e4rung-798x1024.jpg\" class=\"attachment-large size-large\" alt=\"\" srcset=\"https:\/\/www.zen-malerei.de\/wp-content\/uploads\/2017\/12\/2017-50-50x64cm-Mystische-Verkl\u00e4rung-798x1024.jpg 798w, https:\/\/www.zen-malerei.de\/wp-content\/uploads\/2017\/12\/2017-50-50x64cm-Mystische-Verkl\u00e4rung-234x300.jpg 234w, https:\/\/www.zen-malerei.de\/wp-content\/uploads\/2017\/12\/2017-50-50x64cm-Mystische-Verkl\u00e4rung-768x985.jpg 768w, https:\/\/www.zen-malerei.de\/wp-content\/uploads\/2017\/12\/2017-50-50x64cm-Mystische-Verkl\u00e4rung-1197x1536.jpg 1197w, https:\/\/www.zen-malerei.de\/wp-content\/uploads\/2017\/12\/2017-50-50x64cm-Mystische-Verkl\u00e4rung-500x642.jpg 500w, https:\/\/www.zen-malerei.de\/wp-content\/uploads\/2017\/12\/2017-50-50x64cm-Mystische-Verkl\u00e4rung-1000x1283.jpg 1000w, https:\/\/www.zen-malerei.de\/wp-content\/uploads\/2017\/12\/2017-50-50x64cm-Mystische-Verkl\u00e4rung.jpg 1247w\" sizes=\"auto, (max-width: 660px) 100vw, 660px\" \/><a href='https:\/\/www.zen-malerei.de\/wp-content\/uploads\/2017\/12\/2017-50-50x64cm-Mystische-Verkl\u00e4rung-798x1024.jpg' title=\"<b>R\u00fcckkehr zum Ursprung<\/b>\r\n<br\/>Gr\u00f6\u00dfe: 50x64cm \/ 1.800 \u20ac\r\n<br\/>\r\n<p>&nbsp;<\/p>\" data-rel='prettyPhoto[album]' class='fg_magnificPopup'><span class='fg-zoom-icon icon-plus'><\/span><span style='display:none'><img loading=\"lazy\" decoding=\"async\" width=\"660\" height=\"847\" src=\"https:\/\/www.zen-malerei.de\/wp-content\/uploads\/2017\/12\/2017-50-50x64cm-Mystische-Verkl\u00e4rung-798x1024.jpg\" class=\"attachment-large size-large\" alt=\"\" srcset=\"https:\/\/www.zen-malerei.de\/wp-content\/uploads\/2017\/12\/2017-50-50x64cm-Mystische-Verkl\u00e4rung-798x1024.jpg 798w, https:\/\/www.zen-malerei.de\/wp-content\/uploads\/2017\/12\/2017-50-50x64cm-Mystische-Verkl\u00e4rung-234x300.jpg 234w, https:\/\/www.zen-malerei.de\/wp-content\/uploads\/2017\/12\/2017-50-50x64cm-Mystische-Verkl\u00e4rung-768x985.jpg 768w, https:\/\/www.zen-malerei.de\/wp-content\/uploads\/2017\/12\/2017-50-50x64cm-Mystische-Verkl\u00e4rung-1197x1536.jpg 1197w, https:\/\/www.zen-malerei.de\/wp-content\/uploads\/2017\/12\/2017-50-50x64cm-Mystische-Verkl\u00e4rung-500x642.jpg 500w, https:\/\/www.zen-malerei.de\/wp-content\/uploads\/2017\/12\/2017-50-50x64cm-Mystische-Verkl\u00e4rung-1000x1283.jpg 1000w, https:\/\/www.zen-malerei.de\/wp-content\/uploads\/2017\/12\/2017-50-50x64cm-Mystische-Verkl\u00e4rung.jpg 1247w\" sizes=\"auto, (max-width: 660px) 100vw, 660px\" \/><\/span><\/a><\/div>\r\n\t\r\n\t\t\r\n\t\t<div class='fg-wp-caption-text fg-gallery-caption'><div class='caption-container'>\r\n\t\t<b>R\u00fcckkehr zum Ursprung<\/b>\r\n<br\/>Gr\u00f6\u00dfe: 50x64cm \/ 1.800 \u20ac\r\n<br\/>\r\n<p>&nbsp;<\/p>\r\n\t\t<\/div><\/div><\/div><\/div><div class='fg-gallery-item'>\r\n\t\t<div class='gallery-icon portrait '>\r\n\t\t<div class='fg_zoom'><img loading=\"lazy\" decoding=\"async\" width=\"660\" height=\"860\" src=\"https:\/\/www.zen-malerei.de\/wp-content\/uploads\/2017\/12\/2017-52-50x64cm-Das-innere-Schweigen-vor-dem-Unendlichen-786x1024.jpg\" class=\"attachment-large size-large\" alt=\"\" srcset=\"https:\/\/www.zen-malerei.de\/wp-content\/uploads\/2017\/12\/2017-52-50x64cm-Das-innere-Schweigen-vor-dem-Unendlichen-786x1024.jpg 786w, https:\/\/www.zen-malerei.de\/wp-content\/uploads\/2017\/12\/2017-52-50x64cm-Das-innere-Schweigen-vor-dem-Unendlichen-230x300.jpg 230w, https:\/\/www.zen-malerei.de\/wp-content\/uploads\/2017\/12\/2017-52-50x64cm-Das-innere-Schweigen-vor-dem-Unendlichen-768x1001.jpg 768w, https:\/\/www.zen-malerei.de\/wp-content\/uploads\/2017\/12\/2017-52-50x64cm-Das-innere-Schweigen-vor-dem-Unendlichen-1179x1536.jpg 1179w, https:\/\/www.zen-malerei.de\/wp-content\/uploads\/2017\/12\/2017-52-50x64cm-Das-innere-Schweigen-vor-dem-Unendlichen-500x651.jpg 500w, https:\/\/www.zen-malerei.de\/wp-content\/uploads\/2017\/12\/2017-52-50x64cm-Das-innere-Schweigen-vor-dem-Unendlichen-1000x1303.jpg 1000w, https:\/\/www.zen-malerei.de\/wp-content\/uploads\/2017\/12\/2017-52-50x64cm-Das-innere-Schweigen-vor-dem-Unendlichen.jpg 1228w\" sizes=\"auto, (max-width: 660px) 100vw, 660px\" \/><a href='https:\/\/www.zen-malerei.de\/wp-content\/uploads\/2017\/12\/2017-52-50x64cm-Das-innere-Schweigen-vor-dem-Unendlichen-786x1024.jpg' title=\"<b>Urspr\u00fcngliche Reinheit<\/b>\r\n<br\/>Gr\u00f6\u00dfe: 50x64cm \/ 1.200 \u20ac\r\n<br\/>\r\n<p>&nbsp;<\/p>\" data-rel='prettyPhoto[album]' class='fg_magnificPopup'><span class='fg-zoom-icon icon-plus'><\/span><span style='display:none'><img loading=\"lazy\" decoding=\"async\" width=\"660\" height=\"860\" src=\"https:\/\/www.zen-malerei.de\/wp-content\/uploads\/2017\/12\/2017-52-50x64cm-Das-innere-Schweigen-vor-dem-Unendlichen-786x1024.jpg\" class=\"attachment-large size-large\" alt=\"\" srcset=\"https:\/\/www.zen-malerei.de\/wp-content\/uploads\/2017\/12\/2017-52-50x64cm-Das-innere-Schweigen-vor-dem-Unendlichen-786x1024.jpg 786w, https:\/\/www.zen-malerei.de\/wp-content\/uploads\/2017\/12\/2017-52-50x64cm-Das-innere-Schweigen-vor-dem-Unendlichen-230x300.jpg 230w, https:\/\/www.zen-malerei.de\/wp-content\/uploads\/2017\/12\/2017-52-50x64cm-Das-innere-Schweigen-vor-dem-Unendlichen-768x1001.jpg 768w, https:\/\/www.zen-malerei.de\/wp-content\/uploads\/2017\/12\/2017-52-50x64cm-Das-innere-Schweigen-vor-dem-Unendlichen-1179x1536.jpg 1179w, https:\/\/www.zen-malerei.de\/wp-content\/uploads\/2017\/12\/2017-52-50x64cm-Das-innere-Schweigen-vor-dem-Unendlichen-500x651.jpg 500w, https:\/\/www.zen-malerei.de\/wp-content\/uploads\/2017\/12\/2017-52-50x64cm-Das-innere-Schweigen-vor-dem-Unendlichen-1000x1303.jpg 1000w, https:\/\/www.zen-malerei.de\/wp-content\/uploads\/2017\/12\/2017-52-50x64cm-Das-innere-Schweigen-vor-dem-Unendlichen.jpg 1228w\" sizes=\"auto, (max-width: 660px) 100vw, 660px\" \/><\/span><\/a><\/div>\r\n\t\r\n\t\t\r\n\t\t<div class='fg-wp-caption-text fg-gallery-caption'><div class='caption-container'>\r\n\t\t<b>Urspr\u00fcngliche Reinheit<\/b>\r\n<br\/>Gr\u00f6\u00dfe: 50x64cm \/ 1.200 \u20ac\r\n<br\/>\r\n<p>&nbsp;<\/p>\r\n\t\t<\/div><\/div><\/div><\/div><div class='fg-gallery-item'>\r\n\t\t<div class='gallery-icon portrait '>\r\n\t\t<div class='fg_zoom'><img loading=\"lazy\" decoding=\"async\" width=\"448\" height=\"600\" src=\"https:\/\/www.zen-malerei.de\/wp-content\/uploads\/2017\/12\/2017-57-30x40cm-Mystische-Verkl\u00e4rung.jpg\" class=\"attachment-large size-large\" alt=\"\" srcset=\"https:\/\/www.zen-malerei.de\/wp-content\/uploads\/2017\/12\/2017-57-30x40cm-Mystische-Verkl\u00e4rung.jpg 448w, https:\/\/www.zen-malerei.de\/wp-content\/uploads\/2017\/12\/2017-57-30x40cm-Mystische-Verkl\u00e4rung-224x300.jpg 224w\" sizes=\"auto, (max-width: 448px) 100vw, 448px\" \/><a href='https:\/\/www.zen-malerei.de\/wp-content\/uploads\/2017\/12\/2017-57-30x40cm-Mystische-Verkl\u00e4rung.jpg' title=\"<b>Mystische Klarheit<\/b>\r\n<br\/>Gr\u00f6\u00dfe: 30x40cm \/ <b>VERKAUFT<\/b>\r\n<br\/>\r\n<p>&nbsp;<\/p>\" data-rel='prettyPhoto[album]' class='fg_magnificPopup'><span class='fg-zoom-icon icon-plus'><\/span><span style='display:none'><img loading=\"lazy\" decoding=\"async\" width=\"448\" height=\"600\" src=\"https:\/\/www.zen-malerei.de\/wp-content\/uploads\/2017\/12\/2017-57-30x40cm-Mystische-Verkl\u00e4rung.jpg\" class=\"attachment-large size-large\" alt=\"\" srcset=\"https:\/\/www.zen-malerei.de\/wp-content\/uploads\/2017\/12\/2017-57-30x40cm-Mystische-Verkl\u00e4rung.jpg 448w, https:\/\/www.zen-malerei.de\/wp-content\/uploads\/2017\/12\/2017-57-30x40cm-Mystische-Verkl\u00e4rung-224x300.jpg 224w\" sizes=\"auto, (max-width: 448px) 100vw, 448px\" \/><\/span><\/a><\/div>\r\n\t\r\n\t\t\r\n\t\t<div class='fg-wp-caption-text fg-gallery-caption'><div class='caption-container'>\r\n\t\t<b>Mystische Klarheit<\/b>\r\n<br\/>Gr\u00f6\u00dfe: 30x40cm \/ <b>VERKAUFT<\/b>\r\n<br\/>\r\n<p>&nbsp;<\/p>\r\n\t\t<\/div><\/div><\/div><\/div><div class='fg-gallery-item'>\r\n\t\t<div class='gallery-icon portrait '>\r\n\t\t<div class='fg_zoom'><img loading=\"lazy\" decoding=\"async\" width=\"660\" height=\"880\" src=\"https:\/\/www.zen-malerei.de\/wp-content\/uploads\/2016\/01\/2012-49-30x40cm-Kosmische-Urkraft-768x1024.jpg\" class=\"attachment-large size-large\" alt=\"Bild\" srcset=\"https:\/\/www.zen-malerei.de\/wp-content\/uploads\/2016\/01\/2012-49-30x40cm-Kosmische-Urkraft-768x1024.jpg 768w, https:\/\/www.zen-malerei.de\/wp-content\/uploads\/2016\/01\/2012-49-30x40cm-Kosmische-Urkraft-225x300.jpg 225w, https:\/\/www.zen-malerei.de\/wp-content\/uploads\/2016\/01\/2012-49-30x40cm-Kosmische-Urkraft-1152x1536.jpg 1152w, https:\/\/www.zen-malerei.de\/wp-content\/uploads\/2016\/01\/2012-49-30x40cm-Kosmische-Urkraft-500x667.jpg 500w, https:\/\/www.zen-malerei.de\/wp-content\/uploads\/2016\/01\/2012-49-30x40cm-Kosmische-Urkraft-1000x1333.jpg 1000w, https:\/\/www.zen-malerei.de\/wp-content\/uploads\/2016\/01\/2012-49-30x40cm-Kosmische-Urkraft.jpg 1200w\" sizes=\"auto, (max-width: 660px) 100vw, 660px\" \/><a href='https:\/\/www.zen-malerei.de\/wp-content\/uploads\/2016\/01\/2012-49-30x40cm-Kosmische-Urkraft-768x1024.jpg' title=\"<b>Die Wahrheit des Todes<\/b>\r\n<br\/>Gr\u00f6\u00dfe: 30x40cm \/ 800 \u20ac\r\n<br\/>\r\n<p>&nbsp;<\/p>\" data-rel='prettyPhoto[album]' class='fg_magnificPopup'><span class='fg-zoom-icon icon-plus'><\/span><span style='display:none'><img loading=\"lazy\" decoding=\"async\" width=\"660\" height=\"880\" src=\"https:\/\/www.zen-malerei.de\/wp-content\/uploads\/2016\/01\/2012-49-30x40cm-Kosmische-Urkraft-768x1024.jpg\" class=\"attachment-large size-large\" alt=\"Bild\" srcset=\"https:\/\/www.zen-malerei.de\/wp-content\/uploads\/2016\/01\/2012-49-30x40cm-Kosmische-Urkraft-768x1024.jpg 768w, https:\/\/www.zen-malerei.de\/wp-content\/uploads\/2016\/01\/2012-49-30x40cm-Kosmische-Urkraft-225x300.jpg 225w, https:\/\/www.zen-malerei.de\/wp-content\/uploads\/2016\/01\/2012-49-30x40cm-Kosmische-Urkraft-1152x1536.jpg 1152w, https:\/\/www.zen-malerei.de\/wp-content\/uploads\/2016\/01\/2012-49-30x40cm-Kosmische-Urkraft-500x667.jpg 500w, https:\/\/www.zen-malerei.de\/wp-content\/uploads\/2016\/01\/2012-49-30x40cm-Kosmische-Urkraft-1000x1333.jpg 1000w, https:\/\/www.zen-malerei.de\/wp-content\/uploads\/2016\/01\/2012-49-30x40cm-Kosmische-Urkraft.jpg 1200w\" sizes=\"auto, (max-width: 660px) 100vw, 660px\" \/><\/span><\/a><\/div>\r\n\t\r\n\t\t\r\n\t\t<div class='fg-wp-caption-text fg-gallery-caption'><div class='caption-container'>\r\n\t\t<b>Die Wahrheit des Todes<\/b>\r\n<br\/>Gr\u00f6\u00dfe: 30x40cm \/ 800 \u20ac\r\n<br\/>\r\n<p>&nbsp;<\/p>\r\n\t\t<\/div><\/div><\/div><\/div><div class='fg-gallery-item'>\r\n\t\t<div class='gallery-icon portrait '>\r\n\t\t<div class='fg_zoom'><img loading=\"lazy\" decoding=\"async\" width=\"660\" height=\"874\" src=\"https:\/\/www.zen-malerei.de\/wp-content\/uploads\/2016\/01\/2012-84-48x36cm-Mystische-Klarheit-773x1024.jpg\" class=\"attachment-large size-large\" alt=\"\" srcset=\"https:\/\/www.zen-malerei.de\/wp-content\/uploads\/2016\/01\/2012-84-48x36cm-Mystische-Klarheit-773x1024.jpg 773w, https:\/\/www.zen-malerei.de\/wp-content\/uploads\/2016\/01\/2012-84-48x36cm-Mystische-Klarheit-227x300.jpg 227w, https:\/\/www.zen-malerei.de\/wp-content\/uploads\/2016\/01\/2012-84-48x36cm-Mystische-Klarheit-768x1017.jpg 768w, https:\/\/www.zen-malerei.de\/wp-content\/uploads\/2016\/01\/2012-84-48x36cm-Mystische-Klarheit-1160x1536.jpg 1160w, https:\/\/www.zen-malerei.de\/wp-content\/uploads\/2016\/01\/2012-84-48x36cm-Mystische-Klarheit-500x662.jpg 500w, https:\/\/www.zen-malerei.de\/wp-content\/uploads\/2016\/01\/2012-84-48x36cm-Mystische-Klarheit-1000x1325.jpg 1000w, https:\/\/www.zen-malerei.de\/wp-content\/uploads\/2016\/01\/2012-84-48x36cm-Mystische-Klarheit.jpg 1208w\" sizes=\"auto, (max-width: 660px) 100vw, 660px\" \/><a href='https:\/\/www.zen-malerei.de\/wp-content\/uploads\/2016\/01\/2012-84-48x36cm-Mystische-Klarheit-773x1024.jpg' title=\"<b>Mystische Klarheit<\/b>\r\n<br\/>Gr\u00f6\u00dfe: 48x36cm \/ 1.400 \u20ac\r\n<br\/>\r\n<p>&nbsp;<\/p>\" data-rel='prettyPhoto[album]' class='fg_magnificPopup'><span class='fg-zoom-icon icon-plus'><\/span><span style='display:none'><img loading=\"lazy\" decoding=\"async\" width=\"660\" height=\"874\" src=\"https:\/\/www.zen-malerei.de\/wp-content\/uploads\/2016\/01\/2012-84-48x36cm-Mystische-Klarheit-773x1024.jpg\" class=\"attachment-large size-large\" alt=\"\" srcset=\"https:\/\/www.zen-malerei.de\/wp-content\/uploads\/2016\/01\/2012-84-48x36cm-Mystische-Klarheit-773x1024.jpg 773w, https:\/\/www.zen-malerei.de\/wp-content\/uploads\/2016\/01\/2012-84-48x36cm-Mystische-Klarheit-227x300.jpg 227w, https:\/\/www.zen-malerei.de\/wp-content\/uploads\/2016\/01\/2012-84-48x36cm-Mystische-Klarheit-768x1017.jpg 768w, https:\/\/www.zen-malerei.de\/wp-content\/uploads\/2016\/01\/2012-84-48x36cm-Mystische-Klarheit-1160x1536.jpg 1160w, https:\/\/www.zen-malerei.de\/wp-content\/uploads\/2016\/01\/2012-84-48x36cm-Mystische-Klarheit-500x662.jpg 500w, https:\/\/www.zen-malerei.de\/wp-content\/uploads\/2016\/01\/2012-84-48x36cm-Mystische-Klarheit-1000x1325.jpg 1000w, https:\/\/www.zen-malerei.de\/wp-content\/uploads\/2016\/01\/2012-84-48x36cm-Mystische-Klarheit.jpg 1208w\" sizes=\"auto, (max-width: 660px) 100vw, 660px\" \/><\/span><\/a><\/div>\r\n\t\r\n\t\t\r\n\t\t<div class='fg-wp-caption-text fg-gallery-caption'><div class='caption-container'>\r\n\t\t<b>Mystische Klarheit<\/b>\r\n<br\/>Gr\u00f6\u00dfe: 48x36cm \/ 1.400 \u20ac\r\n<br\/>\r\n<p>&nbsp;<\/p>\r\n\t\t<\/div><\/div><\/div><\/div><div class='fg-gallery-item'>\r\n\t\t<div class='gallery-icon portrait '>\r\n\t\t<div class='fg_zoom'><img loading=\"lazy\" decoding=\"async\" width=\"660\" height=\"883\" src=\"https:\/\/www.zen-malerei.de\/wp-content\/uploads\/2016\/01\/2011_04-68-30x40cm-Der-Sprung-in-die-grenzenlose-Freiheit-765x1024.jpg\" class=\"attachment-large size-large\" alt=\"\" srcset=\"https:\/\/www.zen-malerei.de\/wp-content\/uploads\/2016\/01\/2011_04-68-30x40cm-Der-Sprung-in-die-grenzenlose-Freiheit-765x1024.jpg 765w, https:\/\/www.zen-malerei.de\/wp-content\/uploads\/2016\/01\/2011_04-68-30x40cm-Der-Sprung-in-die-grenzenlose-Freiheit-224x300.jpg 224w, https:\/\/www.zen-malerei.de\/wp-content\/uploads\/2016\/01\/2011_04-68-30x40cm-Der-Sprung-in-die-grenzenlose-Freiheit-768x1028.jpg 768w, https:\/\/www.zen-malerei.de\/wp-content\/uploads\/2016\/01\/2011_04-68-30x40cm-Der-Sprung-in-die-grenzenlose-Freiheit-1147x1536.jpg 1147w, https:\/\/www.zen-malerei.de\/wp-content\/uploads\/2016\/01\/2011_04-68-30x40cm-Der-Sprung-in-die-grenzenlose-Freiheit-500x669.jpg 500w, https:\/\/www.zen-malerei.de\/wp-content\/uploads\/2016\/01\/2011_04-68-30x40cm-Der-Sprung-in-die-grenzenlose-Freiheit-1000x1339.jpg 1000w, https:\/\/www.zen-malerei.de\/wp-content\/uploads\/2016\/01\/2011_04-68-30x40cm-Der-Sprung-in-die-grenzenlose-Freiheit.jpg 1195w\" sizes=\"auto, (max-width: 660px) 100vw, 660px\" \/><a href='https:\/\/www.zen-malerei.de\/wp-content\/uploads\/2016\/01\/2011_04-68-30x40cm-Der-Sprung-in-die-grenzenlose-Freiheit-765x1024.jpg' title=\"<b>Der Sprung in die grenzenlose Freiheit<\/b>\r\n<br\/>Gr\u00f6\u00dfe: 30x40cm \/ 1.200\u20ac\r\n<br\/>\r\n<p>&nbsp;<\/p>\" data-rel='prettyPhoto[album]' class='fg_magnificPopup'><span class='fg-zoom-icon icon-plus'><\/span><span style='display:none'><img loading=\"lazy\" decoding=\"async\" width=\"660\" height=\"883\" src=\"https:\/\/www.zen-malerei.de\/wp-content\/uploads\/2016\/01\/2011_04-68-30x40cm-Der-Sprung-in-die-grenzenlose-Freiheit-765x1024.jpg\" class=\"attachment-large size-large\" alt=\"\" srcset=\"https:\/\/www.zen-malerei.de\/wp-content\/uploads\/2016\/01\/2011_04-68-30x40cm-Der-Sprung-in-die-grenzenlose-Freiheit-765x1024.jpg 765w, https:\/\/www.zen-malerei.de\/wp-content\/uploads\/2016\/01\/2011_04-68-30x40cm-Der-Sprung-in-die-grenzenlose-Freiheit-224x300.jpg 224w, https:\/\/www.zen-malerei.de\/wp-content\/uploads\/2016\/01\/2011_04-68-30x40cm-Der-Sprung-in-die-grenzenlose-Freiheit-768x1028.jpg 768w, https:\/\/www.zen-malerei.de\/wp-content\/uploads\/2016\/01\/2011_04-68-30x40cm-Der-Sprung-in-die-grenzenlose-Freiheit-1147x1536.jpg 1147w, https:\/\/www.zen-malerei.de\/wp-content\/uploads\/2016\/01\/2011_04-68-30x40cm-Der-Sprung-in-die-grenzenlose-Freiheit-500x669.jpg 500w, https:\/\/www.zen-malerei.de\/wp-content\/uploads\/2016\/01\/2011_04-68-30x40cm-Der-Sprung-in-die-grenzenlose-Freiheit-1000x1339.jpg 1000w, https:\/\/www.zen-malerei.de\/wp-content\/uploads\/2016\/01\/2011_04-68-30x40cm-Der-Sprung-in-die-grenzenlose-Freiheit.jpg 1195w\" sizes=\"auto, (max-width: 660px) 100vw, 660px\" \/><\/span><\/a><\/div>\r\n\t\r\n\t\t\r\n\t\t<div class='fg-wp-caption-text fg-gallery-caption'><div class='caption-container'>\r\n\t\t<b>Der Sprung in die grenzenlose Freiheit<\/b>\r\n<br\/>Gr\u00f6\u00dfe: 30x40cm \/ 1.200\u20ac\r\n<br\/>\r\n<p>&nbsp;<\/p>\r\n\t\t<\/div><\/div><\/div><\/div><div class='fg-gallery-item'>\r\n\t\t<div class='gallery-icon portrait '>\r\n\t\t<div class='fg_zoom'><img loading=\"lazy\" decoding=\"async\" width=\"660\" height=\"879\" src=\"https:\/\/www.zen-malerei.de\/wp-content\/uploads\/2016\/01\/2015-46-769x1024.jpg\" class=\"attachment-large size-large\" alt=\"\" srcset=\"https:\/\/www.zen-malerei.de\/wp-content\/uploads\/2016\/01\/2015-46-769x1024.jpg 769w, https:\/\/www.zen-malerei.de\/wp-content\/uploads\/2016\/01\/2015-46-225x300.jpg 225w, https:\/\/www.zen-malerei.de\/wp-content\/uploads\/2016\/01\/2015-46-768x1022.jpg 768w, https:\/\/www.zen-malerei.de\/wp-content\/uploads\/2016\/01\/2015-46-1154x1536.jpg 1154w, https:\/\/www.zen-malerei.de\/wp-content\/uploads\/2016\/01\/2015-46-500x666.jpg 500w, https:\/\/www.zen-malerei.de\/wp-content\/uploads\/2016\/01\/2015-46-1000x1331.jpg 1000w, https:\/\/www.zen-malerei.de\/wp-content\/uploads\/2016\/01\/2015-46.jpg 1202w\" sizes=\"auto, (max-width: 660px) 100vw, 660px\" \/><a href='https:\/\/www.zen-malerei.de\/wp-content\/uploads\/2016\/01\/2015-46-769x1024.jpg' title=\"<b>Die Erweckung der kosmischen Urkraft<\/b>\r\n<br\/>Gr\u00f6\u00dfe: 30x40cm \/ 800 \u20ac\r\n<br\/>\r\n<p>&nbsp;<\/p>\r\n\" data-rel='prettyPhoto[album]' class='fg_magnificPopup'><span class='fg-zoom-icon icon-plus'><\/span><span style='display:none'><img loading=\"lazy\" decoding=\"async\" width=\"660\" height=\"879\" src=\"https:\/\/www.zen-malerei.de\/wp-content\/uploads\/2016\/01\/2015-46-769x1024.jpg\" class=\"attachment-large size-large\" alt=\"\" srcset=\"https:\/\/www.zen-malerei.de\/wp-content\/uploads\/2016\/01\/2015-46-769x1024.jpg 769w, https:\/\/www.zen-malerei.de\/wp-content\/uploads\/2016\/01\/2015-46-225x300.jpg 225w, https:\/\/www.zen-malerei.de\/wp-content\/uploads\/2016\/01\/2015-46-768x1022.jpg 768w, https:\/\/www.zen-malerei.de\/wp-content\/uploads\/2016\/01\/2015-46-1154x1536.jpg 1154w, https:\/\/www.zen-malerei.de\/wp-content\/uploads\/2016\/01\/2015-46-500x666.jpg 500w, https:\/\/www.zen-malerei.de\/wp-content\/uploads\/2016\/01\/2015-46-1000x1331.jpg 1000w, https:\/\/www.zen-malerei.de\/wp-content\/uploads\/2016\/01\/2015-46.jpg 1202w\" sizes=\"auto, (max-width: 660px) 100vw, 660px\" \/><\/span><\/a><\/div>\r\n\t\r\n\t\t\r\n\t\t<div class='fg-wp-caption-text fg-gallery-caption'><div class='caption-container'>\r\n\t\t<b>Die Erweckung der kosmischen Urkraft<\/b>\r\n<br\/>Gr\u00f6\u00dfe: 30x40cm \/ 800 \u20ac\r\n<br\/>\r\n<p>&nbsp;<\/p>\r\n\t\t<\/div><\/div><\/div><\/div><div class='fg-gallery-item'>\r\n\t\t<div class='gallery-icon portrait '>\r\n\t\t<div class='fg_zoom'><img loading=\"lazy\" decoding=\"async\" width=\"660\" height=\"882\" src=\"https:\/\/www.zen-malerei.de\/wp-content\/uploads\/2016\/01\/2012-79-766x1024.jpg\" class=\"attachment-large size-large\" alt=\"\" srcset=\"https:\/\/www.zen-malerei.de\/wp-content\/uploads\/2016\/01\/2012-79-766x1024.jpg 766w, https:\/\/www.zen-malerei.de\/wp-content\/uploads\/2016\/01\/2012-79-224x300.jpg 224w, https:\/\/www.zen-malerei.de\/wp-content\/uploads\/2016\/01\/2012-79-768x1027.jpg 768w, https:\/\/www.zen-malerei.de\/wp-content\/uploads\/2016\/01\/2012-79-1149x1536.jpg 1149w, https:\/\/www.zen-malerei.de\/wp-content\/uploads\/2016\/01\/2012-79-500x668.jpg 500w, https:\/\/www.zen-malerei.de\/wp-content\/uploads\/2016\/01\/2012-79-1000x1337.jpg 1000w, https:\/\/www.zen-malerei.de\/wp-content\/uploads\/2016\/01\/2012-79.jpg 1197w\" sizes=\"auto, (max-width: 660px) 100vw, 660px\" \/><a href='https:\/\/www.zen-malerei.de\/wp-content\/uploads\/2016\/01\/2012-79-766x1024.jpg' title=\"<b>Die untrennbare Einheit von Leben und Tod<\/b>\r\n<br\/>Gr\u00f6\u00dfe: 30x40cm \/ 800 \u20ac\r\n<br\/>\r\n<p>&nbsp;<\/p>\" data-rel='prettyPhoto[album]' class='fg_magnificPopup'><span class='fg-zoom-icon icon-plus'><\/span><span style='display:none'><img loading=\"lazy\" decoding=\"async\" width=\"660\" height=\"882\" src=\"https:\/\/www.zen-malerei.de\/wp-content\/uploads\/2016\/01\/2012-79-766x1024.jpg\" class=\"attachment-large size-large\" alt=\"\" srcset=\"https:\/\/www.zen-malerei.de\/wp-content\/uploads\/2016\/01\/2012-79-766x1024.jpg 766w, https:\/\/www.zen-malerei.de\/wp-content\/uploads\/2016\/01\/2012-79-224x300.jpg 224w, https:\/\/www.zen-malerei.de\/wp-content\/uploads\/2016\/01\/2012-79-768x1027.jpg 768w, https:\/\/www.zen-malerei.de\/wp-content\/uploads\/2016\/01\/2012-79-1149x1536.jpg 1149w, https:\/\/www.zen-malerei.de\/wp-content\/uploads\/2016\/01\/2012-79-500x668.jpg 500w, https:\/\/www.zen-malerei.de\/wp-content\/uploads\/2016\/01\/2012-79-1000x1337.jpg 1000w, https:\/\/www.zen-malerei.de\/wp-content\/uploads\/2016\/01\/2012-79.jpg 1197w\" sizes=\"auto, (max-width: 660px) 100vw, 660px\" \/><\/span><\/a><\/div>\r\n\t\r\n\t\t\r\n\t\t<div class='fg-wp-caption-text fg-gallery-caption'><div class='caption-container'>\r\n\t\t<b>Die untrennbare Einheit von Leben und Tod<\/b>\r\n<br\/>Gr\u00f6\u00dfe: 30x40cm \/ 800 \u20ac\r\n<br\/>\r\n<p>&nbsp;<\/p>\r\n\t\t<\/div><\/div><\/div><\/div><div class='fg-gallery-item'>\r\n\t\t<div class='gallery-icon portrait '>\r\n\t\t<div class='fg_zoom'><img loading=\"lazy\" decoding=\"async\" width=\"660\" height=\"660\" src=\"https:\/\/www.zen-malerei.de\/wp-content\/uploads\/2016\/01\/2008-48-1024x1024.jpg\" class=\"attachment-large size-large\" alt=\"\" srcset=\"https:\/\/www.zen-malerei.de\/wp-content\/uploads\/2016\/01\/2008-48-1024x1024.jpg 1024w, https:\/\/www.zen-malerei.de\/wp-content\/uploads\/2016\/01\/2008-48-300x300.jpg 300w, https:\/\/www.zen-malerei.de\/wp-content\/uploads\/2016\/01\/2008-48-150x150.jpg 150w, https:\/\/www.zen-malerei.de\/wp-content\/uploads\/2016\/01\/2008-48-768x769.jpg 768w, https:\/\/www.zen-malerei.de\/wp-content\/uploads\/2016\/01\/2008-48-1534x1536.jpg 1534w, https:\/\/www.zen-malerei.de\/wp-content\/uploads\/2016\/01\/2008-48-500x501.jpg 500w, https:\/\/www.zen-malerei.de\/wp-content\/uploads\/2016\/01\/2008-48-800x800.jpg 800w, https:\/\/www.zen-malerei.de\/wp-content\/uploads\/2016\/01\/2008-48-1000x1001.jpg 1000w, https:\/\/www.zen-malerei.de\/wp-content\/uploads\/2016\/01\/2008-48.jpg 1598w\" sizes=\"auto, (max-width: 660px) 100vw, 660px\" \/><a href='https:\/\/www.zen-malerei.de\/wp-content\/uploads\/2016\/01\/2008-48-1024x1024.jpg' title=\"<b>Das strahlende Licht des Geistes<\/b>\r\n<br\/>Gr\u00f6\u00dfe: 40x40cm \/ 950 \u20ac\r\n<br\/>\r\n<p>&nbsp;<\/p>\" data-rel='prettyPhoto[album]' class='fg_magnificPopup'><span class='fg-zoom-icon icon-plus'><\/span><span style='display:none'><img loading=\"lazy\" decoding=\"async\" width=\"660\" height=\"660\" src=\"https:\/\/www.zen-malerei.de\/wp-content\/uploads\/2016\/01\/2008-48-1024x1024.jpg\" class=\"attachment-large size-large\" alt=\"\" srcset=\"https:\/\/www.zen-malerei.de\/wp-content\/uploads\/2016\/01\/2008-48-1024x1024.jpg 1024w, https:\/\/www.zen-malerei.de\/wp-content\/uploads\/2016\/01\/2008-48-300x300.jpg 300w, https:\/\/www.zen-malerei.de\/wp-content\/uploads\/2016\/01\/2008-48-150x150.jpg 150w, https:\/\/www.zen-malerei.de\/wp-content\/uploads\/2016\/01\/2008-48-768x769.jpg 768w, https:\/\/www.zen-malerei.de\/wp-content\/uploads\/2016\/01\/2008-48-1534x1536.jpg 1534w, https:\/\/www.zen-malerei.de\/wp-content\/uploads\/2016\/01\/2008-48-500x501.jpg 500w, https:\/\/www.zen-malerei.de\/wp-content\/uploads\/2016\/01\/2008-48-800x800.jpg 800w, https:\/\/www.zen-malerei.de\/wp-content\/uploads\/2016\/01\/2008-48-1000x1001.jpg 1000w, https:\/\/www.zen-malerei.de\/wp-content\/uploads\/2016\/01\/2008-48.jpg 1598w\" sizes=\"auto, (max-width: 660px) 100vw, 660px\" \/><\/span><\/a><\/div>\r\n\t\r\n\t\t\r\n\t\t<div class='fg-wp-caption-text fg-gallery-caption'><div class='caption-container'>\r\n\t\t<b>Das strahlende Licht des Geistes<\/b>\r\n<br\/>Gr\u00f6\u00dfe: 40x40cm \/ 950 \u20ac\r\n<br\/>\r\n<p>&nbsp;<\/p>\r\n\t\t<\/div><\/div><\/div><\/div><div class='fg-gallery-item'>\r\n\t\t<div class='gallery-icon landscape '>\r\n\t\t<div class='fg_zoom'><img loading=\"lazy\" decoding=\"async\" width=\"660\" height=\"660\" src=\"https:\/\/www.zen-malerei.de\/wp-content\/uploads\/2018\/12\/2018-58-40x40cm-1024x1024.jpg\" class=\"attachment-large size-large\" alt=\"\" srcset=\"https:\/\/www.zen-malerei.de\/wp-content\/uploads\/2018\/12\/2018-58-40x40cm-1024x1024.jpg 1024w, https:\/\/www.zen-malerei.de\/wp-content\/uploads\/2018\/12\/2018-58-40x40cm-300x300.jpg 300w, https:\/\/www.zen-malerei.de\/wp-content\/uploads\/2018\/12\/2018-58-40x40cm-150x150.jpg 150w, https:\/\/www.zen-malerei.de\/wp-content\/uploads\/2018\/12\/2018-58-40x40cm-768x768.jpg 768w, https:\/\/www.zen-malerei.de\/wp-content\/uploads\/2018\/12\/2018-58-40x40cm-1536x1536.jpg 1536w, https:\/\/www.zen-malerei.de\/wp-content\/uploads\/2018\/12\/2018-58-40x40cm-500x500.jpg 500w, https:\/\/www.zen-malerei.de\/wp-content\/uploads\/2018\/12\/2018-58-40x40cm-800x800.jpg 800w, https:\/\/www.zen-malerei.de\/wp-content\/uploads\/2018\/12\/2018-58-40x40cm-1000x1000.jpg 1000w, https:\/\/www.zen-malerei.de\/wp-content\/uploads\/2018\/12\/2018-58-40x40cm.jpg 1600w\" sizes=\"auto, (max-width: 660px) 100vw, 660px\" \/><a href='https:\/\/www.zen-malerei.de\/wp-content\/uploads\/2018\/12\/2018-58-40x40cm-1024x1024.jpg' title=\"<b>Das flie\u00dfende Licht des Tao<\/b>\r\n<br\/>Gr\u00f6\u00dfe: 40x40cm \/ 950 \u20ac\r\n<br\/>\r\n<p>&nbsp;<\/p>\" data-rel='prettyPhoto[album]' class='fg_magnificPopup'><span class='fg-zoom-icon icon-plus'><\/span><span style='display:none'><img loading=\"lazy\" decoding=\"async\" width=\"660\" height=\"660\" src=\"https:\/\/www.zen-malerei.de\/wp-content\/uploads\/2018\/12\/2018-58-40x40cm-1024x1024.jpg\" class=\"attachment-large size-large\" alt=\"\" srcset=\"https:\/\/www.zen-malerei.de\/wp-content\/uploads\/2018\/12\/2018-58-40x40cm-1024x1024.jpg 1024w, https:\/\/www.zen-malerei.de\/wp-content\/uploads\/2018\/12\/2018-58-40x40cm-300x300.jpg 300w, https:\/\/www.zen-malerei.de\/wp-content\/uploads\/2018\/12\/2018-58-40x40cm-150x150.jpg 150w, https:\/\/www.zen-malerei.de\/wp-content\/uploads\/2018\/12\/2018-58-40x40cm-768x768.jpg 768w, https:\/\/www.zen-malerei.de\/wp-content\/uploads\/2018\/12\/2018-58-40x40cm-1536x1536.jpg 1536w, https:\/\/www.zen-malerei.de\/wp-content\/uploads\/2018\/12\/2018-58-40x40cm-500x500.jpg 500w, https:\/\/www.zen-malerei.de\/wp-content\/uploads\/2018\/12\/2018-58-40x40cm-800x800.jpg 800w, https:\/\/www.zen-malerei.de\/wp-content\/uploads\/2018\/12\/2018-58-40x40cm-1000x1000.jpg 1000w, https:\/\/www.zen-malerei.de\/wp-content\/uploads\/2018\/12\/2018-58-40x40cm.jpg 1600w\" sizes=\"auto, (max-width: 660px) 100vw, 660px\" \/><\/span><\/a><\/div>\r\n\t\r\n\t\t\r\n\t\t<div class='fg-wp-caption-text fg-gallery-caption'><div class='caption-container'>\r\n\t\t<b>Das flie\u00dfende Licht des Tao<\/b>\r\n<br\/>Gr\u00f6\u00dfe: 40x40cm \/ 950 \u20ac\r\n<br\/>\r\n<p>&nbsp;<\/p>\r\n\t\t<\/div><\/div><\/div><\/div><div class='fg-gallery-item'>\r\n\t\t<div class='gallery-icon portrait '>\r\n\t\t<div class='fg_zoom'><img loading=\"lazy\" decoding=\"async\" width=\"660\" height=\"894\" src=\"https:\/\/www.zen-malerei.de\/wp-content\/uploads\/2018\/12\/2018-44-30x40cm-756x1024.jpg\" class=\"attachment-large size-large\" alt=\"\" srcset=\"https:\/\/www.zen-malerei.de\/wp-content\/uploads\/2018\/12\/2018-44-30x40cm-756x1024.jpg 756w, https:\/\/www.zen-malerei.de\/wp-content\/uploads\/2018\/12\/2018-44-30x40cm-221x300.jpg 221w, https:\/\/www.zen-malerei.de\/wp-content\/uploads\/2018\/12\/2018-44-30x40cm-768x1040.jpg 768w, https:\/\/www.zen-malerei.de\/wp-content\/uploads\/2018\/12\/2018-44-30x40cm-1134x1536.jpg 1134w, https:\/\/www.zen-malerei.de\/wp-content\/uploads\/2018\/12\/2018-44-30x40cm-500x677.jpg 500w, https:\/\/www.zen-malerei.de\/wp-content\/uploads\/2018\/12\/2018-44-30x40cm-1000x1355.jpg 1000w, https:\/\/www.zen-malerei.de\/wp-content\/uploads\/2018\/12\/2018-44-30x40cm.jpg 1181w\" sizes=\"auto, (max-width: 660px) 100vw, 660px\" \/><a href='https:\/\/www.zen-malerei.de\/wp-content\/uploads\/2018\/12\/2018-44-30x40cm-756x1024.jpg' title=\"<b>Der g\u00f6ttliche Urgrund<\/b>\r\n<br\/>Gr\u00f6\u00dfe:30x40cm \/ 800 \u20ac\r\n<br\/>\r\n<p>&nbsp;<\/p>\" data-rel='prettyPhoto[album]' class='fg_magnificPopup'><span class='fg-zoom-icon icon-plus'><\/span><span style='display:none'><img loading=\"lazy\" decoding=\"async\" width=\"660\" height=\"894\" src=\"https:\/\/www.zen-malerei.de\/wp-content\/uploads\/2018\/12\/2018-44-30x40cm-756x1024.jpg\" class=\"attachment-large size-large\" alt=\"\" srcset=\"https:\/\/www.zen-malerei.de\/wp-content\/uploads\/2018\/12\/2018-44-30x40cm-756x1024.jpg 756w, https:\/\/www.zen-malerei.de\/wp-content\/uploads\/2018\/12\/2018-44-30x40cm-221x300.jpg 221w, https:\/\/www.zen-malerei.de\/wp-content\/uploads\/2018\/12\/2018-44-30x40cm-768x1040.jpg 768w, https:\/\/www.zen-malerei.de\/wp-content\/uploads\/2018\/12\/2018-44-30x40cm-1134x1536.jpg 1134w, https:\/\/www.zen-malerei.de\/wp-content\/uploads\/2018\/12\/2018-44-30x40cm-500x677.jpg 500w, https:\/\/www.zen-malerei.de\/wp-content\/uploads\/2018\/12\/2018-44-30x40cm-1000x1355.jpg 1000w, https:\/\/www.zen-malerei.de\/wp-content\/uploads\/2018\/12\/2018-44-30x40cm.jpg 1181w\" sizes=\"auto, (max-width: 660px) 100vw, 660px\" \/><\/span><\/a><\/div>\r\n\t\r\n\t\t\r\n\t\t<div class='fg-wp-caption-text fg-gallery-caption'><div class='caption-container'>\r\n\t\t<b>Der g\u00f6ttliche Urgrund<\/b>\r\n<br\/>Gr\u00f6\u00dfe:30x40cm \/ 800 \u20ac\r\n<br\/>\r\n<p>&nbsp;<\/p>\r\n\t\t<\/div><\/div><\/div><\/div><div class='fg-gallery-item'>\r\n\t\t<div class='gallery-icon portrait '>\r\n\t\t<div class='fg_zoom'><img loading=\"lazy\" decoding=\"async\" width=\"660\" height=\"881\" src=\"https:\/\/www.zen-malerei.de\/wp-content\/uploads\/2018\/12\/2018-34-30x40cm-767x1024.jpg\" class=\"attachment-large size-large\" alt=\"\" srcset=\"https:\/\/www.zen-malerei.de\/wp-content\/uploads\/2018\/12\/2018-34-30x40cm-767x1024.jpg 767w, https:\/\/www.zen-malerei.de\/wp-content\/uploads\/2018\/12\/2018-34-30x40cm-225x300.jpg 225w, https:\/\/www.zen-malerei.de\/wp-content\/uploads\/2018\/12\/2018-34-30x40cm-768x1025.jpg 768w, https:\/\/www.zen-malerei.de\/wp-content\/uploads\/2018\/12\/2018-34-30x40cm-1151x1536.jpg 1151w, https:\/\/www.zen-malerei.de\/wp-content\/uploads\/2018\/12\/2018-34-30x40cm-500x667.jpg 500w, https:\/\/www.zen-malerei.de\/wp-content\/uploads\/2018\/12\/2018-34-30x40cm-1000x1334.jpg 1000w, https:\/\/www.zen-malerei.de\/wp-content\/uploads\/2018\/12\/2018-34-30x40cm.jpg 1199w\" sizes=\"auto, (max-width: 660px) 100vw, 660px\" \/><a href='https:\/\/www.zen-malerei.de\/wp-content\/uploads\/2018\/12\/2018-34-30x40cm-767x1024.jpg' title=\"<b>Die Heiterkeit des Geistes<\/b>\r\n<br\/>Gr\u00f6\u00dfe: 30x40cm \/ 800 \u20ac\r\n<br\/>\r\n<p>&nbsp;<\/p>\" data-rel='prettyPhoto[album]' class='fg_magnificPopup'><span class='fg-zoom-icon icon-plus'><\/span><span style='display:none'><img loading=\"lazy\" decoding=\"async\" width=\"660\" height=\"881\" src=\"https:\/\/www.zen-malerei.de\/wp-content\/uploads\/2018\/12\/2018-34-30x40cm-767x1024.jpg\" class=\"attachment-large size-large\" alt=\"\" srcset=\"https:\/\/www.zen-malerei.de\/wp-content\/uploads\/2018\/12\/2018-34-30x40cm-767x1024.jpg 767w, https:\/\/www.zen-malerei.de\/wp-content\/uploads\/2018\/12\/2018-34-30x40cm-225x300.jpg 225w, https:\/\/www.zen-malerei.de\/wp-content\/uploads\/2018\/12\/2018-34-30x40cm-768x1025.jpg 768w, https:\/\/www.zen-malerei.de\/wp-content\/uploads\/2018\/12\/2018-34-30x40cm-1151x1536.jpg 1151w, https:\/\/www.zen-malerei.de\/wp-content\/uploads\/2018\/12\/2018-34-30x40cm-500x667.jpg 500w, https:\/\/www.zen-malerei.de\/wp-content\/uploads\/2018\/12\/2018-34-30x40cm-1000x1334.jpg 1000w, https:\/\/www.zen-malerei.de\/wp-content\/uploads\/2018\/12\/2018-34-30x40cm.jpg 1199w\" sizes=\"auto, (max-width: 660px) 100vw, 660px\" \/><\/span><\/a><\/div>\r\n\t\r\n\t\t\r\n\t\t<div class='fg-wp-caption-text fg-gallery-caption'><div class='caption-container'>\r\n\t\t<b>Die Heiterkeit des Geistes<\/b>\r\n<br\/>Gr\u00f6\u00dfe: 30x40cm \/ 800 \u20ac\r\n<br\/>\r\n<p>&nbsp;<\/p>\r\n\t\t<\/div><\/div><\/div><\/div><div class='fg-gallery-item'>\r\n\t\t<div class='gallery-icon landscape '>\r\n\t\t<div class='fg_zoom'><img loading=\"lazy\" decoding=\"async\" width=\"660\" height=\"487\" src=\"https:\/\/www.zen-malerei.de\/wp-content\/uploads\/2020\/12\/2020-A037-40x30cm-Einblick-in-die-Unendlichkeit-1024x756.jpg\" class=\"attachment-large size-large\" alt=\"\" srcset=\"https:\/\/www.zen-malerei.de\/wp-content\/uploads\/2020\/12\/2020-A037-40x30cm-Einblick-in-die-Unendlichkeit-1024x756.jpg 1024w, https:\/\/www.zen-malerei.de\/wp-content\/uploads\/2020\/12\/2020-A037-40x30cm-Einblick-in-die-Unendlichkeit-300x222.jpg 300w, https:\/\/www.zen-malerei.de\/wp-content\/uploads\/2020\/12\/2020-A037-40x30cm-Einblick-in-die-Unendlichkeit-768x567.jpg 768w, https:\/\/www.zen-malerei.de\/wp-content\/uploads\/2020\/12\/2020-A037-40x30cm-Einblick-in-die-Unendlichkeit-1536x1135.jpg 1536w, https:\/\/www.zen-malerei.de\/wp-content\/uploads\/2020\/12\/2020-A037-40x30cm-Einblick-in-die-Unendlichkeit-500x369.jpg 500w, https:\/\/www.zen-malerei.de\/wp-content\/uploads\/2020\/12\/2020-A037-40x30cm-Einblick-in-die-Unendlichkeit-1000x739.jpg 1000w, https:\/\/www.zen-malerei.de\/wp-content\/uploads\/2020\/12\/2020-A037-40x30cm-Einblick-in-die-Unendlichkeit.jpg 1600w\" sizes=\"auto, (max-width: 660px) 100vw, 660px\" \/><a href='https:\/\/www.zen-malerei.de\/wp-content\/uploads\/2020\/12\/2020-A037-40x30cm-Einblick-in-die-Unendlichkeit-1024x756.jpg' title=\"<b>Einblick in die Unendlichkeit<\/b>\r\n<br\/>Gr\u00f6\u00dfe: 40x30cm \/ 800 \u20ac\r\n<br\/>\r\n<p>&nbsp;<\/p>\" data-rel='prettyPhoto[album]' class='fg_magnificPopup'><span class='fg-zoom-icon icon-plus'><\/span><span style='display:none'><img loading=\"lazy\" decoding=\"async\" width=\"660\" height=\"487\" src=\"https:\/\/www.zen-malerei.de\/wp-content\/uploads\/2020\/12\/2020-A037-40x30cm-Einblick-in-die-Unendlichkeit-1024x756.jpg\" class=\"attachment-large size-large\" alt=\"\" srcset=\"https:\/\/www.zen-malerei.de\/wp-content\/uploads\/2020\/12\/2020-A037-40x30cm-Einblick-in-die-Unendlichkeit-1024x756.jpg 1024w, https:\/\/www.zen-malerei.de\/wp-content\/uploads\/2020\/12\/2020-A037-40x30cm-Einblick-in-die-Unendlichkeit-300x222.jpg 300w, https:\/\/www.zen-malerei.de\/wp-content\/uploads\/2020\/12\/2020-A037-40x30cm-Einblick-in-die-Unendlichkeit-768x567.jpg 768w, https:\/\/www.zen-malerei.de\/wp-content\/uploads\/2020\/12\/2020-A037-40x30cm-Einblick-in-die-Unendlichkeit-1536x1135.jpg 1536w, https:\/\/www.zen-malerei.de\/wp-content\/uploads\/2020\/12\/2020-A037-40x30cm-Einblick-in-die-Unendlichkeit-500x369.jpg 500w, https:\/\/www.zen-malerei.de\/wp-content\/uploads\/2020\/12\/2020-A037-40x30cm-Einblick-in-die-Unendlichkeit-1000x739.jpg 1000w, https:\/\/www.zen-malerei.de\/wp-content\/uploads\/2020\/12\/2020-A037-40x30cm-Einblick-in-die-Unendlichkeit.jpg 1600w\" sizes=\"auto, (max-width: 660px) 100vw, 660px\" \/><\/span><\/a><\/div>\r\n\t\r\n\t\t\r\n\t\t<div class='fg-wp-caption-text fg-gallery-caption'><div class='caption-container'>\r\n\t\t<b>Einblick in die Unendlichkeit<\/b>\r\n<br\/>Gr\u00f6\u00dfe: 40x30cm \/ 800 \u20ac\r\n<br\/>\r\n<p>&nbsp;<\/p>\r\n\t\t<\/div><\/div><\/div><\/div><div class='fg-gallery-item'>\r\n\t\t<div class='gallery-icon landscape '>\r\n\t\t<div class='fg_zoom'><img loading=\"lazy\" decoding=\"async\" width=\"660\" height=\"519\" src=\"https:\/\/www.zen-malerei.de\/wp-content\/uploads\/2020\/12\/2020-A036-64x50cm-Lotusland-1024x806.jpg\" class=\"attachment-large size-large\" alt=\"\" srcset=\"https:\/\/www.zen-malerei.de\/wp-content\/uploads\/2020\/12\/2020-A036-64x50cm-Lotusland-1024x806.jpg 1024w, https:\/\/www.zen-malerei.de\/wp-content\/uploads\/2020\/12\/2020-A036-64x50cm-Lotusland-300x236.jpg 300w, https:\/\/www.zen-malerei.de\/wp-content\/uploads\/2020\/12\/2020-A036-64x50cm-Lotusland-768x605.jpg 768w, https:\/\/www.zen-malerei.de\/wp-content\/uploads\/2020\/12\/2020-A036-64x50cm-Lotusland-1536x1210.jpg 1536w, https:\/\/www.zen-malerei.de\/wp-content\/uploads\/2020\/12\/2020-A036-64x50cm-Lotusland-500x394.jpg 500w, https:\/\/www.zen-malerei.de\/wp-content\/uploads\/2020\/12\/2020-A036-64x50cm-Lotusland-1000x788.jpg 1000w, https:\/\/www.zen-malerei.de\/wp-content\/uploads\/2020\/12\/2020-A036-64x50cm-Lotusland.jpg 1600w\" sizes=\"auto, (max-width: 660px) 100vw, 660px\" \/><a href='https:\/\/www.zen-malerei.de\/wp-content\/uploads\/2020\/12\/2020-A036-64x50cm-Lotusland-1024x806.jpg' title=\"<b>Lotusland<\/b>\r\n<br\/>Gr\u00f6\u00dfe: 64x50cm \/ 1.800 \u20ac\r\n<br\/>\r\n<p>&nbsp;<\/p>\" data-rel='prettyPhoto[album]' class='fg_magnificPopup'><span class='fg-zoom-icon icon-plus'><\/span><span style='display:none'><img loading=\"lazy\" decoding=\"async\" width=\"660\" height=\"519\" src=\"https:\/\/www.zen-malerei.de\/wp-content\/uploads\/2020\/12\/2020-A036-64x50cm-Lotusland-1024x806.jpg\" class=\"attachment-large size-large\" alt=\"\" srcset=\"https:\/\/www.zen-malerei.de\/wp-content\/uploads\/2020\/12\/2020-A036-64x50cm-Lotusland-1024x806.jpg 1024w, https:\/\/www.zen-malerei.de\/wp-content\/uploads\/2020\/12\/2020-A036-64x50cm-Lotusland-300x236.jpg 300w, https:\/\/www.zen-malerei.de\/wp-content\/uploads\/2020\/12\/2020-A036-64x50cm-Lotusland-768x605.jpg 768w, https:\/\/www.zen-malerei.de\/wp-content\/uploads\/2020\/12\/2020-A036-64x50cm-Lotusland-1536x1210.jpg 1536w, https:\/\/www.zen-malerei.de\/wp-content\/uploads\/2020\/12\/2020-A036-64x50cm-Lotusland-500x394.jpg 500w, https:\/\/www.zen-malerei.de\/wp-content\/uploads\/2020\/12\/2020-A036-64x50cm-Lotusland-1000x788.jpg 1000w, https:\/\/www.zen-malerei.de\/wp-content\/uploads\/2020\/12\/2020-A036-64x50cm-Lotusland.jpg 1600w\" sizes=\"auto, (max-width: 660px) 100vw, 660px\" \/><\/span><\/a><\/div>\r\n\t\r\n\t\t\r\n\t\t<div class='fg-wp-caption-text fg-gallery-caption'><div class='caption-container'>\r\n\t\t<b>Lotusland<\/b>\r\n<br\/>Gr\u00f6\u00dfe: 64x50cm \/ 1.800 \u20ac\r\n<br\/>\r\n<p>&nbsp;<\/p>\r\n\t\t<\/div><\/div><\/div><\/div><div class='fg-gallery-item'>\r\n\t\t<div class='gallery-icon landscape '>\r\n\t\t<div class='fg_zoom'><img loading=\"lazy\" decoding=\"async\" width=\"660\" height=\"496\" src=\"https:\/\/www.zen-malerei.de\/wp-content\/uploads\/2020\/12\/2020-A035-48x36cm-Aufgang-des-inneren-Lichtes-1024x770.jpg\" class=\"attachment-large size-large\" alt=\"\" srcset=\"https:\/\/www.zen-malerei.de\/wp-content\/uploads\/2020\/12\/2020-A035-48x36cm-Aufgang-des-inneren-Lichtes-1024x770.jpg 1024w, https:\/\/www.zen-malerei.de\/wp-content\/uploads\/2020\/12\/2020-A035-48x36cm-Aufgang-des-inneren-Lichtes-300x226.jpg 300w, https:\/\/www.zen-malerei.de\/wp-content\/uploads\/2020\/12\/2020-A035-48x36cm-Aufgang-des-inneren-Lichtes-768x577.jpg 768w, https:\/\/www.zen-malerei.de\/wp-content\/uploads\/2020\/12\/2020-A035-48x36cm-Aufgang-des-inneren-Lichtes-1536x1155.jpg 1536w, https:\/\/www.zen-malerei.de\/wp-content\/uploads\/2020\/12\/2020-A035-48x36cm-Aufgang-des-inneren-Lichtes-500x376.jpg 500w, https:\/\/www.zen-malerei.de\/wp-content\/uploads\/2020\/12\/2020-A035-48x36cm-Aufgang-des-inneren-Lichtes-1000x752.jpg 1000w, https:\/\/www.zen-malerei.de\/wp-content\/uploads\/2020\/12\/2020-A035-48x36cm-Aufgang-des-inneren-Lichtes.jpg 1600w\" sizes=\"auto, (max-width: 660px) 100vw, 660px\" \/><a href='https:\/\/www.zen-malerei.de\/wp-content\/uploads\/2020\/12\/2020-A035-48x36cm-Aufgang-des-inneren-Lichtes-1024x770.jpg' title=\"<b>Innere Harmonie<\/b>\r\n<br\/>Gr\u00f6\u00dfe: 48x36cm \/ 1.400 \u20ac\r\n<br\/>\r\n<p>&nbsp;<\/p>\" data-rel='prettyPhoto[album]' class='fg_magnificPopup'><span class='fg-zoom-icon icon-plus'><\/span><span style='display:none'><img loading=\"lazy\" decoding=\"async\" width=\"660\" height=\"496\" src=\"https:\/\/www.zen-malerei.de\/wp-content\/uploads\/2020\/12\/2020-A035-48x36cm-Aufgang-des-inneren-Lichtes-1024x770.jpg\" class=\"attachment-large size-large\" alt=\"\" srcset=\"https:\/\/www.zen-malerei.de\/wp-content\/uploads\/2020\/12\/2020-A035-48x36cm-Aufgang-des-inneren-Lichtes-1024x770.jpg 1024w, https:\/\/www.zen-malerei.de\/wp-content\/uploads\/2020\/12\/2020-A035-48x36cm-Aufgang-des-inneren-Lichtes-300x226.jpg 300w, https:\/\/www.zen-malerei.de\/wp-content\/uploads\/2020\/12\/2020-A035-48x36cm-Aufgang-des-inneren-Lichtes-768x577.jpg 768w, https:\/\/www.zen-malerei.de\/wp-content\/uploads\/2020\/12\/2020-A035-48x36cm-Aufgang-des-inneren-Lichtes-1536x1155.jpg 1536w, https:\/\/www.zen-malerei.de\/wp-content\/uploads\/2020\/12\/2020-A035-48x36cm-Aufgang-des-inneren-Lichtes-500x376.jpg 500w, https:\/\/www.zen-malerei.de\/wp-content\/uploads\/2020\/12\/2020-A035-48x36cm-Aufgang-des-inneren-Lichtes-1000x752.jpg 1000w, https:\/\/www.zen-malerei.de\/wp-content\/uploads\/2020\/12\/2020-A035-48x36cm-Aufgang-des-inneren-Lichtes.jpg 1600w\" sizes=\"auto, (max-width: 660px) 100vw, 660px\" \/><\/span><\/a><\/div>\r\n\t\r\n\t\t\r\n\t\t<div class='fg-wp-caption-text fg-gallery-caption'><div class='caption-container'>\r\n\t\t<b>Innere Harmonie<\/b>\r\n<br\/>Gr\u00f6\u00dfe: 48x36cm \/ 1.400 \u20ac\r\n<br\/>\r\n<p>&nbsp;<\/p>\r\n\t\t<\/div><\/div><\/div><\/div><div class='fg-gallery-item'>\r\n\t\t<div class='gallery-icon portrait '>\r\n\t\t<div class='fg_zoom'><img loading=\"lazy\" decoding=\"async\" width=\"660\" height=\"664\" src=\"https:\/\/www.zen-malerei.de\/wp-content\/uploads\/2020\/12\/2020-A029-40cm-rund-Die-grosse-Freude-1018x1024.jpg\" class=\"attachment-large size-large\" alt=\"\" srcset=\"https:\/\/www.zen-malerei.de\/wp-content\/uploads\/2020\/12\/2020-A029-40cm-rund-Die-grosse-Freude-1018x1024.jpg 1018w, https:\/\/www.zen-malerei.de\/wp-content\/uploads\/2020\/12\/2020-A029-40cm-rund-Die-grosse-Freude-298x300.jpg 298w, https:\/\/www.zen-malerei.de\/wp-content\/uploads\/2020\/12\/2020-A029-40cm-rund-Die-grosse-Freude-150x150.jpg 150w, https:\/\/www.zen-malerei.de\/wp-content\/uploads\/2020\/12\/2020-A029-40cm-rund-Die-grosse-Freude-768x773.jpg 768w, https:\/\/www.zen-malerei.de\/wp-content\/uploads\/2020\/12\/2020-A029-40cm-rund-Die-grosse-Freude-1526x1536.jpg 1526w, https:\/\/www.zen-malerei.de\/wp-content\/uploads\/2020\/12\/2020-A029-40cm-rund-Die-grosse-Freude-500x503.jpg 500w, https:\/\/www.zen-malerei.de\/wp-content\/uploads\/2020\/12\/2020-A029-40cm-rund-Die-grosse-Freude-1000x1006.jpg 1000w, https:\/\/www.zen-malerei.de\/wp-content\/uploads\/2020\/12\/2020-A029-40cm-rund-Die-grosse-Freude.jpg 1590w\" sizes=\"auto, (max-width: 660px) 100vw, 660px\" \/><a href='https:\/\/www.zen-malerei.de\/wp-content\/uploads\/2020\/12\/2020-A029-40cm-rund-Die-grosse-Freude-1018x1024.jpg' title=\"<b>Die gro\u00dfe Freude<\/b>\r\n<br\/>Gr\u00f6\u00dfe: 40cm rund \/ 950 \u20ac\r\n<br\/>\r\n<p>&nbsp;<\/p>\" data-rel='prettyPhoto[album]' class='fg_magnificPopup'><span class='fg-zoom-icon icon-plus'><\/span><span style='display:none'><img loading=\"lazy\" decoding=\"async\" width=\"660\" height=\"664\" src=\"https:\/\/www.zen-malerei.de\/wp-content\/uploads\/2020\/12\/2020-A029-40cm-rund-Die-grosse-Freude-1018x1024.jpg\" class=\"attachment-large size-large\" alt=\"\" srcset=\"https:\/\/www.zen-malerei.de\/wp-content\/uploads\/2020\/12\/2020-A029-40cm-rund-Die-grosse-Freude-1018x1024.jpg 1018w, https:\/\/www.zen-malerei.de\/wp-content\/uploads\/2020\/12\/2020-A029-40cm-rund-Die-grosse-Freude-298x300.jpg 298w, https:\/\/www.zen-malerei.de\/wp-content\/uploads\/2020\/12\/2020-A029-40cm-rund-Die-grosse-Freude-150x150.jpg 150w, https:\/\/www.zen-malerei.de\/wp-content\/uploads\/2020\/12\/2020-A029-40cm-rund-Die-grosse-Freude-768x773.jpg 768w, https:\/\/www.zen-malerei.de\/wp-content\/uploads\/2020\/12\/2020-A029-40cm-rund-Die-grosse-Freude-1526x1536.jpg 1526w, https:\/\/www.zen-malerei.de\/wp-content\/uploads\/2020\/12\/2020-A029-40cm-rund-Die-grosse-Freude-500x503.jpg 500w, https:\/\/www.zen-malerei.de\/wp-content\/uploads\/2020\/12\/2020-A029-40cm-rund-Die-grosse-Freude-1000x1006.jpg 1000w, https:\/\/www.zen-malerei.de\/wp-content\/uploads\/2020\/12\/2020-A029-40cm-rund-Die-grosse-Freude.jpg 1590w\" sizes=\"auto, (max-width: 660px) 100vw, 660px\" \/><\/span><\/a><\/div>\r\n\t\r\n\t\t\r\n\t\t<div class='fg-wp-caption-text fg-gallery-caption'><div class='caption-container'>\r\n\t\t<b>Die gro\u00dfe Freude<\/b>\r\n<br\/>Gr\u00f6\u00dfe: 40cm rund \/ 950 \u20ac\r\n<br\/>\r\n<p>&nbsp;<\/p>\r\n\t\t<\/div><\/div><\/div><\/div><div class='fg-gallery-item'>\r\n\t\t<div class='gallery-icon landscape '>\r\n\t\t<div class='fg_zoom'><img loading=\"lazy\" decoding=\"async\" width=\"660\" height=\"660\" src=\"https:\/\/www.zen-malerei.de\/wp-content\/uploads\/2020\/12\/2020-A028-40cm-rund-Das-Wirken-der-goettlichen-Liebe-1024x1024.jpg\" class=\"attachment-large size-large\" alt=\"\" srcset=\"https:\/\/www.zen-malerei.de\/wp-content\/uploads\/2020\/12\/2020-A028-40cm-rund-Das-Wirken-der-goettlichen-Liebe-1024x1024.jpg 1024w, https:\/\/www.zen-malerei.de\/wp-content\/uploads\/2020\/12\/2020-A028-40cm-rund-Das-Wirken-der-goettlichen-Liebe-300x300.jpg 300w, https:\/\/www.zen-malerei.de\/wp-content\/uploads\/2020\/12\/2020-A028-40cm-rund-Das-Wirken-der-goettlichen-Liebe-150x150.jpg 150w, https:\/\/www.zen-malerei.de\/wp-content\/uploads\/2020\/12\/2020-A028-40cm-rund-Das-Wirken-der-goettlichen-Liebe-768x768.jpg 768w, https:\/\/www.zen-malerei.de\/wp-content\/uploads\/2020\/12\/2020-A028-40cm-rund-Das-Wirken-der-goettlichen-Liebe-1536x1536.jpg 1536w, https:\/\/www.zen-malerei.de\/wp-content\/uploads\/2020\/12\/2020-A028-40cm-rund-Das-Wirken-der-goettlichen-Liebe-500x500.jpg 500w, https:\/\/www.zen-malerei.de\/wp-content\/uploads\/2020\/12\/2020-A028-40cm-rund-Das-Wirken-der-goettlichen-Liebe-800x800.jpg 800w, https:\/\/www.zen-malerei.de\/wp-content\/uploads\/2020\/12\/2020-A028-40cm-rund-Das-Wirken-der-goettlichen-Liebe-1000x1000.jpg 1000w, https:\/\/www.zen-malerei.de\/wp-content\/uploads\/2020\/12\/2020-A028-40cm-rund-Das-Wirken-der-goettlichen-Liebe.jpg 1600w\" sizes=\"auto, (max-width: 660px) 100vw, 660px\" \/><a href='https:\/\/www.zen-malerei.de\/wp-content\/uploads\/2020\/12\/2020-A028-40cm-rund-Das-Wirken-der-goettlichen-Liebe-1024x1024.jpg' title=\"<b>Das Wirken der g\u00f6ttlichen Liebe<\/b>\r\n<br\/>Gr\u00f6\u00dfe: 40cm rund \/ 950 \u20ac\r\n<br\/>\r\n<p>&nbsp;<\/p>\" data-rel='prettyPhoto[album]' class='fg_magnificPopup'><span class='fg-zoom-icon icon-plus'><\/span><span style='display:none'><img loading=\"lazy\" decoding=\"async\" width=\"660\" height=\"660\" src=\"https:\/\/www.zen-malerei.de\/wp-content\/uploads\/2020\/12\/2020-A028-40cm-rund-Das-Wirken-der-goettlichen-Liebe-1024x1024.jpg\" class=\"attachment-large size-large\" alt=\"\" srcset=\"https:\/\/www.zen-malerei.de\/wp-content\/uploads\/2020\/12\/2020-A028-40cm-rund-Das-Wirken-der-goettlichen-Liebe-1024x1024.jpg 1024w, https:\/\/www.zen-malerei.de\/wp-content\/uploads\/2020\/12\/2020-A028-40cm-rund-Das-Wirken-der-goettlichen-Liebe-300x300.jpg 300w, https:\/\/www.zen-malerei.de\/wp-content\/uploads\/2020\/12\/2020-A028-40cm-rund-Das-Wirken-der-goettlichen-Liebe-150x150.jpg 150w, https:\/\/www.zen-malerei.de\/wp-content\/uploads\/2020\/12\/2020-A028-40cm-rund-Das-Wirken-der-goettlichen-Liebe-768x768.jpg 768w, https:\/\/www.zen-malerei.de\/wp-content\/uploads\/2020\/12\/2020-A028-40cm-rund-Das-Wirken-der-goettlichen-Liebe-1536x1536.jpg 1536w, https:\/\/www.zen-malerei.de\/wp-content\/uploads\/2020\/12\/2020-A028-40cm-rund-Das-Wirken-der-goettlichen-Liebe-500x500.jpg 500w, https:\/\/www.zen-malerei.de\/wp-content\/uploads\/2020\/12\/2020-A028-40cm-rund-Das-Wirken-der-goettlichen-Liebe-800x800.jpg 800w, https:\/\/www.zen-malerei.de\/wp-content\/uploads\/2020\/12\/2020-A028-40cm-rund-Das-Wirken-der-goettlichen-Liebe-1000x1000.jpg 1000w, https:\/\/www.zen-malerei.de\/wp-content\/uploads\/2020\/12\/2020-A028-40cm-rund-Das-Wirken-der-goettlichen-Liebe.jpg 1600w\" sizes=\"auto, (max-width: 660px) 100vw, 660px\" \/><\/span><\/a><\/div>\r\n\t\r\n\t\t\r\n\t\t<div class='fg-wp-caption-text fg-gallery-caption'><div class='caption-container'>\r\n\t\t<b>Das Wirken der g\u00f6ttlichen Liebe<\/b>\r\n<br\/>Gr\u00f6\u00dfe: 40cm rund \/ 950 \u20ac\r\n<br\/>\r\n<p>&nbsp;<\/p>\r\n\t\t<\/div><\/div><\/div><\/div><div class='fg-gallery-item'>\r\n\t\t<div class='gallery-icon landscape '>\r\n\t\t<div class='fg_zoom'><img loading=\"lazy\" decoding=\"async\" width=\"660\" height=\"495\" src=\"https:\/\/www.zen-malerei.de\/wp-content\/uploads\/2020\/12\/2020-A023-48x36cm-Das-Licht-der-goettlichen-Gnade-1024x768.jpg\" class=\"attachment-large size-large\" alt=\"\" srcset=\"https:\/\/www.zen-malerei.de\/wp-content\/uploads\/2020\/12\/2020-A023-48x36cm-Das-Licht-der-goettlichen-Gnade-1024x768.jpg 1024w, https:\/\/www.zen-malerei.de\/wp-content\/uploads\/2020\/12\/2020-A023-48x36cm-Das-Licht-der-goettlichen-Gnade-300x225.jpg 300w, https:\/\/www.zen-malerei.de\/wp-content\/uploads\/2020\/12\/2020-A023-48x36cm-Das-Licht-der-goettlichen-Gnade-768x576.jpg 768w, https:\/\/www.zen-malerei.de\/wp-content\/uploads\/2020\/12\/2020-A023-48x36cm-Das-Licht-der-goettlichen-Gnade-1536x1152.jpg 1536w, https:\/\/www.zen-malerei.de\/wp-content\/uploads\/2020\/12\/2020-A023-48x36cm-Das-Licht-der-goettlichen-Gnade-500x375.jpg 500w, https:\/\/www.zen-malerei.de\/wp-content\/uploads\/2020\/12\/2020-A023-48x36cm-Das-Licht-der-goettlichen-Gnade-1000x750.jpg 1000w, https:\/\/www.zen-malerei.de\/wp-content\/uploads\/2020\/12\/2020-A023-48x36cm-Das-Licht-der-goettlichen-Gnade.jpg 1600w\" sizes=\"auto, (max-width: 660px) 100vw, 660px\" \/><a href='https:\/\/www.zen-malerei.de\/wp-content\/uploads\/2020\/12\/2020-A023-48x36cm-Das-Licht-der-goettlichen-Gnade-1024x768.jpg' title=\"<b>Das Licht der g\u00f6ttlichen Gnade<\/b>\r\n<br\/>Gr\u00f6\u00dfe: 48x36cm \/ 1.400 \u20ac\r\n<br\/>\r\n<p>&nbsp;<\/p>\" data-rel='prettyPhoto[album]' class='fg_magnificPopup'><span class='fg-zoom-icon icon-plus'><\/span><span style='display:none'><img loading=\"lazy\" decoding=\"async\" width=\"660\" height=\"495\" src=\"https:\/\/www.zen-malerei.de\/wp-content\/uploads\/2020\/12\/2020-A023-48x36cm-Das-Licht-der-goettlichen-Gnade-1024x768.jpg\" class=\"attachment-large size-large\" alt=\"\" srcset=\"https:\/\/www.zen-malerei.de\/wp-content\/uploads\/2020\/12\/2020-A023-48x36cm-Das-Licht-der-goettlichen-Gnade-1024x768.jpg 1024w, https:\/\/www.zen-malerei.de\/wp-content\/uploads\/2020\/12\/2020-A023-48x36cm-Das-Licht-der-goettlichen-Gnade-300x225.jpg 300w, https:\/\/www.zen-malerei.de\/wp-content\/uploads\/2020\/12\/2020-A023-48x36cm-Das-Licht-der-goettlichen-Gnade-768x576.jpg 768w, https:\/\/www.zen-malerei.de\/wp-content\/uploads\/2020\/12\/2020-A023-48x36cm-Das-Licht-der-goettlichen-Gnade-1536x1152.jpg 1536w, https:\/\/www.zen-malerei.de\/wp-content\/uploads\/2020\/12\/2020-A023-48x36cm-Das-Licht-der-goettlichen-Gnade-500x375.jpg 500w, https:\/\/www.zen-malerei.de\/wp-content\/uploads\/2020\/12\/2020-A023-48x36cm-Das-Licht-der-goettlichen-Gnade-1000x750.jpg 1000w, https:\/\/www.zen-malerei.de\/wp-content\/uploads\/2020\/12\/2020-A023-48x36cm-Das-Licht-der-goettlichen-Gnade.jpg 1600w\" sizes=\"auto, (max-width: 660px) 100vw, 660px\" \/><\/span><\/a><\/div>\r\n\t\r\n\t\t\r\n\t\t<div class='fg-wp-caption-text fg-gallery-caption'><div class='caption-container'>\r\n\t\t<b>Das Licht der g\u00f6ttlichen Gnade<\/b>\r\n<br\/>Gr\u00f6\u00dfe: 48x36cm \/ 1.400 \u20ac\r\n<br\/>\r\n<p>&nbsp;<\/p>\r\n\t\t<\/div><\/div><\/div><\/div><div class='fg-gallery-item'>\r\n\t\t<div class='gallery-icon portrait '>\r\n\t\t<div class='fg_zoom'><img loading=\"lazy\" decoding=\"async\" width=\"660\" height=\"881\" src=\"https:\/\/www.zen-malerei.de\/wp-content\/uploads\/2020\/12\/2020-A018-30x40cm-Goettliche-Offenbarung-767x1024.jpg\" class=\"attachment-large size-large\" alt=\"\" srcset=\"https:\/\/www.zen-malerei.de\/wp-content\/uploads\/2020\/12\/2020-A018-30x40cm-Goettliche-Offenbarung-767x1024.jpg 767w, https:\/\/www.zen-malerei.de\/wp-content\/uploads\/2020\/12\/2020-A018-30x40cm-Goettliche-Offenbarung-225x300.jpg 225w, https:\/\/www.zen-malerei.de\/wp-content\/uploads\/2020\/12\/2020-A018-30x40cm-Goettliche-Offenbarung-768x1025.jpg 768w, https:\/\/www.zen-malerei.de\/wp-content\/uploads\/2020\/12\/2020-A018-30x40cm-Goettliche-Offenbarung-1151x1536.jpg 1151w, https:\/\/www.zen-malerei.de\/wp-content\/uploads\/2020\/12\/2020-A018-30x40cm-Goettliche-Offenbarung-500x667.jpg 500w, https:\/\/www.zen-malerei.de\/wp-content\/uploads\/2020\/12\/2020-A018-30x40cm-Goettliche-Offenbarung-1000x1334.jpg 1000w, https:\/\/www.zen-malerei.de\/wp-content\/uploads\/2020\/12\/2020-A018-30x40cm-Goettliche-Offenbarung.jpg 1199w\" sizes=\"auto, (max-width: 660px) 100vw, 660px\" \/><a href='https:\/\/www.zen-malerei.de\/wp-content\/uploads\/2020\/12\/2020-A018-30x40cm-Goettliche-Offenbarung-767x1024.jpg' title=\"<b>G\u00f6ttliche Offenbarung<\/b>\r\n<br\/>Gr\u00f6\u00dfe: 30x40cm \/ 800 \u20ac\r\n<br\/>\r\n<p>&nbsp;<\/p>\" data-rel='prettyPhoto[album]' class='fg_magnificPopup'><span class='fg-zoom-icon icon-plus'><\/span><span style='display:none'><img loading=\"lazy\" decoding=\"async\" width=\"660\" height=\"881\" src=\"https:\/\/www.zen-malerei.de\/wp-content\/uploads\/2020\/12\/2020-A018-30x40cm-Goettliche-Offenbarung-767x1024.jpg\" class=\"attachment-large size-large\" alt=\"\" srcset=\"https:\/\/www.zen-malerei.de\/wp-content\/uploads\/2020\/12\/2020-A018-30x40cm-Goettliche-Offenbarung-767x1024.jpg 767w, https:\/\/www.zen-malerei.de\/wp-content\/uploads\/2020\/12\/2020-A018-30x40cm-Goettliche-Offenbarung-225x300.jpg 225w, https:\/\/www.zen-malerei.de\/wp-content\/uploads\/2020\/12\/2020-A018-30x40cm-Goettliche-Offenbarung-768x1025.jpg 768w, https:\/\/www.zen-malerei.de\/wp-content\/uploads\/2020\/12\/2020-A018-30x40cm-Goettliche-Offenbarung-1151x1536.jpg 1151w, https:\/\/www.zen-malerei.de\/wp-content\/uploads\/2020\/12\/2020-A018-30x40cm-Goettliche-Offenbarung-500x667.jpg 500w, https:\/\/www.zen-malerei.de\/wp-content\/uploads\/2020\/12\/2020-A018-30x40cm-Goettliche-Offenbarung-1000x1334.jpg 1000w, https:\/\/www.zen-malerei.de\/wp-content\/uploads\/2020\/12\/2020-A018-30x40cm-Goettliche-Offenbarung.jpg 1199w\" sizes=\"auto, (max-width: 660px) 100vw, 660px\" \/><\/span><\/a><\/div>\r\n\t\r\n\t\t\r\n\t\t<div class='fg-wp-caption-text fg-gallery-caption'><div class='caption-container'>\r\n\t\t<b>G\u00f6ttliche Offenbarung<\/b>\r\n<br\/>Gr\u00f6\u00dfe: 30x40cm \/ 800 \u20ac\r\n<br\/>\r\n<p>&nbsp;<\/p>\r\n\t\t<\/div><\/div><\/div><\/div><div class='fg-gallery-item'>\r\n\t\t<div class='gallery-icon portrait '>\r\n\t\t<div class='fg_zoom'><img loading=\"lazy\" decoding=\"async\" width=\"660\" height=\"885\" src=\"https:\/\/www.zen-malerei.de\/wp-content\/uploads\/2020\/12\/2020-A016-36x48cm-Mani-Hridaya-das-leuchtende-Juwel-im-Herzen-764x1024.jpg\" class=\"attachment-large size-large\" alt=\"\" srcset=\"https:\/\/www.zen-malerei.de\/wp-content\/uploads\/2020\/12\/2020-A016-36x48cm-Mani-Hridaya-das-leuchtende-Juwel-im-Herzen-764x1024.jpg 764w, https:\/\/www.zen-malerei.de\/wp-content\/uploads\/2020\/12\/2020-A016-36x48cm-Mani-Hridaya-das-leuchtende-Juwel-im-Herzen-224x300.jpg 224w, https:\/\/www.zen-malerei.de\/wp-content\/uploads\/2020\/12\/2020-A016-36x48cm-Mani-Hridaya-das-leuchtende-Juwel-im-Herzen-768x1029.jpg 768w, https:\/\/www.zen-malerei.de\/wp-content\/uploads\/2020\/12\/2020-A016-36x48cm-Mani-Hridaya-das-leuchtende-Juwel-im-Herzen-1146x1536.jpg 1146w, https:\/\/www.zen-malerei.de\/wp-content\/uploads\/2020\/12\/2020-A016-36x48cm-Mani-Hridaya-das-leuchtende-Juwel-im-Herzen-500x670.jpg 500w, https:\/\/www.zen-malerei.de\/wp-content\/uploads\/2020\/12\/2020-A016-36x48cm-Mani-Hridaya-das-leuchtende-Juwel-im-Herzen-1000x1340.jpg 1000w, https:\/\/www.zen-malerei.de\/wp-content\/uploads\/2020\/12\/2020-A016-36x48cm-Mani-Hridaya-das-leuchtende-Juwel-im-Herzen.jpg 1194w\" sizes=\"auto, (max-width: 660px) 100vw, 660px\" \/><a href='https:\/\/www.zen-malerei.de\/wp-content\/uploads\/2020\/12\/2020-A016-36x48cm-Mani-Hridaya-das-leuchtende-Juwel-im-Herzen-764x1024.jpg' title=\"<b>Mani Hridaya - das leuchtende Juwel im Herzen<\/b>\r\n<br\/>Gr\u00f6\u00dfe: 36x48cm \/ 1.400 \u20ac\r\n<br\/>\r\n<p>&nbsp;<\/p>\" data-rel='prettyPhoto[album]' class='fg_magnificPopup'><span class='fg-zoom-icon icon-plus'><\/span><span style='display:none'><img loading=\"lazy\" decoding=\"async\" width=\"660\" height=\"885\" src=\"https:\/\/www.zen-malerei.de\/wp-content\/uploads\/2020\/12\/2020-A016-36x48cm-Mani-Hridaya-das-leuchtende-Juwel-im-Herzen-764x1024.jpg\" class=\"attachment-large size-large\" alt=\"\" srcset=\"https:\/\/www.zen-malerei.de\/wp-content\/uploads\/2020\/12\/2020-A016-36x48cm-Mani-Hridaya-das-leuchtende-Juwel-im-Herzen-764x1024.jpg 764w, https:\/\/www.zen-malerei.de\/wp-content\/uploads\/2020\/12\/2020-A016-36x48cm-Mani-Hridaya-das-leuchtende-Juwel-im-Herzen-224x300.jpg 224w, https:\/\/www.zen-malerei.de\/wp-content\/uploads\/2020\/12\/2020-A016-36x48cm-Mani-Hridaya-das-leuchtende-Juwel-im-Herzen-768x1029.jpg 768w, https:\/\/www.zen-malerei.de\/wp-content\/uploads\/2020\/12\/2020-A016-36x48cm-Mani-Hridaya-das-leuchtende-Juwel-im-Herzen-1146x1536.jpg 1146w, https:\/\/www.zen-malerei.de\/wp-content\/uploads\/2020\/12\/2020-A016-36x48cm-Mani-Hridaya-das-leuchtende-Juwel-im-Herzen-500x670.jpg 500w, https:\/\/www.zen-malerei.de\/wp-content\/uploads\/2020\/12\/2020-A016-36x48cm-Mani-Hridaya-das-leuchtende-Juwel-im-Herzen-1000x1340.jpg 1000w, https:\/\/www.zen-malerei.de\/wp-content\/uploads\/2020\/12\/2020-A016-36x48cm-Mani-Hridaya-das-leuchtende-Juwel-im-Herzen.jpg 1194w\" sizes=\"auto, (max-width: 660px) 100vw, 660px\" \/><\/span><\/a><\/div>\r\n\t\r\n\t\t\r\n\t\t<div class='fg-wp-caption-text fg-gallery-caption'><div class='caption-container'>\r\n\t\t<b>Mani Hridaya &#8211; das leuchtende Juwel im Herzen<\/b>\r\n<br\/>Gr\u00f6\u00dfe: 36x48cm \/ 1.400 \u20ac\r\n<br\/>\r\n<p>&nbsp;<\/p>\r\n\t\t<\/div><\/div><\/div><\/div><div class='fg-gallery-item'>\r\n\t\t<div class='gallery-icon landscape '>\r\n\t\t<div class='fg_zoom'><img loading=\"lazy\" decoding=\"async\" width=\"660\" height=\"493\" src=\"https:\/\/www.zen-malerei.de\/wp-content\/uploads\/2020\/12\/2020-A015-56x42cm-Goettliche-Freude-1024x765.jpg\" class=\"attachment-large size-large\" alt=\"\" srcset=\"https:\/\/www.zen-malerei.de\/wp-content\/uploads\/2020\/12\/2020-A015-56x42cm-Goettliche-Freude-1024x765.jpg 1024w, https:\/\/www.zen-malerei.de\/wp-content\/uploads\/2020\/12\/2020-A015-56x42cm-Goettliche-Freude-300x224.jpg 300w, https:\/\/www.zen-malerei.de\/wp-content\/uploads\/2020\/12\/2020-A015-56x42cm-Goettliche-Freude-768x574.jpg 768w, https:\/\/www.zen-malerei.de\/wp-content\/uploads\/2020\/12\/2020-A015-56x42cm-Goettliche-Freude-1536x1148.jpg 1536w, https:\/\/www.zen-malerei.de\/wp-content\/uploads\/2020\/12\/2020-A015-56x42cm-Goettliche-Freude-500x374.jpg 500w, https:\/\/www.zen-malerei.de\/wp-content\/uploads\/2020\/12\/2020-A015-56x42cm-Goettliche-Freude-1000x748.jpg 1000w, https:\/\/www.zen-malerei.de\/wp-content\/uploads\/2020\/12\/2020-A015-56x42cm-Goettliche-Freude.jpg 1600w\" sizes=\"auto, (max-width: 660px) 100vw, 660px\" \/><a href='https:\/\/www.zen-malerei.de\/wp-content\/uploads\/2020\/12\/2020-A015-56x42cm-Goettliche-Freude-1024x765.jpg' title=\"<b>G\u00f6ttliche Freude<\/b>\r\n<br\/>Gr\u00f6\u00dfe: 56x42cm \/ 1.600 \u20ac\r\n<br\/>\r\n<p>&nbsp;<\/p>\" data-rel='prettyPhoto[album]' class='fg_magnificPopup'><span class='fg-zoom-icon icon-plus'><\/span><span style='display:none'><img loading=\"lazy\" decoding=\"async\" width=\"660\" height=\"493\" src=\"https:\/\/www.zen-malerei.de\/wp-content\/uploads\/2020\/12\/2020-A015-56x42cm-Goettliche-Freude-1024x765.jpg\" class=\"attachment-large size-large\" alt=\"\" srcset=\"https:\/\/www.zen-malerei.de\/wp-content\/uploads\/2020\/12\/2020-A015-56x42cm-Goettliche-Freude-1024x765.jpg 1024w, https:\/\/www.zen-malerei.de\/wp-content\/uploads\/2020\/12\/2020-A015-56x42cm-Goettliche-Freude-300x224.jpg 300w, https:\/\/www.zen-malerei.de\/wp-content\/uploads\/2020\/12\/2020-A015-56x42cm-Goettliche-Freude-768x574.jpg 768w, https:\/\/www.zen-malerei.de\/wp-content\/uploads\/2020\/12\/2020-A015-56x42cm-Goettliche-Freude-1536x1148.jpg 1536w, https:\/\/www.zen-malerei.de\/wp-content\/uploads\/2020\/12\/2020-A015-56x42cm-Goettliche-Freude-500x374.jpg 500w, https:\/\/www.zen-malerei.de\/wp-content\/uploads\/2020\/12\/2020-A015-56x42cm-Goettliche-Freude-1000x748.jpg 1000w, https:\/\/www.zen-malerei.de\/wp-content\/uploads\/2020\/12\/2020-A015-56x42cm-Goettliche-Freude.jpg 1600w\" sizes=\"auto, (max-width: 660px) 100vw, 660px\" \/><\/span><\/a><\/div>\r\n\t\r\n\t\t\r\n\t\t<div class='fg-wp-caption-text fg-gallery-caption'><div class='caption-container'>\r\n\t\t<b>G\u00f6ttliche Freude<\/b>\r\n<br\/>Gr\u00f6\u00dfe: 56x42cm \/ 1.600 \u20ac\r\n<br\/>\r\n<p>&nbsp;<\/p>\r\n\t\t<\/div><\/div><\/div><\/div><div class='fg-gallery-item'>\r\n\t\t<div class='gallery-icon portrait '>\r\n\t\t<div class='fg_zoom'><img loading=\"lazy\" decoding=\"async\" width=\"660\" height=\"889\" src=\"https:\/\/www.zen-malerei.de\/wp-content\/uploads\/2020\/12\/2020-A013-36x48cm-Mystische-Transformation-760x1024.jpg\" class=\"attachment-large size-large\" alt=\"\" srcset=\"https:\/\/www.zen-malerei.de\/wp-content\/uploads\/2020\/12\/2020-A013-36x48cm-Mystische-Transformation-760x1024.jpg 760w, https:\/\/www.zen-malerei.de\/wp-content\/uploads\/2020\/12\/2020-A013-36x48cm-Mystische-Transformation-223x300.jpg 223w, https:\/\/www.zen-malerei.de\/wp-content\/uploads\/2020\/12\/2020-A013-36x48cm-Mystische-Transformation-768x1034.jpg 768w, https:\/\/www.zen-malerei.de\/wp-content\/uploads\/2020\/12\/2020-A013-36x48cm-Mystische-Transformation-1140x1536.jpg 1140w, https:\/\/www.zen-malerei.de\/wp-content\/uploads\/2020\/12\/2020-A013-36x48cm-Mystische-Transformation-500x673.jpg 500w, https:\/\/www.zen-malerei.de\/wp-content\/uploads\/2020\/12\/2020-A013-36x48cm-Mystische-Transformation-1000x1347.jpg 1000w, https:\/\/www.zen-malerei.de\/wp-content\/uploads\/2020\/12\/2020-A013-36x48cm-Mystische-Transformation.jpg 1188w\" sizes=\"auto, (max-width: 660px) 100vw, 660px\" \/><a href='https:\/\/www.zen-malerei.de\/wp-content\/uploads\/2020\/12\/2020-A013-36x48cm-Mystische-Transformation-760x1024.jpg' title=\"<b>Mystische Transformation<\/b>\r\n<br\/>Gr\u00f6\u00dfe: 36x48cm \/ 1.600 \u20ac\r\n<br\/>\r\n<p>&nbsp;<\/p>\" data-rel='prettyPhoto[album]' class='fg_magnificPopup'><span class='fg-zoom-icon icon-plus'><\/span><span style='display:none'><img loading=\"lazy\" decoding=\"async\" width=\"660\" height=\"889\" src=\"https:\/\/www.zen-malerei.de\/wp-content\/uploads\/2020\/12\/2020-A013-36x48cm-Mystische-Transformation-760x1024.jpg\" class=\"attachment-large size-large\" alt=\"\" srcset=\"https:\/\/www.zen-malerei.de\/wp-content\/uploads\/2020\/12\/2020-A013-36x48cm-Mystische-Transformation-760x1024.jpg 760w, https:\/\/www.zen-malerei.de\/wp-content\/uploads\/2020\/12\/2020-A013-36x48cm-Mystische-Transformation-223x300.jpg 223w, https:\/\/www.zen-malerei.de\/wp-content\/uploads\/2020\/12\/2020-A013-36x48cm-Mystische-Transformation-768x1034.jpg 768w, https:\/\/www.zen-malerei.de\/wp-content\/uploads\/2020\/12\/2020-A013-36x48cm-Mystische-Transformation-1140x1536.jpg 1140w, https:\/\/www.zen-malerei.de\/wp-content\/uploads\/2020\/12\/2020-A013-36x48cm-Mystische-Transformation-500x673.jpg 500w, https:\/\/www.zen-malerei.de\/wp-content\/uploads\/2020\/12\/2020-A013-36x48cm-Mystische-Transformation-1000x1347.jpg 1000w, https:\/\/www.zen-malerei.de\/wp-content\/uploads\/2020\/12\/2020-A013-36x48cm-Mystische-Transformation.jpg 1188w\" sizes=\"auto, (max-width: 660px) 100vw, 660px\" \/><\/span><\/a><\/div>\r\n\t\r\n\t\t\r\n\t\t<div class='fg-wp-caption-text fg-gallery-caption'><div class='caption-container'>\r\n\t\t<b>Mystische Transformation<\/b>\r\n<br\/>Gr\u00f6\u00dfe: 36x48cm \/ 1.600 \u20ac\r\n<br\/>\r\n<p>&nbsp;<\/p>\r\n\t\t<\/div><\/div><\/div><\/div><div class='fg-gallery-item'>\r\n\t\t<div class='gallery-icon landscape '>\r\n\t\t<div class='fg_zoom'><img loading=\"lazy\" decoding=\"async\" width=\"660\" height=\"560\" src=\"https:\/\/www.zen-malerei.de\/wp-content\/uploads\/2020\/12\/2020-A003-56x42cm-Die-Offenbarung-des-Tao-1024x869.jpg\" class=\"attachment-large size-large\" alt=\"\" srcset=\"https:\/\/www.zen-malerei.de\/wp-content\/uploads\/2020\/12\/2020-A003-56x42cm-Die-Offenbarung-des-Tao-1024x869.jpg 1024w, https:\/\/www.zen-malerei.de\/wp-content\/uploads\/2020\/12\/2020-A003-56x42cm-Die-Offenbarung-des-Tao-300x255.jpg 300w, https:\/\/www.zen-malerei.de\/wp-content\/uploads\/2020\/12\/2020-A003-56x42cm-Die-Offenbarung-des-Tao-768x652.jpg 768w, https:\/\/www.zen-malerei.de\/wp-content\/uploads\/2020\/12\/2020-A003-56x42cm-Die-Offenbarung-des-Tao-1536x1304.jpg 1536w, https:\/\/www.zen-malerei.de\/wp-content\/uploads\/2020\/12\/2020-A003-56x42cm-Die-Offenbarung-des-Tao-500x424.jpg 500w, https:\/\/www.zen-malerei.de\/wp-content\/uploads\/2020\/12\/2020-A003-56x42cm-Die-Offenbarung-des-Tao-1000x849.jpg 1000w, https:\/\/www.zen-malerei.de\/wp-content\/uploads\/2020\/12\/2020-A003-56x42cm-Die-Offenbarung-des-Tao.jpg 1600w\" sizes=\"auto, (max-width: 660px) 100vw, 660px\" \/><a href='https:\/\/www.zen-malerei.de\/wp-content\/uploads\/2020\/12\/2020-A003-56x42cm-Die-Offenbarung-des-Tao-1024x869.jpg' title=\"<b>Die Offenbarung des Tao<\/b>\r\n<br\/>Gr\u00f6\u00dfe: 56x42cm \/ 1.400 \u20ac inkl. Rahmen\r\n<br\/>\r\n<p>&nbsp;<\/p>\" data-rel='prettyPhoto[album]' class='fg_magnificPopup'><span class='fg-zoom-icon icon-plus'><\/span><span style='display:none'><img loading=\"lazy\" decoding=\"async\" width=\"660\" height=\"560\" src=\"https:\/\/www.zen-malerei.de\/wp-content\/uploads\/2020\/12\/2020-A003-56x42cm-Die-Offenbarung-des-Tao-1024x869.jpg\" class=\"attachment-large size-large\" alt=\"\" srcset=\"https:\/\/www.zen-malerei.de\/wp-content\/uploads\/2020\/12\/2020-A003-56x42cm-Die-Offenbarung-des-Tao-1024x869.jpg 1024w, https:\/\/www.zen-malerei.de\/wp-content\/uploads\/2020\/12\/2020-A003-56x42cm-Die-Offenbarung-des-Tao-300x255.jpg 300w, https:\/\/www.zen-malerei.de\/wp-content\/uploads\/2020\/12\/2020-A003-56x42cm-Die-Offenbarung-des-Tao-768x652.jpg 768w, https:\/\/www.zen-malerei.de\/wp-content\/uploads\/2020\/12\/2020-A003-56x42cm-Die-Offenbarung-des-Tao-1536x1304.jpg 1536w, https:\/\/www.zen-malerei.de\/wp-content\/uploads\/2020\/12\/2020-A003-56x42cm-Die-Offenbarung-des-Tao-500x424.jpg 500w, https:\/\/www.zen-malerei.de\/wp-content\/uploads\/2020\/12\/2020-A003-56x42cm-Die-Offenbarung-des-Tao-1000x849.jpg 1000w, https:\/\/www.zen-malerei.de\/wp-content\/uploads\/2020\/12\/2020-A003-56x42cm-Die-Offenbarung-des-Tao.jpg 1600w\" sizes=\"auto, (max-width: 660px) 100vw, 660px\" \/><\/span><\/a><\/div>\r\n\t\r\n\t\t\r\n\t\t<div class='fg-wp-caption-text fg-gallery-caption'><div class='caption-container'>\r\n\t\t<b>Die Offenbarung des Tao<\/b>\r\n<br\/>Gr\u00f6\u00dfe: 56x42cm \/ 1.400 \u20ac inkl. Rahmen\r\n<br\/>\r\n<p>&nbsp;<\/p>\r\n\t\t<\/div><\/div><\/div><\/div><div class='fg-gallery-item'>\r\n\t\t<div class='gallery-icon portrait '>\r\n\t\t<div class='fg_zoom'><img loading=\"lazy\" decoding=\"async\" width=\"660\" height=\"886\" src=\"https:\/\/www.zen-malerei.de\/wp-content\/uploads\/2023\/11\/2005-A047-763x1024.jpg\" class=\"attachment-large size-large\" alt=\"\" srcset=\"https:\/\/www.zen-malerei.de\/wp-content\/uploads\/2023\/11\/2005-A047-763x1024.jpg 763w, https:\/\/www.zen-malerei.de\/wp-content\/uploads\/2023\/11\/2005-A047-224x300.jpg 224w, https:\/\/www.zen-malerei.de\/wp-content\/uploads\/2023\/11\/2005-A047-768x1031.jpg 768w, https:\/\/www.zen-malerei.de\/wp-content\/uploads\/2023\/11\/2005-A047-1144x1536.jpg 1144w, https:\/\/www.zen-malerei.de\/wp-content\/uploads\/2023\/11\/2005-A047-500x671.jpg 500w, https:\/\/www.zen-malerei.de\/wp-content\/uploads\/2023\/11\/2005-A047-1000x1342.jpg 1000w, https:\/\/www.zen-malerei.de\/wp-content\/uploads\/2023\/11\/2005-A047.jpg 1192w\" sizes=\"auto, (max-width: 660px) 100vw, 660px\" \/><a href='https:\/\/www.zen-malerei.de\/wp-content\/uploads\/2023\/11\/2005-A047-763x1024.jpg' title=\"<b>Die Geburt Gottes im Grunde der Seele<\/b>\r\n<br\/>Gr\u00f6\u00dfe: 56x42cm<span class='BildPreis'>800 \u20ac inkl. Rahmen<\/span>\r\n<br\/>\r\n<p>&nbsp;<\/p>\" data-rel='prettyPhoto[album]' class='fg_magnificPopup'><span class='fg-zoom-icon icon-plus'><\/span><span style='display:none'><img loading=\"lazy\" decoding=\"async\" width=\"660\" height=\"886\" src=\"https:\/\/www.zen-malerei.de\/wp-content\/uploads\/2023\/11\/2005-A047-763x1024.jpg\" class=\"attachment-large size-large\" alt=\"\" srcset=\"https:\/\/www.zen-malerei.de\/wp-content\/uploads\/2023\/11\/2005-A047-763x1024.jpg 763w, https:\/\/www.zen-malerei.de\/wp-content\/uploads\/2023\/11\/2005-A047-224x300.jpg 224w, https:\/\/www.zen-malerei.de\/wp-content\/uploads\/2023\/11\/2005-A047-768x1031.jpg 768w, https:\/\/www.zen-malerei.de\/wp-content\/uploads\/2023\/11\/2005-A047-1144x1536.jpg 1144w, https:\/\/www.zen-malerei.de\/wp-content\/uploads\/2023\/11\/2005-A047-500x671.jpg 500w, https:\/\/www.zen-malerei.de\/wp-content\/uploads\/2023\/11\/2005-A047-1000x1342.jpg 1000w, https:\/\/www.zen-malerei.de\/wp-content\/uploads\/2023\/11\/2005-A047.jpg 1192w\" sizes=\"auto, (max-width: 660px) 100vw, 660px\" \/><\/span><\/a><\/div>\r\n\t\r\n\t\t\r\n\t\t<div class='fg-wp-caption-text fg-gallery-caption'><div class='caption-container'>\r\n\t\t<b>Die Geburt Gottes im Grunde der Seele<\/b>\r\n<br\/>Gr\u00f6\u00dfe: 56x42cm<span class='BildPreis'>800 \u20ac inkl. Rahmen<\/span>\r\n<br\/>\r\n<p>&nbsp;<\/p>\r\n\t\t<\/div><\/div><\/div><\/div><div class='fg-gallery-item'>\r\n\t\t<div class='gallery-icon landscape '>\r\n\t\t<div class='fg_zoom'><img loading=\"lazy\" decoding=\"async\" width=\"660\" height=\"660\" src=\"https:\/\/www.zen-malerei.de\/wp-content\/uploads\/2023\/11\/2009-A015-1024x1024.jpg\" class=\"attachment-large size-large\" alt=\"\" srcset=\"https:\/\/www.zen-malerei.de\/wp-content\/uploads\/2023\/11\/2009-A015-1024x1024.jpg 1024w, https:\/\/www.zen-malerei.de\/wp-content\/uploads\/2023\/11\/2009-A015-300x300.jpg 300w, https:\/\/www.zen-malerei.de\/wp-content\/uploads\/2023\/11\/2009-A015-150x150.jpg 150w, https:\/\/www.zen-malerei.de\/wp-content\/uploads\/2023\/11\/2009-A015-768x767.jpg 768w, https:\/\/www.zen-malerei.de\/wp-content\/uploads\/2023\/11\/2009-A015-1536x1534.jpg 1536w, https:\/\/www.zen-malerei.de\/wp-content\/uploads\/2023\/11\/2009-A015-500x499.jpg 500w, https:\/\/www.zen-malerei.de\/wp-content\/uploads\/2023\/11\/2009-A015-800x800.jpg 800w, https:\/\/www.zen-malerei.de\/wp-content\/uploads\/2023\/11\/2009-A015-1000x999.jpg 1000w, https:\/\/www.zen-malerei.de\/wp-content\/uploads\/2023\/11\/2009-A015.jpg 1600w\" sizes=\"auto, (max-width: 660px) 100vw, 660px\" \/><a href='https:\/\/www.zen-malerei.de\/wp-content\/uploads\/2023\/11\/2009-A015-1024x1024.jpg' title=\"<b>Die Verkl\u00e4rung auf dem Berg Tabor<\/b>\r\n<br\/>Gr\u00f6\u00dfe: 40x40cm<span class='BildPreis'>500 \u20ac inkl. Rahmen<\/span>\r\n<br\/>\r\n<p>&nbsp;<\/p>\" data-rel='prettyPhoto[album]' class='fg_magnificPopup'><span class='fg-zoom-icon icon-plus'><\/span><span style='display:none'><img loading=\"lazy\" decoding=\"async\" width=\"660\" height=\"660\" src=\"https:\/\/www.zen-malerei.de\/wp-content\/uploads\/2023\/11\/2009-A015-1024x1024.jpg\" class=\"attachment-large size-large\" alt=\"\" srcset=\"https:\/\/www.zen-malerei.de\/wp-content\/uploads\/2023\/11\/2009-A015-1024x1024.jpg 1024w, https:\/\/www.zen-malerei.de\/wp-content\/uploads\/2023\/11\/2009-A015-300x300.jpg 300w, https:\/\/www.zen-malerei.de\/wp-content\/uploads\/2023\/11\/2009-A015-150x150.jpg 150w, https:\/\/www.zen-malerei.de\/wp-content\/uploads\/2023\/11\/2009-A015-768x767.jpg 768w, https:\/\/www.zen-malerei.de\/wp-content\/uploads\/2023\/11\/2009-A015-1536x1534.jpg 1536w, https:\/\/www.zen-malerei.de\/wp-content\/uploads\/2023\/11\/2009-A015-500x499.jpg 500w, https:\/\/www.zen-malerei.de\/wp-content\/uploads\/2023\/11\/2009-A015-800x800.jpg 800w, https:\/\/www.zen-malerei.de\/wp-content\/uploads\/2023\/11\/2009-A015-1000x999.jpg 1000w, https:\/\/www.zen-malerei.de\/wp-content\/uploads\/2023\/11\/2009-A015.jpg 1600w\" sizes=\"auto, (max-width: 660px) 100vw, 660px\" \/><\/span><\/a><\/div>\r\n\t\r\n\t\t\r\n\t\t<div class='fg-wp-caption-text fg-gallery-caption'><div class='caption-container'>\r\n\t\t<b>Die Verkl\u00e4rung auf dem Berg Tabor<\/b>\r\n<br\/>Gr\u00f6\u00dfe: 40x40cm<span class='BildPreis'>500 \u20ac inkl. Rahmen<\/span>\r\n<br\/>\r\n<p>&nbsp;<\/p>\r\n\t\t<\/div><\/div><\/div><\/div><div class='fg-gallery-item'>\r\n\t\t<div class='gallery-icon portrait '>\r\n\t\t<div class='fg_zoom'><img loading=\"lazy\" decoding=\"async\" width=\"660\" height=\"879\" src=\"https:\/\/www.zen-malerei.de\/wp-content\/uploads\/2023\/11\/2011-A015-769x1024.jpg\" class=\"attachment-large size-large\" alt=\"\" srcset=\"https:\/\/www.zen-malerei.de\/wp-content\/uploads\/2023\/11\/2011-A015-769x1024.jpg 769w, https:\/\/www.zen-malerei.de\/wp-content\/uploads\/2023\/11\/2011-A015-225x300.jpg 225w, https:\/\/www.zen-malerei.de\/wp-content\/uploads\/2023\/11\/2011-A015-768x1023.jpg 768w, https:\/\/www.zen-malerei.de\/wp-content\/uploads\/2023\/11\/2011-A015-1153x1536.jpg 1153w, https:\/\/www.zen-malerei.de\/wp-content\/uploads\/2023\/11\/2011-A015-500x666.jpg 500w, https:\/\/www.zen-malerei.de\/wp-content\/uploads\/2023\/11\/2011-A015-1000x1332.jpg 1000w, https:\/\/www.zen-malerei.de\/wp-content\/uploads\/2023\/11\/2011-A015.jpg 1201w\" sizes=\"auto, (max-width: 660px) 100vw, 660px\" \/><a href='https:\/\/www.zen-malerei.de\/wp-content\/uploads\/2023\/11\/2011-A015-769x1024.jpg' title=\"<b>Die g\u00f6ttliche Offenbarung<\/b>\r\n<br\/>Gr\u00f6\u00dfe: 31x23cm<span class='BildPreis'>800 \u20ac inkl. Rahmen<\/span>\r\n<br\/>\r\n<p>&nbsp;<\/p>\" data-rel='prettyPhoto[album]' class='fg_magnificPopup'><span class='fg-zoom-icon icon-plus'><\/span><span style='display:none'><img loading=\"lazy\" decoding=\"async\" width=\"660\" height=\"879\" src=\"https:\/\/www.zen-malerei.de\/wp-content\/uploads\/2023\/11\/2011-A015-769x1024.jpg\" class=\"attachment-large size-large\" alt=\"\" srcset=\"https:\/\/www.zen-malerei.de\/wp-content\/uploads\/2023\/11\/2011-A015-769x1024.jpg 769w, https:\/\/www.zen-malerei.de\/wp-content\/uploads\/2023\/11\/2011-A015-225x300.jpg 225w, https:\/\/www.zen-malerei.de\/wp-content\/uploads\/2023\/11\/2011-A015-768x1023.jpg 768w, https:\/\/www.zen-malerei.de\/wp-content\/uploads\/2023\/11\/2011-A015-1153x1536.jpg 1153w, https:\/\/www.zen-malerei.de\/wp-content\/uploads\/2023\/11\/2011-A015-500x666.jpg 500w, https:\/\/www.zen-malerei.de\/wp-content\/uploads\/2023\/11\/2011-A015-1000x1332.jpg 1000w, https:\/\/www.zen-malerei.de\/wp-content\/uploads\/2023\/11\/2011-A015.jpg 1201w\" sizes=\"auto, (max-width: 660px) 100vw, 660px\" \/><\/span><\/a><\/div>\r\n\t\r\n\t\t\r\n\t\t<div class='fg-wp-caption-text fg-gallery-caption'><div class='caption-container'>\r\n\t\t<b>Die g\u00f6ttliche Offenbarung<\/b>\r\n<br\/>Gr\u00f6\u00dfe: 31x23cm<span class='BildPreis'>800 \u20ac inkl. Rahmen<\/span>\r\n<br\/>\r\n<p>&nbsp;<\/p>\r\n\t\t<\/div><\/div><\/div><\/div><div class='fg-gallery-item'>\r\n\t\t<div class='gallery-icon portrait '>\r\n\t\t<div class='fg_zoom'><img loading=\"lazy\" decoding=\"async\" width=\"508\" height=\"1024\" src=\"https:\/\/www.zen-malerei.de\/wp-content\/uploads\/2023\/11\/2011-A040-508x1024.jpg\" class=\"attachment-large size-large\" alt=\"\" srcset=\"https:\/\/www.zen-malerei.de\/wp-content\/uploads\/2023\/11\/2011-A040-508x1024.jpg 508w, https:\/\/www.zen-malerei.de\/wp-content\/uploads\/2023\/11\/2011-A040-149x300.jpg 149w, https:\/\/www.zen-malerei.de\/wp-content\/uploads\/2023\/11\/2011-A040-768x1550.jpg 768w, https:\/\/www.zen-malerei.de\/wp-content\/uploads\/2023\/11\/2011-A040-761x1536.jpg 761w, https:\/\/www.zen-malerei.de\/wp-content\/uploads\/2023\/11\/2011-A040-500x1009.jpg 500w, https:\/\/www.zen-malerei.de\/wp-content\/uploads\/2023\/11\/2011-A040.jpg 793w\" sizes=\"auto, (max-width: 508px) 100vw, 508px\" \/><a href='https:\/\/www.zen-malerei.de\/wp-content\/uploads\/2023\/11\/2011-A040-508x1024.jpg' title=\"<b>Geistige Klarheit<\/b>\r\n<br\/>Gr\u00f6\u00dfe: 40x20cm<span class='BildPreis'>800 \u20ac inkl. Rahmen<\/span>\r\n<br\/>\r\n<p>&nbsp;<\/p>\" data-rel='prettyPhoto[album]' class='fg_magnificPopup'><span class='fg-zoom-icon icon-plus'><\/span><span style='display:none'><img loading=\"lazy\" decoding=\"async\" width=\"508\" height=\"1024\" src=\"https:\/\/www.zen-malerei.de\/wp-content\/uploads\/2023\/11\/2011-A040-508x1024.jpg\" class=\"attachment-large size-large\" alt=\"\" srcset=\"https:\/\/www.zen-malerei.de\/wp-content\/uploads\/2023\/11\/2011-A040-508x1024.jpg 508w, https:\/\/www.zen-malerei.de\/wp-content\/uploads\/2023\/11\/2011-A040-149x300.jpg 149w, https:\/\/www.zen-malerei.de\/wp-content\/uploads\/2023\/11\/2011-A040-768x1550.jpg 768w, https:\/\/www.zen-malerei.de\/wp-content\/uploads\/2023\/11\/2011-A040-761x1536.jpg 761w, https:\/\/www.zen-malerei.de\/wp-content\/uploads\/2023\/11\/2011-A040-500x1009.jpg 500w, https:\/\/www.zen-malerei.de\/wp-content\/uploads\/2023\/11\/2011-A040.jpg 793w\" sizes=\"auto, (max-width: 508px) 100vw, 508px\" \/><\/span><\/a><\/div>\r\n\t\r\n\t\t\r\n\t\t<div class='fg-wp-caption-text fg-gallery-caption'><div class='caption-container'>\r\n\t\t<b>Geistige Klarheit<\/b>\r\n<br\/>Gr\u00f6\u00dfe: 40x20cm<span class='BildPreis'>800 \u20ac inkl. Rahmen<\/span>\r\n<br\/>\r\n<p>&nbsp;<\/p>\r\n\t\t<\/div><\/div><\/div><\/div><div class='fg-gallery-item'>\r\n\t\t<div class='gallery-icon landscape '>\r\n\t\t<div class='fg_zoom'><img loading=\"lazy\" decoding=\"async\" width=\"660\" height=\"660\" src=\"https:\/\/www.zen-malerei.de\/wp-content\/uploads\/2023\/11\/2011-A044-1024x1024.jpg\" class=\"attachment-large size-large\" alt=\"\" srcset=\"https:\/\/www.zen-malerei.de\/wp-content\/uploads\/2023\/11\/2011-A044-1024x1024.jpg 1024w, https:\/\/www.zen-malerei.de\/wp-content\/uploads\/2023\/11\/2011-A044-300x300.jpg 300w, https:\/\/www.zen-malerei.de\/wp-content\/uploads\/2023\/11\/2011-A044-150x150.jpg 150w, https:\/\/www.zen-malerei.de\/wp-content\/uploads\/2023\/11\/2011-A044-768x768.jpg 768w, https:\/\/www.zen-malerei.de\/wp-content\/uploads\/2023\/11\/2011-A044-1536x1536.jpg 1536w, https:\/\/www.zen-malerei.de\/wp-content\/uploads\/2023\/11\/2011-A044-500x500.jpg 500w, https:\/\/www.zen-malerei.de\/wp-content\/uploads\/2023\/11\/2011-A044-800x800.jpg 800w, https:\/\/www.zen-malerei.de\/wp-content\/uploads\/2023\/11\/2011-A044-1000x1000.jpg 1000w, https:\/\/www.zen-malerei.de\/wp-content\/uploads\/2023\/11\/2011-A044.jpg 1600w\" sizes=\"auto, (max-width: 660px) 100vw, 660px\" \/><a href='https:\/\/www.zen-malerei.de\/wp-content\/uploads\/2023\/11\/2011-A044-1024x1024.jpg' title=\"<b>Der Klang der g\u00f6ttlichen Liebe<\/b>\r\n<br\/>Gr\u00f6\u00dfe: 40x40cm<span class='BildPreis'>850 \u20ac inkl. Rahmen<\/span>\r\n<br\/>\r\n<p>&nbsp;<\/p>\" data-rel='prettyPhoto[album]' class='fg_magnificPopup'><span class='fg-zoom-icon icon-plus'><\/span><span style='display:none'><img loading=\"lazy\" decoding=\"async\" width=\"660\" height=\"660\" src=\"https:\/\/www.zen-malerei.de\/wp-content\/uploads\/2023\/11\/2011-A044-1024x1024.jpg\" class=\"attachment-large size-large\" alt=\"\" srcset=\"https:\/\/www.zen-malerei.de\/wp-content\/uploads\/2023\/11\/2011-A044-1024x1024.jpg 1024w, https:\/\/www.zen-malerei.de\/wp-content\/uploads\/2023\/11\/2011-A044-300x300.jpg 300w, https:\/\/www.zen-malerei.de\/wp-content\/uploads\/2023\/11\/2011-A044-150x150.jpg 150w, https:\/\/www.zen-malerei.de\/wp-content\/uploads\/2023\/11\/2011-A044-768x768.jpg 768w, https:\/\/www.zen-malerei.de\/wp-content\/uploads\/2023\/11\/2011-A044-1536x1536.jpg 1536w, https:\/\/www.zen-malerei.de\/wp-content\/uploads\/2023\/11\/2011-A044-500x500.jpg 500w, https:\/\/www.zen-malerei.de\/wp-content\/uploads\/2023\/11\/2011-A044-800x800.jpg 800w, https:\/\/www.zen-malerei.de\/wp-content\/uploads\/2023\/11\/2011-A044-1000x1000.jpg 1000w, https:\/\/www.zen-malerei.de\/wp-content\/uploads\/2023\/11\/2011-A044.jpg 1600w\" sizes=\"auto, (max-width: 660px) 100vw, 660px\" \/><\/span><\/a><\/div>\r\n\t\r\n\t\t\r\n\t\t<div class='fg-wp-caption-text fg-gallery-caption'><div class='caption-container'>\r\n\t\t<b>Der Klang der g\u00f6ttlichen Liebe<\/b>\r\n<br\/>Gr\u00f6\u00dfe: 40x40cm<span class='BildPreis'>850 \u20ac inkl. Rahmen<\/span>\r\n<br\/>\r\n<p>&nbsp;<\/p>\r\n\t\t<\/div><\/div><\/div><\/div><div class='fg-gallery-item'>\r\n\t\t<div class='gallery-icon portrait '>\r\n\t\t<div class='fg_zoom'><img loading=\"lazy\" decoding=\"async\" width=\"660\" height=\"952\" src=\"https:\/\/www.zen-malerei.de\/wp-content\/uploads\/2023\/11\/2011-A064-710x1024.jpg\" class=\"attachment-large size-large\" alt=\"\" srcset=\"https:\/\/www.zen-malerei.de\/wp-content\/uploads\/2023\/11\/2011-A064-710x1024.jpg 710w, https:\/\/www.zen-malerei.de\/wp-content\/uploads\/2023\/11\/2011-A064-208x300.jpg 208w, https:\/\/www.zen-malerei.de\/wp-content\/uploads\/2023\/11\/2011-A064-768x1107.jpg 768w, https:\/\/www.zen-malerei.de\/wp-content\/uploads\/2023\/11\/2011-A064-1066x1536.jpg 1066w, https:\/\/www.zen-malerei.de\/wp-content\/uploads\/2023\/11\/2011-A064-500x721.jpg 500w, https:\/\/www.zen-malerei.de\/wp-content\/uploads\/2023\/11\/2011-A064-1000x1441.jpg 1000w, https:\/\/www.zen-malerei.de\/wp-content\/uploads\/2023\/11\/2011-A064.jpg 1110w\" sizes=\"auto, (max-width: 660px) 100vw, 660px\" \/><a href='https:\/\/www.zen-malerei.de\/wp-content\/uploads\/2023\/11\/2011-A064-710x1024.jpg' title=\"<b>Padmasambhava \u2013 der Buddha der g\u00f6ttlichen Energie<\/b>\r\n<br\/>Gr\u00f6\u00dfe: 31x23cm<span class='BildPreis'>450 \u20ac inkl. Rahmen<\/span>\r\n<br\/>\r\n<p>&nbsp;<\/p>\" data-rel='prettyPhoto[album]' class='fg_magnificPopup'><span class='fg-zoom-icon icon-plus'><\/span><span style='display:none'><img loading=\"lazy\" decoding=\"async\" width=\"660\" height=\"952\" src=\"https:\/\/www.zen-malerei.de\/wp-content\/uploads\/2023\/11\/2011-A064-710x1024.jpg\" class=\"attachment-large size-large\" alt=\"\" srcset=\"https:\/\/www.zen-malerei.de\/wp-content\/uploads\/2023\/11\/2011-A064-710x1024.jpg 710w, https:\/\/www.zen-malerei.de\/wp-content\/uploads\/2023\/11\/2011-A064-208x300.jpg 208w, https:\/\/www.zen-malerei.de\/wp-content\/uploads\/2023\/11\/2011-A064-768x1107.jpg 768w, https:\/\/www.zen-malerei.de\/wp-content\/uploads\/2023\/11\/2011-A064-1066x1536.jpg 1066w, https:\/\/www.zen-malerei.de\/wp-content\/uploads\/2023\/11\/2011-A064-500x721.jpg 500w, https:\/\/www.zen-malerei.de\/wp-content\/uploads\/2023\/11\/2011-A064-1000x1441.jpg 1000w, https:\/\/www.zen-malerei.de\/wp-content\/uploads\/2023\/11\/2011-A064.jpg 1110w\" sizes=\"auto, (max-width: 660px) 100vw, 660px\" \/><\/span><\/a><\/div>\r\n\t\r\n\t\t\r\n\t\t<div class='fg-wp-caption-text fg-gallery-caption'><div class='caption-container'>\r\n\t\t<b>Padmasambhava \u2013 der Buddha der g\u00f6ttlichen Energie<\/b>\r\n<br\/>Gr\u00f6\u00dfe: 31x23cm<span class='BildPreis'>450 \u20ac inkl. Rahmen<\/span>\r\n<br\/>\r\n<p>&nbsp;<\/p>\r\n\t\t<\/div><\/div><\/div><\/div><div class='fg-gallery-item'>\r\n\t\t<div class='gallery-icon portrait '>\r\n\t\t<div class='fg_zoom'><img loading=\"lazy\" decoding=\"async\" width=\"660\" height=\"804\" src=\"https:\/\/www.zen-malerei.de\/wp-content\/uploads\/2023\/11\/2011-A075-841x1024.jpg\" class=\"attachment-large size-large\" alt=\"\" srcset=\"https:\/\/www.zen-malerei.de\/wp-content\/uploads\/2023\/11\/2011-A075-841x1024.jpg 841w, https:\/\/www.zen-malerei.de\/wp-content\/uploads\/2023\/11\/2011-A075-246x300.jpg 246w, https:\/\/www.zen-malerei.de\/wp-content\/uploads\/2023\/11\/2011-A075-768x935.jpg 768w, https:\/\/www.zen-malerei.de\/wp-content\/uploads\/2023\/11\/2011-A075-1262x1536.jpg 1262w, https:\/\/www.zen-malerei.de\/wp-content\/uploads\/2023\/11\/2011-A075-500x609.jpg 500w, https:\/\/www.zen-malerei.de\/wp-content\/uploads\/2023\/11\/2011-A075-1000x1218.jpg 1000w, https:\/\/www.zen-malerei.de\/wp-content\/uploads\/2023\/11\/2011-A075.jpg 1600w\" sizes=\"auto, (max-width: 660px) 100vw, 660px\" \/><a href='https:\/\/www.zen-malerei.de\/wp-content\/uploads\/2023\/11\/2011-A075-841x1024.jpg' title=\"<b>Die Ank\u00fcndigung der Geburt Gottes im Grunde der Seele<\/b>\r\n<br\/>Gr\u00f6\u00dfe: 32x24cm<span class='BildPreis'> 1.800 \u20ac inkl. Rahmen<\/span>\r\n<br\/>\r\n<p>&nbsp;<\/p>\" data-rel='prettyPhoto[album]' class='fg_magnificPopup'><span class='fg-zoom-icon icon-plus'><\/span><span style='display:none'><img loading=\"lazy\" decoding=\"async\" width=\"660\" height=\"804\" src=\"https:\/\/www.zen-malerei.de\/wp-content\/uploads\/2023\/11\/2011-A075-841x1024.jpg\" class=\"attachment-large size-large\" alt=\"\" srcset=\"https:\/\/www.zen-malerei.de\/wp-content\/uploads\/2023\/11\/2011-A075-841x1024.jpg 841w, https:\/\/www.zen-malerei.de\/wp-content\/uploads\/2023\/11\/2011-A075-246x300.jpg 246w, https:\/\/www.zen-malerei.de\/wp-content\/uploads\/2023\/11\/2011-A075-768x935.jpg 768w, https:\/\/www.zen-malerei.de\/wp-content\/uploads\/2023\/11\/2011-A075-1262x1536.jpg 1262w, https:\/\/www.zen-malerei.de\/wp-content\/uploads\/2023\/11\/2011-A075-500x609.jpg 500w, https:\/\/www.zen-malerei.de\/wp-content\/uploads\/2023\/11\/2011-A075-1000x1218.jpg 1000w, https:\/\/www.zen-malerei.de\/wp-content\/uploads\/2023\/11\/2011-A075.jpg 1600w\" sizes=\"auto, (max-width: 660px) 100vw, 660px\" \/><\/span><\/a><\/div>\r\n\t\r\n\t\t\r\n\t\t<div class='fg-wp-caption-text fg-gallery-caption'><div class='caption-container'>\r\n\t\t<b>Die Ank\u00fcndigung der Geburt Gottes im Grunde der Seele<\/b>\r\n<br\/>Gr\u00f6\u00dfe: 32x24cm<span class='BildPreis'> 1.800 \u20ac inkl. Rahmen<\/span>\r\n<br\/>\r\n<p>&nbsp;<\/p>\r\n\t\t<\/div><\/div><\/div><\/div><div class='fg-gallery-item'>\r\n\t\t<div class='gallery-icon landscape '>\r\n\t\t<div class='fg_zoom'><img loading=\"lazy\" decoding=\"async\" width=\"660\" height=\"489\" src=\"https:\/\/www.zen-malerei.de\/wp-content\/uploads\/2023\/11\/2011-A078-1024x758.jpg\" class=\"attachment-large size-large\" alt=\"\" srcset=\"https:\/\/www.zen-malerei.de\/wp-content\/uploads\/2023\/11\/2011-A078-1024x758.jpg 1024w, https:\/\/www.zen-malerei.de\/wp-content\/uploads\/2023\/11\/2011-A078-300x222.jpg 300w, https:\/\/www.zen-malerei.de\/wp-content\/uploads\/2023\/11\/2011-A078-768x569.jpg 768w, https:\/\/www.zen-malerei.de\/wp-content\/uploads\/2023\/11\/2011-A078-1536x1138.jpg 1536w, https:\/\/www.zen-malerei.de\/wp-content\/uploads\/2023\/11\/2011-A078-500x370.jpg 500w, https:\/\/www.zen-malerei.de\/wp-content\/uploads\/2023\/11\/2011-A078-1000x741.jpg 1000w, https:\/\/www.zen-malerei.de\/wp-content\/uploads\/2023\/11\/2011-A078.jpg 1600w\" sizes=\"auto, (max-width: 660px) 100vw, 660px\" \/><a href='https:\/\/www.zen-malerei.de\/wp-content\/uploads\/2023\/11\/2011-A078-1024x758.jpg' title=\"<b>G\u00f6ttliche Tr\u00f6stung<\/b>\r\n<br\/>Gr\u00f6\u00dfe: 30x40cm<span class='BildPreis'>850 \u20ac inkl. Rahmen<\/span>\r\n<br\/>\r\n<p>&nbsp;<\/p>\" data-rel='prettyPhoto[album]' class='fg_magnificPopup'><span class='fg-zoom-icon icon-plus'><\/span><span style='display:none'><img loading=\"lazy\" decoding=\"async\" width=\"660\" height=\"489\" src=\"https:\/\/www.zen-malerei.de\/wp-content\/uploads\/2023\/11\/2011-A078-1024x758.jpg\" class=\"attachment-large size-large\" alt=\"\" srcset=\"https:\/\/www.zen-malerei.de\/wp-content\/uploads\/2023\/11\/2011-A078-1024x758.jpg 1024w, https:\/\/www.zen-malerei.de\/wp-content\/uploads\/2023\/11\/2011-A078-300x222.jpg 300w, https:\/\/www.zen-malerei.de\/wp-content\/uploads\/2023\/11\/2011-A078-768x569.jpg 768w, https:\/\/www.zen-malerei.de\/wp-content\/uploads\/2023\/11\/2011-A078-1536x1138.jpg 1536w, https:\/\/www.zen-malerei.de\/wp-content\/uploads\/2023\/11\/2011-A078-500x370.jpg 500w, https:\/\/www.zen-malerei.de\/wp-content\/uploads\/2023\/11\/2011-A078-1000x741.jpg 1000w, https:\/\/www.zen-malerei.de\/wp-content\/uploads\/2023\/11\/2011-A078.jpg 1600w\" sizes=\"auto, (max-width: 660px) 100vw, 660px\" \/><\/span><\/a><\/div>\r\n\t\r\n\t\t\r\n\t\t<div class='fg-wp-caption-text fg-gallery-caption'><div class='caption-container'>\r\n\t\t<b>G\u00f6ttliche Tr\u00f6stung<\/b>\r\n<br\/>Gr\u00f6\u00dfe: 30x40cm<span class='BildPreis'>850 \u20ac inkl. Rahmen<\/span>\r\n<br\/>\r\n<p>&nbsp;<\/p>\r\n\t\t<\/div><\/div><\/div><\/div><div class='fg-gallery-item'>\r\n\t\t<div class='gallery-icon portrait '>\r\n\t\t<div class='fg_zoom'><img loading=\"lazy\" decoding=\"async\" width=\"660\" height=\"933\" src=\"https:\/\/www.zen-malerei.de\/wp-content\/uploads\/2023\/11\/2012-A051-724x1024.jpg\" class=\"attachment-large size-large\" alt=\"\" srcset=\"https:\/\/www.zen-malerei.de\/wp-content\/uploads\/2023\/11\/2012-A051-724x1024.jpg 724w, https:\/\/www.zen-malerei.de\/wp-content\/uploads\/2023\/11\/2012-A051-212x300.jpg 212w, https:\/\/www.zen-malerei.de\/wp-content\/uploads\/2023\/11\/2012-A051-768x1086.jpg 768w, https:\/\/www.zen-malerei.de\/wp-content\/uploads\/2023\/11\/2012-A051-1086x1536.jpg 1086w, https:\/\/www.zen-malerei.de\/wp-content\/uploads\/2023\/11\/2012-A051-500x707.jpg 500w, https:\/\/www.zen-malerei.de\/wp-content\/uploads\/2023\/11\/2012-A051-1000x1415.jpg 1000w, https:\/\/www.zen-malerei.de\/wp-content\/uploads\/2023\/11\/2012-A051.jpg 1131w\" sizes=\"auto, (max-width: 660px) 100vw, 660px\" \/><a href='https:\/\/www.zen-malerei.de\/wp-content\/uploads\/2023\/11\/2012-A051-724x1024.jpg' title=\"<b>Mystische Innenschau<\/b>\r\n<br\/>Gr\u00f6\u00dfe: 40x30cm<span class='BildPreis'>850 \u20ac inkl. Rahmen<\/span>\r\n<br\/>\r\n<p>&nbsp;<\/p>\" data-rel='prettyPhoto[album]' class='fg_magnificPopup'><span class='fg-zoom-icon icon-plus'><\/span><span style='display:none'><img loading=\"lazy\" decoding=\"async\" width=\"660\" height=\"933\" src=\"https:\/\/www.zen-malerei.de\/wp-content\/uploads\/2023\/11\/2012-A051-724x1024.jpg\" class=\"attachment-large size-large\" alt=\"\" srcset=\"https:\/\/www.zen-malerei.de\/wp-content\/uploads\/2023\/11\/2012-A051-724x1024.jpg 724w, https:\/\/www.zen-malerei.de\/wp-content\/uploads\/2023\/11\/2012-A051-212x300.jpg 212w, https:\/\/www.zen-malerei.de\/wp-content\/uploads\/2023\/11\/2012-A051-768x1086.jpg 768w, https:\/\/www.zen-malerei.de\/wp-content\/uploads\/2023\/11\/2012-A051-1086x1536.jpg 1086w, https:\/\/www.zen-malerei.de\/wp-content\/uploads\/2023\/11\/2012-A051-500x707.jpg 500w, https:\/\/www.zen-malerei.de\/wp-content\/uploads\/2023\/11\/2012-A051-1000x1415.jpg 1000w, https:\/\/www.zen-malerei.de\/wp-content\/uploads\/2023\/11\/2012-A051.jpg 1131w\" sizes=\"auto, (max-width: 660px) 100vw, 660px\" \/><\/span><\/a><\/div>\r\n\t\r\n\t\t\r\n\t\t<div class='fg-wp-caption-text fg-gallery-caption'><div class='caption-container'>\r\n\t\t<b>Mystische Innenschau<\/b>\r\n<br\/>Gr\u00f6\u00dfe: 40x30cm<span class='BildPreis'>850 \u20ac inkl. Rahmen<\/span>\r\n<br\/>\r\n<p>&nbsp;<\/p>\r\n\t\t<\/div><\/div><\/div><\/div><div class='fg-gallery-item'>\r\n\t\t<div class='gallery-icon portrait '>\r\n\t\t<div class='fg_zoom'><img loading=\"lazy\" decoding=\"async\" width=\"660\" height=\"886\" src=\"https:\/\/www.zen-malerei.de\/wp-content\/uploads\/2023\/11\/2013-A023-763x1024.jpg\" class=\"attachment-large size-large\" alt=\"\" srcset=\"https:\/\/www.zen-malerei.de\/wp-content\/uploads\/2023\/11\/2013-A023-763x1024.jpg 763w, https:\/\/www.zen-malerei.de\/wp-content\/uploads\/2023\/11\/2013-A023-224x300.jpg 224w, https:\/\/www.zen-malerei.de\/wp-content\/uploads\/2023\/11\/2013-A023-768x1031.jpg 768w, https:\/\/www.zen-malerei.de\/wp-content\/uploads\/2023\/11\/2013-A023-1144x1536.jpg 1144w, https:\/\/www.zen-malerei.de\/wp-content\/uploads\/2023\/11\/2013-A023-500x671.jpg 500w, https:\/\/www.zen-malerei.de\/wp-content\/uploads\/2023\/11\/2013-A023-1000x1342.jpg 1000w, https:\/\/www.zen-malerei.de\/wp-content\/uploads\/2023\/11\/2013-A023.jpg 1192w\" sizes=\"auto, (max-width: 660px) 100vw, 660px\" \/><a href='https:\/\/www.zen-malerei.de\/wp-content\/uploads\/2023\/11\/2013-A023-763x1024.jpg' title=\"<b>Buddha Maitreya<\/b>\r\n<br\/>Gr\u00f6\u00dfe: 48x36cm<span class='BildPreis'>1.400 \u20ac inkl. Rahmen<\/span>\r\n<br\/>\r\n<p>&nbsp;<\/p>\" data-rel='prettyPhoto[album]' class='fg_magnificPopup'><span class='fg-zoom-icon icon-plus'><\/span><span style='display:none'><img loading=\"lazy\" decoding=\"async\" width=\"660\" height=\"886\" src=\"https:\/\/www.zen-malerei.de\/wp-content\/uploads\/2023\/11\/2013-A023-763x1024.jpg\" class=\"attachment-large size-large\" alt=\"\" srcset=\"https:\/\/www.zen-malerei.de\/wp-content\/uploads\/2023\/11\/2013-A023-763x1024.jpg 763w, https:\/\/www.zen-malerei.de\/wp-content\/uploads\/2023\/11\/2013-A023-224x300.jpg 224w, https:\/\/www.zen-malerei.de\/wp-content\/uploads\/2023\/11\/2013-A023-768x1031.jpg 768w, https:\/\/www.zen-malerei.de\/wp-content\/uploads\/2023\/11\/2013-A023-1144x1536.jpg 1144w, https:\/\/www.zen-malerei.de\/wp-content\/uploads\/2023\/11\/2013-A023-500x671.jpg 500w, https:\/\/www.zen-malerei.de\/wp-content\/uploads\/2023\/11\/2013-A023-1000x1342.jpg 1000w, https:\/\/www.zen-malerei.de\/wp-content\/uploads\/2023\/11\/2013-A023.jpg 1192w\" sizes=\"auto, (max-width: 660px) 100vw, 660px\" \/><\/span><\/a><\/div>\r\n\t\r\n\t\t\r\n\t\t<div class='fg-wp-caption-text fg-gallery-caption'><div class='caption-container'>\r\n\t\t<b>Buddha Maitreya<\/b>\r\n<br\/>Gr\u00f6\u00dfe: 48x36cm<span class='BildPreis'>1.400 \u20ac inkl. Rahmen<\/span>\r\n<br\/>\r\n<p>&nbsp;<\/p>\r\n\t\t<\/div><\/div><\/div><\/div><div class='fg-gallery-item'>\r\n\t\t<div class='gallery-icon portrait '>\r\n\t\t<div class='fg_zoom'><img loading=\"lazy\" decoding=\"async\" width=\"660\" height=\"892\" src=\"https:\/\/www.zen-malerei.de\/wp-content\/uploads\/2023\/11\/2014-A020-758x1024.jpg\" class=\"attachment-large size-large\" alt=\"\" srcset=\"https:\/\/www.zen-malerei.de\/wp-content\/uploads\/2023\/11\/2014-A020-758x1024.jpg 758w, https:\/\/www.zen-malerei.de\/wp-content\/uploads\/2023\/11\/2014-A020-222x300.jpg 222w, https:\/\/www.zen-malerei.de\/wp-content\/uploads\/2023\/11\/2014-A020-768x1038.jpg 768w, https:\/\/www.zen-malerei.de\/wp-content\/uploads\/2023\/11\/2014-A020-1137x1536.jpg 1137w, https:\/\/www.zen-malerei.de\/wp-content\/uploads\/2023\/11\/2014-A020-500x676.jpg 500w, https:\/\/www.zen-malerei.de\/wp-content\/uploads\/2023\/11\/2014-A020-1000x1351.jpg 1000w, https:\/\/www.zen-malerei.de\/wp-content\/uploads\/2023\/11\/2014-A020.jpg 1184w\" sizes=\"auto, (max-width: 660px) 100vw, 660px\" \/><a href='https:\/\/www.zen-malerei.de\/wp-content\/uploads\/2023\/11\/2014-A020-758x1024.jpg' title=\"<b>Das hellstrahlende Licht des Geistes<\/b>\r\n<br\/>Gr\u00f6\u00dfe: 48x36cm<span class='BildPreis'>VERKAUFT<\/span>\r\n<br\/>\r\n<p>&nbsp;<\/p>\" data-rel='prettyPhoto[album]' class='fg_magnificPopup'><span class='fg-zoom-icon icon-plus'><\/span><span style='display:none'><img loading=\"lazy\" decoding=\"async\" width=\"660\" height=\"892\" src=\"https:\/\/www.zen-malerei.de\/wp-content\/uploads\/2023\/11\/2014-A020-758x1024.jpg\" class=\"attachment-large size-large\" alt=\"\" srcset=\"https:\/\/www.zen-malerei.de\/wp-content\/uploads\/2023\/11\/2014-A020-758x1024.jpg 758w, https:\/\/www.zen-malerei.de\/wp-content\/uploads\/2023\/11\/2014-A020-222x300.jpg 222w, https:\/\/www.zen-malerei.de\/wp-content\/uploads\/2023\/11\/2014-A020-768x1038.jpg 768w, https:\/\/www.zen-malerei.de\/wp-content\/uploads\/2023\/11\/2014-A020-1137x1536.jpg 1137w, https:\/\/www.zen-malerei.de\/wp-content\/uploads\/2023\/11\/2014-A020-500x676.jpg 500w, https:\/\/www.zen-malerei.de\/wp-content\/uploads\/2023\/11\/2014-A020-1000x1351.jpg 1000w, https:\/\/www.zen-malerei.de\/wp-content\/uploads\/2023\/11\/2014-A020.jpg 1184w\" sizes=\"auto, (max-width: 660px) 100vw, 660px\" \/><\/span><\/a><\/div>\r\n\t\r\n\t\t\r\n\t\t<div class='fg-wp-caption-text fg-gallery-caption'><div class='caption-container'>\r\n\t\t<b>Das hellstrahlende Licht des Geistes<\/b>\r\n<br\/>Gr\u00f6\u00dfe: 48x36cm<span class='BildPreis'>VERKAUFT<\/span>\r\n<br\/>\r\n<p>&nbsp;<\/p>\r\n\t\t<\/div><\/div><\/div><\/div><div class='fg-gallery-item'>\r\n\t\t<div class='gallery-icon landscape '>\r\n\t\t<div class='fg_zoom'><img loading=\"lazy\" decoding=\"async\" width=\"660\" height=\"492\" src=\"https:\/\/www.zen-malerei.de\/wp-content\/uploads\/2023\/11\/2014-A021-1024x764.jpg\" class=\"attachment-large size-large\" alt=\"\" srcset=\"https:\/\/www.zen-malerei.de\/wp-content\/uploads\/2023\/11\/2014-A021-1024x764.jpg 1024w, https:\/\/www.zen-malerei.de\/wp-content\/uploads\/2023\/11\/2014-A021-300x224.jpg 300w, https:\/\/www.zen-malerei.de\/wp-content\/uploads\/2023\/11\/2014-A021-768x573.jpg 768w, https:\/\/www.zen-malerei.de\/wp-content\/uploads\/2023\/11\/2014-A021-1536x1145.jpg 1536w, https:\/\/www.zen-malerei.de\/wp-content\/uploads\/2023\/11\/2014-A021-500x373.jpg 500w, https:\/\/www.zen-malerei.de\/wp-content\/uploads\/2023\/11\/2014-A021-1000x746.jpg 1000w, https:\/\/www.zen-malerei.de\/wp-content\/uploads\/2023\/11\/2014-A021.jpg 1600w\" sizes=\"auto, (max-width: 660px) 100vw, 660px\" \/><a href='https:\/\/www.zen-malerei.de\/wp-content\/uploads\/2023\/11\/2014-A021-1024x764.jpg' title=\"<b>Die Entr\u00fcckung der heiligen Maria Magdalena<\/b>\r\n<br\/>Gr\u00f6\u00dfe: 30x40cm<span class='BildPreis'>450 \u20ac inkl. Rahmen<\/span>\r\n<br\/>\r\n<p>&nbsp;<\/p>\" data-rel='prettyPhoto[album]' class='fg_magnificPopup'><span class='fg-zoom-icon icon-plus'><\/span><span style='display:none'><img loading=\"lazy\" decoding=\"async\" width=\"660\" height=\"492\" src=\"https:\/\/www.zen-malerei.de\/wp-content\/uploads\/2023\/11\/2014-A021-1024x764.jpg\" class=\"attachment-large size-large\" alt=\"\" srcset=\"https:\/\/www.zen-malerei.de\/wp-content\/uploads\/2023\/11\/2014-A021-1024x764.jpg 1024w, https:\/\/www.zen-malerei.de\/wp-content\/uploads\/2023\/11\/2014-A021-300x224.jpg 300w, https:\/\/www.zen-malerei.de\/wp-content\/uploads\/2023\/11\/2014-A021-768x573.jpg 768w, https:\/\/www.zen-malerei.de\/wp-content\/uploads\/2023\/11\/2014-A021-1536x1145.jpg 1536w, https:\/\/www.zen-malerei.de\/wp-content\/uploads\/2023\/11\/2014-A021-500x373.jpg 500w, https:\/\/www.zen-malerei.de\/wp-content\/uploads\/2023\/11\/2014-A021-1000x746.jpg 1000w, https:\/\/www.zen-malerei.de\/wp-content\/uploads\/2023\/11\/2014-A021.jpg 1600w\" sizes=\"auto, (max-width: 660px) 100vw, 660px\" \/><\/span><\/a><\/div>\r\n\t\r\n\t\t\r\n\t\t<div class='fg-wp-caption-text fg-gallery-caption'><div class='caption-container'>\r\n\t\t<b>Die Entr\u00fcckung der heiligen Maria Magdalena<\/b>\r\n<br\/>Gr\u00f6\u00dfe: 30x40cm<span class='BildPreis'>450 \u20ac inkl. Rahmen<\/span>\r\n<br\/>\r\n<p>&nbsp;<\/p>\r\n\t\t<\/div><\/div><\/div><\/div><div class='fg-gallery-item'>\r\n\t\t<div class='gallery-icon portrait '>\r\n\t\t<div class='fg_zoom'><img loading=\"lazy\" decoding=\"async\" width=\"660\" height=\"877\" src=\"https:\/\/www.zen-malerei.de\/wp-content\/uploads\/2023\/11\/2014-A031-771x1024.jpg\" class=\"attachment-large size-large\" alt=\"\" srcset=\"https:\/\/www.zen-malerei.de\/wp-content\/uploads\/2023\/11\/2014-A031-771x1024.jpg 771w, https:\/\/www.zen-malerei.de\/wp-content\/uploads\/2023\/11\/2014-A031-226x300.jpg 226w, https:\/\/www.zen-malerei.de\/wp-content\/uploads\/2023\/11\/2014-A031-768x1021.jpg 768w, https:\/\/www.zen-malerei.de\/wp-content\/uploads\/2023\/11\/2014-A031-1156x1536.jpg 1156w, https:\/\/www.zen-malerei.de\/wp-content\/uploads\/2023\/11\/2014-A031-500x664.jpg 500w, https:\/\/www.zen-malerei.de\/wp-content\/uploads\/2023\/11\/2014-A031-1000x1329.jpg 1000w, https:\/\/www.zen-malerei.de\/wp-content\/uploads\/2023\/11\/2014-A031.jpg 1204w\" sizes=\"auto, (max-width: 660px) 100vw, 660px\" \/><a href='https:\/\/www.zen-malerei.de\/wp-content\/uploads\/2023\/11\/2014-A031-771x1024.jpg' title=\"<b>Im Garten der g\u00f6ttlichen Liebe<\/b>\r\n<br\/>Gr\u00f6\u00dfe: 40x30cm<span class='BildPreis'>1.200 \u20ac inkl. Rahmen<\/span>\r\n<br\/>\r\n<p>&nbsp;<\/p>\" data-rel='prettyPhoto[album]' class='fg_magnificPopup'><span class='fg-zoom-icon icon-plus'><\/span><span style='display:none'><img loading=\"lazy\" decoding=\"async\" width=\"660\" height=\"877\" src=\"https:\/\/www.zen-malerei.de\/wp-content\/uploads\/2023\/11\/2014-A031-771x1024.jpg\" class=\"attachment-large size-large\" alt=\"\" srcset=\"https:\/\/www.zen-malerei.de\/wp-content\/uploads\/2023\/11\/2014-A031-771x1024.jpg 771w, https:\/\/www.zen-malerei.de\/wp-content\/uploads\/2023\/11\/2014-A031-226x300.jpg 226w, https:\/\/www.zen-malerei.de\/wp-content\/uploads\/2023\/11\/2014-A031-768x1021.jpg 768w, https:\/\/www.zen-malerei.de\/wp-content\/uploads\/2023\/11\/2014-A031-1156x1536.jpg 1156w, https:\/\/www.zen-malerei.de\/wp-content\/uploads\/2023\/11\/2014-A031-500x664.jpg 500w, https:\/\/www.zen-malerei.de\/wp-content\/uploads\/2023\/11\/2014-A031-1000x1329.jpg 1000w, https:\/\/www.zen-malerei.de\/wp-content\/uploads\/2023\/11\/2014-A031.jpg 1204w\" sizes=\"auto, (max-width: 660px) 100vw, 660px\" \/><\/span><\/a><\/div>\r\n\t\r\n\t\t\r\n\t\t<div class='fg-wp-caption-text fg-gallery-caption'><div class='caption-container'>\r\n\t\t<b>Im Garten der g\u00f6ttlichen Liebe<\/b>\r\n<br\/>Gr\u00f6\u00dfe: 40x30cm<span class='BildPreis'>1.200 \u20ac inkl. Rahmen<\/span>\r\n<br\/>\r\n<p>&nbsp;<\/p>\r\n\t\t<\/div><\/div><\/div><\/div><div class='fg-gallery-item'>\r\n\t\t<div class='gallery-icon portrait '>\r\n\t\t<div class='fg_zoom'><img loading=\"lazy\" decoding=\"async\" width=\"660\" height=\"890\" src=\"https:\/\/www.zen-malerei.de\/wp-content\/uploads\/2023\/11\/2014-A045-759x1024.jpg\" class=\"attachment-large size-large\" alt=\"\" srcset=\"https:\/\/www.zen-malerei.de\/wp-content\/uploads\/2023\/11\/2014-A045-759x1024.jpg 759w, https:\/\/www.zen-malerei.de\/wp-content\/uploads\/2023\/11\/2014-A045-222x300.jpg 222w, https:\/\/www.zen-malerei.de\/wp-content\/uploads\/2023\/11\/2014-A045-768x1036.jpg 768w, https:\/\/www.zen-malerei.de\/wp-content\/uploads\/2023\/11\/2014-A045-1139x1536.jpg 1139w, https:\/\/www.zen-malerei.de\/wp-content\/uploads\/2023\/11\/2014-A045-500x675.jpg 500w, https:\/\/www.zen-malerei.de\/wp-content\/uploads\/2023\/11\/2014-A045-1000x1349.jpg 1000w, https:\/\/www.zen-malerei.de\/wp-content\/uploads\/2023\/11\/2014-A045.jpg 1186w\" sizes=\"auto, (max-width: 660px) 100vw, 660px\" \/><a href='https:\/\/www.zen-malerei.de\/wp-content\/uploads\/2023\/11\/2014-A045-759x1024.jpg' title=\"<b>G\u00f6ttliche Gnade<\/b>\r\n<br\/>Gr\u00f6\u00dfe: 48x36cm<span class='BildPreis'>1.200 \u20ac inkl. Rahmen<\/span>\r\n<br\/>\r\n<p>&nbsp;<\/p>\" data-rel='prettyPhoto[album]' class='fg_magnificPopup'><span class='fg-zoom-icon icon-plus'><\/span><span style='display:none'><img loading=\"lazy\" decoding=\"async\" width=\"660\" height=\"890\" src=\"https:\/\/www.zen-malerei.de\/wp-content\/uploads\/2023\/11\/2014-A045-759x1024.jpg\" class=\"attachment-large size-large\" alt=\"\" srcset=\"https:\/\/www.zen-malerei.de\/wp-content\/uploads\/2023\/11\/2014-A045-759x1024.jpg 759w, https:\/\/www.zen-malerei.de\/wp-content\/uploads\/2023\/11\/2014-A045-222x300.jpg 222w, https:\/\/www.zen-malerei.de\/wp-content\/uploads\/2023\/11\/2014-A045-768x1036.jpg 768w, https:\/\/www.zen-malerei.de\/wp-content\/uploads\/2023\/11\/2014-A045-1139x1536.jpg 1139w, https:\/\/www.zen-malerei.de\/wp-content\/uploads\/2023\/11\/2014-A045-500x675.jpg 500w, https:\/\/www.zen-malerei.de\/wp-content\/uploads\/2023\/11\/2014-A045-1000x1349.jpg 1000w, https:\/\/www.zen-malerei.de\/wp-content\/uploads\/2023\/11\/2014-A045.jpg 1186w\" sizes=\"auto, (max-width: 660px) 100vw, 660px\" \/><\/span><\/a><\/div>\r\n\t\r\n\t\t\r\n\t\t<div class='fg-wp-caption-text fg-gallery-caption'><div class='caption-container'>\r\n\t\t<b>G\u00f6ttliche Gnade<\/b>\r\n<br\/>Gr\u00f6\u00dfe: 48x36cm<span class='BildPreis'>1.200 \u20ac inkl. Rahmen<\/span>\r\n<br\/>\r\n<p>&nbsp;<\/p>\r\n\t\t<\/div><\/div><\/div><\/div><div class='fg-gallery-item'>\r\n\t\t<div class='gallery-icon portrait '>\r\n\t\t<div class='fg_zoom'><img loading=\"lazy\" decoding=\"async\" width=\"660\" height=\"877\" src=\"https:\/\/www.zen-malerei.de\/wp-content\/uploads\/2023\/11\/2014-A046-771x1024.jpg\" class=\"attachment-large size-large\" alt=\"\" srcset=\"https:\/\/www.zen-malerei.de\/wp-content\/uploads\/2023\/11\/2014-A046-771x1024.jpg 771w, https:\/\/www.zen-malerei.de\/wp-content\/uploads\/2023\/11\/2014-A046-226x300.jpg 226w, https:\/\/www.zen-malerei.de\/wp-content\/uploads\/2023\/11\/2014-A046-768x1021.jpg 768w, https:\/\/www.zen-malerei.de\/wp-content\/uploads\/2023\/11\/2014-A046-1156x1536.jpg 1156w, https:\/\/www.zen-malerei.de\/wp-content\/uploads\/2023\/11\/2014-A046-500x664.jpg 500w, https:\/\/www.zen-malerei.de\/wp-content\/uploads\/2023\/11\/2014-A046-1000x1329.jpg 1000w, https:\/\/www.zen-malerei.de\/wp-content\/uploads\/2023\/11\/2014-A046.jpg 1204w\" sizes=\"auto, (max-width: 660px) 100vw, 660px\" \/><a href='https:\/\/www.zen-malerei.de\/wp-content\/uploads\/2023\/11\/2014-A046-771x1024.jpg' title=\"<b>Herz-Jesu Mystik<\/b>\r\n<br\/>Gr\u00f6\u00dfe: 48x36cm<span class='BildPreis'>1.000 \u20ac inkl. Rahmen<\/span>\r\n<br\/>\r\n<p>&nbsp;<\/p>\" data-rel='prettyPhoto[album]' class='fg_magnificPopup'><span class='fg-zoom-icon icon-plus'><\/span><span style='display:none'><img loading=\"lazy\" decoding=\"async\" width=\"660\" height=\"877\" src=\"https:\/\/www.zen-malerei.de\/wp-content\/uploads\/2023\/11\/2014-A046-771x1024.jpg\" class=\"attachment-large size-large\" alt=\"\" srcset=\"https:\/\/www.zen-malerei.de\/wp-content\/uploads\/2023\/11\/2014-A046-771x1024.jpg 771w, https:\/\/www.zen-malerei.de\/wp-content\/uploads\/2023\/11\/2014-A046-226x300.jpg 226w, https:\/\/www.zen-malerei.de\/wp-content\/uploads\/2023\/11\/2014-A046-768x1021.jpg 768w, https:\/\/www.zen-malerei.de\/wp-content\/uploads\/2023\/11\/2014-A046-1156x1536.jpg 1156w, https:\/\/www.zen-malerei.de\/wp-content\/uploads\/2023\/11\/2014-A046-500x664.jpg 500w, https:\/\/www.zen-malerei.de\/wp-content\/uploads\/2023\/11\/2014-A046-1000x1329.jpg 1000w, https:\/\/www.zen-malerei.de\/wp-content\/uploads\/2023\/11\/2014-A046.jpg 1204w\" sizes=\"auto, (max-width: 660px) 100vw, 660px\" \/><\/span><\/a><\/div>\r\n\t\r\n\t\t\r\n\t\t<div class='fg-wp-caption-text fg-gallery-caption'><div class='caption-container'>\r\n\t\t<b>Herz-Jesu Mystik<\/b>\r\n<br\/>Gr\u00f6\u00dfe: 48x36cm<span class='BildPreis'>1.000 \u20ac inkl. Rahmen<\/span>\r\n<br\/>\r\n<p>&nbsp;<\/p>\r\n\t\t<\/div><\/div><\/div><\/div><div class='fg-gallery-item'>\r\n\t\t<div class='gallery-icon portrait '>\r\n\t\t<div class='fg_zoom'><img loading=\"lazy\" decoding=\"async\" width=\"660\" height=\"894\" src=\"https:\/\/www.zen-malerei.de\/wp-content\/uploads\/2023\/11\/2015-A003-756x1024.jpg\" class=\"attachment-large size-large\" alt=\"\" srcset=\"https:\/\/www.zen-malerei.de\/wp-content\/uploads\/2023\/11\/2015-A003-756x1024.jpg 756w, https:\/\/www.zen-malerei.de\/wp-content\/uploads\/2023\/11\/2015-A003-222x300.jpg 222w, https:\/\/www.zen-malerei.de\/wp-content\/uploads\/2023\/11\/2015-A003-768x1040.jpg 768w, https:\/\/www.zen-malerei.de\/wp-content\/uploads\/2023\/11\/2015-A003-1135x1536.jpg 1135w, https:\/\/www.zen-malerei.de\/wp-content\/uploads\/2023\/11\/2015-A003-500x677.jpg 500w, https:\/\/www.zen-malerei.de\/wp-content\/uploads\/2023\/11\/2015-A003-1000x1354.jpg 1000w, https:\/\/www.zen-malerei.de\/wp-content\/uploads\/2023\/11\/2015-A003.jpg 1182w\" sizes=\"auto, (max-width: 660px) 100vw, 660px\" \/><a href='https:\/\/www.zen-malerei.de\/wp-content\/uploads\/2023\/11\/2015-A003-756x1024.jpg' title=\"<b>Das g\u00f6ttliche Wort im Grunde der Seele<\/b>\r\n<br\/>Gr\u00f6\u00dfe: 40x30cm<span class='BildPreis'>650 \u20ac inkl. Rahmen<\/span>\r\n<br\/>\r\n<p>&nbsp;<\/p>\" data-rel='prettyPhoto[album]' class='fg_magnificPopup'><span class='fg-zoom-icon icon-plus'><\/span><span style='display:none'><img loading=\"lazy\" decoding=\"async\" width=\"660\" height=\"894\" src=\"https:\/\/www.zen-malerei.de\/wp-content\/uploads\/2023\/11\/2015-A003-756x1024.jpg\" class=\"attachment-large size-large\" alt=\"\" srcset=\"https:\/\/www.zen-malerei.de\/wp-content\/uploads\/2023\/11\/2015-A003-756x1024.jpg 756w, https:\/\/www.zen-malerei.de\/wp-content\/uploads\/2023\/11\/2015-A003-222x300.jpg 222w, https:\/\/www.zen-malerei.de\/wp-content\/uploads\/2023\/11\/2015-A003-768x1040.jpg 768w, https:\/\/www.zen-malerei.de\/wp-content\/uploads\/2023\/11\/2015-A003-1135x1536.jpg 1135w, https:\/\/www.zen-malerei.de\/wp-content\/uploads\/2023\/11\/2015-A003-500x677.jpg 500w, https:\/\/www.zen-malerei.de\/wp-content\/uploads\/2023\/11\/2015-A003-1000x1354.jpg 1000w, https:\/\/www.zen-malerei.de\/wp-content\/uploads\/2023\/11\/2015-A003.jpg 1182w\" sizes=\"auto, (max-width: 660px) 100vw, 660px\" \/><\/span><\/a><\/div>\r\n\t\r\n\t\t\r\n\t\t<div class='fg-wp-caption-text fg-gallery-caption'><div class='caption-container'>\r\n\t\t<b>Das g\u00f6ttliche Wort im Grunde der Seele<\/b>\r\n<br\/>Gr\u00f6\u00dfe: 40x30cm<span class='BildPreis'>650 \u20ac inkl. Rahmen<\/span>\r\n<br\/>\r\n<p>&nbsp;<\/p>\r\n\t\t<\/div><\/div><\/div><\/div><div class='fg-gallery-item'>\r\n\t\t<div class='gallery-icon portrait '>\r\n\t\t<div class='fg_zoom'><img loading=\"lazy\" decoding=\"async\" width=\"660\" height=\"879\" src=\"https:\/\/www.zen-malerei.de\/wp-content\/uploads\/2023\/11\/2015-A021-769x1024.jpg\" class=\"attachment-large size-large\" alt=\"\" srcset=\"https:\/\/www.zen-malerei.de\/wp-content\/uploads\/2023\/11\/2015-A021-769x1024.jpg 769w, https:\/\/www.zen-malerei.de\/wp-content\/uploads\/2023\/11\/2015-A021-225x300.jpg 225w, https:\/\/www.zen-malerei.de\/wp-content\/uploads\/2023\/11\/2015-A021-768x1022.jpg 768w, https:\/\/www.zen-malerei.de\/wp-content\/uploads\/2023\/11\/2015-A021-1154x1536.jpg 1154w, https:\/\/www.zen-malerei.de\/wp-content\/uploads\/2023\/11\/2015-A021-500x666.jpg 500w, https:\/\/www.zen-malerei.de\/wp-content\/uploads\/2023\/11\/2015-A021-1000x1331.jpg 1000w, https:\/\/www.zen-malerei.de\/wp-content\/uploads\/2023\/11\/2015-A021.jpg 1202w\" sizes=\"auto, (max-width: 660px) 100vw, 660px\" \/><a href='https:\/\/www.zen-malerei.de\/wp-content\/uploads\/2023\/11\/2015-A021-769x1024.jpg' title=\"<b>G\u00f6ttliche Gnade<\/b>\r\n<br\/>Gr\u00f6\u00dfe: 40x30cm<span class='BildPreis'>400 \u20ac inkl. Rahmen<\/span>\r\n<br\/>\r\n<p>&nbsp;<\/p>\" data-rel='prettyPhoto[album]' class='fg_magnificPopup'><span class='fg-zoom-icon icon-plus'><\/span><span style='display:none'><img loading=\"lazy\" decoding=\"async\" width=\"660\" height=\"879\" src=\"https:\/\/www.zen-malerei.de\/wp-content\/uploads\/2023\/11\/2015-A021-769x1024.jpg\" class=\"attachment-large size-large\" alt=\"\" srcset=\"https:\/\/www.zen-malerei.de\/wp-content\/uploads\/2023\/11\/2015-A021-769x1024.jpg 769w, https:\/\/www.zen-malerei.de\/wp-content\/uploads\/2023\/11\/2015-A021-225x300.jpg 225w, https:\/\/www.zen-malerei.de\/wp-content\/uploads\/2023\/11\/2015-A021-768x1022.jpg 768w, https:\/\/www.zen-malerei.de\/wp-content\/uploads\/2023\/11\/2015-A021-1154x1536.jpg 1154w, https:\/\/www.zen-malerei.de\/wp-content\/uploads\/2023\/11\/2015-A021-500x666.jpg 500w, https:\/\/www.zen-malerei.de\/wp-content\/uploads\/2023\/11\/2015-A021-1000x1331.jpg 1000w, https:\/\/www.zen-malerei.de\/wp-content\/uploads\/2023\/11\/2015-A021.jpg 1202w\" sizes=\"auto, (max-width: 660px) 100vw, 660px\" \/><\/span><\/a><\/div>\r\n\t\r\n\t\t\r\n\t\t<div class='fg-wp-caption-text fg-gallery-caption'><div class='caption-container'>\r\n\t\t<b>G\u00f6ttliche Gnade<\/b>\r\n<br\/>Gr\u00f6\u00dfe: 40x30cm<span class='BildPreis'>400 \u20ac inkl. Rahmen<\/span>\r\n<br\/>\r\n<p>&nbsp;<\/p>\r\n\t\t<\/div><\/div><\/div><\/div><div class='fg-gallery-item'>\r\n\t\t<div class='gallery-icon portrait '>\r\n\t\t<div class='fg_zoom'><img loading=\"lazy\" decoding=\"async\" width=\"660\" height=\"883\" src=\"https:\/\/www.zen-malerei.de\/wp-content\/uploads\/2023\/11\/2015-A025-765x1024.jpg\" class=\"attachment-large size-large\" alt=\"\" srcset=\"https:\/\/www.zen-malerei.de\/wp-content\/uploads\/2023\/11\/2015-A025-765x1024.jpg 765w, https:\/\/www.zen-malerei.de\/wp-content\/uploads\/2023\/11\/2015-A025-224x300.jpg 224w, https:\/\/www.zen-malerei.de\/wp-content\/uploads\/2023\/11\/2015-A025-768x1027.jpg 768w, https:\/\/www.zen-malerei.de\/wp-content\/uploads\/2023\/11\/2015-A025-1148x1536.jpg 1148w, https:\/\/www.zen-malerei.de\/wp-content\/uploads\/2023\/11\/2015-A025-500x669.jpg 500w, https:\/\/www.zen-malerei.de\/wp-content\/uploads\/2023\/11\/2015-A025-1000x1338.jpg 1000w, https:\/\/www.zen-malerei.de\/wp-content\/uploads\/2023\/11\/2015-A025.jpg 1196w\" sizes=\"auto, (max-width: 660px) 100vw, 660px\" \/><a href='https:\/\/www.zen-malerei.de\/wp-content\/uploads\/2023\/11\/2015-A025-765x1024.jpg' title=\"<b>Pantokrator - der Herrscher des Universums<\/b>\r\n<br\/>Gr\u00f6\u00dfe: 40x30cm<span class='BildPreis'>650 \u20ac inkl. Rahmen<\/span>\r\n<br\/>\r\n<p>&nbsp;<\/p>\" data-rel='prettyPhoto[album]' class='fg_magnificPopup'><span class='fg-zoom-icon icon-plus'><\/span><span style='display:none'><img loading=\"lazy\" decoding=\"async\" width=\"660\" height=\"883\" src=\"https:\/\/www.zen-malerei.de\/wp-content\/uploads\/2023\/11\/2015-A025-765x1024.jpg\" class=\"attachment-large size-large\" alt=\"\" srcset=\"https:\/\/www.zen-malerei.de\/wp-content\/uploads\/2023\/11\/2015-A025-765x1024.jpg 765w, https:\/\/www.zen-malerei.de\/wp-content\/uploads\/2023\/11\/2015-A025-224x300.jpg 224w, https:\/\/www.zen-malerei.de\/wp-content\/uploads\/2023\/11\/2015-A025-768x1027.jpg 768w, https:\/\/www.zen-malerei.de\/wp-content\/uploads\/2023\/11\/2015-A025-1148x1536.jpg 1148w, https:\/\/www.zen-malerei.de\/wp-content\/uploads\/2023\/11\/2015-A025-500x669.jpg 500w, https:\/\/www.zen-malerei.de\/wp-content\/uploads\/2023\/11\/2015-A025-1000x1338.jpg 1000w, https:\/\/www.zen-malerei.de\/wp-content\/uploads\/2023\/11\/2015-A025.jpg 1196w\" sizes=\"auto, (max-width: 660px) 100vw, 660px\" \/><\/span><\/a><\/div>\r\n\t\r\n\t\t\r\n\t\t<div class='fg-wp-caption-text fg-gallery-caption'><div class='caption-container'>\r\n\t\t<b>Pantokrator &#8211; der Herrscher des Universums<\/b>\r\n<br\/>Gr\u00f6\u00dfe: 40x30cm<span class='BildPreis'>650 \u20ac inkl. Rahmen<\/span>\r\n<br\/>\r\n<p>&nbsp;<\/p>\r\n\t\t<\/div><\/div><\/div><\/div><div class='fg-gallery-item'>\r\n\t\t<div class='gallery-icon landscape '>\r\n\t\t<div class='fg_zoom'><img loading=\"lazy\" decoding=\"async\" width=\"660\" height=\"658\" src=\"https:\/\/www.zen-malerei.de\/wp-content\/uploads\/2023\/11\/2015-A049-1024x1021.jpg\" class=\"attachment-large size-large\" alt=\"\" srcset=\"https:\/\/www.zen-malerei.de\/wp-content\/uploads\/2023\/11\/2015-A049-1024x1021.jpg 1024w, https:\/\/www.zen-malerei.de\/wp-content\/uploads\/2023\/11\/2015-A049-300x300.jpg 300w, https:\/\/www.zen-malerei.de\/wp-content\/uploads\/2023\/11\/2015-A049-150x150.jpg 150w, https:\/\/www.zen-malerei.de\/wp-content\/uploads\/2023\/11\/2015-A049-768x766.jpg 768w, https:\/\/www.zen-malerei.de\/wp-content\/uploads\/2023\/11\/2015-A049-1536x1531.jpg 1536w, https:\/\/www.zen-malerei.de\/wp-content\/uploads\/2023\/11\/2015-A049-500x498.jpg 500w, https:\/\/www.zen-malerei.de\/wp-content\/uploads\/2023\/11\/2015-A049-1000x997.jpg 1000w, https:\/\/www.zen-malerei.de\/wp-content\/uploads\/2023\/11\/2015-A049.jpg 1600w\" sizes=\"auto, (max-width: 660px) 100vw, 660px\" \/><a href='https:\/\/www.zen-malerei.de\/wp-content\/uploads\/2023\/11\/2015-A049-1024x1021.jpg' title=\"<b>Mystischer Tod<\/b>\r\n<br\/>Gr\u00f6\u00dfe: 40x40cm<span class='BildPreis'>800 \u20ac inkl. Rahmen<\/span>\r\n<br\/>\r\n<p>&nbsp;<\/p>\" data-rel='prettyPhoto[album]' class='fg_magnificPopup'><span class='fg-zoom-icon icon-plus'><\/span><span style='display:none'><img loading=\"lazy\" decoding=\"async\" width=\"660\" height=\"658\" src=\"https:\/\/www.zen-malerei.de\/wp-content\/uploads\/2023\/11\/2015-A049-1024x1021.jpg\" class=\"attachment-large size-large\" alt=\"\" srcset=\"https:\/\/www.zen-malerei.de\/wp-content\/uploads\/2023\/11\/2015-A049-1024x1021.jpg 1024w, https:\/\/www.zen-malerei.de\/wp-content\/uploads\/2023\/11\/2015-A049-300x300.jpg 300w, https:\/\/www.zen-malerei.de\/wp-content\/uploads\/2023\/11\/2015-A049-150x150.jpg 150w, https:\/\/www.zen-malerei.de\/wp-content\/uploads\/2023\/11\/2015-A049-768x766.jpg 768w, https:\/\/www.zen-malerei.de\/wp-content\/uploads\/2023\/11\/2015-A049-1536x1531.jpg 1536w, https:\/\/www.zen-malerei.de\/wp-content\/uploads\/2023\/11\/2015-A049-500x498.jpg 500w, https:\/\/www.zen-malerei.de\/wp-content\/uploads\/2023\/11\/2015-A049-1000x997.jpg 1000w, https:\/\/www.zen-malerei.de\/wp-content\/uploads\/2023\/11\/2015-A049.jpg 1600w\" sizes=\"auto, (max-width: 660px) 100vw, 660px\" \/><\/span><\/a><\/div>\r\n\t\r\n\t\t\r\n\t\t<div class='fg-wp-caption-text fg-gallery-caption'><div class='caption-container'>\r\n\t\t<b>Mystischer Tod<\/b>\r\n<br\/>Gr\u00f6\u00dfe: 40x40cm<span class='BildPreis'>800 \u20ac inkl. Rahmen<\/span>\r\n<br\/>\r\n<p>&nbsp;<\/p>\r\n\t\t<\/div><\/div><\/div><\/div><div class='fg-gallery-item'>\r\n\t\t<div class='gallery-icon portrait '>\r\n\t\t<div class='fg_zoom'><img loading=\"lazy\" decoding=\"async\" width=\"660\" height=\"881\" src=\"https:\/\/www.zen-malerei.de\/wp-content\/uploads\/2023\/11\/2017-A016-767x1024.jpg\" class=\"attachment-large size-large\" alt=\"\" srcset=\"https:\/\/www.zen-malerei.de\/wp-content\/uploads\/2023\/11\/2017-A016-767x1024.jpg 767w, https:\/\/www.zen-malerei.de\/wp-content\/uploads\/2023\/11\/2017-A016-225x300.jpg 225w, https:\/\/www.zen-malerei.de\/wp-content\/uploads\/2023\/11\/2017-A016-768x1026.jpg 768w, https:\/\/www.zen-malerei.de\/wp-content\/uploads\/2023\/11\/2017-A016-1150x1536.jpg 1150w, https:\/\/www.zen-malerei.de\/wp-content\/uploads\/2023\/11\/2017-A016-500x668.jpg 500w, https:\/\/www.zen-malerei.de\/wp-content\/uploads\/2023\/11\/2017-A016-1000x1336.jpg 1000w, https:\/\/www.zen-malerei.de\/wp-content\/uploads\/2023\/11\/2017-A016.jpg 1198w\" sizes=\"auto, (max-width: 660px) 100vw, 660px\" \/><a href='https:\/\/www.zen-malerei.de\/wp-content\/uploads\/2023\/11\/2017-A016-767x1024.jpg' title=\"<b>Mystische Offenbarung<\/b>\r\n<br\/>Gr\u00f6\u00dfe: 40x30cm<span class='BildPreis'>700 \u20ac inkl. Rahmen<\/span>\r\n<br\/>\r\n<p>&nbsp;<\/p>\" data-rel='prettyPhoto[album]' class='fg_magnificPopup'><span class='fg-zoom-icon icon-plus'><\/span><span style='display:none'><img loading=\"lazy\" decoding=\"async\" width=\"660\" height=\"881\" src=\"https:\/\/www.zen-malerei.de\/wp-content\/uploads\/2023\/11\/2017-A016-767x1024.jpg\" class=\"attachment-large size-large\" alt=\"\" srcset=\"https:\/\/www.zen-malerei.de\/wp-content\/uploads\/2023\/11\/2017-A016-767x1024.jpg 767w, https:\/\/www.zen-malerei.de\/wp-content\/uploads\/2023\/11\/2017-A016-225x300.jpg 225w, https:\/\/www.zen-malerei.de\/wp-content\/uploads\/2023\/11\/2017-A016-768x1026.jpg 768w, https:\/\/www.zen-malerei.de\/wp-content\/uploads\/2023\/11\/2017-A016-1150x1536.jpg 1150w, https:\/\/www.zen-malerei.de\/wp-content\/uploads\/2023\/11\/2017-A016-500x668.jpg 500w, https:\/\/www.zen-malerei.de\/wp-content\/uploads\/2023\/11\/2017-A016-1000x1336.jpg 1000w, https:\/\/www.zen-malerei.de\/wp-content\/uploads\/2023\/11\/2017-A016.jpg 1198w\" sizes=\"auto, (max-width: 660px) 100vw, 660px\" \/><\/span><\/a><\/div>\r\n\t\r\n\t\t\r\n\t\t<div class='fg-wp-caption-text fg-gallery-caption'><div class='caption-container'>\r\n\t\t<b>Mystische Offenbarung<\/b>\r\n<br\/>Gr\u00f6\u00dfe: 40x30cm<span class='BildPreis'>700 \u20ac inkl. Rahmen<\/span>\r\n<br\/>\r\n<p>&nbsp;<\/p>\r\n\t\t<\/div><\/div><\/div><\/div><div class='fg-gallery-item'>\r\n\t\t<div class='gallery-icon landscape '>\r\n\t\t<div class='fg_zoom'><img loading=\"lazy\" decoding=\"async\" width=\"660\" height=\"490\" src=\"https:\/\/www.zen-malerei.de\/wp-content\/uploads\/2023\/11\/2017-A020-1024x761.jpg\" class=\"attachment-large size-large\" alt=\"\" srcset=\"https:\/\/www.zen-malerei.de\/wp-content\/uploads\/2023\/11\/2017-A020-1024x761.jpg 1024w, https:\/\/www.zen-malerei.de\/wp-content\/uploads\/2023\/11\/2017-A020-300x223.jpg 300w, https:\/\/www.zen-malerei.de\/wp-content\/uploads\/2023\/11\/2017-A020-768x571.jpg 768w, https:\/\/www.zen-malerei.de\/wp-content\/uploads\/2023\/11\/2017-A020-1536x1141.jpg 1536w, https:\/\/www.zen-malerei.de\/wp-content\/uploads\/2023\/11\/2017-A020-500x372.jpg 500w, https:\/\/www.zen-malerei.de\/wp-content\/uploads\/2023\/11\/2017-A020-1000x743.jpg 1000w, https:\/\/www.zen-malerei.de\/wp-content\/uploads\/2023\/11\/2017-A020.jpg 1600w\" sizes=\"auto, (max-width: 660px) 100vw, 660px\" \/><a href='https:\/\/www.zen-malerei.de\/wp-content\/uploads\/2023\/11\/2017-A020-1024x761.jpg' title=\"<b>Einklang von Himmel und Erde<\/b>\r\n<br\/>Gr\u00f6\u00dfe: 36x48cm<span class='BildPreis'>1.100 \u20ac inkl. Rahmen<\/span>\r\n<br\/>\r\n<p>&nbsp;<\/p>\" data-rel='prettyPhoto[album]' class='fg_magnificPopup'><span class='fg-zoom-icon icon-plus'><\/span><span style='display:none'><img loading=\"lazy\" decoding=\"async\" width=\"660\" height=\"490\" src=\"https:\/\/www.zen-malerei.de\/wp-content\/uploads\/2023\/11\/2017-A020-1024x761.jpg\" class=\"attachment-large size-large\" alt=\"\" srcset=\"https:\/\/www.zen-malerei.de\/wp-content\/uploads\/2023\/11\/2017-A020-1024x761.jpg 1024w, https:\/\/www.zen-malerei.de\/wp-content\/uploads\/2023\/11\/2017-A020-300x223.jpg 300w, https:\/\/www.zen-malerei.de\/wp-content\/uploads\/2023\/11\/2017-A020-768x571.jpg 768w, https:\/\/www.zen-malerei.de\/wp-content\/uploads\/2023\/11\/2017-A020-1536x1141.jpg 1536w, https:\/\/www.zen-malerei.de\/wp-content\/uploads\/2023\/11\/2017-A020-500x372.jpg 500w, https:\/\/www.zen-malerei.de\/wp-content\/uploads\/2023\/11\/2017-A020-1000x743.jpg 1000w, https:\/\/www.zen-malerei.de\/wp-content\/uploads\/2023\/11\/2017-A020.jpg 1600w\" sizes=\"auto, (max-width: 660px) 100vw, 660px\" \/><\/span><\/a><\/div>\r\n\t\r\n\t\t\r\n\t\t<div class='fg-wp-caption-text fg-gallery-caption'><div class='caption-container'>\r\n\t\t<b>Einklang von Himmel und Erde<\/b>\r\n<br\/>Gr\u00f6\u00dfe: 36x48cm<span class='BildPreis'>1.100 \u20ac inkl. Rahmen<\/span>\r\n<br\/>\r\n<p>&nbsp;<\/p>\r\n\t\t<\/div><\/div><\/div><\/div><div class='fg-gallery-item'>\r\n\t\t<div class='gallery-icon portrait '>\r\n\t\t<div class='fg_zoom'><img loading=\"lazy\" decoding=\"async\" width=\"660\" height=\"888\" src=\"https:\/\/www.zen-malerei.de\/wp-content\/uploads\/2023\/11\/2017-A025-761x1024.jpg\" class=\"attachment-large size-large\" alt=\"\" srcset=\"https:\/\/www.zen-malerei.de\/wp-content\/uploads\/2023\/11\/2017-A025-761x1024.jpg 761w, https:\/\/www.zen-malerei.de\/wp-content\/uploads\/2023\/11\/2017-A025-223x300.jpg 223w, https:\/\/www.zen-malerei.de\/wp-content\/uploads\/2023\/11\/2017-A025-768x1033.jpg 768w, https:\/\/www.zen-malerei.de\/wp-content\/uploads\/2023\/11\/2017-A025-1141x1536.jpg 1141w, https:\/\/www.zen-malerei.de\/wp-content\/uploads\/2023\/11\/2017-A025-500x673.jpg 500w, https:\/\/www.zen-malerei.de\/wp-content\/uploads\/2023\/11\/2017-A025-1000x1346.jpg 1000w, https:\/\/www.zen-malerei.de\/wp-content\/uploads\/2023\/11\/2017-A025.jpg 1189w\" sizes=\"auto, (max-width: 660px) 100vw, 660px\" \/><a href='https:\/\/www.zen-malerei.de\/wp-content\/uploads\/2023\/11\/2017-A025-761x1024.jpg' title=\"<b>Mystische Hochzeit<\/b>\r\n<br\/>Gr\u00f6\u00dfe: 56x42cm<span class='BildPreis'>1.200 \u20ac inkl. Rahmen<\/span>\r\n<br\/>\r\n<p>&nbsp;<\/p>\" data-rel='prettyPhoto[album]' class='fg_magnificPopup'><span class='fg-zoom-icon icon-plus'><\/span><span style='display:none'><img loading=\"lazy\" decoding=\"async\" width=\"660\" height=\"888\" src=\"https:\/\/www.zen-malerei.de\/wp-content\/uploads\/2023\/11\/2017-A025-761x1024.jpg\" class=\"attachment-large size-large\" alt=\"\" srcset=\"https:\/\/www.zen-malerei.de\/wp-content\/uploads\/2023\/11\/2017-A025-761x1024.jpg 761w, https:\/\/www.zen-malerei.de\/wp-content\/uploads\/2023\/11\/2017-A025-223x300.jpg 223w, https:\/\/www.zen-malerei.de\/wp-content\/uploads\/2023\/11\/2017-A025-768x1033.jpg 768w, https:\/\/www.zen-malerei.de\/wp-content\/uploads\/2023\/11\/2017-A025-1141x1536.jpg 1141w, https:\/\/www.zen-malerei.de\/wp-content\/uploads\/2023\/11\/2017-A025-500x673.jpg 500w, https:\/\/www.zen-malerei.de\/wp-content\/uploads\/2023\/11\/2017-A025-1000x1346.jpg 1000w, https:\/\/www.zen-malerei.de\/wp-content\/uploads\/2023\/11\/2017-A025.jpg 1189w\" sizes=\"auto, (max-width: 660px) 100vw, 660px\" \/><\/span><\/a><\/div>\r\n\t\r\n\t\t\r\n\t\t<div class='fg-wp-caption-text fg-gallery-caption'><div class='caption-container'>\r\n\t\t<b>Mystische Hochzeit<\/b>\r\n<br\/>Gr\u00f6\u00dfe: 56x42cm<span class='BildPreis'>1.200 \u20ac inkl. Rahmen<\/span>\r\n<br\/>\r\n<p>&nbsp;<\/p>\r\n\t\t<\/div><\/div><\/div><\/div><div class='fg-gallery-item'>\r\n\t\t<div class='gallery-icon landscape '>\r\n\t\t<div class='fg_zoom'><img loading=\"lazy\" decoding=\"async\" width=\"660\" height=\"657\" src=\"https:\/\/www.zen-malerei.de\/wp-content\/uploads\/2023\/11\/2017-A029-1024x1019.jpg\" class=\"attachment-large size-large\" alt=\"\" srcset=\"https:\/\/www.zen-malerei.de\/wp-content\/uploads\/2023\/11\/2017-A029-1024x1019.jpg 1024w, https:\/\/www.zen-malerei.de\/wp-content\/uploads\/2023\/11\/2017-A029-300x300.jpg 300w, https:\/\/www.zen-malerei.de\/wp-content\/uploads\/2023\/11\/2017-A029-150x150.jpg 150w, https:\/\/www.zen-malerei.de\/wp-content\/uploads\/2023\/11\/2017-A029-768x764.jpg 768w, https:\/\/www.zen-malerei.de\/wp-content\/uploads\/2023\/11\/2017-A029-1536x1528.jpg 1536w, https:\/\/www.zen-malerei.de\/wp-content\/uploads\/2023\/11\/2017-A029-500x498.jpg 500w, https:\/\/www.zen-malerei.de\/wp-content\/uploads\/2023\/11\/2017-A029-1000x995.jpg 1000w, https:\/\/www.zen-malerei.de\/wp-content\/uploads\/2023\/11\/2017-A029.jpg 1600w\" sizes=\"auto, (max-width: 660px) 100vw, 660px\" \/><a href='https:\/\/www.zen-malerei.de\/wp-content\/uploads\/2023\/11\/2017-A029-1024x1019.jpg' title=\"<b>Mystische Versenkung<\/b>\r\n<br\/>Gr\u00f6\u00dfe: 20x20cm<span class='BildPreis'>350 \u20ac inkl. Rahmen<\/span>\r\n<br\/>\r\n<p>&nbsp;<\/p>\" data-rel='prettyPhoto[album]' class='fg_magnificPopup'><span class='fg-zoom-icon icon-plus'><\/span><span style='display:none'><img loading=\"lazy\" decoding=\"async\" width=\"660\" height=\"657\" src=\"https:\/\/www.zen-malerei.de\/wp-content\/uploads\/2023\/11\/2017-A029-1024x1019.jpg\" class=\"attachment-large size-large\" alt=\"\" srcset=\"https:\/\/www.zen-malerei.de\/wp-content\/uploads\/2023\/11\/2017-A029-1024x1019.jpg 1024w, https:\/\/www.zen-malerei.de\/wp-content\/uploads\/2023\/11\/2017-A029-300x300.jpg 300w, https:\/\/www.zen-malerei.de\/wp-content\/uploads\/2023\/11\/2017-A029-150x150.jpg 150w, https:\/\/www.zen-malerei.de\/wp-content\/uploads\/2023\/11\/2017-A029-768x764.jpg 768w, https:\/\/www.zen-malerei.de\/wp-content\/uploads\/2023\/11\/2017-A029-1536x1528.jpg 1536w, https:\/\/www.zen-malerei.de\/wp-content\/uploads\/2023\/11\/2017-A029-500x498.jpg 500w, https:\/\/www.zen-malerei.de\/wp-content\/uploads\/2023\/11\/2017-A029-1000x995.jpg 1000w, https:\/\/www.zen-malerei.de\/wp-content\/uploads\/2023\/11\/2017-A029.jpg 1600w\" sizes=\"auto, (max-width: 660px) 100vw, 660px\" \/><\/span><\/a><\/div>\r\n\t\r\n\t\t\r\n\t\t<div class='fg-wp-caption-text fg-gallery-caption'><div class='caption-container'>\r\n\t\t<b>Mystische Versenkung<\/b>\r\n<br\/>Gr\u00f6\u00dfe: 20x20cm<span class='BildPreis'>350 \u20ac inkl. Rahmen<\/span>\r\n<br\/>\r\n<p>&nbsp;<\/p>\r\n\t\t<\/div><\/div><\/div><\/div><div class='fg-gallery-item'>\r\n\t\t<div class='gallery-icon landscape '>\r\n\t\t<div class='fg_zoom'><img loading=\"lazy\" decoding=\"async\" width=\"660\" height=\"494\" src=\"https:\/\/www.zen-malerei.de\/wp-content\/uploads\/2023\/11\/2017-A030-1024x766.jpg\" class=\"attachment-large size-large\" alt=\"\" srcset=\"https:\/\/www.zen-malerei.de\/wp-content\/uploads\/2023\/11\/2017-A030-1024x766.jpg 1024w, https:\/\/www.zen-malerei.de\/wp-content\/uploads\/2023\/11\/2017-A030-300x224.jpg 300w, https:\/\/www.zen-malerei.de\/wp-content\/uploads\/2023\/11\/2017-A030-768x575.jpg 768w, https:\/\/www.zen-malerei.de\/wp-content\/uploads\/2023\/11\/2017-A030-1536x1149.jpg 1536w, https:\/\/www.zen-malerei.de\/wp-content\/uploads\/2023\/11\/2017-A030-500x374.jpg 500w, https:\/\/www.zen-malerei.de\/wp-content\/uploads\/2023\/11\/2017-A030-1000x748.jpg 1000w, https:\/\/www.zen-malerei.de\/wp-content\/uploads\/2023\/11\/2017-A030.jpg 1600w\" sizes=\"auto, (max-width: 660px) 100vw, 660px\" \/><a href='https:\/\/www.zen-malerei.de\/wp-content\/uploads\/2023\/11\/2017-A030-1024x766.jpg' title=\"<b>Der g\u00f6ttliche Jubel <\/b>\r\n<br\/>Gr\u00f6\u00dfe: 24x32cm<span class='BildPreis'>500 \u20ac inkl. Rahmen<\/span>\r\n<br\/>\r\n<p>&nbsp;<\/p>\" data-rel='prettyPhoto[album]' class='fg_magnificPopup'><span class='fg-zoom-icon icon-plus'><\/span><span style='display:none'><img loading=\"lazy\" decoding=\"async\" width=\"660\" height=\"494\" src=\"https:\/\/www.zen-malerei.de\/wp-content\/uploads\/2023\/11\/2017-A030-1024x766.jpg\" class=\"attachment-large size-large\" alt=\"\" srcset=\"https:\/\/www.zen-malerei.de\/wp-content\/uploads\/2023\/11\/2017-A030-1024x766.jpg 1024w, https:\/\/www.zen-malerei.de\/wp-content\/uploads\/2023\/11\/2017-A030-300x224.jpg 300w, https:\/\/www.zen-malerei.de\/wp-content\/uploads\/2023\/11\/2017-A030-768x575.jpg 768w, https:\/\/www.zen-malerei.de\/wp-content\/uploads\/2023\/11\/2017-A030-1536x1149.jpg 1536w, https:\/\/www.zen-malerei.de\/wp-content\/uploads\/2023\/11\/2017-A030-500x374.jpg 500w, https:\/\/www.zen-malerei.de\/wp-content\/uploads\/2023\/11\/2017-A030-1000x748.jpg 1000w, https:\/\/www.zen-malerei.de\/wp-content\/uploads\/2023\/11\/2017-A030.jpg 1600w\" sizes=\"auto, (max-width: 660px) 100vw, 660px\" \/><\/span><\/a><\/div>\r\n\t\r\n\t\t\r\n\t\t<div class='fg-wp-caption-text fg-gallery-caption'><div class='caption-container'>\r\n\t\t<b>Der g\u00f6ttliche Jubel <\/b>\r\n<br\/>Gr\u00f6\u00dfe: 24x32cm<span class='BildPreis'>500 \u20ac inkl. Rahmen<\/span>\r\n<br\/>\r\n<p>&nbsp;<\/p>\r\n\t\t<\/div><\/div><\/div><\/div><div class='fg-gallery-item'>\r\n\t\t<div class='gallery-icon portrait '>\r\n\t\t<div class='fg_zoom'><img loading=\"lazy\" decoding=\"async\" width=\"660\" height=\"664\" src=\"https:\/\/www.zen-malerei.de\/wp-content\/uploads\/2023\/11\/2017-A037-1018x1024.jpg\" class=\"attachment-large size-large\" alt=\"\" srcset=\"https:\/\/www.zen-malerei.de\/wp-content\/uploads\/2023\/11\/2017-A037-1018x1024.jpg 1018w, https:\/\/www.zen-malerei.de\/wp-content\/uploads\/2023\/11\/2017-A037-298x300.jpg 298w, https:\/\/www.zen-malerei.de\/wp-content\/uploads\/2023\/11\/2017-A037-150x150.jpg 150w, https:\/\/www.zen-malerei.de\/wp-content\/uploads\/2023\/11\/2017-A037-768x773.jpg 768w, https:\/\/www.zen-malerei.de\/wp-content\/uploads\/2023\/11\/2017-A037-1526x1536.jpg 1526w, https:\/\/www.zen-malerei.de\/wp-content\/uploads\/2023\/11\/2017-A037-500x503.jpg 500w, https:\/\/www.zen-malerei.de\/wp-content\/uploads\/2023\/11\/2017-A037-1000x1006.jpg 1000w, https:\/\/www.zen-malerei.de\/wp-content\/uploads\/2023\/11\/2017-A037.jpg 1590w\" sizes=\"auto, (max-width: 660px) 100vw, 660px\" \/><a href='https:\/\/www.zen-malerei.de\/wp-content\/uploads\/2023\/11\/2017-A037-1018x1024.jpg' title=\"<b>Mystische Versenkung<\/b>\r\n<br\/>Gr\u00f6\u00dfe: 40x40cm<span class='BildPreis'>600 \u20ac inkl. Rahmen<\/span>\r\n<br\/>\r\n<p>&nbsp;<\/p>\" data-rel='prettyPhoto[album]' class='fg_magnificPopup'><span class='fg-zoom-icon icon-plus'><\/span><span style='display:none'><img loading=\"lazy\" decoding=\"async\" width=\"660\" height=\"664\" src=\"https:\/\/www.zen-malerei.de\/wp-content\/uploads\/2023\/11\/2017-A037-1018x1024.jpg\" class=\"attachment-large size-large\" alt=\"\" srcset=\"https:\/\/www.zen-malerei.de\/wp-content\/uploads\/2023\/11\/2017-A037-1018x1024.jpg 1018w, https:\/\/www.zen-malerei.de\/wp-content\/uploads\/2023\/11\/2017-A037-298x300.jpg 298w, https:\/\/www.zen-malerei.de\/wp-content\/uploads\/2023\/11\/2017-A037-150x150.jpg 150w, https:\/\/www.zen-malerei.de\/wp-content\/uploads\/2023\/11\/2017-A037-768x773.jpg 768w, https:\/\/www.zen-malerei.de\/wp-content\/uploads\/2023\/11\/2017-A037-1526x1536.jpg 1526w, https:\/\/www.zen-malerei.de\/wp-content\/uploads\/2023\/11\/2017-A037-500x503.jpg 500w, https:\/\/www.zen-malerei.de\/wp-content\/uploads\/2023\/11\/2017-A037-1000x1006.jpg 1000w, https:\/\/www.zen-malerei.de\/wp-content\/uploads\/2023\/11\/2017-A037.jpg 1590w\" sizes=\"auto, (max-width: 660px) 100vw, 660px\" \/><\/span><\/a><\/div>\r\n\t\r\n\t\t\r\n\t\t<div class='fg-wp-caption-text fg-gallery-caption'><div class='caption-container'>\r\n\t\t<b>Mystische Versenkung<\/b>\r\n<br\/>Gr\u00f6\u00dfe: 40x40cm<span class='BildPreis'>600 \u20ac inkl. Rahmen<\/span>\r\n<br\/>\r\n<p>&nbsp;<\/p>\r\n\t\t<\/div><\/div><\/div><\/div><div class='fg-gallery-item'>\r\n\t\t<div class='gallery-icon portrait '>\r\n\t\t<div class='fg_zoom'><img loading=\"lazy\" decoding=\"async\" width=\"660\" height=\"880\" src=\"https:\/\/www.zen-malerei.de\/wp-content\/uploads\/2023\/11\/2017-A054-768x1024.jpg\" class=\"attachment-large size-large\" alt=\"\" srcset=\"https:\/\/www.zen-malerei.de\/wp-content\/uploads\/2023\/11\/2017-A054-768x1024.jpg 768w, https:\/\/www.zen-malerei.de\/wp-content\/uploads\/2023\/11\/2017-A054-225x300.jpg 225w, https:\/\/www.zen-malerei.de\/wp-content\/uploads\/2023\/11\/2017-A054-1152x1536.jpg 1152w, https:\/\/www.zen-malerei.de\/wp-content\/uploads\/2023\/11\/2017-A054-500x667.jpg 500w, https:\/\/www.zen-malerei.de\/wp-content\/uploads\/2023\/11\/2017-A054-1000x1333.jpg 1000w, https:\/\/www.zen-malerei.de\/wp-content\/uploads\/2023\/11\/2017-A054.jpg 1200w\" sizes=\"auto, (max-width: 660px) 100vw, 660px\" \/><a href='https:\/\/www.zen-malerei.de\/wp-content\/uploads\/2023\/11\/2017-A054-768x1024.jpg' title=\"<b>Avalokiteshvara \u2013 der Buddha der g\u00f6ttlichen Liebe<\/b>\r\n<br\/>Gr\u00f6\u00dfe: 56x42cm<span class='BildPreis'>1.300 \u20ac inkl. Rahmen<\/span>\r\n<br\/>\r\n<p>&nbsp;<\/p>\" data-rel='prettyPhoto[album]' class='fg_magnificPopup'><span class='fg-zoom-icon icon-plus'><\/span><span style='display:none'><img loading=\"lazy\" decoding=\"async\" width=\"660\" height=\"880\" src=\"https:\/\/www.zen-malerei.de\/wp-content\/uploads\/2023\/11\/2017-A054-768x1024.jpg\" class=\"attachment-large size-large\" alt=\"\" srcset=\"https:\/\/www.zen-malerei.de\/wp-content\/uploads\/2023\/11\/2017-A054-768x1024.jpg 768w, https:\/\/www.zen-malerei.de\/wp-content\/uploads\/2023\/11\/2017-A054-225x300.jpg 225w, https:\/\/www.zen-malerei.de\/wp-content\/uploads\/2023\/11\/2017-A054-1152x1536.jpg 1152w, https:\/\/www.zen-malerei.de\/wp-content\/uploads\/2023\/11\/2017-A054-500x667.jpg 500w, https:\/\/www.zen-malerei.de\/wp-content\/uploads\/2023\/11\/2017-A054-1000x1333.jpg 1000w, https:\/\/www.zen-malerei.de\/wp-content\/uploads\/2023\/11\/2017-A054.jpg 1200w\" sizes=\"auto, (max-width: 660px) 100vw, 660px\" \/><\/span><\/a><\/div>\r\n\t\r\n\t\t\r\n\t\t<div class='fg-wp-caption-text fg-gallery-caption'><div class='caption-container'>\r\n\t\t<b>Avalokiteshvara \u2013 der Buddha der g\u00f6ttlichen Liebe<\/b>\r\n<br\/>Gr\u00f6\u00dfe: 56x42cm<span class='BildPreis'>1.300 \u20ac inkl. Rahmen<\/span>\r\n<br\/>\r\n<p>&nbsp;<\/p>\r\n\t\t<\/div><\/div><\/div><\/div><div class='fg-gallery-item'>\r\n\t\t<div class='gallery-icon portrait '>\r\n\t\t<div class='fg_zoom'><img loading=\"lazy\" decoding=\"async\" width=\"660\" height=\"887\" src=\"https:\/\/www.zen-malerei.de\/wp-content\/uploads\/2023\/11\/2018-A002-762x1024.jpg\" class=\"attachment-large size-large\" alt=\"\" srcset=\"https:\/\/www.zen-malerei.de\/wp-content\/uploads\/2023\/11\/2018-A002-762x1024.jpg 762w, https:\/\/www.zen-malerei.de\/wp-content\/uploads\/2023\/11\/2018-A002-223x300.jpg 223w, https:\/\/www.zen-malerei.de\/wp-content\/uploads\/2023\/11\/2018-A002-768x1032.jpg 768w, https:\/\/www.zen-malerei.de\/wp-content\/uploads\/2023\/11\/2018-A002-1143x1536.jpg 1143w, https:\/\/www.zen-malerei.de\/wp-content\/uploads\/2023\/11\/2018-A002-500x672.jpg 500w, https:\/\/www.zen-malerei.de\/wp-content\/uploads\/2023\/11\/2018-A002-1000x1343.jpg 1000w, https:\/\/www.zen-malerei.de\/wp-content\/uploads\/2023\/11\/2018-A002.jpg 1191w\" sizes=\"auto, (max-width: 660px) 100vw, 660px\" \/><a href='https:\/\/www.zen-malerei.de\/wp-content\/uploads\/2023\/11\/2018-A002-762x1024.jpg' title=\"<b>Buddha Maitreya<\/b>\r\n<br\/>Gr\u00f6\u00dfe: 40x30cm<span class='BildPreis'>800 \u20ac inkl. Rahmen<\/span>\r\n<br\/>\r\n<p>&nbsp;<\/p>\" data-rel='prettyPhoto[album]' class='fg_magnificPopup'><span class='fg-zoom-icon icon-plus'><\/span><span style='display:none'><img loading=\"lazy\" decoding=\"async\" width=\"660\" height=\"887\" src=\"https:\/\/www.zen-malerei.de\/wp-content\/uploads\/2023\/11\/2018-A002-762x1024.jpg\" class=\"attachment-large size-large\" alt=\"\" srcset=\"https:\/\/www.zen-malerei.de\/wp-content\/uploads\/2023\/11\/2018-A002-762x1024.jpg 762w, https:\/\/www.zen-malerei.de\/wp-content\/uploads\/2023\/11\/2018-A002-223x300.jpg 223w, https:\/\/www.zen-malerei.de\/wp-content\/uploads\/2023\/11\/2018-A002-768x1032.jpg 768w, https:\/\/www.zen-malerei.de\/wp-content\/uploads\/2023\/11\/2018-A002-1143x1536.jpg 1143w, https:\/\/www.zen-malerei.de\/wp-content\/uploads\/2023\/11\/2018-A002-500x672.jpg 500w, https:\/\/www.zen-malerei.de\/wp-content\/uploads\/2023\/11\/2018-A002-1000x1343.jpg 1000w, https:\/\/www.zen-malerei.de\/wp-content\/uploads\/2023\/11\/2018-A002.jpg 1191w\" sizes=\"auto, (max-width: 660px) 100vw, 660px\" \/><\/span><\/a><\/div>\r\n\t\r\n\t\t\r\n\t\t<div class='fg-wp-caption-text fg-gallery-caption'><div class='caption-container'>\r\n\t\t<b>Buddha Maitreya<\/b>\r\n<br\/>Gr\u00f6\u00dfe: 40x30cm<span class='BildPreis'>800 \u20ac inkl. Rahmen<\/span>\r\n<br\/>\r\n<p>&nbsp;<\/p>\r\n\t\t<\/div><\/div><\/div><\/div><div class='fg-gallery-item'>\r\n\t\t<div class='gallery-icon portrait '>\r\n\t\t<div class='fg_zoom'><img loading=\"lazy\" decoding=\"async\" width=\"660\" height=\"665\" src=\"https:\/\/www.zen-malerei.de\/wp-content\/uploads\/2023\/11\/2018-A012-1016x1024.jpg\" class=\"attachment-large size-large\" alt=\"\" srcset=\"https:\/\/www.zen-malerei.de\/wp-content\/uploads\/2023\/11\/2018-A012-1016x1024.jpg 1016w, https:\/\/www.zen-malerei.de\/wp-content\/uploads\/2023\/11\/2018-A012-298x300.jpg 298w, https:\/\/www.zen-malerei.de\/wp-content\/uploads\/2023\/11\/2018-A012-150x150.jpg 150w, https:\/\/www.zen-malerei.de\/wp-content\/uploads\/2023\/11\/2018-A012-768x774.jpg 768w, https:\/\/www.zen-malerei.de\/wp-content\/uploads\/2023\/11\/2018-A012-1524x1536.jpg 1524w, https:\/\/www.zen-malerei.de\/wp-content\/uploads\/2023\/11\/2018-A012-500x504.jpg 500w, https:\/\/www.zen-malerei.de\/wp-content\/uploads\/2023\/11\/2018-A012-1000x1008.jpg 1000w, https:\/\/www.zen-malerei.de\/wp-content\/uploads\/2023\/11\/2018-A012.jpg 1588w\" sizes=\"auto, (max-width: 660px) 100vw, 660px\" \/><a href='https:\/\/www.zen-malerei.de\/wp-content\/uploads\/2023\/11\/2018-A012-1016x1024.jpg' title=\"<b>Kosmischer Christus<\/b>\r\n<br\/>Gr\u00f6\u00dfe: 30cm rund<span class='BildPreis'>600 \u20ac inkl. Rahmen<\/span>\r\n<br\/>\r\n<p>&nbsp;<\/p>\" data-rel='prettyPhoto[album]' class='fg_magnificPopup'><span class='fg-zoom-icon icon-plus'><\/span><span style='display:none'><img loading=\"lazy\" decoding=\"async\" width=\"660\" height=\"665\" src=\"https:\/\/www.zen-malerei.de\/wp-content\/uploads\/2023\/11\/2018-A012-1016x1024.jpg\" class=\"attachment-large size-large\" alt=\"\" srcset=\"https:\/\/www.zen-malerei.de\/wp-content\/uploads\/2023\/11\/2018-A012-1016x1024.jpg 1016w, https:\/\/www.zen-malerei.de\/wp-content\/uploads\/2023\/11\/2018-A012-298x300.jpg 298w, https:\/\/www.zen-malerei.de\/wp-content\/uploads\/2023\/11\/2018-A012-150x150.jpg 150w, https:\/\/www.zen-malerei.de\/wp-content\/uploads\/2023\/11\/2018-A012-768x774.jpg 768w, https:\/\/www.zen-malerei.de\/wp-content\/uploads\/2023\/11\/2018-A012-1524x1536.jpg 1524w, https:\/\/www.zen-malerei.de\/wp-content\/uploads\/2023\/11\/2018-A012-500x504.jpg 500w, https:\/\/www.zen-malerei.de\/wp-content\/uploads\/2023\/11\/2018-A012-1000x1008.jpg 1000w, https:\/\/www.zen-malerei.de\/wp-content\/uploads\/2023\/11\/2018-A012.jpg 1588w\" sizes=\"auto, (max-width: 660px) 100vw, 660px\" \/><\/span><\/a><\/div>\r\n\t\r\n\t\t\r\n\t\t<div class='fg-wp-caption-text fg-gallery-caption'><div class='caption-container'>\r\n\t\t<b>Kosmischer Christus<\/b>\r\n<br\/>Gr\u00f6\u00dfe: 30cm rund<span class='BildPreis'>600 \u20ac inkl. Rahmen<\/span>\r\n<br\/>\r\n<p>&nbsp;<\/p>\r\n\t\t<\/div><\/div><\/div><\/div><div class='fg-gallery-item'>\r\n\t\t<div class='gallery-icon landscape '>\r\n\t\t<div class='fg_zoom'><img loading=\"lazy\" decoding=\"async\" width=\"660\" height=\"660\" src=\"https:\/\/www.zen-malerei.de\/wp-content\/uploads\/2023\/11\/2018-A016-1024x1024.jpg\" class=\"attachment-large size-large\" alt=\"\" srcset=\"https:\/\/www.zen-malerei.de\/wp-content\/uploads\/2023\/11\/2018-A016-1024x1024.jpg 1024w, https:\/\/www.zen-malerei.de\/wp-content\/uploads\/2023\/11\/2018-A016-300x300.jpg 300w, https:\/\/www.zen-malerei.de\/wp-content\/uploads\/2023\/11\/2018-A016-150x150.jpg 150w, https:\/\/www.zen-malerei.de\/wp-content\/uploads\/2023\/11\/2018-A016-768x768.jpg 768w, https:\/\/www.zen-malerei.de\/wp-content\/uploads\/2023\/11\/2018-A016-1536x1536.jpg 1536w, https:\/\/www.zen-malerei.de\/wp-content\/uploads\/2023\/11\/2018-A016-500x500.jpg 500w, https:\/\/www.zen-malerei.de\/wp-content\/uploads\/2023\/11\/2018-A016-800x800.jpg 800w, https:\/\/www.zen-malerei.de\/wp-content\/uploads\/2023\/11\/2018-A016-1000x1000.jpg 1000w, https:\/\/www.zen-malerei.de\/wp-content\/uploads\/2023\/11\/2018-A016.jpg 1600w\" sizes=\"auto, (max-width: 660px) 100vw, 660px\" \/><a href='https:\/\/www.zen-malerei.de\/wp-content\/uploads\/2023\/11\/2018-A016-1024x1024.jpg' title=\"<b>Die Segnung<\/b>\r\n<br\/>Gr\u00f6\u00dfe: 21cm rund<span class='BildPreis'>400 \u20ac inkl. Rahmen<\/span>\r\n<br\/>\r\n<p>&nbsp;<\/p>\" data-rel='prettyPhoto[album]' class='fg_magnificPopup'><span class='fg-zoom-icon icon-plus'><\/span><span style='display:none'><img loading=\"lazy\" decoding=\"async\" width=\"660\" height=\"660\" src=\"https:\/\/www.zen-malerei.de\/wp-content\/uploads\/2023\/11\/2018-A016-1024x1024.jpg\" class=\"attachment-large size-large\" alt=\"\" srcset=\"https:\/\/www.zen-malerei.de\/wp-content\/uploads\/2023\/11\/2018-A016-1024x1024.jpg 1024w, https:\/\/www.zen-malerei.de\/wp-content\/uploads\/2023\/11\/2018-A016-300x300.jpg 300w, https:\/\/www.zen-malerei.de\/wp-content\/uploads\/2023\/11\/2018-A016-150x150.jpg 150w, https:\/\/www.zen-malerei.de\/wp-content\/uploads\/2023\/11\/2018-A016-768x768.jpg 768w, https:\/\/www.zen-malerei.de\/wp-content\/uploads\/2023\/11\/2018-A016-1536x1536.jpg 1536w, https:\/\/www.zen-malerei.de\/wp-content\/uploads\/2023\/11\/2018-A016-500x500.jpg 500w, https:\/\/www.zen-malerei.de\/wp-content\/uploads\/2023\/11\/2018-A016-800x800.jpg 800w, https:\/\/www.zen-malerei.de\/wp-content\/uploads\/2023\/11\/2018-A016-1000x1000.jpg 1000w, https:\/\/www.zen-malerei.de\/wp-content\/uploads\/2023\/11\/2018-A016.jpg 1600w\" sizes=\"auto, (max-width: 660px) 100vw, 660px\" \/><\/span><\/a><\/div>\r\n\t\r\n\t\t\r\n\t\t<div class='fg-wp-caption-text fg-gallery-caption'><div class='caption-container'>\r\n\t\t<b>Die Segnung<\/b>\r\n<br\/>Gr\u00f6\u00dfe: 21cm rund<span class='BildPreis'>400 \u20ac inkl. Rahmen<\/span>\r\n<br\/>\r\n<p>&nbsp;<\/p>\r\n\t\t<\/div><\/div><\/div><\/div><div class='fg-gallery-item'>\r\n\t\t<div class='gallery-icon portrait '>\r\n\t\t<div class='fg_zoom'><img loading=\"lazy\" decoding=\"async\" width=\"660\" height=\"882\" src=\"https:\/\/www.zen-malerei.de\/wp-content\/uploads\/2023\/11\/2018-A020-766x1024.jpg\" class=\"attachment-large size-large\" alt=\"\" srcset=\"https:\/\/www.zen-malerei.de\/wp-content\/uploads\/2023\/11\/2018-A020-766x1024.jpg 766w, https:\/\/www.zen-malerei.de\/wp-content\/uploads\/2023\/11\/2018-A020-224x300.jpg 224w, https:\/\/www.zen-malerei.de\/wp-content\/uploads\/2023\/11\/2018-A020-768x1027.jpg 768w, https:\/\/www.zen-malerei.de\/wp-content\/uploads\/2023\/11\/2018-A020-1149x1536.jpg 1149w, https:\/\/www.zen-malerei.de\/wp-content\/uploads\/2023\/11\/2018-A020-500x668.jpg 500w, https:\/\/www.zen-malerei.de\/wp-content\/uploads\/2023\/11\/2018-A020-1000x1337.jpg 1000w, https:\/\/www.zen-malerei.de\/wp-content\/uploads\/2023\/11\/2018-A020.jpg 1197w\" sizes=\"auto, (max-width: 660px) 100vw, 660px\" \/><a href='https:\/\/www.zen-malerei.de\/wp-content\/uploads\/2023\/11\/2018-A020-766x1024.jpg' title=\"<b>Der mystische Hochzeitstanz<\/b>\r\n<br\/>Gr\u00f6\u00dfe: 48x36cm<span class='BildPreis'>1.400 \u20ac inkl. Rahmen<\/span>\r\n<br\/>\r\n<p>&nbsp;<\/p>\" data-rel='prettyPhoto[album]' class='fg_magnificPopup'><span class='fg-zoom-icon icon-plus'><\/span><span style='display:none'><img loading=\"lazy\" decoding=\"async\" width=\"660\" height=\"882\" src=\"https:\/\/www.zen-malerei.de\/wp-content\/uploads\/2023\/11\/2018-A020-766x1024.jpg\" class=\"attachment-large size-large\" alt=\"\" srcset=\"https:\/\/www.zen-malerei.de\/wp-content\/uploads\/2023\/11\/2018-A020-766x1024.jpg 766w, https:\/\/www.zen-malerei.de\/wp-content\/uploads\/2023\/11\/2018-A020-224x300.jpg 224w, https:\/\/www.zen-malerei.de\/wp-content\/uploads\/2023\/11\/2018-A020-768x1027.jpg 768w, https:\/\/www.zen-malerei.de\/wp-content\/uploads\/2023\/11\/2018-A020-1149x1536.jpg 1149w, https:\/\/www.zen-malerei.de\/wp-content\/uploads\/2023\/11\/2018-A020-500x668.jpg 500w, https:\/\/www.zen-malerei.de\/wp-content\/uploads\/2023\/11\/2018-A020-1000x1337.jpg 1000w, https:\/\/www.zen-malerei.de\/wp-content\/uploads\/2023\/11\/2018-A020.jpg 1197w\" sizes=\"auto, (max-width: 660px) 100vw, 660px\" \/><\/span><\/a><\/div>\r\n\t\r\n\t\t\r\n\t\t<div class='fg-wp-caption-text fg-gallery-caption'><div class='caption-container'>\r\n\t\t<b>Der mystische Hochzeitstanz<\/b>\r\n<br\/>Gr\u00f6\u00dfe: 48x36cm<span class='BildPreis'>1.400 \u20ac inkl. Rahmen<\/span>\r\n<br\/>\r\n<p>&nbsp;<\/p>\r\n\t\t<\/div><\/div><\/div><\/div><div class='fg-gallery-item'>\r\n\t\t<div class='gallery-icon portrait '>\r\n\t\t<div class='fg_zoom'><img loading=\"lazy\" decoding=\"async\" width=\"660\" height=\"913\" src=\"https:\/\/www.zen-malerei.de\/wp-content\/uploads\/2023\/11\/2018-A023-740x1024.jpg\" class=\"attachment-large size-large\" alt=\"\" srcset=\"https:\/\/www.zen-malerei.de\/wp-content\/uploads\/2023\/11\/2018-A023-740x1024.jpg 740w, https:\/\/www.zen-malerei.de\/wp-content\/uploads\/2023\/11\/2018-A023-217x300.jpg 217w, https:\/\/www.zen-malerei.de\/wp-content\/uploads\/2023\/11\/2018-A023-768x1063.jpg 768w, https:\/\/www.zen-malerei.de\/wp-content\/uploads\/2023\/11\/2018-A023-1110x1536.jpg 1110w, https:\/\/www.zen-malerei.de\/wp-content\/uploads\/2023\/11\/2018-A023-500x692.jpg 500w, https:\/\/www.zen-malerei.de\/wp-content\/uploads\/2023\/11\/2018-A023-1000x1384.jpg 1000w, https:\/\/www.zen-malerei.de\/wp-content\/uploads\/2023\/11\/2018-A023.jpg 1156w\" sizes=\"auto, (max-width: 660px) 100vw, 660px\" \/><a href='https:\/\/www.zen-malerei.de\/wp-content\/uploads\/2023\/11\/2018-A023-740x1024.jpg' title=\"<b>Bodhidharma, der Weg des Zen<\/b>\r\n<br\/>Gr\u00f6\u00dfe: 40x28cm oval<span class='BildPreis'><b>VERKAUFT<\/b><\/span>\r\n<br\/>\r\n<p>&nbsp;<\/p>\" data-rel='prettyPhoto[album]' class='fg_magnificPopup'><span class='fg-zoom-icon icon-plus'><\/span><span style='display:none'><img loading=\"lazy\" decoding=\"async\" width=\"660\" height=\"913\" src=\"https:\/\/www.zen-malerei.de\/wp-content\/uploads\/2023\/11\/2018-A023-740x1024.jpg\" class=\"attachment-large size-large\" alt=\"\" srcset=\"https:\/\/www.zen-malerei.de\/wp-content\/uploads\/2023\/11\/2018-A023-740x1024.jpg 740w, https:\/\/www.zen-malerei.de\/wp-content\/uploads\/2023\/11\/2018-A023-217x300.jpg 217w, https:\/\/www.zen-malerei.de\/wp-content\/uploads\/2023\/11\/2018-A023-768x1063.jpg 768w, https:\/\/www.zen-malerei.de\/wp-content\/uploads\/2023\/11\/2018-A023-1110x1536.jpg 1110w, https:\/\/www.zen-malerei.de\/wp-content\/uploads\/2023\/11\/2018-A023-500x692.jpg 500w, https:\/\/www.zen-malerei.de\/wp-content\/uploads\/2023\/11\/2018-A023-1000x1384.jpg 1000w, https:\/\/www.zen-malerei.de\/wp-content\/uploads\/2023\/11\/2018-A023.jpg 1156w\" sizes=\"auto, (max-width: 660px) 100vw, 660px\" \/><\/span><\/a><\/div>\r\n\t\r\n\t\t\r\n\t\t<div class='fg-wp-caption-text fg-gallery-caption'><div class='caption-container'>\r\n\t\t<b>Bodhidharma, der Weg des Zen<\/b>\r\n<br\/>Gr\u00f6\u00dfe: 40x28cm oval<span class='BildPreis'><b>VERKAUFT<\/b><\/span>\r\n<br\/>\r\n<p>&nbsp;<\/p>\r\n\t\t<\/div><\/div><\/div><\/div><div class='fg-gallery-item'>\r\n\t\t<div class='gallery-icon portrait '>\r\n\t\t<div class='fg_zoom'><img loading=\"lazy\" decoding=\"async\" width=\"660\" height=\"880\" src=\"https:\/\/www.zen-malerei.de\/wp-content\/uploads\/2023\/11\/2018-A024-768x1024.jpg\" class=\"attachment-large size-large\" alt=\"\" srcset=\"https:\/\/www.zen-malerei.de\/wp-content\/uploads\/2023\/11\/2018-A024-768x1024.jpg 768w, https:\/\/www.zen-malerei.de\/wp-content\/uploads\/2023\/11\/2018-A024-225x300.jpg 225w, https:\/\/www.zen-malerei.de\/wp-content\/uploads\/2023\/11\/2018-A024-1152x1536.jpg 1152w, https:\/\/www.zen-malerei.de\/wp-content\/uploads\/2023\/11\/2018-A024-500x667.jpg 500w, https:\/\/www.zen-malerei.de\/wp-content\/uploads\/2023\/11\/2018-A024-1000x1333.jpg 1000w, https:\/\/www.zen-malerei.de\/wp-content\/uploads\/2023\/11\/2018-A024.jpg 1200w\" sizes=\"auto, (max-width: 660px) 100vw, 660px\" \/><a href='https:\/\/www.zen-malerei.de\/wp-content\/uploads\/2023\/11\/2018-A024-768x1024.jpg' title=\"<b>Akshobhya \u2013 der Buddha der Unersch\u00fctterlichkeit<\/b>\r\n<br\/>Gr\u00f6\u00dfe: 48x36cm<span class='BildPreis'>1.000 \u20ac inkl. Rahmen<\/span>\r\n<br\/>\r\n<p>&nbsp;<\/p>\" data-rel='prettyPhoto[album]' class='fg_magnificPopup'><span class='fg-zoom-icon icon-plus'><\/span><span style='display:none'><img loading=\"lazy\" decoding=\"async\" width=\"660\" height=\"880\" src=\"https:\/\/www.zen-malerei.de\/wp-content\/uploads\/2023\/11\/2018-A024-768x1024.jpg\" class=\"attachment-large size-large\" alt=\"\" srcset=\"https:\/\/www.zen-malerei.de\/wp-content\/uploads\/2023\/11\/2018-A024-768x1024.jpg 768w, https:\/\/www.zen-malerei.de\/wp-content\/uploads\/2023\/11\/2018-A024-225x300.jpg 225w, https:\/\/www.zen-malerei.de\/wp-content\/uploads\/2023\/11\/2018-A024-1152x1536.jpg 1152w, https:\/\/www.zen-malerei.de\/wp-content\/uploads\/2023\/11\/2018-A024-500x667.jpg 500w, https:\/\/www.zen-malerei.de\/wp-content\/uploads\/2023\/11\/2018-A024-1000x1333.jpg 1000w, https:\/\/www.zen-malerei.de\/wp-content\/uploads\/2023\/11\/2018-A024.jpg 1200w\" sizes=\"auto, (max-width: 660px) 100vw, 660px\" \/><\/span><\/a><\/div>\r\n\t\r\n\t\t\r\n\t\t<div class='fg-wp-caption-text fg-gallery-caption'><div class='caption-container'>\r\n\t\t<b>Akshobhya \u2013 der Buddha der Unersch\u00fctterlichkeit<\/b>\r\n<br\/>Gr\u00f6\u00dfe: 48x36cm<span class='BildPreis'>1.000 \u20ac inkl. Rahmen<\/span>\r\n<br\/>\r\n<p>&nbsp;<\/p>\r\n\t\t<\/div><\/div><\/div><\/div><div class='fg-gallery-item'>\r\n\t\t<div class='gallery-icon portrait '>\r\n\t\t<div class='fg_zoom'><img loading=\"lazy\" decoding=\"async\" width=\"660\" height=\"889\" src=\"https:\/\/www.zen-malerei.de\/wp-content\/uploads\/2023\/11\/2018-A028-760x1024.jpg\" class=\"attachment-large size-large\" alt=\"\" srcset=\"https:\/\/www.zen-malerei.de\/wp-content\/uploads\/2023\/11\/2018-A028-760x1024.jpg 760w, https:\/\/www.zen-malerei.de\/wp-content\/uploads\/2023\/11\/2018-A028-223x300.jpg 223w, https:\/\/www.zen-malerei.de\/wp-content\/uploads\/2023\/11\/2018-A028-768x1035.jpg 768w, https:\/\/www.zen-malerei.de\/wp-content\/uploads\/2023\/11\/2018-A028-1140x1536.jpg 1140w, https:\/\/www.zen-malerei.de\/wp-content\/uploads\/2023\/11\/2018-A028-500x674.jpg 500w, https:\/\/www.zen-malerei.de\/wp-content\/uploads\/2023\/11\/2018-A028-1000x1348.jpg 1000w, https:\/\/www.zen-malerei.de\/wp-content\/uploads\/2023\/11\/2018-A028.jpg 1187w\" sizes=\"auto, (max-width: 660px) 100vw, 660px\" \/><a href='https:\/\/www.zen-malerei.de\/wp-content\/uploads\/2023\/11\/2018-A028-760x1024.jpg' title=\"<b>Avalokiteshvara<\/b>\r\n<br\/>Gr\u00f6\u00dfe: 40x30cm<span class='BildPreis'>650 \u20ac inkl. Rahmen<\/span>\r\n<br\/>\r\n<p>&nbsp;<\/p>\" data-rel='prettyPhoto[album]' class='fg_magnificPopup'><span class='fg-zoom-icon icon-plus'><\/span><span style='display:none'><img loading=\"lazy\" decoding=\"async\" width=\"660\" height=\"889\" src=\"https:\/\/www.zen-malerei.de\/wp-content\/uploads\/2023\/11\/2018-A028-760x1024.jpg\" class=\"attachment-large size-large\" alt=\"\" srcset=\"https:\/\/www.zen-malerei.de\/wp-content\/uploads\/2023\/11\/2018-A028-760x1024.jpg 760w, https:\/\/www.zen-malerei.de\/wp-content\/uploads\/2023\/11\/2018-A028-223x300.jpg 223w, https:\/\/www.zen-malerei.de\/wp-content\/uploads\/2023\/11\/2018-A028-768x1035.jpg 768w, https:\/\/www.zen-malerei.de\/wp-content\/uploads\/2023\/11\/2018-A028-1140x1536.jpg 1140w, https:\/\/www.zen-malerei.de\/wp-content\/uploads\/2023\/11\/2018-A028-500x674.jpg 500w, https:\/\/www.zen-malerei.de\/wp-content\/uploads\/2023\/11\/2018-A028-1000x1348.jpg 1000w, https:\/\/www.zen-malerei.de\/wp-content\/uploads\/2023\/11\/2018-A028.jpg 1187w\" sizes=\"auto, (max-width: 660px) 100vw, 660px\" \/><\/span><\/a><\/div>\r\n\t\r\n\t\t\r\n\t\t<div class='fg-wp-caption-text fg-gallery-caption'><div class='caption-container'>\r\n\t\t<b>Avalokiteshvara<\/b>\r\n<br\/>Gr\u00f6\u00dfe: 40x30cm<span class='BildPreis'>650 \u20ac inkl. Rahmen<\/span>\r\n<br\/>\r\n<p>&nbsp;<\/p>\r\n\t\t<\/div><\/div><\/div><\/div><div class='fg-gallery-item'>\r\n\t\t<div class='gallery-icon portrait '>\r\n\t\t<div class='fg_zoom'><img loading=\"lazy\" decoding=\"async\" width=\"660\" height=\"883\" src=\"https:\/\/www.zen-malerei.de\/wp-content\/uploads\/2023\/11\/2018-A036-765x1024.jpg\" class=\"attachment-large size-large\" alt=\"\" srcset=\"https:\/\/www.zen-malerei.de\/wp-content\/uploads\/2023\/11\/2018-A036-765x1024.jpg 765w, https:\/\/www.zen-malerei.de\/wp-content\/uploads\/2023\/11\/2018-A036-224x300.jpg 224w, https:\/\/www.zen-malerei.de\/wp-content\/uploads\/2023\/11\/2018-A036-768x1028.jpg 768w, https:\/\/www.zen-malerei.de\/wp-content\/uploads\/2023\/11\/2018-A036-1147x1536.jpg 1147w, https:\/\/www.zen-malerei.de\/wp-content\/uploads\/2023\/11\/2018-A036-500x669.jpg 500w, https:\/\/www.zen-malerei.de\/wp-content\/uploads\/2023\/11\/2018-A036-1000x1339.jpg 1000w, https:\/\/www.zen-malerei.de\/wp-content\/uploads\/2023\/11\/2018-A036.jpg 1195w\" sizes=\"auto, (max-width: 660px) 100vw, 660px\" \/><a href='https:\/\/www.zen-malerei.de\/wp-content\/uploads\/2023\/11\/2018-A036-765x1024.jpg' title=\"<b>Die Auferstehung zum ewigen Leben<\/b>\r\n<br\/>Gr\u00f6\u00dfe: 40x30cm<span class='BildPreis'>850 \u20ac inkl. Rahmen<\/span>\r\n<br\/>\r\n<p>&nbsp;<\/p>\" data-rel='prettyPhoto[album]' class='fg_magnificPopup'><span class='fg-zoom-icon icon-plus'><\/span><span style='display:none'><img loading=\"lazy\" decoding=\"async\" width=\"660\" height=\"883\" src=\"https:\/\/www.zen-malerei.de\/wp-content\/uploads\/2023\/11\/2018-A036-765x1024.jpg\" class=\"attachment-large size-large\" alt=\"\" srcset=\"https:\/\/www.zen-malerei.de\/wp-content\/uploads\/2023\/11\/2018-A036-765x1024.jpg 765w, https:\/\/www.zen-malerei.de\/wp-content\/uploads\/2023\/11\/2018-A036-224x300.jpg 224w, https:\/\/www.zen-malerei.de\/wp-content\/uploads\/2023\/11\/2018-A036-768x1028.jpg 768w, https:\/\/www.zen-malerei.de\/wp-content\/uploads\/2023\/11\/2018-A036-1147x1536.jpg 1147w, https:\/\/www.zen-malerei.de\/wp-content\/uploads\/2023\/11\/2018-A036-500x669.jpg 500w, https:\/\/www.zen-malerei.de\/wp-content\/uploads\/2023\/11\/2018-A036-1000x1339.jpg 1000w, https:\/\/www.zen-malerei.de\/wp-content\/uploads\/2023\/11\/2018-A036.jpg 1195w\" sizes=\"auto, (max-width: 660px) 100vw, 660px\" \/><\/span><\/a><\/div>\r\n\t\r\n\t\t\r\n\t\t<div class='fg-wp-caption-text fg-gallery-caption'><div class='caption-container'>\r\n\t\t<b>Die Auferstehung zum ewigen Leben<\/b>\r\n<br\/>Gr\u00f6\u00dfe: 40x30cm<span class='BildPreis'>850 \u20ac inkl. Rahmen<\/span>\r\n<br\/>\r\n<p>&nbsp;<\/p>\r\n\t\t<\/div><\/div><\/div><\/div><div class='fg-gallery-item'>\r\n\t\t<div class='gallery-icon portrait '>\r\n\t\t<div class='fg_zoom'><img loading=\"lazy\" decoding=\"async\" width=\"660\" height=\"881\" src=\"https:\/\/www.zen-malerei.de\/wp-content\/uploads\/2023\/11\/2018-A038-767x1024.jpg\" class=\"attachment-large size-large\" alt=\"\" srcset=\"https:\/\/www.zen-malerei.de\/wp-content\/uploads\/2023\/11\/2018-A038-767x1024.jpg 767w, https:\/\/www.zen-malerei.de\/wp-content\/uploads\/2023\/11\/2018-A038-225x300.jpg 225w, https:\/\/www.zen-malerei.de\/wp-content\/uploads\/2023\/11\/2018-A038-768x1026.jpg 768w, https:\/\/www.zen-malerei.de\/wp-content\/uploads\/2023\/11\/2018-A038-1150x1536.jpg 1150w, https:\/\/www.zen-malerei.de\/wp-content\/uploads\/2023\/11\/2018-A038-500x668.jpg 500w, https:\/\/www.zen-malerei.de\/wp-content\/uploads\/2023\/11\/2018-A038-1000x1336.jpg 1000w, https:\/\/www.zen-malerei.de\/wp-content\/uploads\/2023\/11\/2018-A038.jpg 1198w\" sizes=\"auto, (max-width: 660px) 100vw, 660px\" \/><a href='https:\/\/www.zen-malerei.de\/wp-content\/uploads\/2023\/11\/2018-A038-767x1024.jpg' title=\"<b>G\u00f6ttliche Segnung<\/b>\r\n<br\/>Gr\u00f6\u00dfe: 48x36cm<span class='BildPreis'>700 \u20ac inkl. Rahmen<\/span>\r\n<br\/>\r\n<p>&nbsp;<\/p>\" data-rel='prettyPhoto[album]' class='fg_magnificPopup'><span class='fg-zoom-icon icon-plus'><\/span><span style='display:none'><img loading=\"lazy\" decoding=\"async\" width=\"660\" height=\"881\" src=\"https:\/\/www.zen-malerei.de\/wp-content\/uploads\/2023\/11\/2018-A038-767x1024.jpg\" class=\"attachment-large size-large\" alt=\"\" srcset=\"https:\/\/www.zen-malerei.de\/wp-content\/uploads\/2023\/11\/2018-A038-767x1024.jpg 767w, https:\/\/www.zen-malerei.de\/wp-content\/uploads\/2023\/11\/2018-A038-225x300.jpg 225w, https:\/\/www.zen-malerei.de\/wp-content\/uploads\/2023\/11\/2018-A038-768x1026.jpg 768w, https:\/\/www.zen-malerei.de\/wp-content\/uploads\/2023\/11\/2018-A038-1150x1536.jpg 1150w, https:\/\/www.zen-malerei.de\/wp-content\/uploads\/2023\/11\/2018-A038-500x668.jpg 500w, https:\/\/www.zen-malerei.de\/wp-content\/uploads\/2023\/11\/2018-A038-1000x1336.jpg 1000w, https:\/\/www.zen-malerei.de\/wp-content\/uploads\/2023\/11\/2018-A038.jpg 1198w\" sizes=\"auto, (max-width: 660px) 100vw, 660px\" \/><\/span><\/a><\/div>\r\n\t\r\n\t\t\r\n\t\t<div class='fg-wp-caption-text fg-gallery-caption'><div class='caption-container'>\r\n\t\t<b>G\u00f6ttliche Segnung<\/b>\r\n<br\/>Gr\u00f6\u00dfe: 48x36cm<span class='BildPreis'>700 \u20ac inkl. Rahmen<\/span>\r\n<br\/>\r\n<p>&nbsp;<\/p>\r\n\t\t<\/div><\/div><\/div><\/div><div class='fg-gallery-item'>\r\n\t\t<div class='gallery-icon portrait '>\r\n\t\t<div class='fg_zoom'><img loading=\"lazy\" decoding=\"async\" width=\"660\" height=\"662\" src=\"https:\/\/www.zen-malerei.de\/wp-content\/uploads\/2023\/11\/2018-A046-1021x1024.jpg\" class=\"attachment-large size-large\" alt=\"\" srcset=\"https:\/\/www.zen-malerei.de\/wp-content\/uploads\/2023\/11\/2018-A046-1021x1024.jpg 1021w, https:\/\/www.zen-malerei.de\/wp-content\/uploads\/2023\/11\/2018-A046-300x300.jpg 300w, https:\/\/www.zen-malerei.de\/wp-content\/uploads\/2023\/11\/2018-A046-150x150.jpg 150w, https:\/\/www.zen-malerei.de\/wp-content\/uploads\/2023\/11\/2018-A046-768x770.jpg 768w, https:\/\/www.zen-malerei.de\/wp-content\/uploads\/2023\/11\/2018-A046-1531x1536.jpg 1531w, https:\/\/www.zen-malerei.de\/wp-content\/uploads\/2023\/11\/2018-A046-500x502.jpg 500w, https:\/\/www.zen-malerei.de\/wp-content\/uploads\/2023\/11\/2018-A046-1000x1003.jpg 1000w, https:\/\/www.zen-malerei.de\/wp-content\/uploads\/2023\/11\/2018-A046.jpg 1595w\" sizes=\"auto, (max-width: 660px) 100vw, 660px\" \/><a href='https:\/\/www.zen-malerei.de\/wp-content\/uploads\/2023\/11\/2018-A046-1021x1024.jpg' title=\"<b>Lao Tse<\/b>\r\n<br\/>Gr\u00f6\u00dfe: 30x30cm<span class='BildPreis'><b>VERKAUFT<\/b><\/span>\r\n<br\/>\r\n<p>&nbsp;<\/p>\" data-rel='prettyPhoto[album]' class='fg_magnificPopup'><span class='fg-zoom-icon icon-plus'><\/span><span style='display:none'><img loading=\"lazy\" decoding=\"async\" width=\"660\" height=\"662\" src=\"https:\/\/www.zen-malerei.de\/wp-content\/uploads\/2023\/11\/2018-A046-1021x1024.jpg\" class=\"attachment-large size-large\" alt=\"\" srcset=\"https:\/\/www.zen-malerei.de\/wp-content\/uploads\/2023\/11\/2018-A046-1021x1024.jpg 1021w, https:\/\/www.zen-malerei.de\/wp-content\/uploads\/2023\/11\/2018-A046-300x300.jpg 300w, https:\/\/www.zen-malerei.de\/wp-content\/uploads\/2023\/11\/2018-A046-150x150.jpg 150w, https:\/\/www.zen-malerei.de\/wp-content\/uploads\/2023\/11\/2018-A046-768x770.jpg 768w, https:\/\/www.zen-malerei.de\/wp-content\/uploads\/2023\/11\/2018-A046-1531x1536.jpg 1531w, https:\/\/www.zen-malerei.de\/wp-content\/uploads\/2023\/11\/2018-A046-500x502.jpg 500w, https:\/\/www.zen-malerei.de\/wp-content\/uploads\/2023\/11\/2018-A046-1000x1003.jpg 1000w, https:\/\/www.zen-malerei.de\/wp-content\/uploads\/2023\/11\/2018-A046.jpg 1595w\" sizes=\"auto, (max-width: 660px) 100vw, 660px\" \/><\/span><\/a><\/div>\r\n\t\r\n\t\t\r\n\t\t<div class='fg-wp-caption-text fg-gallery-caption'><div class='caption-container'>\r\n\t\t<b>Lao Tse<\/b>\r\n<br\/>Gr\u00f6\u00dfe: 30x30cm<span class='BildPreis'><b>VERKAUFT<\/b><\/span>\r\n<br\/>\r\n<p>&nbsp;<\/p>\r\n\t\t<\/div><\/div><\/div><\/div><div class='fg-gallery-item'>\r\n\t\t<div class='gallery-icon portrait '>\r\n\t\t<div class='fg_zoom'><img loading=\"lazy\" decoding=\"async\" width=\"660\" height=\"881\" src=\"https:\/\/www.zen-malerei.de\/wp-content\/uploads\/2023\/11\/2018-A047-767x1024.jpg\" class=\"attachment-large size-large\" alt=\"\" srcset=\"https:\/\/www.zen-malerei.de\/wp-content\/uploads\/2023\/11\/2018-A047-767x1024.jpg 767w, https:\/\/www.zen-malerei.de\/wp-content\/uploads\/2023\/11\/2018-A047-225x300.jpg 225w, https:\/\/www.zen-malerei.de\/wp-content\/uploads\/2023\/11\/2018-A047-768x1025.jpg 768w, https:\/\/www.zen-malerei.de\/wp-content\/uploads\/2023\/11\/2018-A047-1151x1536.jpg 1151w, https:\/\/www.zen-malerei.de\/wp-content\/uploads\/2023\/11\/2018-A047-500x667.jpg 500w, https:\/\/www.zen-malerei.de\/wp-content\/uploads\/2023\/11\/2018-A047-1000x1334.jpg 1000w, https:\/\/www.zen-malerei.de\/wp-content\/uploads\/2023\/11\/2018-A047.jpg 1199w\" sizes=\"auto, (max-width: 660px) 100vw, 660px\" \/><a href='https:\/\/www.zen-malerei.de\/wp-content\/uploads\/2023\/11\/2018-A047-767x1024.jpg' title=\"<b>Buddha Amitabha<\/b>\r\n<br\/>Gr\u00f6\u00dfe: 48x36cm<span class='BildPreis'>1.400 \u20ac inkl. Rahmen<\/span>\r\n<br\/>\r\n<p>&nbsp;<\/p>\" data-rel='prettyPhoto[album]' class='fg_magnificPopup'><span class='fg-zoom-icon icon-plus'><\/span><span style='display:none'><img loading=\"lazy\" decoding=\"async\" width=\"660\" height=\"881\" src=\"https:\/\/www.zen-malerei.de\/wp-content\/uploads\/2023\/11\/2018-A047-767x1024.jpg\" class=\"attachment-large size-large\" alt=\"\" srcset=\"https:\/\/www.zen-malerei.de\/wp-content\/uploads\/2023\/11\/2018-A047-767x1024.jpg 767w, https:\/\/www.zen-malerei.de\/wp-content\/uploads\/2023\/11\/2018-A047-225x300.jpg 225w, https:\/\/www.zen-malerei.de\/wp-content\/uploads\/2023\/11\/2018-A047-768x1025.jpg 768w, https:\/\/www.zen-malerei.de\/wp-content\/uploads\/2023\/11\/2018-A047-1151x1536.jpg 1151w, https:\/\/www.zen-malerei.de\/wp-content\/uploads\/2023\/11\/2018-A047-500x667.jpg 500w, https:\/\/www.zen-malerei.de\/wp-content\/uploads\/2023\/11\/2018-A047-1000x1334.jpg 1000w, https:\/\/www.zen-malerei.de\/wp-content\/uploads\/2023\/11\/2018-A047.jpg 1199w\" sizes=\"auto, (max-width: 660px) 100vw, 660px\" \/><\/span><\/a><\/div>\r\n\t\r\n\t\t\r\n\t\t<div class='fg-wp-caption-text fg-gallery-caption'><div class='caption-container'>\r\n\t\t<b>Buddha Amitabha<\/b>\r\n<br\/>Gr\u00f6\u00dfe: 48x36cm<span class='BildPreis'>1.400 \u20ac inkl. Rahmen<\/span>\r\n<br\/>\r\n<p>&nbsp;<\/p>\r\n\t\t<\/div><\/div><\/div><\/div><div class='fg-gallery-item'>\r\n\t\t<div class='gallery-icon portrait '>\r\n\t\t<div class='fg_zoom'><img loading=\"lazy\" decoding=\"async\" width=\"660\" height=\"882\" src=\"https:\/\/www.zen-malerei.de\/wp-content\/uploads\/2023\/11\/2019-A003-766x1024.jpg\" class=\"attachment-large size-large\" alt=\"\" srcset=\"https:\/\/www.zen-malerei.de\/wp-content\/uploads\/2023\/11\/2019-A003-766x1024.jpg 766w, https:\/\/www.zen-malerei.de\/wp-content\/uploads\/2023\/11\/2019-A003-224x300.jpg 224w, https:\/\/www.zen-malerei.de\/wp-content\/uploads\/2023\/11\/2019-A003-768x1027.jpg 768w, https:\/\/www.zen-malerei.de\/wp-content\/uploads\/2023\/11\/2019-A003-1149x1536.jpg 1149w, https:\/\/www.zen-malerei.de\/wp-content\/uploads\/2023\/11\/2019-A003-500x668.jpg 500w, https:\/\/www.zen-malerei.de\/wp-content\/uploads\/2023\/11\/2019-A003-1000x1337.jpg 1000w, https:\/\/www.zen-malerei.de\/wp-content\/uploads\/2023\/11\/2019-A003.jpg 1197w\" sizes=\"auto, (max-width: 660px) 100vw, 660px\" \/><a href='https:\/\/www.zen-malerei.de\/wp-content\/uploads\/2023\/11\/2019-A003-766x1024.jpg' title=\"<b>G\u00f6ttliche Gnade<\/b>\r\n<br\/>Gr\u00f6\u00dfe: 48x36cm<span class='BildPreis'>1.200 \u20ac inkl. Rahmen<\/span>\r\n<br\/>\r\n<p>&nbsp;<\/p>\" data-rel='prettyPhoto[album]' class='fg_magnificPopup'><span class='fg-zoom-icon icon-plus'><\/span><span style='display:none'><img loading=\"lazy\" decoding=\"async\" width=\"660\" height=\"882\" src=\"https:\/\/www.zen-malerei.de\/wp-content\/uploads\/2023\/11\/2019-A003-766x1024.jpg\" class=\"attachment-large size-large\" alt=\"\" srcset=\"https:\/\/www.zen-malerei.de\/wp-content\/uploads\/2023\/11\/2019-A003-766x1024.jpg 766w, https:\/\/www.zen-malerei.de\/wp-content\/uploads\/2023\/11\/2019-A003-224x300.jpg 224w, https:\/\/www.zen-malerei.de\/wp-content\/uploads\/2023\/11\/2019-A003-768x1027.jpg 768w, https:\/\/www.zen-malerei.de\/wp-content\/uploads\/2023\/11\/2019-A003-1149x1536.jpg 1149w, https:\/\/www.zen-malerei.de\/wp-content\/uploads\/2023\/11\/2019-A003-500x668.jpg 500w, https:\/\/www.zen-malerei.de\/wp-content\/uploads\/2023\/11\/2019-A003-1000x1337.jpg 1000w, https:\/\/www.zen-malerei.de\/wp-content\/uploads\/2023\/11\/2019-A003.jpg 1197w\" sizes=\"auto, (max-width: 660px) 100vw, 660px\" \/><\/span><\/a><\/div>\r\n\t\r\n\t\t\r\n\t\t<div class='fg-wp-caption-text fg-gallery-caption'><div class='caption-container'>\r\n\t\t<b>G\u00f6ttliche Gnade<\/b>\r\n<br\/>Gr\u00f6\u00dfe: 48x36cm<span class='BildPreis'>1.200 \u20ac inkl. Rahmen<\/span>\r\n<br\/>\r\n<p>&nbsp;<\/p>\r\n\t\t<\/div><\/div><\/div><\/div><div class='fg-gallery-item'>\r\n\t\t<div class='gallery-icon landscape '>\r\n\t\t<div class='fg_zoom'><img loading=\"lazy\" decoding=\"async\" width=\"660\" height=\"494\" src=\"https:\/\/www.zen-malerei.de\/wp-content\/uploads\/2023\/11\/2019-A014-1024x767.jpg\" class=\"attachment-large size-large\" alt=\"\" srcset=\"https:\/\/www.zen-malerei.de\/wp-content\/uploads\/2023\/11\/2019-A014-1024x767.jpg 1024w, https:\/\/www.zen-malerei.de\/wp-content\/uploads\/2023\/11\/2019-A014-300x225.jpg 300w, https:\/\/www.zen-malerei.de\/wp-content\/uploads\/2023\/11\/2019-A014-768x576.jpg 768w, https:\/\/www.zen-malerei.de\/wp-content\/uploads\/2023\/11\/2019-A014-1536x1151.jpg 1536w, https:\/\/www.zen-malerei.de\/wp-content\/uploads\/2023\/11\/2019-A014-500x375.jpg 500w, https:\/\/www.zen-malerei.de\/wp-content\/uploads\/2023\/11\/2019-A014-1000x749.jpg 1000w, https:\/\/www.zen-malerei.de\/wp-content\/uploads\/2023\/11\/2019-A014.jpg 1600w\" sizes=\"auto, (max-width: 660px) 100vw, 660px\" \/><a href='https:\/\/www.zen-malerei.de\/wp-content\/uploads\/2023\/11\/2019-A014-1024x767.jpg' title=\"<b>Lao Tse<\/b>\r\n<br\/>Gr\u00f6\u00dfe: 30x40cm<span class='BildPreis'>500 \u20ac inkl. Rahmen<\/span>\r\n<br\/>\r\n<p>&nbsp;<\/p>\" data-rel='prettyPhoto[album]' class='fg_magnificPopup'><span class='fg-zoom-icon icon-plus'><\/span><span style='display:none'><img loading=\"lazy\" decoding=\"async\" width=\"660\" height=\"494\" src=\"https:\/\/www.zen-malerei.de\/wp-content\/uploads\/2023\/11\/2019-A014-1024x767.jpg\" class=\"attachment-large size-large\" alt=\"\" srcset=\"https:\/\/www.zen-malerei.de\/wp-content\/uploads\/2023\/11\/2019-A014-1024x767.jpg 1024w, https:\/\/www.zen-malerei.de\/wp-content\/uploads\/2023\/11\/2019-A014-300x225.jpg 300w, https:\/\/www.zen-malerei.de\/wp-content\/uploads\/2023\/11\/2019-A014-768x576.jpg 768w, https:\/\/www.zen-malerei.de\/wp-content\/uploads\/2023\/11\/2019-A014-1536x1151.jpg 1536w, https:\/\/www.zen-malerei.de\/wp-content\/uploads\/2023\/11\/2019-A014-500x375.jpg 500w, https:\/\/www.zen-malerei.de\/wp-content\/uploads\/2023\/11\/2019-A014-1000x749.jpg 1000w, https:\/\/www.zen-malerei.de\/wp-content\/uploads\/2023\/11\/2019-A014.jpg 1600w\" sizes=\"auto, (max-width: 660px) 100vw, 660px\" \/><\/span><\/a><\/div>\r\n\t\r\n\t\t\r\n\t\t<div class='fg-wp-caption-text fg-gallery-caption'><div class='caption-container'>\r\n\t\t<b>Lao Tse<\/b>\r\n<br\/>Gr\u00f6\u00dfe: 30x40cm<span class='BildPreis'>500 \u20ac inkl. Rahmen<\/span>\r\n<br\/>\r\n<p>&nbsp;<\/p>\r\n\t\t<\/div><\/div><\/div><\/div><div class='fg-gallery-item'>\r\n\t\t<div class='gallery-icon portrait '>\r\n\t\t<div class='fg_zoom'><img loading=\"lazy\" decoding=\"async\" width=\"660\" height=\"882\" src=\"https:\/\/www.zen-malerei.de\/wp-content\/uploads\/2023\/11\/2019-A017-766x1024.jpg\" class=\"attachment-large size-large\" alt=\"\" srcset=\"https:\/\/www.zen-malerei.de\/wp-content\/uploads\/2023\/11\/2019-A017-766x1024.jpg 766w, https:\/\/www.zen-malerei.de\/wp-content\/uploads\/2023\/11\/2019-A017-224x300.jpg 224w, https:\/\/www.zen-malerei.de\/wp-content\/uploads\/2023\/11\/2019-A017-768x1027.jpg 768w, https:\/\/www.zen-malerei.de\/wp-content\/uploads\/2023\/11\/2019-A017-1149x1536.jpg 1149w, https:\/\/www.zen-malerei.de\/wp-content\/uploads\/2023\/11\/2019-A017-500x668.jpg 500w, https:\/\/www.zen-malerei.de\/wp-content\/uploads\/2023\/11\/2019-A017-1000x1337.jpg 1000w, https:\/\/www.zen-malerei.de\/wp-content\/uploads\/2023\/11\/2019-A017.jpg 1197w\" sizes=\"auto, (max-width: 660px) 100vw, 660px\" \/><a href='https:\/\/www.zen-malerei.de\/wp-content\/uploads\/2023\/11\/2019-A017-766x1024.jpg' title=\"<b>Im Rausch der tantrischen Liebe<\/b>\r\n<br\/>Gr\u00f6\u00dfe: 31x23cm<span class='BildPreis'>550 \u20ac inkl. Rahmen<\/span>\r\n<br\/>\r\n<p>&nbsp;<\/p>\" data-rel='prettyPhoto[album]' class='fg_magnificPopup'><span class='fg-zoom-icon icon-plus'><\/span><span style='display:none'><img loading=\"lazy\" decoding=\"async\" width=\"660\" height=\"882\" src=\"https:\/\/www.zen-malerei.de\/wp-content\/uploads\/2023\/11\/2019-A017-766x1024.jpg\" class=\"attachment-large size-large\" alt=\"\" srcset=\"https:\/\/www.zen-malerei.de\/wp-content\/uploads\/2023\/11\/2019-A017-766x1024.jpg 766w, https:\/\/www.zen-malerei.de\/wp-content\/uploads\/2023\/11\/2019-A017-224x300.jpg 224w, https:\/\/www.zen-malerei.de\/wp-content\/uploads\/2023\/11\/2019-A017-768x1027.jpg 768w, https:\/\/www.zen-malerei.de\/wp-content\/uploads\/2023\/11\/2019-A017-1149x1536.jpg 1149w, https:\/\/www.zen-malerei.de\/wp-content\/uploads\/2023\/11\/2019-A017-500x668.jpg 500w, https:\/\/www.zen-malerei.de\/wp-content\/uploads\/2023\/11\/2019-A017-1000x1337.jpg 1000w, https:\/\/www.zen-malerei.de\/wp-content\/uploads\/2023\/11\/2019-A017.jpg 1197w\" sizes=\"auto, (max-width: 660px) 100vw, 660px\" \/><\/span><\/a><\/div>\r\n\t\r\n\t\t\r\n\t\t<div class='fg-wp-caption-text fg-gallery-caption'><div class='caption-container'>\r\n\t\t<b>Im Rausch der tantrischen Liebe<\/b>\r\n<br\/>Gr\u00f6\u00dfe: 31x23cm<span class='BildPreis'>550 \u20ac inkl. Rahmen<\/span>\r\n<br\/>\r\n<p>&nbsp;<\/p>\r\n\t\t<\/div><\/div><\/div><\/div><div class='fg-gallery-item'>\r\n\t\t<div class='gallery-icon portrait '>\r\n\t\t<div class='fg_zoom'><img loading=\"lazy\" decoding=\"async\" width=\"622\" height=\"1024\" src=\"https:\/\/www.zen-malerei.de\/wp-content\/uploads\/2023\/11\/2019-A018-622x1024.jpg\" class=\"attachment-large size-large\" alt=\"\" srcset=\"https:\/\/www.zen-malerei.de\/wp-content\/uploads\/2023\/11\/2019-A018-622x1024.jpg 622w, https:\/\/www.zen-malerei.de\/wp-content\/uploads\/2023\/11\/2019-A018-182x300.jpg 182w, https:\/\/www.zen-malerei.de\/wp-content\/uploads\/2023\/11\/2019-A018-768x1264.jpg 768w, https:\/\/www.zen-malerei.de\/wp-content\/uploads\/2023\/11\/2019-A018-933x1536.jpg 933w, https:\/\/www.zen-malerei.de\/wp-content\/uploads\/2023\/11\/2019-A018-500x823.jpg 500w, https:\/\/www.zen-malerei.de\/wp-content\/uploads\/2023\/11\/2019-A018.jpg 972w\" sizes=\"auto, (max-width: 622px) 100vw, 622px\" \/><a href='https:\/\/www.zen-malerei.de\/wp-content\/uploads\/2023\/11\/2019-A018-622x1024.jpg' title=\"<b>Heilige Trinit\u00e4t<\/b>\r\n<br\/>Gr\u00f6\u00dfe: 36,5x20cm<span class='BildPreis'>850 \u20ac inkl. Rahmen<\/span>\r\n<br\/>\r\n<p>&nbsp;<\/p>\" data-rel='prettyPhoto[album]' class='fg_magnificPopup'><span class='fg-zoom-icon icon-plus'><\/span><span style='display:none'><img loading=\"lazy\" decoding=\"async\" width=\"622\" height=\"1024\" src=\"https:\/\/www.zen-malerei.de\/wp-content\/uploads\/2023\/11\/2019-A018-622x1024.jpg\" class=\"attachment-large size-large\" alt=\"\" srcset=\"https:\/\/www.zen-malerei.de\/wp-content\/uploads\/2023\/11\/2019-A018-622x1024.jpg 622w, https:\/\/www.zen-malerei.de\/wp-content\/uploads\/2023\/11\/2019-A018-182x300.jpg 182w, https:\/\/www.zen-malerei.de\/wp-content\/uploads\/2023\/11\/2019-A018-768x1264.jpg 768w, https:\/\/www.zen-malerei.de\/wp-content\/uploads\/2023\/11\/2019-A018-933x1536.jpg 933w, https:\/\/www.zen-malerei.de\/wp-content\/uploads\/2023\/11\/2019-A018-500x823.jpg 500w, https:\/\/www.zen-malerei.de\/wp-content\/uploads\/2023\/11\/2019-A018.jpg 972w\" sizes=\"auto, (max-width: 622px) 100vw, 622px\" \/><\/span><\/a><\/div>\r\n\t\r\n\t\t\r\n\t\t<div class='fg-wp-caption-text fg-gallery-caption'><div class='caption-container'>\r\n\t\t<b>Heilige Trinit\u00e4t<\/b>\r\n<br\/>Gr\u00f6\u00dfe: 36,5x20cm<span class='BildPreis'>850 \u20ac inkl. Rahmen<\/span>\r\n<br\/>\r\n<p>&nbsp;<\/p>\r\n\t\t<\/div><\/div><\/div><\/div><div class='fg-gallery-item'>\r\n\t\t<div class='gallery-icon portrait '>\r\n\t\t<div class='fg_zoom'><img loading=\"lazy\" decoding=\"async\" width=\"660\" height=\"881\" src=\"https:\/\/www.zen-malerei.de\/wp-content\/uploads\/2023\/11\/2019-A021-767x1024.jpg\" class=\"attachment-large size-large\" alt=\"\" srcset=\"https:\/\/www.zen-malerei.de\/wp-content\/uploads\/2023\/11\/2019-A021-767x1024.jpg 767w, https:\/\/www.zen-malerei.de\/wp-content\/uploads\/2023\/11\/2019-A021-225x300.jpg 225w, https:\/\/www.zen-malerei.de\/wp-content\/uploads\/2023\/11\/2019-A021-768x1025.jpg 768w, https:\/\/www.zen-malerei.de\/wp-content\/uploads\/2023\/11\/2019-A021-1151x1536.jpg 1151w, https:\/\/www.zen-malerei.de\/wp-content\/uploads\/2023\/11\/2019-A021-500x667.jpg 500w, https:\/\/www.zen-malerei.de\/wp-content\/uploads\/2023\/11\/2019-A021-1000x1334.jpg 1000w, https:\/\/www.zen-malerei.de\/wp-content\/uploads\/2023\/11\/2019-A021.jpg 1199w\" sizes=\"auto, (max-width: 660px) 100vw, 660px\" \/><a href='https:\/\/www.zen-malerei.de\/wp-content\/uploads\/2023\/11\/2019-A021-767x1024.jpg' title=\"<b>Liebe und Tod<\/b>\r\n<br\/>Gr\u00f6\u00dfe: 40x30cm<span class='BildPreis'>600 \u20ac inkl. Rahmen<\/span>\r\n<br\/>\r\n<p>&nbsp;<\/p>\" data-rel='prettyPhoto[album]' class='fg_magnificPopup'><span class='fg-zoom-icon icon-plus'><\/span><span style='display:none'><img loading=\"lazy\" decoding=\"async\" width=\"660\" height=\"881\" src=\"https:\/\/www.zen-malerei.de\/wp-content\/uploads\/2023\/11\/2019-A021-767x1024.jpg\" class=\"attachment-large size-large\" alt=\"\" srcset=\"https:\/\/www.zen-malerei.de\/wp-content\/uploads\/2023\/11\/2019-A021-767x1024.jpg 767w, https:\/\/www.zen-malerei.de\/wp-content\/uploads\/2023\/11\/2019-A021-225x300.jpg 225w, https:\/\/www.zen-malerei.de\/wp-content\/uploads\/2023\/11\/2019-A021-768x1025.jpg 768w, https:\/\/www.zen-malerei.de\/wp-content\/uploads\/2023\/11\/2019-A021-1151x1536.jpg 1151w, https:\/\/www.zen-malerei.de\/wp-content\/uploads\/2023\/11\/2019-A021-500x667.jpg 500w, https:\/\/www.zen-malerei.de\/wp-content\/uploads\/2023\/11\/2019-A021-1000x1334.jpg 1000w, https:\/\/www.zen-malerei.de\/wp-content\/uploads\/2023\/11\/2019-A021.jpg 1199w\" sizes=\"auto, (max-width: 660px) 100vw, 660px\" \/><\/span><\/a><\/div>\r\n\t\r\n\t\t\r\n\t\t<div class='fg-wp-caption-text fg-gallery-caption'><div class='caption-container'>\r\n\t\t<b>Liebe und Tod<\/b>\r\n<br\/>Gr\u00f6\u00dfe: 40x30cm<span class='BildPreis'>600 \u20ac inkl. Rahmen<\/span>\r\n<br\/>\r\n<p>&nbsp;<\/p>\r\n\t\t<\/div><\/div><\/div><\/div><div class='fg-gallery-item'>\r\n\t\t<div class='gallery-icon portrait '>\r\n\t\t<div class='fg_zoom'><img loading=\"lazy\" decoding=\"async\" width=\"660\" height=\"665\" src=\"https:\/\/www.zen-malerei.de\/wp-content\/uploads\/2023\/11\/2019-A023-1016x1024.jpg\" class=\"attachment-large size-large\" alt=\"\" srcset=\"https:\/\/www.zen-malerei.de\/wp-content\/uploads\/2023\/11\/2019-A023-1016x1024.jpg 1016w, https:\/\/www.zen-malerei.de\/wp-content\/uploads\/2023\/11\/2019-A023-298x300.jpg 298w, https:\/\/www.zen-malerei.de\/wp-content\/uploads\/2023\/11\/2019-A023-150x150.jpg 150w, https:\/\/www.zen-malerei.de\/wp-content\/uploads\/2023\/11\/2019-A023-768x774.jpg 768w, https:\/\/www.zen-malerei.de\/wp-content\/uploads\/2023\/11\/2019-A023-1524x1536.jpg 1524w, https:\/\/www.zen-malerei.de\/wp-content\/uploads\/2023\/11\/2019-A023-500x504.jpg 500w, https:\/\/www.zen-malerei.de\/wp-content\/uploads\/2023\/11\/2019-A023-1000x1008.jpg 1000w, https:\/\/www.zen-malerei.de\/wp-content\/uploads\/2023\/11\/2019-A023.jpg 1588w\" sizes=\"auto, (max-width: 660px) 100vw, 660px\" \/><a href='https:\/\/www.zen-malerei.de\/wp-content\/uploads\/2023\/11\/2019-A023-1016x1024.jpg' title=\"<b>Mystischer Tod - der Weg zum  ewigen Leben<\/b>\r\n<br\/>Gr\u00f6\u00dfe: 30cm rund<span class='BildPreis'>600 \u20ac inkl. Rahmen<\/span>\r\n<br\/>\r\n<p>&nbsp;<\/p>\" data-rel='prettyPhoto[album]' class='fg_magnificPopup'><span class='fg-zoom-icon icon-plus'><\/span><span style='display:none'><img loading=\"lazy\" decoding=\"async\" width=\"660\" height=\"665\" src=\"https:\/\/www.zen-malerei.de\/wp-content\/uploads\/2023\/11\/2019-A023-1016x1024.jpg\" class=\"attachment-large size-large\" alt=\"\" srcset=\"https:\/\/www.zen-malerei.de\/wp-content\/uploads\/2023\/11\/2019-A023-1016x1024.jpg 1016w, https:\/\/www.zen-malerei.de\/wp-content\/uploads\/2023\/11\/2019-A023-298x300.jpg 298w, https:\/\/www.zen-malerei.de\/wp-content\/uploads\/2023\/11\/2019-A023-150x150.jpg 150w, https:\/\/www.zen-malerei.de\/wp-content\/uploads\/2023\/11\/2019-A023-768x774.jpg 768w, https:\/\/www.zen-malerei.de\/wp-content\/uploads\/2023\/11\/2019-A023-1524x1536.jpg 1524w, https:\/\/www.zen-malerei.de\/wp-content\/uploads\/2023\/11\/2019-A023-500x504.jpg 500w, https:\/\/www.zen-malerei.de\/wp-content\/uploads\/2023\/11\/2019-A023-1000x1008.jpg 1000w, https:\/\/www.zen-malerei.de\/wp-content\/uploads\/2023\/11\/2019-A023.jpg 1588w\" sizes=\"auto, (max-width: 660px) 100vw, 660px\" \/><\/span><\/a><\/div>\r\n\t\r\n\t\t\r\n\t\t<div class='fg-wp-caption-text fg-gallery-caption'><div class='caption-container'>\r\n\t\t<b>Mystischer Tod &#8211; der Weg zum  ewigen Leben<\/b>\r\n<br\/>Gr\u00f6\u00dfe: 30cm rund<span class='BildPreis'>600 \u20ac inkl. Rahmen<\/span>\r\n<br\/>\r\n<p>&nbsp;<\/p>\r\n\t\t<\/div><\/div><\/div><\/div><div class='fg-gallery-item'>\r\n\t\t<div class='gallery-icon landscape '>\r\n\t\t<div class='fg_zoom'><img loading=\"lazy\" decoding=\"async\" width=\"660\" height=\"487\" src=\"https:\/\/www.zen-malerei.de\/wp-content\/uploads\/2023\/11\/2019-A025-1024x755.jpg\" class=\"attachment-large size-large\" alt=\"\" srcset=\"https:\/\/www.zen-malerei.de\/wp-content\/uploads\/2023\/11\/2019-A025-1024x755.jpg 1024w, https:\/\/www.zen-malerei.de\/wp-content\/uploads\/2023\/11\/2019-A025-300x221.jpg 300w, https:\/\/www.zen-malerei.de\/wp-content\/uploads\/2023\/11\/2019-A025-768x566.jpg 768w, https:\/\/www.zen-malerei.de\/wp-content\/uploads\/2023\/11\/2019-A025-1536x1132.jpg 1536w, https:\/\/www.zen-malerei.de\/wp-content\/uploads\/2023\/11\/2019-A025-500x368.jpg 500w, https:\/\/www.zen-malerei.de\/wp-content\/uploads\/2023\/11\/2019-A025-1000x737.jpg 1000w, https:\/\/www.zen-malerei.de\/wp-content\/uploads\/2023\/11\/2019-A025.jpg 1600w\" sizes=\"auto, (max-width: 660px) 100vw, 660px\" \/><a href='https:\/\/www.zen-malerei.de\/wp-content\/uploads\/2023\/11\/2019-A025-1024x755.jpg' title=\"<b>Milarepa - h\u00f6ren auf den  kosmischen Urklang<\/b>\r\n<br\/>Gr\u00f6\u00dfe: 23x31,5cm<span class='BildPreis'>650 \u20ac inkl. Rahmen<\/span>\r\n<br\/>\r\n<p>&nbsp;<\/p>\" data-rel='prettyPhoto[album]' class='fg_magnificPopup'><span class='fg-zoom-icon icon-plus'><\/span><span style='display:none'><img loading=\"lazy\" decoding=\"async\" width=\"660\" height=\"487\" src=\"https:\/\/www.zen-malerei.de\/wp-content\/uploads\/2023\/11\/2019-A025-1024x755.jpg\" class=\"attachment-large size-large\" alt=\"\" srcset=\"https:\/\/www.zen-malerei.de\/wp-content\/uploads\/2023\/11\/2019-A025-1024x755.jpg 1024w, https:\/\/www.zen-malerei.de\/wp-content\/uploads\/2023\/11\/2019-A025-300x221.jpg 300w, https:\/\/www.zen-malerei.de\/wp-content\/uploads\/2023\/11\/2019-A025-768x566.jpg 768w, https:\/\/www.zen-malerei.de\/wp-content\/uploads\/2023\/11\/2019-A025-1536x1132.jpg 1536w, https:\/\/www.zen-malerei.de\/wp-content\/uploads\/2023\/11\/2019-A025-500x368.jpg 500w, https:\/\/www.zen-malerei.de\/wp-content\/uploads\/2023\/11\/2019-A025-1000x737.jpg 1000w, https:\/\/www.zen-malerei.de\/wp-content\/uploads\/2023\/11\/2019-A025.jpg 1600w\" sizes=\"auto, (max-width: 660px) 100vw, 660px\" \/><\/span><\/a><\/div>\r\n\t\r\n\t\t\r\n\t\t<div class='fg-wp-caption-text fg-gallery-caption'><div class='caption-container'>\r\n\t\t<b>Milarepa &#8211; h\u00f6ren auf den  kosmischen Urklang<\/b>\r\n<br\/>Gr\u00f6\u00dfe: 23&#215;31,5cm<span class='BildPreis'>650 \u20ac inkl. Rahmen<\/span>\r\n<br\/>\r\n<p>&nbsp;<\/p>\r\n\t\t<\/div><\/div><\/div><\/div><div class='fg-gallery-item'>\r\n\t\t<div class='gallery-icon portrait '>\r\n\t\t<div class='fg_zoom'><img loading=\"lazy\" decoding=\"async\" width=\"660\" height=\"895\" src=\"https:\/\/www.zen-malerei.de\/wp-content\/uploads\/2023\/11\/2019-A026-755x1024.jpg\" class=\"attachment-large size-large\" alt=\"\" srcset=\"https:\/\/www.zen-malerei.de\/wp-content\/uploads\/2023\/11\/2019-A026-755x1024.jpg 755w, https:\/\/www.zen-malerei.de\/wp-content\/uploads\/2023\/11\/2019-A026-221x300.jpg 221w, https:\/\/www.zen-malerei.de\/wp-content\/uploads\/2023\/11\/2019-A026-768x1042.jpg 768w, https:\/\/www.zen-malerei.de\/wp-content\/uploads\/2023\/11\/2019-A026-1132x1536.jpg 1132w, https:\/\/www.zen-malerei.de\/wp-content\/uploads\/2023\/11\/2019-A026-500x679.jpg 500w, https:\/\/www.zen-malerei.de\/wp-content\/uploads\/2023\/11\/2019-A026-1000x1357.jpg 1000w, https:\/\/www.zen-malerei.de\/wp-content\/uploads\/2023\/11\/2019-A026.jpg 1179w\" sizes=\"auto, (max-width: 660px) 100vw, 660px\" \/><a href='https:\/\/www.zen-malerei.de\/wp-content\/uploads\/2023\/11\/2019-A026-755x1024.jpg' title=\"<b>Samanthabhadra<\/b>\r\n<br\/>Gr\u00f6\u00dfe: 31,5x23cm<span class='BildPreis'>650 \u20ac inkl. Rahmen<\/span>\r\n<br\/>\r\n<p>&nbsp;<\/p>\" data-rel='prettyPhoto[album]' class='fg_magnificPopup'><span class='fg-zoom-icon icon-plus'><\/span><span style='display:none'><img loading=\"lazy\" decoding=\"async\" width=\"660\" height=\"895\" src=\"https:\/\/www.zen-malerei.de\/wp-content\/uploads\/2023\/11\/2019-A026-755x1024.jpg\" class=\"attachment-large size-large\" alt=\"\" srcset=\"https:\/\/www.zen-malerei.de\/wp-content\/uploads\/2023\/11\/2019-A026-755x1024.jpg 755w, https:\/\/www.zen-malerei.de\/wp-content\/uploads\/2023\/11\/2019-A026-221x300.jpg 221w, https:\/\/www.zen-malerei.de\/wp-content\/uploads\/2023\/11\/2019-A026-768x1042.jpg 768w, https:\/\/www.zen-malerei.de\/wp-content\/uploads\/2023\/11\/2019-A026-1132x1536.jpg 1132w, https:\/\/www.zen-malerei.de\/wp-content\/uploads\/2023\/11\/2019-A026-500x679.jpg 500w, https:\/\/www.zen-malerei.de\/wp-content\/uploads\/2023\/11\/2019-A026-1000x1357.jpg 1000w, https:\/\/www.zen-malerei.de\/wp-content\/uploads\/2023\/11\/2019-A026.jpg 1179w\" sizes=\"auto, (max-width: 660px) 100vw, 660px\" \/><\/span><\/a><\/div>\r\n\t\r\n\t\t\r\n\t\t<div class='fg-wp-caption-text fg-gallery-caption'><div class='caption-container'>\r\n\t\t<b>Samanthabhadra<\/b>\r\n<br\/>Gr\u00f6\u00dfe: 31,5x23cm<span class='BildPreis'>650 \u20ac inkl. Rahmen<\/span>\r\n<br\/>\r\n<p>&nbsp;<\/p>\r\n\t\t<\/div><\/div><\/div><\/div><div class='fg-gallery-item'>\r\n\t\t<div class='gallery-icon portrait '>\r\n\t\t<div class='fg_zoom'><img loading=\"lazy\" decoding=\"async\" width=\"660\" height=\"892\" src=\"https:\/\/www.zen-malerei.de\/wp-content\/uploads\/2023\/11\/2019-A029-758x1024.jpg\" class=\"attachment-large size-large\" alt=\"\" srcset=\"https:\/\/www.zen-malerei.de\/wp-content\/uploads\/2023\/11\/2019-A029-758x1024.jpg 758w, https:\/\/www.zen-malerei.de\/wp-content\/uploads\/2023\/11\/2019-A029-222x300.jpg 222w, https:\/\/www.zen-malerei.de\/wp-content\/uploads\/2023\/11\/2019-A029-768x1037.jpg 768w, https:\/\/www.zen-malerei.de\/wp-content\/uploads\/2023\/11\/2019-A029-1138x1536.jpg 1138w, https:\/\/www.zen-malerei.de\/wp-content\/uploads\/2023\/11\/2019-A029-500x675.jpg 500w, https:\/\/www.zen-malerei.de\/wp-content\/uploads\/2023\/11\/2019-A029-1000x1350.jpg 1000w, https:\/\/www.zen-malerei.de\/wp-content\/uploads\/2023\/11\/2019-A029.jpg 1185w\" sizes=\"auto, (max-width: 660px) 100vw, 660px\" \/><a href='https:\/\/www.zen-malerei.de\/wp-content\/uploads\/2023\/11\/2019-A029-758x1024.jpg' title=\"<b>Heilige Trinit\u00e4t <\/b>\r\n<br\/>Gr\u00f6\u00dfe: 40x30cm<span class='BildPreis'>500 \u20ac inkl. Rahmen<\/span>\r\n<br\/>\r\n<p>&nbsp;<\/p>\" data-rel='prettyPhoto[album]' class='fg_magnificPopup'><span class='fg-zoom-icon icon-plus'><\/span><span style='display:none'><img loading=\"lazy\" decoding=\"async\" width=\"660\" height=\"892\" src=\"https:\/\/www.zen-malerei.de\/wp-content\/uploads\/2023\/11\/2019-A029-758x1024.jpg\" class=\"attachment-large size-large\" alt=\"\" srcset=\"https:\/\/www.zen-malerei.de\/wp-content\/uploads\/2023\/11\/2019-A029-758x1024.jpg 758w, https:\/\/www.zen-malerei.de\/wp-content\/uploads\/2023\/11\/2019-A029-222x300.jpg 222w, https:\/\/www.zen-malerei.de\/wp-content\/uploads\/2023\/11\/2019-A029-768x1037.jpg 768w, https:\/\/www.zen-malerei.de\/wp-content\/uploads\/2023\/11\/2019-A029-1138x1536.jpg 1138w, https:\/\/www.zen-malerei.de\/wp-content\/uploads\/2023\/11\/2019-A029-500x675.jpg 500w, https:\/\/www.zen-malerei.de\/wp-content\/uploads\/2023\/11\/2019-A029-1000x1350.jpg 1000w, https:\/\/www.zen-malerei.de\/wp-content\/uploads\/2023\/11\/2019-A029.jpg 1185w\" sizes=\"auto, (max-width: 660px) 100vw, 660px\" \/><\/span><\/a><\/div>\r\n\t\r\n\t\t\r\n\t\t<div class='fg-wp-caption-text fg-gallery-caption'><div class='caption-container'>\r\n\t\t<b>Heilige Trinit\u00e4t <\/b>\r\n<br\/>Gr\u00f6\u00dfe: 40x30cm<span class='BildPreis'>500 \u20ac inkl. Rahmen<\/span>\r\n<br\/>\r\n<p>&nbsp;<\/p>\r\n\t\t<\/div><\/div><\/div><\/div><div class='fg-gallery-item'>\r\n\t\t<div class='gallery-icon landscape '>\r\n\t\t<div class='fg_zoom'><img loading=\"lazy\" decoding=\"async\" width=\"660\" height=\"657\" src=\"https:\/\/www.zen-malerei.de\/wp-content\/uploads\/2023\/11\/2019-A030-1024x1020.jpg\" class=\"attachment-large size-large\" alt=\"\" srcset=\"https:\/\/www.zen-malerei.de\/wp-content\/uploads\/2023\/11\/2019-A030-1024x1020.jpg 1024w, https:\/\/www.zen-malerei.de\/wp-content\/uploads\/2023\/11\/2019-A030-300x300.jpg 300w, https:\/\/www.zen-malerei.de\/wp-content\/uploads\/2023\/11\/2019-A030-150x150.jpg 150w, https:\/\/www.zen-malerei.de\/wp-content\/uploads\/2023\/11\/2019-A030-768x765.jpg 768w, https:\/\/www.zen-malerei.de\/wp-content\/uploads\/2023\/11\/2019-A030-1536x1529.jpg 1536w, https:\/\/www.zen-malerei.de\/wp-content\/uploads\/2023\/11\/2019-A030-500x498.jpg 500w, https:\/\/www.zen-malerei.de\/wp-content\/uploads\/2023\/11\/2019-A030-1000x996.jpg 1000w, https:\/\/www.zen-malerei.de\/wp-content\/uploads\/2023\/11\/2019-A030.jpg 1600w\" sizes=\"auto, (max-width: 660px) 100vw, 660px\" \/><a href='https:\/\/www.zen-malerei.de\/wp-content\/uploads\/2023\/11\/2019-A030-1024x1020.jpg' title=\"<b>Meditative Klarheit <\/b>\r\n<br\/>Gr\u00f6\u00dfe: 40x40cm<span class='BildPreis'><b>VERKAUFT<\/b><\/span>\r\n<br\/>\r\n<p>&nbsp;<\/p>\" data-rel='prettyPhoto[album]' class='fg_magnificPopup'><span class='fg-zoom-icon icon-plus'><\/span><span style='display:none'><img loading=\"lazy\" decoding=\"async\" width=\"660\" height=\"657\" src=\"https:\/\/www.zen-malerei.de\/wp-content\/uploads\/2023\/11\/2019-A030-1024x1020.jpg\" class=\"attachment-large size-large\" alt=\"\" srcset=\"https:\/\/www.zen-malerei.de\/wp-content\/uploads\/2023\/11\/2019-A030-1024x1020.jpg 1024w, https:\/\/www.zen-malerei.de\/wp-content\/uploads\/2023\/11\/2019-A030-300x300.jpg 300w, https:\/\/www.zen-malerei.de\/wp-content\/uploads\/2023\/11\/2019-A030-150x150.jpg 150w, https:\/\/www.zen-malerei.de\/wp-content\/uploads\/2023\/11\/2019-A030-768x765.jpg 768w, https:\/\/www.zen-malerei.de\/wp-content\/uploads\/2023\/11\/2019-A030-1536x1529.jpg 1536w, https:\/\/www.zen-malerei.de\/wp-content\/uploads\/2023\/11\/2019-A030-500x498.jpg 500w, https:\/\/www.zen-malerei.de\/wp-content\/uploads\/2023\/11\/2019-A030-1000x996.jpg 1000w, https:\/\/www.zen-malerei.de\/wp-content\/uploads\/2023\/11\/2019-A030.jpg 1600w\" sizes=\"auto, (max-width: 660px) 100vw, 660px\" \/><\/span><\/a><\/div>\r\n\t\r\n\t\t\r\n\t\t<div class='fg-wp-caption-text fg-gallery-caption'><div class='caption-container'>\r\n\t\t<b>Meditative Klarheit <\/b>\r\n<br\/>Gr\u00f6\u00dfe: 40x40cm<span class='BildPreis'><b>VERKAUFT<\/b><\/span>\r\n<br\/>\r\n<p>&nbsp;<\/p>\r\n\t\t<\/div><\/div><\/div><\/div><div class='fg-gallery-item'>\r\n\t\t<div class='gallery-icon portrait '>\r\n\t\t<div class='fg_zoom'><img loading=\"lazy\" decoding=\"async\" width=\"660\" height=\"889\" src=\"https:\/\/www.zen-malerei.de\/wp-content\/uploads\/2023\/11\/2019-A050-760x1024.jpg\" class=\"attachment-large size-large\" alt=\"\" srcset=\"https:\/\/www.zen-malerei.de\/wp-content\/uploads\/2023\/11\/2019-A050-760x1024.jpg 760w, https:\/\/www.zen-malerei.de\/wp-content\/uploads\/2023\/11\/2019-A050-223x300.jpg 223w, https:\/\/www.zen-malerei.de\/wp-content\/uploads\/2023\/11\/2019-A050-768x1034.jpg 768w, https:\/\/www.zen-malerei.de\/wp-content\/uploads\/2023\/11\/2019-A050-1140x1536.jpg 1140w, https:\/\/www.zen-malerei.de\/wp-content\/uploads\/2023\/11\/2019-A050-500x673.jpg 500w, https:\/\/www.zen-malerei.de\/wp-content\/uploads\/2023\/11\/2019-A050-1000x1347.jpg 1000w, https:\/\/www.zen-malerei.de\/wp-content\/uploads\/2023\/11\/2019-A050.jpg 1188w\" sizes=\"auto, (max-width: 660px) 100vw, 660px\" \/><a href='https:\/\/www.zen-malerei.de\/wp-content\/uploads\/2023\/11\/2019-A050-760x1024.jpg' title=\"<b>Mystische Klarschau<\/b>\r\n<br\/>Gr\u00f6\u00dfe: 48x36cm<span class='BildPreis'>1.200 \u20ac inkl. Rahmen<\/span>\r\n<br\/>\r\n<p>&nbsp;<\/p>\" data-rel='prettyPhoto[album]' class='fg_magnificPopup'><span class='fg-zoom-icon icon-plus'><\/span><span style='display:none'><img loading=\"lazy\" decoding=\"async\" width=\"660\" height=\"889\" src=\"https:\/\/www.zen-malerei.de\/wp-content\/uploads\/2023\/11\/2019-A050-760x1024.jpg\" class=\"attachment-large size-large\" alt=\"\" srcset=\"https:\/\/www.zen-malerei.de\/wp-content\/uploads\/2023\/11\/2019-A050-760x1024.jpg 760w, https:\/\/www.zen-malerei.de\/wp-content\/uploads\/2023\/11\/2019-A050-223x300.jpg 223w, https:\/\/www.zen-malerei.de\/wp-content\/uploads\/2023\/11\/2019-A050-768x1034.jpg 768w, https:\/\/www.zen-malerei.de\/wp-content\/uploads\/2023\/11\/2019-A050-1140x1536.jpg 1140w, https:\/\/www.zen-malerei.de\/wp-content\/uploads\/2023\/11\/2019-A050-500x673.jpg 500w, https:\/\/www.zen-malerei.de\/wp-content\/uploads\/2023\/11\/2019-A050-1000x1347.jpg 1000w, https:\/\/www.zen-malerei.de\/wp-content\/uploads\/2023\/11\/2019-A050.jpg 1188w\" sizes=\"auto, (max-width: 660px) 100vw, 660px\" \/><\/span><\/a><\/div>\r\n\t\r\n\t\t\r\n\t\t<div class='fg-wp-caption-text fg-gallery-caption'><div class='caption-container'>\r\n\t\t<b>Mystische Klarschau<\/b>\r\n<br\/>Gr\u00f6\u00dfe: 48x36cm<span class='BildPreis'>1.200 \u20ac inkl. Rahmen<\/span>\r\n<br\/>\r\n<p>&nbsp;<\/p>\r\n\t\t<\/div><\/div><\/div><\/div><div class='fg-gallery-item'>\r\n\t\t<div class='gallery-icon portrait '>\r\n\t\t<div class='fg_zoom'><img loading=\"lazy\" decoding=\"async\" width=\"660\" height=\"842\" src=\"https:\/\/www.zen-malerei.de\/wp-content\/uploads\/2023\/11\/2019-A053-803x1024.jpg\" class=\"attachment-large size-large\" alt=\"\" srcset=\"https:\/\/www.zen-malerei.de\/wp-content\/uploads\/2023\/11\/2019-A053-803x1024.jpg 803w, https:\/\/www.zen-malerei.de\/wp-content\/uploads\/2023\/11\/2019-A053-235x300.jpg 235w, https:\/\/www.zen-malerei.de\/wp-content\/uploads\/2023\/11\/2019-A053-768x980.jpg 768w, https:\/\/www.zen-malerei.de\/wp-content\/uploads\/2023\/11\/2019-A053-1204x1536.jpg 1204w, https:\/\/www.zen-malerei.de\/wp-content\/uploads\/2023\/11\/2019-A053-500x638.jpg 500w, https:\/\/www.zen-malerei.de\/wp-content\/uploads\/2023\/11\/2019-A053-1000x1276.jpg 1000w, https:\/\/www.zen-malerei.de\/wp-content\/uploads\/2023\/11\/2019-A053.jpg 1254w\" sizes=\"auto, (max-width: 660px) 100vw, 660px\" \/><a href='https:\/\/www.zen-malerei.de\/wp-content\/uploads\/2023\/11\/2019-A053-803x1024.jpg' title=\"<b>Vairocana - der Buddha der spiegelgleichen Weisheit<\/b>\r\n<br\/>Gr\u00f6\u00dfe: 64x50cm<span class='BildPreis'>1.250 \u20ac inkl. Rahmen<\/span>\r\n<br\/>\r\n<p>&nbsp;<\/p>\" data-rel='prettyPhoto[album]' class='fg_magnificPopup'><span class='fg-zoom-icon icon-plus'><\/span><span style='display:none'><img loading=\"lazy\" decoding=\"async\" width=\"660\" height=\"842\" src=\"https:\/\/www.zen-malerei.de\/wp-content\/uploads\/2023\/11\/2019-A053-803x1024.jpg\" class=\"attachment-large size-large\" alt=\"\" srcset=\"https:\/\/www.zen-malerei.de\/wp-content\/uploads\/2023\/11\/2019-A053-803x1024.jpg 803w, https:\/\/www.zen-malerei.de\/wp-content\/uploads\/2023\/11\/2019-A053-235x300.jpg 235w, https:\/\/www.zen-malerei.de\/wp-content\/uploads\/2023\/11\/2019-A053-768x980.jpg 768w, https:\/\/www.zen-malerei.de\/wp-content\/uploads\/2023\/11\/2019-A053-1204x1536.jpg 1204w, https:\/\/www.zen-malerei.de\/wp-content\/uploads\/2023\/11\/2019-A053-500x638.jpg 500w, https:\/\/www.zen-malerei.de\/wp-content\/uploads\/2023\/11\/2019-A053-1000x1276.jpg 1000w, https:\/\/www.zen-malerei.de\/wp-content\/uploads\/2023\/11\/2019-A053.jpg 1254w\" sizes=\"auto, (max-width: 660px) 100vw, 660px\" \/><\/span><\/a><\/div>\r\n\t\r\n\t\t\r\n\t\t<div class='fg-wp-caption-text fg-gallery-caption'><div class='caption-container'>\r\n\t\t<b>Vairocana &#8211; der Buddha der spiegelgleichen Weisheit<\/b>\r\n<br\/>Gr\u00f6\u00dfe: 64x50cm<span class='BildPreis'>1.250 \u20ac inkl. Rahmen<\/span>\r\n<br\/>\r\n<p>&nbsp;<\/p>\r\n\t\t<\/div><\/div><\/div><\/div><div class='fg-gallery-item'>\r\n\t\t<div class='gallery-icon portrait '>\r\n\t\t<div class='fg_zoom'><img loading=\"lazy\" decoding=\"async\" width=\"660\" height=\"952\" src=\"https:\/\/www.zen-malerei.de\/wp-content\/uploads\/2023\/11\/2019-A057-710x1024.jpg\" class=\"attachment-large size-large\" alt=\"\" srcset=\"https:\/\/www.zen-malerei.de\/wp-content\/uploads\/2023\/11\/2019-A057-710x1024.jpg 710w, https:\/\/www.zen-malerei.de\/wp-content\/uploads\/2023\/11\/2019-A057-208x300.jpg 208w, https:\/\/www.zen-malerei.de\/wp-content\/uploads\/2023\/11\/2019-A057-768x1108.jpg 768w, https:\/\/www.zen-malerei.de\/wp-content\/uploads\/2023\/11\/2019-A057-1065x1536.jpg 1065w, https:\/\/www.zen-malerei.de\/wp-content\/uploads\/2023\/11\/2019-A057-500x721.jpg 500w, https:\/\/www.zen-malerei.de\/wp-content\/uploads\/2023\/11\/2019-A057-1000x1443.jpg 1000w, https:\/\/www.zen-malerei.de\/wp-content\/uploads\/2023\/11\/2019-A057.jpg 1109w\" sizes=\"auto, (max-width: 660px) 100vw, 660px\" \/><a href='https:\/\/www.zen-malerei.de\/wp-content\/uploads\/2023\/11\/2019-A057-710x1024.jpg' title=\"<b>Buddha Manjushri - die nichtunterscheidende Weisheit<\/b>\r\n<br\/>Gr\u00f6\u00dfe: 26x18cm<span class='BildPreis'>400 \u20ac inkl. Rahmen<\/span>\r\n<br\/>\r\n<p>&nbsp;<\/p>\" data-rel='prettyPhoto[album]' class='fg_magnificPopup'><span class='fg-zoom-icon icon-plus'><\/span><span style='display:none'><img loading=\"lazy\" decoding=\"async\" width=\"660\" height=\"952\" src=\"https:\/\/www.zen-malerei.de\/wp-content\/uploads\/2023\/11\/2019-A057-710x1024.jpg\" class=\"attachment-large size-large\" alt=\"\" srcset=\"https:\/\/www.zen-malerei.de\/wp-content\/uploads\/2023\/11\/2019-A057-710x1024.jpg 710w, https:\/\/www.zen-malerei.de\/wp-content\/uploads\/2023\/11\/2019-A057-208x300.jpg 208w, https:\/\/www.zen-malerei.de\/wp-content\/uploads\/2023\/11\/2019-A057-768x1108.jpg 768w, https:\/\/www.zen-malerei.de\/wp-content\/uploads\/2023\/11\/2019-A057-1065x1536.jpg 1065w, https:\/\/www.zen-malerei.de\/wp-content\/uploads\/2023\/11\/2019-A057-500x721.jpg 500w, https:\/\/www.zen-malerei.de\/wp-content\/uploads\/2023\/11\/2019-A057-1000x1443.jpg 1000w, https:\/\/www.zen-malerei.de\/wp-content\/uploads\/2023\/11\/2019-A057.jpg 1109w\" sizes=\"auto, (max-width: 660px) 100vw, 660px\" \/><\/span><\/a><\/div>\r\n\t\r\n\t\t\r\n\t\t<div class='fg-wp-caption-text fg-gallery-caption'><div class='caption-container'>\r\n\t\t<b>Buddha Manjushri &#8211; die nichtunterscheidende Weisheit<\/b>\r\n<br\/>Gr\u00f6\u00dfe: 26x18cm<span class='BildPreis'>400 \u20ac inkl. Rahmen<\/span>\r\n<br\/>\r\n<p>&nbsp;<\/p>\r\n\t\t<\/div><\/div><\/div><\/div><div class='fg-gallery-item'>\r\n\t\t<div class='gallery-icon landscape '>\r\n\t\t<div class='fg_zoom'><img loading=\"lazy\" decoding=\"async\" width=\"660\" height=\"456\" src=\"https:\/\/www.zen-malerei.de\/wp-content\/uploads\/2023\/11\/2020-A002-1024x707.jpg\" class=\"attachment-large size-large\" alt=\"\" srcset=\"https:\/\/www.zen-malerei.de\/wp-content\/uploads\/2023\/11\/2020-A002-1024x707.jpg 1024w, https:\/\/www.zen-malerei.de\/wp-content\/uploads\/2023\/11\/2020-A002-300x207.jpg 300w, https:\/\/www.zen-malerei.de\/wp-content\/uploads\/2023\/11\/2020-A002-768x530.jpg 768w, https:\/\/www.zen-malerei.de\/wp-content\/uploads\/2023\/11\/2020-A002-1536x1060.jpg 1536w, https:\/\/www.zen-malerei.de\/wp-content\/uploads\/2023\/11\/2020-A002-500x345.jpg 500w, https:\/\/www.zen-malerei.de\/wp-content\/uploads\/2023\/11\/2020-A002-1000x690.jpg 1000w, https:\/\/www.zen-malerei.de\/wp-content\/uploads\/2023\/11\/2020-A002.jpg 1600w\" sizes=\"auto, (max-width: 660px) 100vw, 660px\" \/><a href='https:\/\/www.zen-malerei.de\/wp-content\/uploads\/2023\/11\/2020-A002-1024x707.jpg' title=\"<b>Bashos Fr\u00f6schlein<\/b>\r\n<br\/>Gr\u00f6\u00dfe: 35,5x51cm<span class='BildPreis'>900 \u20ac inkl. Rahmen<\/span>\r\n<br\/>\r\n<p>&nbsp;<\/p>\" data-rel='prettyPhoto[album]' class='fg_magnificPopup'><span class='fg-zoom-icon icon-plus'><\/span><span style='display:none'><img loading=\"lazy\" decoding=\"async\" width=\"660\" height=\"456\" src=\"https:\/\/www.zen-malerei.de\/wp-content\/uploads\/2023\/11\/2020-A002-1024x707.jpg\" class=\"attachment-large size-large\" alt=\"\" srcset=\"https:\/\/www.zen-malerei.de\/wp-content\/uploads\/2023\/11\/2020-A002-1024x707.jpg 1024w, https:\/\/www.zen-malerei.de\/wp-content\/uploads\/2023\/11\/2020-A002-300x207.jpg 300w, https:\/\/www.zen-malerei.de\/wp-content\/uploads\/2023\/11\/2020-A002-768x530.jpg 768w, https:\/\/www.zen-malerei.de\/wp-content\/uploads\/2023\/11\/2020-A002-1536x1060.jpg 1536w, https:\/\/www.zen-malerei.de\/wp-content\/uploads\/2023\/11\/2020-A002-500x345.jpg 500w, https:\/\/www.zen-malerei.de\/wp-content\/uploads\/2023\/11\/2020-A002-1000x690.jpg 1000w, https:\/\/www.zen-malerei.de\/wp-content\/uploads\/2023\/11\/2020-A002.jpg 1600w\" sizes=\"auto, (max-width: 660px) 100vw, 660px\" \/><\/span><\/a><\/div>\r\n\t\r\n\t\t\r\n\t\t<div class='fg-wp-caption-text fg-gallery-caption'><div class='caption-container'>\r\n\t\t<b>Bashos Fr\u00f6schlein<\/b>\r\n<br\/>Gr\u00f6\u00dfe: 35,5x51cm<span class='BildPreis'>900 \u20ac inkl. Rahmen<\/span>\r\n<br\/>\r\n<p>&nbsp;<\/p>\r\n\t\t<\/div><\/div><\/div><\/div><div class='fg-gallery-item'>\r\n\t\t<div class='gallery-icon portrait '>\r\n\t\t<div class='fg_zoom'><img loading=\"lazy\" decoding=\"async\" width=\"660\" height=\"881\" src=\"https:\/\/www.zen-malerei.de\/wp-content\/uploads\/2023\/11\/2020-A005-767x1024.jpg\" class=\"attachment-large size-large\" alt=\"\" srcset=\"https:\/\/www.zen-malerei.de\/wp-content\/uploads\/2023\/11\/2020-A005-767x1024.jpg 767w, https:\/\/www.zen-malerei.de\/wp-content\/uploads\/2023\/11\/2020-A005-225x300.jpg 225w, https:\/\/www.zen-malerei.de\/wp-content\/uploads\/2023\/11\/2020-A005-768x1025.jpg 768w, https:\/\/www.zen-malerei.de\/wp-content\/uploads\/2023\/11\/2020-A005-1151x1536.jpg 1151w, https:\/\/www.zen-malerei.de\/wp-content\/uploads\/2023\/11\/2020-A005-500x667.jpg 500w, https:\/\/www.zen-malerei.de\/wp-content\/uploads\/2023\/11\/2020-A005-1000x1334.jpg 1000w, https:\/\/www.zen-malerei.de\/wp-content\/uploads\/2023\/11\/2020-A005.jpg 1199w\" sizes=\"auto, (max-width: 660px) 100vw, 660px\" \/><a href='https:\/\/www.zen-malerei.de\/wp-content\/uploads\/2023\/11\/2020-A005-767x1024.jpg' title=\"<b>Unio Mystica - Einswerdung mit dem G\u00f6ttlichen<\/b>\r\n<br\/>Gr\u00f6\u00dfe: 48x36cm<span class='BildPreis'>850 \u20ac inkl. Rahmen<\/span>\r\n<br\/>\r\n<p>&nbsp;<\/p>\" data-rel='prettyPhoto[album]' class='fg_magnificPopup'><span class='fg-zoom-icon icon-plus'><\/span><span style='display:none'><img loading=\"lazy\" decoding=\"async\" width=\"660\" height=\"881\" src=\"https:\/\/www.zen-malerei.de\/wp-content\/uploads\/2023\/11\/2020-A005-767x1024.jpg\" class=\"attachment-large size-large\" alt=\"\" srcset=\"https:\/\/www.zen-malerei.de\/wp-content\/uploads\/2023\/11\/2020-A005-767x1024.jpg 767w, https:\/\/www.zen-malerei.de\/wp-content\/uploads\/2023\/11\/2020-A005-225x300.jpg 225w, https:\/\/www.zen-malerei.de\/wp-content\/uploads\/2023\/11\/2020-A005-768x1025.jpg 768w, https:\/\/www.zen-malerei.de\/wp-content\/uploads\/2023\/11\/2020-A005-1151x1536.jpg 1151w, https:\/\/www.zen-malerei.de\/wp-content\/uploads\/2023\/11\/2020-A005-500x667.jpg 500w, https:\/\/www.zen-malerei.de\/wp-content\/uploads\/2023\/11\/2020-A005-1000x1334.jpg 1000w, https:\/\/www.zen-malerei.de\/wp-content\/uploads\/2023\/11\/2020-A005.jpg 1199w\" sizes=\"auto, (max-width: 660px) 100vw, 660px\" \/><\/span><\/a><\/div>\r\n\t\r\n\t\t\r\n\t\t<div class='fg-wp-caption-text fg-gallery-caption'><div class='caption-container'>\r\n\t\t<b>Unio Mystica &#8211; Einswerdung mit dem G\u00f6ttlichen<\/b>\r\n<br\/>Gr\u00f6\u00dfe: 48x36cm<span class='BildPreis'>850 \u20ac inkl. Rahmen<\/span>\r\n<br\/>\r\n<p>&nbsp;<\/p>\r\n\t\t<\/div><\/div><\/div><\/div><div class='fg-gallery-item'>\r\n\t\t<div class='gallery-icon portrait '>\r\n\t\t<div class='fg_zoom'><img loading=\"lazy\" decoding=\"async\" width=\"660\" height=\"880\" src=\"https:\/\/www.zen-malerei.de\/wp-content\/uploads\/2023\/11\/2020-A006-768x1024.jpg\" class=\"attachment-large size-large\" alt=\"\" srcset=\"https:\/\/www.zen-malerei.de\/wp-content\/uploads\/2023\/11\/2020-A006-768x1024.jpg 768w, https:\/\/www.zen-malerei.de\/wp-content\/uploads\/2023\/11\/2020-A006-225x300.jpg 225w, https:\/\/www.zen-malerei.de\/wp-content\/uploads\/2023\/11\/2020-A006-1152x1536.jpg 1152w, https:\/\/www.zen-malerei.de\/wp-content\/uploads\/2023\/11\/2020-A006-500x667.jpg 500w, https:\/\/www.zen-malerei.de\/wp-content\/uploads\/2023\/11\/2020-A006-1000x1333.jpg 1000w, https:\/\/www.zen-malerei.de\/wp-content\/uploads\/2023\/11\/2020-A006.jpg 1200w\" sizes=\"auto, (max-width: 660px) 100vw, 660px\" \/><a href='https:\/\/www.zen-malerei.de\/wp-content\/uploads\/2023\/11\/2020-A006-768x1024.jpg' title=\"<b>G\u00f6ttliche Liebe<\/b>\r\n<br\/>Gr\u00f6\u00dfe: 56x42cm<span class='BildPreis'>1.800 \u20ac inkl. Rahmen<\/span>\r\n<br\/>\r\n<p>&nbsp;<\/p>\" data-rel='prettyPhoto[album]' class='fg_magnificPopup'><span class='fg-zoom-icon icon-plus'><\/span><span style='display:none'><img loading=\"lazy\" decoding=\"async\" width=\"660\" height=\"880\" src=\"https:\/\/www.zen-malerei.de\/wp-content\/uploads\/2023\/11\/2020-A006-768x1024.jpg\" class=\"attachment-large size-large\" alt=\"\" srcset=\"https:\/\/www.zen-malerei.de\/wp-content\/uploads\/2023\/11\/2020-A006-768x1024.jpg 768w, https:\/\/www.zen-malerei.de\/wp-content\/uploads\/2023\/11\/2020-A006-225x300.jpg 225w, https:\/\/www.zen-malerei.de\/wp-content\/uploads\/2023\/11\/2020-A006-1152x1536.jpg 1152w, https:\/\/www.zen-malerei.de\/wp-content\/uploads\/2023\/11\/2020-A006-500x667.jpg 500w, https:\/\/www.zen-malerei.de\/wp-content\/uploads\/2023\/11\/2020-A006-1000x1333.jpg 1000w, https:\/\/www.zen-malerei.de\/wp-content\/uploads\/2023\/11\/2020-A006.jpg 1200w\" sizes=\"auto, (max-width: 660px) 100vw, 660px\" \/><\/span><\/a><\/div>\r\n\t\r\n\t\t\r\n\t\t<div class='fg-wp-caption-text fg-gallery-caption'><div class='caption-container'>\r\n\t\t<b>G\u00f6ttliche Liebe<\/b>\r\n<br\/>Gr\u00f6\u00dfe: 56x42cm<span class='BildPreis'>1.800 \u20ac inkl. Rahmen<\/span>\r\n<br\/>\r\n<p>&nbsp;<\/p>\r\n\t\t<\/div><\/div><\/div><\/div><div class='fg-gallery-item'>\r\n\t\t<div class='gallery-icon landscape '>\r\n\t\t<div class='fg_zoom'><img loading=\"lazy\" decoding=\"async\" width=\"660\" height=\"491\" src=\"https:\/\/www.zen-malerei.de\/wp-content\/uploads\/2023\/11\/2020-A009-1024x762.jpg\" class=\"attachment-large size-large\" alt=\"\" srcset=\"https:\/\/www.zen-malerei.de\/wp-content\/uploads\/2023\/11\/2020-A009-1024x762.jpg 1024w, https:\/\/www.zen-malerei.de\/wp-content\/uploads\/2023\/11\/2020-A009-300x223.jpg 300w, https:\/\/www.zen-malerei.de\/wp-content\/uploads\/2023\/11\/2020-A009-768x572.jpg 768w, https:\/\/www.zen-malerei.de\/wp-content\/uploads\/2023\/11\/2020-A009-1536x1143.jpg 1536w, https:\/\/www.zen-malerei.de\/wp-content\/uploads\/2023\/11\/2020-A009-500x372.jpg 500w, https:\/\/www.zen-malerei.de\/wp-content\/uploads\/2023\/11\/2020-A009-1000x744.jpg 1000w, https:\/\/www.zen-malerei.de\/wp-content\/uploads\/2023\/11\/2020-A009.jpg 1600w\" sizes=\"auto, (max-width: 660px) 100vw, 660px\" \/><a href='https:\/\/www.zen-malerei.de\/wp-content\/uploads\/2023\/11\/2020-A009-1024x762.jpg' title=\"<b>Shaktipat - Erleuchtungsenergie<\/b>\r\n<br\/>Gr\u00f6\u00dfe: 36x48cm<span class='BildPreis'><b>VERKAUFT<\/b> (1.200 \u20ac)<\/span>\r\n<br\/>\r\n<p>&nbsp;<\/p>\" data-rel='prettyPhoto[album]' class='fg_magnificPopup'><span class='fg-zoom-icon icon-plus'><\/span><span style='display:none'><img loading=\"lazy\" decoding=\"async\" width=\"660\" height=\"491\" src=\"https:\/\/www.zen-malerei.de\/wp-content\/uploads\/2023\/11\/2020-A009-1024x762.jpg\" class=\"attachment-large size-large\" alt=\"\" srcset=\"https:\/\/www.zen-malerei.de\/wp-content\/uploads\/2023\/11\/2020-A009-1024x762.jpg 1024w, https:\/\/www.zen-malerei.de\/wp-content\/uploads\/2023\/11\/2020-A009-300x223.jpg 300w, https:\/\/www.zen-malerei.de\/wp-content\/uploads\/2023\/11\/2020-A009-768x572.jpg 768w, https:\/\/www.zen-malerei.de\/wp-content\/uploads\/2023\/11\/2020-A009-1536x1143.jpg 1536w, https:\/\/www.zen-malerei.de\/wp-content\/uploads\/2023\/11\/2020-A009-500x372.jpg 500w, https:\/\/www.zen-malerei.de\/wp-content\/uploads\/2023\/11\/2020-A009-1000x744.jpg 1000w, https:\/\/www.zen-malerei.de\/wp-content\/uploads\/2023\/11\/2020-A009.jpg 1600w\" sizes=\"auto, (max-width: 660px) 100vw, 660px\" \/><\/span><\/a><\/div>\r\n\t\r\n\t\t\r\n\t\t<div class='fg-wp-caption-text fg-gallery-caption'><div class='caption-container'>\r\n\t\t<b>Shaktipat &#8211; Erleuchtungsenergie<\/b>\r\n<br\/>Gr\u00f6\u00dfe: 36x48cm<span class='BildPreis'><b>VERKAUFT<\/b> (1.200 \u20ac)<\/span>\r\n<br\/>\r\n<p>&nbsp;<\/p>\r\n\t\t<\/div><\/div><\/div><\/div><div class='fg-gallery-item'>\r\n\t\t<div class='gallery-icon portrait '>\r\n\t\t<div class='fg_zoom'><img loading=\"lazy\" decoding=\"async\" width=\"660\" height=\"888\" src=\"https:\/\/www.zen-malerei.de\/wp-content\/uploads\/2023\/11\/2020-A014-761x1024.jpg\" class=\"attachment-large size-large\" alt=\"\" srcset=\"https:\/\/www.zen-malerei.de\/wp-content\/uploads\/2023\/11\/2020-A014-761x1024.jpg 761w, https:\/\/www.zen-malerei.de\/wp-content\/uploads\/2023\/11\/2020-A014-223x300.jpg 223w, https:\/\/www.zen-malerei.de\/wp-content\/uploads\/2023\/11\/2020-A014-768x1033.jpg 768w, https:\/\/www.zen-malerei.de\/wp-content\/uploads\/2023\/11\/2020-A014-1141x1536.jpg 1141w, https:\/\/www.zen-malerei.de\/wp-content\/uploads\/2023\/11\/2020-A014-500x673.jpg 500w, https:\/\/www.zen-malerei.de\/wp-content\/uploads\/2023\/11\/2020-A014-1000x1346.jpg 1000w, https:\/\/www.zen-malerei.de\/wp-content\/uploads\/2023\/11\/2020-A014.jpg 1189w\" sizes=\"auto, (max-width: 660px) 100vw, 660px\" \/><a href='https:\/\/www.zen-malerei.de\/wp-content\/uploads\/2023\/11\/2020-A014-761x1024.jpg' title=\"<b>Die Kraft des geistigen Gewahrseins<\/b>\r\n<br\/>Gr\u00f6\u00dfe: 48x36cm<span class='BildPreis'>1.200 \u20ac inkl. Rahmen<\/span>\r\n<br\/>\r\n<p>&nbsp;<\/p>\" data-rel='prettyPhoto[album]' class='fg_magnificPopup'><span class='fg-zoom-icon icon-plus'><\/span><span style='display:none'><img loading=\"lazy\" decoding=\"async\" width=\"660\" height=\"888\" src=\"https:\/\/www.zen-malerei.de\/wp-content\/uploads\/2023\/11\/2020-A014-761x1024.jpg\" class=\"attachment-large size-large\" alt=\"\" srcset=\"https:\/\/www.zen-malerei.de\/wp-content\/uploads\/2023\/11\/2020-A014-761x1024.jpg 761w, https:\/\/www.zen-malerei.de\/wp-content\/uploads\/2023\/11\/2020-A014-223x300.jpg 223w, https:\/\/www.zen-malerei.de\/wp-content\/uploads\/2023\/11\/2020-A014-768x1033.jpg 768w, https:\/\/www.zen-malerei.de\/wp-content\/uploads\/2023\/11\/2020-A014-1141x1536.jpg 1141w, https:\/\/www.zen-malerei.de\/wp-content\/uploads\/2023\/11\/2020-A014-500x673.jpg 500w, https:\/\/www.zen-malerei.de\/wp-content\/uploads\/2023\/11\/2020-A014-1000x1346.jpg 1000w, https:\/\/www.zen-malerei.de\/wp-content\/uploads\/2023\/11\/2020-A014.jpg 1189w\" sizes=\"auto, (max-width: 660px) 100vw, 660px\" \/><\/span><\/a><\/div>\r\n\t\r\n\t\t\r\n\t\t<div class='fg-wp-caption-text fg-gallery-caption'><div class='caption-container'>\r\n\t\t<b>Die Kraft des geistigen Gewahrseins<\/b>\r\n<br\/>Gr\u00f6\u00dfe: 48x36cm<span class='BildPreis'>1.200 \u20ac inkl. Rahmen<\/span>\r\n<br\/>\r\n<p>&nbsp;<\/p>\r\n\t\t<\/div><\/div><\/div><\/div><div class='fg-gallery-item'>\r\n\t\t<div class='gallery-icon portrait '>\r\n\t\t<div class='fg_zoom'><img loading=\"lazy\" decoding=\"async\" width=\"660\" height=\"877\" src=\"https:\/\/www.zen-malerei.de\/wp-content\/uploads\/2023\/11\/2020-A038-771x1024.jpg\" class=\"attachment-large size-large\" alt=\"\" srcset=\"https:\/\/www.zen-malerei.de\/wp-content\/uploads\/2023\/11\/2020-A038-771x1024.jpg 771w, https:\/\/www.zen-malerei.de\/wp-content\/uploads\/2023\/11\/2020-A038-226x300.jpg 226w, https:\/\/www.zen-malerei.de\/wp-content\/uploads\/2023\/11\/2020-A038-768x1020.jpg 768w, https:\/\/www.zen-malerei.de\/wp-content\/uploads\/2023\/11\/2020-A038-1157x1536.jpg 1157w, https:\/\/www.zen-malerei.de\/wp-content\/uploads\/2023\/11\/2020-A038-500x664.jpg 500w, https:\/\/www.zen-malerei.de\/wp-content\/uploads\/2023\/11\/2020-A038-1000x1328.jpg 1000w, https:\/\/www.zen-malerei.de\/wp-content\/uploads\/2023\/11\/2020-A038.jpg 1205w\" sizes=\"auto, (max-width: 660px) 100vw, 660px\" \/><a href='https:\/\/www.zen-malerei.de\/wp-content\/uploads\/2023\/11\/2020-A038-771x1024.jpg' title=\"<b>Im Einklang mit dem Tao<\/b>\r\n<br\/>Gr\u00f6\u00dfe: 40x30cm<span class='BildPreis'>850 \u20ac inkl. Rahmen<\/span>\r\n<br\/>\r\n<p>&nbsp;<\/p>\" data-rel='prettyPhoto[album]' class='fg_magnificPopup'><span class='fg-zoom-icon icon-plus'><\/span><span style='display:none'><img loading=\"lazy\" decoding=\"async\" width=\"660\" height=\"877\" src=\"https:\/\/www.zen-malerei.de\/wp-content\/uploads\/2023\/11\/2020-A038-771x1024.jpg\" class=\"attachment-large size-large\" alt=\"\" srcset=\"https:\/\/www.zen-malerei.de\/wp-content\/uploads\/2023\/11\/2020-A038-771x1024.jpg 771w, https:\/\/www.zen-malerei.de\/wp-content\/uploads\/2023\/11\/2020-A038-226x300.jpg 226w, https:\/\/www.zen-malerei.de\/wp-content\/uploads\/2023\/11\/2020-A038-768x1020.jpg 768w, https:\/\/www.zen-malerei.de\/wp-content\/uploads\/2023\/11\/2020-A038-1157x1536.jpg 1157w, https:\/\/www.zen-malerei.de\/wp-content\/uploads\/2023\/11\/2020-A038-500x664.jpg 500w, https:\/\/www.zen-malerei.de\/wp-content\/uploads\/2023\/11\/2020-A038-1000x1328.jpg 1000w, https:\/\/www.zen-malerei.de\/wp-content\/uploads\/2023\/11\/2020-A038.jpg 1205w\" sizes=\"auto, (max-width: 660px) 100vw, 660px\" \/><\/span><\/a><\/div>\r\n\t\r\n\t\t\r\n\t\t<div class='fg-wp-caption-text fg-gallery-caption'><div class='caption-container'>\r\n\t\t<b>Im Einklang mit dem Tao<\/b>\r\n<br\/>Gr\u00f6\u00dfe: 40x30cm<span class='BildPreis'>850 \u20ac inkl. Rahmen<\/span>\r\n<br\/>\r\n<p>&nbsp;<\/p>\r\n\t\t<\/div><\/div><\/div><\/div><div class='fg-gallery-item'>\r\n\t\t<div class='gallery-icon portrait '>\r\n\t\t<div class='fg_zoom'><img loading=\"lazy\" decoding=\"async\" width=\"622\" height=\"1024\" src=\"https:\/\/www.zen-malerei.de\/wp-content\/uploads\/2023\/11\/2020-A039-622x1024.jpg\" class=\"attachment-large size-large\" alt=\"\" srcset=\"https:\/\/www.zen-malerei.de\/wp-content\/uploads\/2023\/11\/2020-A039-622x1024.jpg 622w, https:\/\/www.zen-malerei.de\/wp-content\/uploads\/2023\/11\/2020-A039-182x300.jpg 182w, https:\/\/www.zen-malerei.de\/wp-content\/uploads\/2023\/11\/2020-A039-768x1264.jpg 768w, https:\/\/www.zen-malerei.de\/wp-content\/uploads\/2023\/11\/2020-A039-933x1536.jpg 933w, https:\/\/www.zen-malerei.de\/wp-content\/uploads\/2023\/11\/2020-A039-500x823.jpg 500w, https:\/\/www.zen-malerei.de\/wp-content\/uploads\/2023\/11\/2020-A039.jpg 972w\" sizes=\"auto, (max-width: 622px) 100vw, 622px\" \/><a href='https:\/\/www.zen-malerei.de\/wp-content\/uploads\/2023\/11\/2020-A039-622x1024.jpg' title=\"<b>Die Auferstehung zum ewigen Leben<\/b>\r\n<br\/>Gr\u00f6\u00dfe: 46x25cm<span class='BildPreis'>850 \u20ac inkl. Rahmen<\/span>\r\n<br\/>\r\n<p>&nbsp;<\/p>\" data-rel='prettyPhoto[album]' class='fg_magnificPopup'><span class='fg-zoom-icon icon-plus'><\/span><span style='display:none'><img loading=\"lazy\" decoding=\"async\" width=\"622\" height=\"1024\" src=\"https:\/\/www.zen-malerei.de\/wp-content\/uploads\/2023\/11\/2020-A039-622x1024.jpg\" class=\"attachment-large size-large\" alt=\"\" srcset=\"https:\/\/www.zen-malerei.de\/wp-content\/uploads\/2023\/11\/2020-A039-622x1024.jpg 622w, https:\/\/www.zen-malerei.de\/wp-content\/uploads\/2023\/11\/2020-A039-182x300.jpg 182w, https:\/\/www.zen-malerei.de\/wp-content\/uploads\/2023\/11\/2020-A039-768x1264.jpg 768w, https:\/\/www.zen-malerei.de\/wp-content\/uploads\/2023\/11\/2020-A039-933x1536.jpg 933w, https:\/\/www.zen-malerei.de\/wp-content\/uploads\/2023\/11\/2020-A039-500x823.jpg 500w, https:\/\/www.zen-malerei.de\/wp-content\/uploads\/2023\/11\/2020-A039.jpg 972w\" sizes=\"auto, (max-width: 622px) 100vw, 622px\" \/><\/span><\/a><\/div>\r\n\t\r\n\t\t\r\n\t\t<div class='fg-wp-caption-text fg-gallery-caption'><div class='caption-container'>\r\n\t\t<b>Die Auferstehung zum ewigen Leben<\/b>\r\n<br\/>Gr\u00f6\u00dfe: 46x25cm<span class='BildPreis'>850 \u20ac inkl. Rahmen<\/span>\r\n<br\/>\r\n<p>&nbsp;<\/p>\r\n\t\t<\/div><\/div><\/div><\/div><div class='fg-gallery-item'>\r\n\t\t<div class='gallery-icon portrait '>\r\n\t\t<div class='fg_zoom'><img loading=\"lazy\" decoding=\"async\" width=\"622\" height=\"1024\" src=\"https:\/\/www.zen-malerei.de\/wp-content\/uploads\/2023\/11\/2020-A040-622x1024.jpg\" class=\"attachment-large size-large\" alt=\"\" srcset=\"https:\/\/www.zen-malerei.de\/wp-content\/uploads\/2023\/11\/2020-A040-622x1024.jpg 622w, https:\/\/www.zen-malerei.de\/wp-content\/uploads\/2023\/11\/2020-A040-182x300.jpg 182w, https:\/\/www.zen-malerei.de\/wp-content\/uploads\/2023\/11\/2020-A040-768x1264.jpg 768w, https:\/\/www.zen-malerei.de\/wp-content\/uploads\/2023\/11\/2020-A040-933x1536.jpg 933w, https:\/\/www.zen-malerei.de\/wp-content\/uploads\/2023\/11\/2020-A040-500x823.jpg 500w, https:\/\/www.zen-malerei.de\/wp-content\/uploads\/2023\/11\/2020-A040.jpg 972w\" sizes=\"auto, (max-width: 622px) 100vw, 622px\" \/><a href='https:\/\/www.zen-malerei.de\/wp-content\/uploads\/2023\/11\/2020-A040-622x1024.jpg' title=\"<b>G\u00f6ttliche Liebe<\/b>\r\n<br\/>Gr\u00f6\u00dfe: 46x25cm<span class='BildPreis'>850 \u20ac inkl. Rahmen<\/span>\r\n<br\/>\r\n<p>&nbsp;<\/p>\" data-rel='prettyPhoto[album]' class='fg_magnificPopup'><span class='fg-zoom-icon icon-plus'><\/span><span style='display:none'><img loading=\"lazy\" decoding=\"async\" width=\"622\" height=\"1024\" src=\"https:\/\/www.zen-malerei.de\/wp-content\/uploads\/2023\/11\/2020-A040-622x1024.jpg\" class=\"attachment-large size-large\" alt=\"\" srcset=\"https:\/\/www.zen-malerei.de\/wp-content\/uploads\/2023\/11\/2020-A040-622x1024.jpg 622w, https:\/\/www.zen-malerei.de\/wp-content\/uploads\/2023\/11\/2020-A040-182x300.jpg 182w, https:\/\/www.zen-malerei.de\/wp-content\/uploads\/2023\/11\/2020-A040-768x1264.jpg 768w, https:\/\/www.zen-malerei.de\/wp-content\/uploads\/2023\/11\/2020-A040-933x1536.jpg 933w, https:\/\/www.zen-malerei.de\/wp-content\/uploads\/2023\/11\/2020-A040-500x823.jpg 500w, https:\/\/www.zen-malerei.de\/wp-content\/uploads\/2023\/11\/2020-A040.jpg 972w\" sizes=\"auto, (max-width: 622px) 100vw, 622px\" \/><\/span><\/a><\/div>\r\n\t\r\n\t\t\r\n\t\t<div class='fg-wp-caption-text fg-gallery-caption'><div class='caption-container'>\r\n\t\t<b>G\u00f6ttliche Liebe<\/b>\r\n<br\/>Gr\u00f6\u00dfe: 46x25cm<span class='BildPreis'>850 \u20ac inkl. Rahmen<\/span>\r\n<br\/>\r\n<p>&nbsp;<\/p>\r\n\t\t<\/div><\/div><\/div><\/div><div class='fg-gallery-item'>\r\n\t\t<div class='gallery-icon portrait '>\r\n\t\t<div class='fg_zoom'><img loading=\"lazy\" decoding=\"async\" width=\"622\" height=\"1024\" src=\"https:\/\/www.zen-malerei.de\/wp-content\/uploads\/2023\/11\/2020-A041-622x1024.jpg\" class=\"attachment-large size-large\" alt=\"\" srcset=\"https:\/\/www.zen-malerei.de\/wp-content\/uploads\/2023\/11\/2020-A041-622x1024.jpg 622w, https:\/\/www.zen-malerei.de\/wp-content\/uploads\/2023\/11\/2020-A041-182x300.jpg 182w, https:\/\/www.zen-malerei.de\/wp-content\/uploads\/2023\/11\/2020-A041-768x1264.jpg 768w, https:\/\/www.zen-malerei.de\/wp-content\/uploads\/2023\/11\/2020-A041-933x1536.jpg 933w, https:\/\/www.zen-malerei.de\/wp-content\/uploads\/2023\/11\/2020-A041-500x823.jpg 500w, https:\/\/www.zen-malerei.de\/wp-content\/uploads\/2023\/11\/2020-A041.jpg 972w\" sizes=\"auto, (max-width: 622px) 100vw, 622px\" \/><a href='https:\/\/www.zen-malerei.de\/wp-content\/uploads\/2023\/11\/2020-A041-622x1024.jpg' title=\"<b>Unio Mystica - Einssein mit Gott<\/b>\r\n<br\/>Gr\u00f6\u00dfe: 46x25cm<span class='BildPreis'>850 \u20ac inkl. Rahmen<\/span>\r\n<br\/>\r\n<p>&nbsp;<\/p>\" data-rel='prettyPhoto[album]' class='fg_magnificPopup'><span class='fg-zoom-icon icon-plus'><\/span><span style='display:none'><img loading=\"lazy\" decoding=\"async\" width=\"622\" height=\"1024\" src=\"https:\/\/www.zen-malerei.de\/wp-content\/uploads\/2023\/11\/2020-A041-622x1024.jpg\" class=\"attachment-large size-large\" alt=\"\" srcset=\"https:\/\/www.zen-malerei.de\/wp-content\/uploads\/2023\/11\/2020-A041-622x1024.jpg 622w, https:\/\/www.zen-malerei.de\/wp-content\/uploads\/2023\/11\/2020-A041-182x300.jpg 182w, https:\/\/www.zen-malerei.de\/wp-content\/uploads\/2023\/11\/2020-A041-768x1264.jpg 768w, https:\/\/www.zen-malerei.de\/wp-content\/uploads\/2023\/11\/2020-A041-933x1536.jpg 933w, https:\/\/www.zen-malerei.de\/wp-content\/uploads\/2023\/11\/2020-A041-500x823.jpg 500w, https:\/\/www.zen-malerei.de\/wp-content\/uploads\/2023\/11\/2020-A041.jpg 972w\" sizes=\"auto, (max-width: 622px) 100vw, 622px\" \/><\/span><\/a><\/div>\r\n\t\r\n\t\t\r\n\t\t<div class='fg-wp-caption-text fg-gallery-caption'><div class='caption-container'>\r\n\t\t<b>Unio Mystica &#8211; Einssein mit Gott<\/b>\r\n<br\/>Gr\u00f6\u00dfe: 46x25cm<span class='BildPreis'>850 \u20ac inkl. Rahmen<\/span>\r\n<br\/>\r\n<p>&nbsp;<\/p>\r\n\t\t<\/div><\/div><\/div><\/div><div class='fg-gallery-item'>\r\n\t\t<div class='gallery-icon portrait '>\r\n\t\t<div class='fg_zoom'><img loading=\"lazy\" decoding=\"async\" width=\"660\" height=\"889\" src=\"https:\/\/www.zen-malerei.de\/wp-content\/uploads\/2023\/11\/2020-A044-760x1024.jpg\" class=\"attachment-large size-large\" alt=\"\" srcset=\"https:\/\/www.zen-malerei.de\/wp-content\/uploads\/2023\/11\/2020-A044-760x1024.jpg 760w, https:\/\/www.zen-malerei.de\/wp-content\/uploads\/2023\/11\/2020-A044-223x300.jpg 223w, https:\/\/www.zen-malerei.de\/wp-content\/uploads\/2023\/11\/2020-A044-768x1035.jpg 768w, https:\/\/www.zen-malerei.de\/wp-content\/uploads\/2023\/11\/2020-A044-1140x1536.jpg 1140w, https:\/\/www.zen-malerei.de\/wp-content\/uploads\/2023\/11\/2020-A044-500x674.jpg 500w, https:\/\/www.zen-malerei.de\/wp-content\/uploads\/2023\/11\/2020-A044-1000x1348.jpg 1000w, https:\/\/www.zen-malerei.de\/wp-content\/uploads\/2023\/11\/2020-A044.jpg 1187w\" sizes=\"auto, (max-width: 660px) 100vw, 660px\" \/><a href='https:\/\/www.zen-malerei.de\/wp-content\/uploads\/2023\/11\/2020-A044-760x1024.jpg' title=\"<b>Die drei Juwelen der Weisheit<\/b>\r\n<br\/>Gr\u00f6\u00dfe: 48x36cm<span class='BildPreis'>850\u20ac inkl. Rahmen<\/span>\r\n<br\/>\r\n<p>&nbsp;<\/p>\" data-rel='prettyPhoto[album]' class='fg_magnificPopup'><span class='fg-zoom-icon icon-plus'><\/span><span style='display:none'><img loading=\"lazy\" decoding=\"async\" width=\"660\" height=\"889\" src=\"https:\/\/www.zen-malerei.de\/wp-content\/uploads\/2023\/11\/2020-A044-760x1024.jpg\" class=\"attachment-large size-large\" alt=\"\" srcset=\"https:\/\/www.zen-malerei.de\/wp-content\/uploads\/2023\/11\/2020-A044-760x1024.jpg 760w, https:\/\/www.zen-malerei.de\/wp-content\/uploads\/2023\/11\/2020-A044-223x300.jpg 223w, https:\/\/www.zen-malerei.de\/wp-content\/uploads\/2023\/11\/2020-A044-768x1035.jpg 768w, https:\/\/www.zen-malerei.de\/wp-content\/uploads\/2023\/11\/2020-A044-1140x1536.jpg 1140w, https:\/\/www.zen-malerei.de\/wp-content\/uploads\/2023\/11\/2020-A044-500x674.jpg 500w, https:\/\/www.zen-malerei.de\/wp-content\/uploads\/2023\/11\/2020-A044-1000x1348.jpg 1000w, https:\/\/www.zen-malerei.de\/wp-content\/uploads\/2023\/11\/2020-A044.jpg 1187w\" sizes=\"auto, (max-width: 660px) 100vw, 660px\" \/><\/span><\/a><\/div>\r\n\t\r\n\t\t\r\n\t\t<div class='fg-wp-caption-text fg-gallery-caption'><div class='caption-container'>\r\n\t\t<b>Die drei Juwelen der Weisheit<\/b>\r\n<br\/>Gr\u00f6\u00dfe: 48x36cm<span class='BildPreis'>850\u20ac inkl. Rahmen<\/span>\r\n<br\/>\r\n<p>&nbsp;<\/p>\r\n\t\t<\/div><\/div><\/div><\/div><div class='fg-gallery-item'>\r\n\t\t<div class='gallery-icon landscape '>\r\n\t\t<div class='fg_zoom'><img loading=\"lazy\" decoding=\"async\" width=\"660\" height=\"495\" src=\"https:\/\/www.zen-malerei.de\/wp-content\/uploads\/2023\/11\/2020-A053-1024x768.jpg\" class=\"attachment-large size-large\" alt=\"\" srcset=\"https:\/\/www.zen-malerei.de\/wp-content\/uploads\/2023\/11\/2020-A053-1024x768.jpg 1024w, https:\/\/www.zen-malerei.de\/wp-content\/uploads\/2023\/11\/2020-A053-300x225.jpg 300w, https:\/\/www.zen-malerei.de\/wp-content\/uploads\/2023\/11\/2020-A053-768x576.jpg 768w, https:\/\/www.zen-malerei.de\/wp-content\/uploads\/2023\/11\/2020-A053-1536x1152.jpg 1536w, https:\/\/www.zen-malerei.de\/wp-content\/uploads\/2023\/11\/2020-A053-500x375.jpg 500w, https:\/\/www.zen-malerei.de\/wp-content\/uploads\/2023\/11\/2020-A053-1000x750.jpg 1000w, https:\/\/www.zen-malerei.de\/wp-content\/uploads\/2023\/11\/2020-A053.jpg 1600w\" sizes=\"auto, (max-width: 660px) 100vw, 660px\" \/><a href='https:\/\/www.zen-malerei.de\/wp-content\/uploads\/2023\/11\/2020-A053-1024x768.jpg' title=\"<b>Die Geburt Gottes im Grunde der Seele<\/b>\r\n<br\/>Gr\u00f6\u00dfe: 42x56cm<span class='BildPreis'>800 \u20ac inkl. Rahmen<\/span>\r\n<br\/>\r\n<p>&nbsp;<\/p>\" data-rel='prettyPhoto[album]' class='fg_magnificPopup'><span class='fg-zoom-icon icon-plus'><\/span><span style='display:none'><img loading=\"lazy\" decoding=\"async\" width=\"660\" height=\"495\" src=\"https:\/\/www.zen-malerei.de\/wp-content\/uploads\/2023\/11\/2020-A053-1024x768.jpg\" class=\"attachment-large size-large\" alt=\"\" srcset=\"https:\/\/www.zen-malerei.de\/wp-content\/uploads\/2023\/11\/2020-A053-1024x768.jpg 1024w, https:\/\/www.zen-malerei.de\/wp-content\/uploads\/2023\/11\/2020-A053-300x225.jpg 300w, https:\/\/www.zen-malerei.de\/wp-content\/uploads\/2023\/11\/2020-A053-768x576.jpg 768w, https:\/\/www.zen-malerei.de\/wp-content\/uploads\/2023\/11\/2020-A053-1536x1152.jpg 1536w, https:\/\/www.zen-malerei.de\/wp-content\/uploads\/2023\/11\/2020-A053-500x375.jpg 500w, https:\/\/www.zen-malerei.de\/wp-content\/uploads\/2023\/11\/2020-A053-1000x750.jpg 1000w, https:\/\/www.zen-malerei.de\/wp-content\/uploads\/2023\/11\/2020-A053.jpg 1600w\" sizes=\"auto, (max-width: 660px) 100vw, 660px\" \/><\/span><\/a><\/div>\r\n\t\r\n\t\t\r\n\t\t<div class='fg-wp-caption-text fg-gallery-caption'><div class='caption-container'>\r\n\t\t<b>Die Geburt Gottes im Grunde der Seele<\/b>\r\n<br\/>Gr\u00f6\u00dfe: 42x56cm<span class='BildPreis'>800 \u20ac inkl. Rahmen<\/span>\r\n<br\/>\r\n<p>&nbsp;<\/p>\r\n\t\t<\/div><\/div><\/div><\/div><div class='fg-gallery-item'>\r\n\t\t<div class='gallery-icon landscape '>\r\n\t\t<div class='fg_zoom'><img loading=\"lazy\" decoding=\"async\" width=\"660\" height=\"498\" src=\"https:\/\/www.zen-malerei.de\/wp-content\/uploads\/2023\/11\/2020-A054-1024x772.jpg\" class=\"attachment-large size-large\" alt=\"\" srcset=\"https:\/\/www.zen-malerei.de\/wp-content\/uploads\/2023\/11\/2020-A054-1024x772.jpg 1024w, https:\/\/www.zen-malerei.de\/wp-content\/uploads\/2023\/11\/2020-A054-300x226.jpg 300w, https:\/\/www.zen-malerei.de\/wp-content\/uploads\/2023\/11\/2020-A054-768x579.jpg 768w, https:\/\/www.zen-malerei.de\/wp-content\/uploads\/2023\/11\/2020-A054-1536x1159.jpg 1536w, https:\/\/www.zen-malerei.de\/wp-content\/uploads\/2023\/11\/2020-A054-500x377.jpg 500w, https:\/\/www.zen-malerei.de\/wp-content\/uploads\/2023\/11\/2020-A054-1000x754.jpg 1000w, https:\/\/www.zen-malerei.de\/wp-content\/uploads\/2023\/11\/2020-A054.jpg 1600w\" sizes=\"auto, (max-width: 660px) 100vw, 660px\" \/><a href='https:\/\/www.zen-malerei.de\/wp-content\/uploads\/2023\/11\/2020-A054-1024x772.jpg' title=\"<b>Herz-Jesus Gebet<\/b>\r\n<br\/>Gr\u00f6\u00dfe: 30x40cm<span class='BildPreis'>850 \u20ac inkl. Rahmen<\/span>\r\n<br\/>\r\n<p>&nbsp;<\/p>\" data-rel='prettyPhoto[album]' class='fg_magnificPopup'><span class='fg-zoom-icon icon-plus'><\/span><span style='display:none'><img loading=\"lazy\" decoding=\"async\" width=\"660\" height=\"498\" src=\"https:\/\/www.zen-malerei.de\/wp-content\/uploads\/2023\/11\/2020-A054-1024x772.jpg\" class=\"attachment-large size-large\" alt=\"\" srcset=\"https:\/\/www.zen-malerei.de\/wp-content\/uploads\/2023\/11\/2020-A054-1024x772.jpg 1024w, https:\/\/www.zen-malerei.de\/wp-content\/uploads\/2023\/11\/2020-A054-300x226.jpg 300w, https:\/\/www.zen-malerei.de\/wp-content\/uploads\/2023\/11\/2020-A054-768x579.jpg 768w, https:\/\/www.zen-malerei.de\/wp-content\/uploads\/2023\/11\/2020-A054-1536x1159.jpg 1536w, https:\/\/www.zen-malerei.de\/wp-content\/uploads\/2023\/11\/2020-A054-500x377.jpg 500w, https:\/\/www.zen-malerei.de\/wp-content\/uploads\/2023\/11\/2020-A054-1000x754.jpg 1000w, https:\/\/www.zen-malerei.de\/wp-content\/uploads\/2023\/11\/2020-A054.jpg 1600w\" sizes=\"auto, (max-width: 660px) 100vw, 660px\" \/><\/span><\/a><\/div>\r\n\t\r\n\t\t\r\n\t\t<div class='fg-wp-caption-text fg-gallery-caption'><div class='caption-container'>\r\n\t\t<b>Herz-Jesus Gebet<\/b>\r\n<br\/>Gr\u00f6\u00dfe: 30x40cm<span class='BildPreis'>850 \u20ac inkl. Rahmen<\/span>\r\n<br\/>\r\n<p>&nbsp;<\/p>\r\n\t\t<\/div><\/div><\/div><\/div><div class='fg-gallery-item'>\r\n\t\t<div class='gallery-icon landscape '>\r\n\t\t<div class='fg_zoom'><img loading=\"lazy\" decoding=\"async\" width=\"660\" height=\"518\" src=\"https:\/\/www.zen-malerei.de\/wp-content\/uploads\/2023\/11\/2020-A055-1024x803.jpg\" class=\"attachment-large size-large\" alt=\"\" srcset=\"https:\/\/www.zen-malerei.de\/wp-content\/uploads\/2023\/11\/2020-A055-1024x803.jpg 1024w, https:\/\/www.zen-malerei.de\/wp-content\/uploads\/2023\/11\/2020-A055-300x235.jpg 300w, https:\/\/www.zen-malerei.de\/wp-content\/uploads\/2023\/11\/2020-A055-768x602.jpg 768w, https:\/\/www.zen-malerei.de\/wp-content\/uploads\/2023\/11\/2020-A055-1536x1204.jpg 1536w, https:\/\/www.zen-malerei.de\/wp-content\/uploads\/2023\/11\/2020-A055-500x392.jpg 500w, https:\/\/www.zen-malerei.de\/wp-content\/uploads\/2023\/11\/2020-A055-1000x784.jpg 1000w, https:\/\/www.zen-malerei.de\/wp-content\/uploads\/2023\/11\/2020-A055.jpg 1600w\" sizes=\"auto, (max-width: 660px) 100vw, 660px\" \/><a href='https:\/\/www.zen-malerei.de\/wp-content\/uploads\/2023\/11\/2020-A055-1024x803.jpg' title=\"<b>Avalokiteshvara - der Buddha des Allerbarmens<\/b>\n<br\/>Gr\u00f6\u00dfe: 50x64cm<span class='BildPreis'>1.600 \u20ac inkl. Rahmen<\/span>\n<br\/>\n<p>&nbsp;<\/p>\" data-rel='prettyPhoto[album]' class='fg_magnificPopup'><span class='fg-zoom-icon icon-plus'><\/span><span style='display:none'><img loading=\"lazy\" decoding=\"async\" width=\"660\" height=\"518\" src=\"https:\/\/www.zen-malerei.de\/wp-content\/uploads\/2023\/11\/2020-A055-1024x803.jpg\" class=\"attachment-large size-large\" alt=\"\" srcset=\"https:\/\/www.zen-malerei.de\/wp-content\/uploads\/2023\/11\/2020-A055-1024x803.jpg 1024w, https:\/\/www.zen-malerei.de\/wp-content\/uploads\/2023\/11\/2020-A055-300x235.jpg 300w, https:\/\/www.zen-malerei.de\/wp-content\/uploads\/2023\/11\/2020-A055-768x602.jpg 768w, https:\/\/www.zen-malerei.de\/wp-content\/uploads\/2023\/11\/2020-A055-1536x1204.jpg 1536w, https:\/\/www.zen-malerei.de\/wp-content\/uploads\/2023\/11\/2020-A055-500x392.jpg 500w, https:\/\/www.zen-malerei.de\/wp-content\/uploads\/2023\/11\/2020-A055-1000x784.jpg 1000w, https:\/\/www.zen-malerei.de\/wp-content\/uploads\/2023\/11\/2020-A055.jpg 1600w\" sizes=\"auto, (max-width: 660px) 100vw, 660px\" \/><\/span><\/a><\/div>\r\n\t\r\n\t\t\r\n\t\t<div class='fg-wp-caption-text fg-gallery-caption'><div class='caption-container'>\r\n\t\t<b>Avalokiteshvara &#8211; der Buddha des Allerbarmens<\/b>\n<br\/>Gr\u00f6\u00dfe: 50x64cm<span class='BildPreis'>1.600 \u20ac inkl. Rahmen<\/span>\n<br\/>\n<p>&nbsp;<\/p>\r\n\t\t<\/div><\/div><\/div><\/div>\r\n\t\t<\/div>\n\n<p><\/p>","protected":false},"excerpt":{"rendered":"<p>Diese Originalgem\u00e4lde von Zensho W. Kopp sprechen uns in unserem innersten Wesen an. Alle Bilder sind Unikate, von Zensho W. Kopp handgemalt und signiert, inklusive Echtheitszertifikat. Versicherter und kostenfreier Versand deutschlandweit und international. Bei Interesse an einem Bild k\u00f6nnen Sie weitere Details erfragen unter: Tel: +49 (0)160-7980 413 Email: info@zen-malerei.de Abstrakte Werke Buddhistische Werke Christliche &hellip; <a href=\"https:\/\/www.zen-malerei.de\/de\/verkaufsausstellung-neu\/\" class=\"more-link\"><span class=\"screen-reader-text\">Verkaufsausstellung neu<\/span> weiterlesen<\/a><\/p>\n","protected":false},"author":1,"featured_media":0,"parent":0,"menu_order":0,"comment_status":"closed","ping_status":"closed","template":"","meta":{"footnotes":""},"class_list":["post-1743","page","type-page","status-publish","hentry"],"_links":{"self":[{"href":"https:\/\/www.zen-malerei.de\/de\/wp-json\/wp\/v2\/pages\/1743","targetHints":{"allow":["GET"]}}],"collection":[{"href":"https:\/\/www.zen-malerei.de\/de\/wp-json\/wp\/v2\/pages"}],"about":[{"href":"https:\/\/www.zen-malerei.de\/de\/wp-json\/wp\/v2\/types\/page"}],"author":[{"embeddable":true,"href":"https:\/\/www.zen-malerei.de\/de\/wp-json\/wp\/v2\/users\/1"}],"replies":[{"embeddable":true,"href":"https:\/\/www.zen-malerei.de\/de\/wp-json\/wp\/v2\/comments?post=1743"}],"version-history":[{"count":5,"href":"https:\/\/www.zen-malerei.de\/de\/wp-json\/wp\/v2\/pages\/1743\/revisions"}],"predecessor-version":[{"id":1791,"href":"https:\/\/www.zen-malerei.de\/de\/wp-json\/wp\/v2\/pages\/1743\/revisions\/1791"}],"wp:attachment":[{"href":"https:\/\/www.zen-malerei.de\/de\/wp-json\/wp\/v2\/media?parent=1743"}],"curies":[{"name":"wp","href":"https:\/\/api.w.org\/{rel}","templated":true}]}}